{"id":1300,"date":"2015-04-15T17:41:39","date_gmt":"2015-04-15T17:41:39","guid":{"rendered":"http:\/\/ww2.museosantacruz.org\/?page_id=1300"},"modified":"2024-04-27T15:40:13","modified_gmt":"2024-04-27T16:40:13","slug":"los-mayos","status":"publish","type":"page","link":"https:\/\/ww2.museosantacruz.org\/?page_id=1300","title":{"rendered":"Los Mayos"},"content":{"rendered":"<nav aria-label=\"breadcrumbs\">\n            <div class=\"breadcrumb-container theme4\">\n                <ol>\n                                    <\/ol>\n            <\/div>\n        <\/nav>    <script type=\"application\/ld+json\">\n        {\n            \"@context\": \"http:\/\/schema.org\",\n            \"@type\": \"BreadcrumbList\",\n            \"itemListElement\": [\n                            ]\n        }\n    <\/script>\n    <style type=\"text\/css\">\n        .breadcrumb-container {\n            font-size: 13px;\n        }\n\n        .breadcrumb-container ul {\n            margin: 0;\n            padding: 0;\n        }\n\n        .breadcrumb-container li {\n            box-sizing: unset;\n            display: inline-block;\n            margin: 0;\n            padding: 0;\n        }\n\n        .breadcrumb-container li a {\n            box-sizing: unset;\n            padding: 0 10px;\n        }\n\n        .breadcrumb-container {\n            font-size: 12px !important;\n                    }\n\n        .breadcrumb-container li a {\n            color: #301400 !important;\n            font-size: 12px !important;\n            line-height: 12px !important;\n                    }\n\n        .breadcrumb-container li .separator {\n            color: #000000 !important;\n            font-size: 12px !important;\n                    }\n\n        .breadcrumb-container li:last-child .separator {\n            display: none;\n        }\n    <\/style>\n    <style type=\"text\/css\">\n\n        .breadcrumb-container.theme4 li {\n            display: inline-block;\n            margin: 0 14px;\n            padding: 0;\n        }\n\n        .breadcrumb-container.theme4 a {\n            background: #ddb57a;\n            color: rgb(102, 102, 102);\n            display: inline-block;\n            font-size: 14px;\n            height: 16px;\n            margin: 0;\n            padding: 5px 10px;\n            text-decoration: none;\n            position:relative;\n        }\n\n\n        .breadcrumb-container.theme4 a::after {\n            -moz-border-bottom-colors: none;\n            -moz-border-left-colors: none;\n            -moz-border-right-colors: none;\n            -moz-border-top-colors: none;\n            border-color: rgba(0, 0, 0, 0) rgba(0, 0, 0, 0) rgba(0, 0, 0, 0) #ddb57a;\n            border-image: none;\n            border-style: solid;\n            border-width: 13px;\n            content: \" \";\n            display: inline-block;\n            height: 0;\n            line-height: 0;\n            position: absolute;\n            right: -26px;\n            top: 0;\n            width: 0;\n        }\n\n        .breadcrumb-container.theme4 .separator {\n            display: none;\n        }\n    <\/style>\n        <style type=\"text\/css\">\n        .breadcrumb-container{}\r\n.breadcrumb-container ul{}\r\n.breadcrumb-container li{}\r\n.breadcrumb-container a{}\r\n.breadcrumb-container .separator{}\r\n    <\/style>\n    <script>\n            <\/script>\n\n<h5 style=\"text-align: right;\"><a title=\"Otros \u201cmayos\u201d\u2026\" href=\"http:\/\/ww2.museosantacruz.org\/?page_id=1423\">m\u00e1s Mayos&#8230;<\/a><\/h5>\n<h5 style=\"text-align: right;\"><strong><a href=\"http:\/\/ww2.museosantacruz.org\/?page_id=772\">\u00a0m\u00e1s M\u00fasica&#8230;<\/a><\/strong><\/h5>\n<p style=\"text-align: center;\"><em>Mayo de Santa Cruz (Rondalla de la Cruz, 1968)<\/em><\/p>\n<!--[if lt IE 9]><script>document.createElement('audio');<\/script><![endif]-->\n<audio class=\"wp-audio-shortcode\" id=\"audio-1300-1\" preload=\"none\" style=\"width: 100%;\" controls=\"controls\"><source type=\"audio\/mpeg\" src=\"http:\/\/ww2.museosantacruz.org\/wp-content\/uploads\/2015\/03\/Mayos.mp3?_=1\" \/><a href=\"http:\/\/ww2.museosantacruz.org\/wp-content\/uploads\/2015\/03\/Mayos.mp3\">http:\/\/ww2.museosantacruz.org\/wp-content\/uploads\/2015\/03\/Mayos.mp3<\/a><\/audio>\n<p style=\"text-align: center;\"><em>Mayo de Santa Cruz (El Desguace)<br \/>\n<\/em><\/p>\n<audio class=\"wp-audio-shortcode\" id=\"audio-1300-2\" autoplay preload=\"none\" style=\"width: 100%;\" controls=\"controls\"><source type=\"audio\/mpeg\" src=\"http:\/\/ww2.museosantacruz.org\/wp-content\/uploads\/2015\/04\/Mayos_1.mp3?_=2\" \/><a href=\"http:\/\/ww2.museosantacruz.org\/wp-content\/uploads\/2015\/04\/Mayos_1.mp3\">http:\/\/ww2.museosantacruz.org\/wp-content\/uploads\/2015\/04\/Mayos_1.mp3<\/a><\/audio>\n<p style=\"text-align: center;\"><em>Mayo con <a href=\"https:\/\/ww2.museosantacruz.org\/Archivo\/ACAME_Los_Mayos.pdf\" target=\"_blank\" rel=\"noopener\">letra antigua<\/a> (El Desguace, 2022).<br \/>\nGrabaci\u00f3n para la versi\u00f3n radiof\u00f3nica de \u00abLa Casa de las dos puertas\u00bb<\/em><\/p>\n<audio class=\"wp-audio-shortcode\" id=\"audio-1300-3\" preload=\"none\" style=\"width: 100%;\" controls=\"controls\"><source type=\"audio\/mpeg\" src=\"https:\/\/ww2.museosantacruz.org\/wp-content\/uploads\/2023\/05\/Mayo-2.mp3?_=3\" \/><a href=\"https:\/\/ww2.museosantacruz.org\/wp-content\/uploads\/2023\/05\/Mayo-2.mp3\">https:\/\/ww2.museosantacruz.org\/wp-content\/uploads\/2023\/05\/Mayo-2.mp3<\/a><\/audio>\n<p>&nbsp;<\/p>\n<p style=\"text-align: left;\"><strong><span style=\"color: #800000;\">Nuestro mayo<br \/>\n<\/span><\/strong><\/p>\n<p style=\"text-align: left;\">Los \u00abmayos\u00bb son probablemente la tradici\u00f3n musical m\u00e1s conocida de Santa Cruz y se mantiene muy viva hasta la actualidad. Desafortunadamente, no ha sucedido as\u00ed en otros pueblos de nuestra comarca, donde esta tradici\u00f3n ha ido languideciendo y, en algunos casos, ya s\u00f3lo forma parte del recuerdo de los m\u00e1s mayores. Los mayos de Santa Cruz -a la espera de ser declarados \u00ab<a href=\"https:\/\/www.museosantacruz.org\/Archivo\/Prg_SCruz_1993_01_05.pdf\"><span style=\"color: #800000;\"><strong><em>fiesta de inter\u00e9s tur\u00edstico<\/em><\/strong><\/span><\/a>\u00bb desde 1.993-\u00a0 siguen celebr\u00e1ndose anualmente y atraen gran n\u00famero de visitantes a nuestro pueblo.<\/p>\n<div style=\"width: 820px;\" class=\"wp-video\"><!--[if lt IE 9]><script>document.createElement('video');<\/script><![endif]-->\n<video class=\"wp-video-shortcode\" id=\"video-1300-1\" width=\"820\" height=\"602\" preload=\"metadata\" controls=\"controls\"><source type=\"video\/mp4\" src=\"https:\/\/ww2.museosantacruz.org\/wp-content\/uploads\/2023\/09\/Mayo075.mp4?_=1\" \/><a href=\"https:\/\/ww2.museosantacruz.org\/wp-content\/uploads\/2023\/09\/Mayo075.mp4\">https:\/\/ww2.museosantacruz.org\/wp-content\/uploads\/2023\/09\/Mayo075.mp4<\/a><\/video><\/div>\n<p>Mayo en el patio de C\u00e9zar (1979), Con Pepe <em>Birol<\/em>, Clemente Loriente, Jos\u00e9 <em>Canc\u00fa<\/em>, Jes\u00fas <em>Caldusa, <\/em>Domitilo, Segundo y Delf\u00edn.<br \/>\nGrabaci\u00f3n del programa \u00abRa\u00edces\u00bb (Manuel Garrido) de TVE y emitido en julio de 1979.<\/p>\n<h4><span style=\"text-decoration: underline;\"><span style=\"color: #000080; text-decoration: underline;\">M\u00e1s informaci\u00f3n de nuestro Archivo:<\/span><\/span><\/h4>\n<ul>\n<li><strong><a href=\"http:\/\/www.museosantacruz.org\/Archivo\/Prg_SCruz_1998_01_03.pdf\" target=\"_blank\" rel=\"noopener noreferrer\">Cantar Los Mayos, por Joaqu\u00edn Arias-Loriente<\/a><\/strong><\/li>\n<li><strong><a href=\"http:\/\/www.museosantacruz.org\/Archivo\/Prg_SCruz_2008_01_05.pdf\" target=\"_blank\" rel=\"noopener noreferrer\">Fiesta de Los Mayos de 2008, por Tom\u00e1s Medina Mota<\/a><\/strong><\/li>\n<li><strong><a href=\"http:\/\/www.museosantacruz.org\/Archivo\/Prg_SCruz_1993_01_05.pdf\" target=\"_blank\" rel=\"noopener noreferrer\">Fiestas de los Mayos de Santa Cruz, declarada de inter\u00e9s tur\u00edstico regional<\/a><\/strong><\/li>\n<li><strong><a href=\"http:\/\/www.museosantacruz.org\/Archivo\/ACAME_Los_Mayos.pdf\" target=\"_blank\" rel=\"noopener noreferrer\">Los Mayos (Letra antigua y nueva del Mayo)<\/a><\/strong><\/li>\n<li><strong><a href=\"http:\/\/ww2.museosantacruz.org\/wp-content\/uploads\/2015\/05\/06Dimension551.pdf\" target=\"_blank\" rel=\"noopener noreferrer\">\u00abFiesta, religi\u00f3n y trasgresi\u00f3n en la Castilla barroca\u00bb, por Miguel F. G\u00f3mez Vozmediano<\/a><\/strong><\/li>\n<\/ul>\n<p><center><strong>Mayos 2010, por Grosan TV<br \/>\n<\/strong><iframe loading=\"lazy\" src=\"\/\/www.dailymotion.com\/embed\/video\/xd555h\" width=\"480\" height=\"270\" frameborder=\"0\" allowfullscreen=\"allowfullscreen\"><\/iframe><br \/>\n<a href=\"http:\/\/www.dailymotion.com\/video\/xd555h_santa-cruz-de-la-zarza-mayos-2010-g_people\" target=\"_blank\" rel=\"noopener noreferrer\">Santa Cruz de la Zarza, Mayos 2010 &#8211; GROSAN.COM<\/a> <i>by <a href=\"http:\/\/www.dailymotion.com\/gosadasanchez\" target=\"_blank\" rel=\"noopener noreferrer\">gosadasanchez<\/a><\/i><\/center><strong><span style=\"color: #800000;\">Las fiestas de \u201cmayos\u201d en Espa\u00f1a, en Europa y m\u00e1s all\u00e1&#8230;<\/span><\/strong><\/p>\n<p>El mayo (o \u201clos mayos\u201d) es una tradici\u00f3n musical ligada a las fiestas para celebrar la llegada de la primavera, de origen ancestral, fiestas que se extiende en gran parte de la pen\u00ednsula ib\u00e9rica y en otros muchos pa\u00edses europeos. Aunque desde el punto de vista astron\u00f3mico, la llegada de la primavera est\u00e1 marcada por equinoccio del 21 de marzo, la mayor parte de las fiestas se han trasladado a la noche del 30 de abril y al d\u00eda primero de mayo. En algunas regiones espa\u00f1olas, sin embargo, las fiestas se adelantan a la noche del 28-29 de febrero, como sucede en Burgos y Cantabria con sus \u201c<strong>marzas<\/strong>\u201c.<\/p>\n<p>Las actuales fiestas de exaltaci\u00f3n de la primavera contienen elementos de origen pagano y religioso, con m\u00fatltiples variaciones, referencias y alegor\u00edas: erecci\u00f3n de \u00e1rboles y cuca\u00f1as, \u201cmonumentos\u201d y coronas de flores, cruces, faroles y luminarias, elaboraci\u00f3n de monas y hornazos, rondas musicales, etc.,.<\/p>\n<p>Hay que se\u00f1alar que en esta \u00e9poca del a\u00f1o proliferan las fiestas, tanto religiosas como paganas (Carnavales, Cuaresma, Semana Santa, el \u201cMes de Mar\u00eda\u201d, los Quintos), las romer\u00edas y procesiones y otras manifestaciones populares, muchas inspiradas en ritos y fiestas ancestrales, tales como las quemas del personaje del Invierno (el <em><strong>Sechsel\u00e4uten<\/strong><\/em> suizo), las <strong><a href=\"http:\/\/es.wikipedia.org\/wiki\/Fiesta_del_Judas\" target=\"_blank\" rel=\"noopener noreferrer\">fiestas del Judas<\/a><\/strong>, etc.,. Por esta raz\u00f3n, es frecuente que en las fiestas de primavera aparezcan combinados varios de esos elementos, entre los que la m\u00fasica ocupa un lugar muy importante.<\/p>\n<p>La antig\u00fcedad de los mayos se atestigua en las <strong>Cantigas de Santa Mar\u00eda<\/strong>, de Alfonso X el Sabio; la Cantiga 406 \u201c<span class=\"line\"><em>Ben vennas, Maio<\/em>\u201d comienza as\u00ed:<\/span><\/p>\n<p style=\"padding-left: 30px;\"><em><span class=\"line\">Ben vennas, Maio, <span class=\"bar\">|<\/span> e con alegr\u00eda<br \/>\n<\/span>por\u00ean roguemos | a Santa Mar\u00eda<\/em><br \/>\n<em>que a s\u00e9u Fillo | r\u00f3gue todav\u00eda<\/em><br \/>\n<em>que el nos guarde | d\u2019 \u00e9rr\u2019 e de fol\u00eda<\/em><\/p>\n<p>Y contin\u00faa:<\/p>\n<p style=\"padding-left: 30px;\"><em>Ben vennas, Maio | con toda sa\u00fade\u2026<\/em><br \/>\n<em>e con lealdade\u2026<\/em><em>| con muitas requezas<\/em>\u2026<br \/>\n<em>cob\u00e9rto de fruitas<\/em>\u2026 <em>| con b\u00f5os sabores<\/em>\u2026<br \/>\n<em>con vacas e touros<\/em>\u2026 <em>| al\u00e9gr\u2019 e sen sanna<\/em>\u2026<br \/>\n<em>con muitos g\u00e3ados<\/em>\u2026<em>| con b\u00f5o ver\u00e3o<\/em>\u2026<br \/>\n<em>con pan e con vinno<\/em>\u2026 <em>| manss\u2019 e non sannudo\u2026<\/em><br \/>\n<em>al\u00e9gr\u2019 e fremoso<\/em>\u2026 <em>| con b\u00f5os manjares\u2026 (<\/em>Como puede comprobarse, las letras de las <em><strong>marzas<\/strong><\/em> son muy parecidas a esta cantiga del siglo XIII). <em><br \/>\n<\/em><\/p>\n<p style=\"text-align: center;\"><strong>Marzas de Santander<br \/>\n<\/strong>Los rondadores anuncian el fin del invierno, se presentan, anuncian la llegada de Marzo y piden licencia: \u00ab\u00bfCantamos, rezamos o nos vamos\u00bb.<\/p>\n<p align=\"center\"><iframe loading=\"lazy\" src=\"https:\/\/www.youtube.com\/embed\/EP3aobBIMwY?rel=0\" width=\"560\" height=\"315\" frameborder=\"1\" allowfullscreen=\"allowfullscreen\"><\/iframe><\/p>\n<p align=\"center\"><strong>Marzas de Burgos<br \/>\n<\/strong>Se pide licencia de ronda al alcalde. Luego se anuncia la llegada de Marzo, con todo tipo de parabienes.<br \/>\nLo interpreta un coro de hombres, separados en dos secciones, que se replican en una melod\u00eda mon\u00f3tona.<br \/>\n<iframe loading=\"lazy\" src=\"https:\/\/www.youtube.com\/embed\/PM30fUtJZBI?rel=0\" width=\"560\" height=\"315\" frameborder=\"1\" allowfullscreen=\"allowfullscreen\"><\/iframe><\/p>\n<p>&nbsp;<\/p>\n<p>En Espa\u00f1a, adem\u00e1s las ya mencionadas <em><strong>marzas<\/strong><\/em> (Burgos y Santander, principalmente), los <em><strong>mayos<\/strong><\/em> se cantan sobre todo en el centro del pa\u00eds, pero tambi\u00e9n en otros muchos sitios<\/p>\n<hr \/>\n<h4 style=\"text-align: left;\"><span style=\"color: #800000;\"><strong>Los mayos manchegos y sus variantes<\/strong><\/span><span style=\"text-decoration: underline;\"><span style=\"color: #800000;\"><strong><br \/>\n<\/strong><\/span><\/span><\/h4>\n<p>La mayor\u00eda de los <strong>mayos manchego<\/strong>s mantienen la misma estructura musical, con esquemas mel\u00f3dico, arm\u00f3nico y r\u00edtmico muy similares (ritmo binario, tono mayor), con leves variaciones. En la comarca de Calatrava (Almod\u00f3var y Villamayor), el mayo adopta la forma de <strong>ronde\u00f1a<\/strong>.<\/p>\n<p>La letra original es tambi\u00e9n casi id\u00e9ntica a la llamada <a href=\"http:\/\/www.museosantacruz.org\/Archivo\/ACAME_Los_Mayos.pdf\" target=\"_blank\" rel=\"noopener noreferrer\"><strong>letra antigua<\/strong><\/a> de Santa Cruz, que sigue la estructura: <em>1. \u00abEstamos a final de abril&#8230;\u00bb, 2. \u00abPedimos licencia&#8230;\u00bb. 3. \u00abPintar a la dama\u00bb, 4. \u00abDespedida\u00bb\u00a0 y 5. \u00abS\u00e1canos el bollo..\u00bb. <\/em>Se observa, sin embargo, una creciente <em>institucionalizaci\u00f3n<\/em> y <em>sacralizaci\u00f3n<\/em> de esta fiesta popular, lo que ha dado lugar a celebraciones oficiales y religiosas de nuevo cu\u00f1o (p. ej.: el canto de un \u00fanico mayo en el ayuntamiento o la iglesia), despojando a \u00abLos Mayos\u00bb de su sentido originario, es decir, de la celebraci\u00f3n en la calle, de la ronda y del cortejo de los <em>mayos<\/em> -exclusivamente hombres- a sus <em>mayas<\/em>&#8230;<\/p>\n<p>As\u00ed suena el mayo en:<\/p>\n<p style=\"text-align: center;\"><strong>Pedro Mu\u00f1oz<\/strong><\/p>\n<p style=\"text-align: center;\">Este es el mayo manchego m\u00e1s cl\u00e1sico&#8230;<\/p>\n<p><center><iframe loading=\"lazy\" src=\"https:\/\/www.youtube.com\/embed\/xTtJjBjVnM0?rel=0\" width=\"560\" height=\"315\" frameborder=\"0\" allowfullscreen=\"allowfullscreen\"><\/iframe><br \/>\n<strong>Villarrubia de Santiago<\/strong><\/center><center>La melod\u00eda es m\u00e1s sencilla. Letra adaptada a fines cuasi lit\u00fargicos.<\/center><center><iframe loading=\"lazy\" src=\"https:\/\/www.youtube.com\/embed\/-sgw8nh_NSc?rel=0\" width=\"560\" height=\"315\" allowfullscreen=\"allowfullscreen\"><\/iframe><\/center><center><\/center><center><strong>Quintanar de la Orden<\/strong><\/center><center>Letra de car\u00e1cter religioso.<\/center><center><iframe loading=\"lazy\" src=\"https:\/\/www.youtube.com\/embed\/Lco9CTF2be4?rel=0\" width=\"560\" height=\"315\" frameborder=\"0\" allowfullscreen=\"allowfullscreen\"><\/iframe><\/center><center><strong>Villamayor de Calatrava<\/strong><\/center><center><center>Ronde\u00f1a con letra religiosa, ante la exposici\u00f3n de la Cruz de Mayo.<\/center><\/center><center><iframe loading=\"lazy\" src=\"https:\/\/www.youtube.com\/embed\/PdH_spnLQoM?rel=0\" width=\"560\" height=\"315\" frameborder=\"0\" allowfullscreen=\"allowfullscreen\"><\/iframe><br \/>\n<center><strong>Alm\u00f3dovar del Campo<\/strong><\/center><center>Ronde\u00f1a con letra micta cl\u00e1sica-religiosa. Varios cantantes solistas y coro.\u00a0<\/center><\/center><center><iframe loading=\"lazy\" src=\"https:\/\/www.youtube.com\/embed\/oXiEOPr-Arc?rel=0\" width=\"560\" height=\"315\" frameborder=\"0\" allowfullscreen=\"allowfullscreen\"><\/iframe><\/center><center><strong>La Torre de Juan Abad<\/strong><\/center><center>M\u00fasica moderna, con letra adaptada de la Salve<\/center><center><iframe loading=\"lazy\" src=\"https:\/\/www.youtube.com\/embed\/TY9BGB9n820?rel=0\" width=\"560\" height=\"315\" frameborder=\"0\" allowfullscreen=\"allowfullscreen\"><\/iframe><\/center><center><strong>Madridejos<\/strong><\/center><center><center>Letra de mayo adaptada para fines religiosos.<\/center><\/center><center><iframe loading=\"lazy\" src=\"https:\/\/www.youtube.com\/embed\/XYBVQQPg0Pk?rel=0\" width=\"560\" height=\"315\" frameborder=\"0\" allowfullscreen=\"allowfullscreen\"><\/iframe><\/center><center><center><strong>Taranc\u00f3n<\/strong><\/center><center><center>Agrupaci\u00f3n Musical \u00abNtra, Sra, de Ri\u00e1nsares (2020)<\/center><center><iframe loading=\"lazy\" src=\"https:\/\/www.youtube.com\/embed\/2JxRw9-RTU0?rel=0\" width=\"560\" height=\"315\" frameborder=\"0\" allowfullscreen=\"allowfullscreen\"><\/iframe><\/center><center><strong><strong>etc.,&#8230;<\/strong><\/strong><\/center><\/center><\/center><\/p>\n<hr \/>\n<p style=\"text-align: center;\"><span style=\"color: #800000;\"><strong>\u00bfTe parecen pocos mayos? <\/strong><\/span><\/p>\n<h4 style=\"text-align: center;\"><span style=\"color: #800000;\"><strong><a title=\"Otros \u201cmayos\u201d\u2026\" href=\"http:\/\/ww2.museosantacruz.org\/?page_id=1423\">Pues tenemos muchos m\u00e1s, de Espa\u00f1a y de m\u00e1s all\u00e1 de nuestras fronteras. <\/a><br \/>\n<\/strong><\/span><\/h4>\n","protected":false},"excerpt":{"rendered":"<p>m\u00e1s Mayos&#8230; \u00a0m\u00e1s M\u00fasica&#8230; Mayo de Santa Cruz (Rondalla de la Cruz, 1968) Mayo de Santa Cruz (El Desguace) Mayo con letra antigua (El Desguace, 2022). Grabaci\u00f3n para la versi\u00f3n radiof\u00f3nica de \u00abLa Casa de las dos puertas\u00bb &nbsp; Nuestro mayo Los \u00abmayos\u00bb son probablemente la tradici\u00f3n musical m\u00e1s conocida&#8230; <a class=\"continue-reading-link\" href=\"https:\/\/ww2.museosantacruz.org\/?page_id=1300\">Continue reading<\/a><\/p>\n","protected":false},"author":1,"featured_media":0,"parent":772,"menu_order":0,"comment_status":"open","ping_status":"open","template":"","meta":{"footnotes":""},"class_list":["post-1300","page","type-page","status-publish","hentry"],"_links":{"self":[{"href":"https:\/\/ww2.museosantacruz.org\/index.php?rest_route=\/wp\/v2\/pages\/1300","targetHints":{"allow":["GET"]}}],"collection":[{"href":"https:\/\/ww2.museosantacruz.org\/index.php?rest_route=\/wp\/v2\/pages"}],"about":[{"href":"https:\/\/ww2.museosantacruz.org\/index.php?rest_route=\/wp\/v2\/types\/page"}],"author":[{"embeddable":true,"href":"https:\/\/ww2.museosantacruz.org\/index.php?rest_route=\/wp\/v2\/users\/1"}],"replies":[{"embeddable":true,"href":"https:\/\/ww2.museosantacruz.org\/index.php?rest_route=%2Fwp%2Fv2%2Fcomments&post=1300"}],"version-history":[{"count":104,"href":"https:\/\/ww2.museosantacruz.org\/index.php?rest_route=\/wp\/v2\/pages\/1300\/revisions"}],"predecessor-version":[{"id":4163,"href":"https:\/\/ww2.museosantacruz.org\/index.php?rest_route=\/wp\/v2\/pages\/1300\/revisions\/4163"}],"up":[{"embeddable":true,"href":"https:\/\/ww2.museosantacruz.org\/index.php?rest_route=\/wp\/v2\/pages\/772"}],"wp:attachment":[{"href":"https:\/\/ww2.museosantacruz.org\/index.php?rest_route=%2Fwp%2Fv2%2Fmedia&parent=1300"}],"curies":[{"name":"wp","href":"https:\/\/api.w.org\/{rel}","templated":true}]}}