{"id":1879,"date":"2015-08-01T12:26:56","date_gmt":"2015-08-01T12:26:56","guid":{"rendered":"http:\/\/ww2.museosantacruz.org\/?page_id=1879"},"modified":"2017-02-14T13:09:21","modified_gmt":"2017-02-14T13:09:21","slug":"la-banda-de-musica-2015","status":"publish","type":"page","link":"https:\/\/ww2.museosantacruz.org\/?page_id=1879","title":{"rendered":"La Banda de M\u00fasica (2015)"},"content":{"rendered":"<nav aria-label=\"breadcrumbs\">\n            <div class=\"breadcrumb-container theme4\">\n                <ol>\n                                    <\/ol>\n            <\/div>\n        <\/nav>    <script type=\"application\/ld+json\">\n        {\n            \"@context\": \"http:\/\/schema.org\",\n            \"@type\": \"BreadcrumbList\",\n            \"itemListElement\": [\n                            ]\n        }\n    <\/script>\n    <style type=\"text\/css\">\n        .breadcrumb-container {\n            font-size: 13px;\n        }\n\n        .breadcrumb-container ul {\n            margin: 0;\n            padding: 0;\n        }\n\n        .breadcrumb-container li {\n            box-sizing: unset;\n            display: inline-block;\n            margin: 0;\n            padding: 0;\n        }\n\n        .breadcrumb-container li a {\n            box-sizing: unset;\n            padding: 0 10px;\n        }\n\n        .breadcrumb-container {\n            font-size: 12px !important;\n                    }\n\n        .breadcrumb-container li a {\n            color: #301400 !important;\n            font-size: 12px !important;\n            line-height: 12px !important;\n                    }\n\n        .breadcrumb-container li .separator {\n            color: #000000 !important;\n            font-size: 12px !important;\n                    }\n\n        .breadcrumb-container li:last-child .separator {\n            display: none;\n        }\n    <\/style>\n    <style type=\"text\/css\">\n\n        .breadcrumb-container.theme4 li {\n            display: inline-block;\n            margin: 0 14px;\n            padding: 0;\n        }\n\n        .breadcrumb-container.theme4 a {\n            background: #ddb57a;\n            color: rgb(102, 102, 102);\n            display: inline-block;\n            font-size: 14px;\n            height: 16px;\n            margin: 0;\n            padding: 5px 10px;\n            text-decoration: none;\n            position:relative;\n        }\n\n\n        .breadcrumb-container.theme4 a::after {\n            -moz-border-bottom-colors: none;\n            -moz-border-left-colors: none;\n            -moz-border-right-colors: none;\n            -moz-border-top-colors: none;\n            border-color: rgba(0, 0, 0, 0) rgba(0, 0, 0, 0) rgba(0, 0, 0, 0) #ddb57a;\n            border-image: none;\n            border-style: solid;\n            border-width: 13px;\n            content: \" \";\n            display: inline-block;\n            height: 0;\n            line-height: 0;\n            position: absolute;\n            right: -26px;\n            top: 0;\n            width: 0;\n        }\n\n        .breadcrumb-container.theme4 .separator {\n            display: none;\n        }\n    <\/style>\n        <style type=\"text\/css\">\n        .breadcrumb-container{}\r\n.breadcrumb-container ul{}\r\n.breadcrumb-container li{}\r\n.breadcrumb-container a{}\r\n.breadcrumb-container .separator{}\r\n    <\/style>\n    <script>\n            <\/script>\n\n<p style=\"text-align: center;\"><span style=\"color: #800000;\"><strong>Exposici\u00f3n sobre la Banda de M\u00fasica (2015)<br \/>\n<\/strong><\/span><\/p>\n<div id=\"attachment_1752\" style=\"width: 915px\" class=\"wp-caption aligncenter\"><a href=\"http:\/\/ww2.museosantacruz.org\/wp-content\/uploads\/2015\/08\/bandanueva1914.jpg\"><img loading=\"lazy\" decoding=\"async\" aria-describedby=\"caption-attachment-1752\" class=\" wp-image-1752\" src=\"http:\/\/ww2.museosantacruz.org\/wp-content\/uploads\/2015\/08\/bandanueva1914.jpg\" alt=\"\" width=\"905\" height=\"613\" srcset=\"https:\/\/ww2.museosantacruz.org\/wp-content\/uploads\/2015\/08\/bandanueva1914-300x202.jpg 300w, https:\/\/ww2.museosantacruz.org\/wp-content\/uploads\/2015\/08\/bandanueva1914-120x80.jpg 120w\" sizes=\"auto, (max-width: 905px) 100vw, 905px\" \/><\/a><p id=\"caption-attachment-1752\" class=\"wp-caption-text\">La Banda Nueva. A\u00f1o 1917. Entre otros, se ha podido localizar a: Adolfo Garcia Mochales (Director), Adolfo y Bernab\u00e9 Garcia de la Cruz, Benjam\u00edn Garcia-Cuenca Lopez, Antonio Rui; (Director<br \/>de teatro), Antonio Garcia Cuenca, Tirso Abril Garcia, Melquiades Garcia Cuenca, Marcelino Fern\u00e1ndez y Tom\u00e1s Abril.<\/p><\/div>\n<p>M\u00e1s:<\/p>\n<ul>\n<li>Descargar <a href=\"http:\/\/ww2.museosantacruz.org\/wp-content\/uploads\/2017\/02\/Folleto_Expo_banda.pdf\">Folleto de la Exposici\u00f3n<\/a><\/li>\n<li>Ver <a href=\"http:\/\/ww2.museosantacruz.org\/?gallery=la-banda-de-musica\">Galer\u00eda de im\u00e1genes<\/a><\/li>\n<\/ul>\n","protected":false},"excerpt":{"rendered":"<p>Exposici\u00f3n sobre la Banda de M\u00fasica (2015) M\u00e1s: Descargar Folleto de la Exposici\u00f3n Ver Galer\u00eda de im\u00e1genes <a class=\"continue-reading-link\" href=\"https:\/\/ww2.museosantacruz.org\/?page_id=1879\">Continue reading<\/a><\/p>\n","protected":false},"author":1,"featured_media":0,"parent":24,"menu_order":0,"comment_status":"closed","ping_status":"closed","template":"","meta":{"footnotes":""},"class_list":["post-1879","page","type-page","status-publish","hentry"],"_links":{"self":[{"href":"https:\/\/ww2.museosantacruz.org\/index.php?rest_route=\/wp\/v2\/pages\/1879","targetHints":{"allow":["GET"]}}],"collection":[{"href":"https:\/\/ww2.museosantacruz.org\/index.php?rest_route=\/wp\/v2\/pages"}],"about":[{"href":"https:\/\/ww2.museosantacruz.org\/index.php?rest_route=\/wp\/v2\/types\/page"}],"author":[{"embeddable":true,"href":"https:\/\/ww2.museosantacruz.org\/index.php?rest_route=\/wp\/v2\/users\/1"}],"replies":[{"embeddable":true,"href":"https:\/\/ww2.museosantacruz.org\/index.php?rest_route=%2Fwp%2Fv2%2Fcomments&post=1879"}],"version-history":[{"count":4,"href":"https:\/\/ww2.museosantacruz.org\/index.php?rest_route=\/wp\/v2\/pages\/1879\/revisions"}],"predecessor-version":[{"id":1883,"href":"https:\/\/ww2.museosantacruz.org\/index.php?rest_route=\/wp\/v2\/pages\/1879\/revisions\/1883"}],"up":[{"embeddable":true,"href":"https:\/\/ww2.museosantacruz.org\/index.php?rest_route=\/wp\/v2\/pages\/24"}],"wp:attachment":[{"href":"https:\/\/ww2.museosantacruz.org\/index.php?rest_route=%2Fwp%2Fv2%2Fmedia&parent=1879"}],"curies":[{"name":"wp","href":"https:\/\/api.w.org\/{rel}","templated":true}]}}