{"id":24,"date":"2015-03-05T21:25:16","date_gmt":"2015-03-05T21:25:16","guid":{"rendered":"http:\/\/ww2.museosantacruz.org\/?page_id=24"},"modified":"2024-02-09T11:21:25","modified_gmt":"2024-02-09T12:21:25","slug":"exposiciones","status":"publish","type":"page","link":"https:\/\/ww2.museosantacruz.org\/?page_id=24","title":{"rendered":"Otras exposiciones"},"content":{"rendered":"<p><span style=\"color: #800000;\"><nav aria-label=\"breadcrumbs\">\n            <div class=\"breadcrumb-container theme4\">\n                <ol>\n                                    <\/ol>\n            <\/div>\n        <\/nav>    <script type=\"application\/ld+json\">\n        {\n            \"@context\": \"http:\/\/schema.org\",\n            \"@type\": \"BreadcrumbList\",\n            \"itemListElement\": [\n                            ]\n        }\n    <\/script>\n    <style type=\"text\/css\">\n        .breadcrumb-container {\n            font-size: 13px;\n        }\n\n        .breadcrumb-container ul {\n            margin: 0;\n            padding: 0;\n        }\n\n        .breadcrumb-container li {\n            box-sizing: unset;\n            display: inline-block;\n            margin: 0;\n            padding: 0;\n        }\n\n        .breadcrumb-container li a {\n            box-sizing: unset;\n            padding: 0 10px;\n        }\n\n        .breadcrumb-container {\n            font-size: 12px !important;\n                    }\n\n        .breadcrumb-container li a {\n            color: #301400 !important;\n            font-size: 12px !important;\n            line-height: 12px !important;\n                    }\n\n        .breadcrumb-container li .separator {\n            color: #000000 !important;\n            font-size: 12px !important;\n                    }\n\n        .breadcrumb-container li:last-child .separator {\n            display: none;\n        }\n    <\/style>\n    <style type=\"text\/css\">\n\n        .breadcrumb-container.theme4 li {\n            display: inline-block;\n            margin: 0 14px;\n            padding: 0;\n        }\n\n        .breadcrumb-container.theme4 a {\n            background: #ddb57a;\n            color: rgb(102, 102, 102);\n            display: inline-block;\n            font-size: 14px;\n            height: 16px;\n            margin: 0;\n            padding: 5px 10px;\n            text-decoration: none;\n            position:relative;\n        }\n\n\n        .breadcrumb-container.theme4 a::after {\n            -moz-border-bottom-colors: none;\n            -moz-border-left-colors: none;\n            -moz-border-right-colors: none;\n            -moz-border-top-colors: none;\n            border-color: rgba(0, 0, 0, 0) rgba(0, 0, 0, 0) rgba(0, 0, 0, 0) #ddb57a;\n            border-image: none;\n            border-style: solid;\n            border-width: 13px;\n            content: \" \";\n            display: inline-block;\n            height: 0;\n            line-height: 0;\n            position: absolute;\n            right: -26px;\n            top: 0;\n            width: 0;\n        }\n\n        .breadcrumb-container.theme4 .separator {\n            display: none;\n        }\n    <\/style>\n        <style type=\"text\/css\">\n        .breadcrumb-container{}\r\n.breadcrumb-container ul{}\r\n.breadcrumb-container li{}\r\n.breadcrumb-container a{}\r\n.breadcrumb-container .separator{}\r\n    <\/style>\n    <script>\n            <\/script>\n<\/span><\/p>\n<h2><span style=\"color: #800000;\">Exposiciones temporales<\/span><\/h2>\n<p><span style=\"color: #800000;\"><strong>\u00abLos zapateros\u00bb (2019)<\/strong><\/span><\/p>\n<p><center><img loading=\"lazy\" decoding=\"async\" class=\"aligncenter size-full wp-image-2466\" src=\"http:\/\/ww2.museosantacruz.org\/wp-content\/uploads\/2019\/08\/zapateros.jpg\" alt=\"\" width=\"611\" height=\"857\" srcset=\"https:\/\/ww2.museosantacruz.org\/wp-content\/uploads\/2019\/08\/zapateros.jpg 611w, https:\/\/ww2.museosantacruz.org\/wp-content\/uploads\/2019\/08\/zapateros-214x300.jpg 214w\" sizes=\"auto, (max-width: 611px) 100vw, 611px\" \/><\/center><span style=\"color: #800000;\"><strong>\u00abDe la cepa al lagar\u00bb (2018)<\/strong><\/span><\/p>\n<p><center><iframe loading=\"lazy\" src=\"https:\/\/www.youtube.com\/embed\/BlgAi0qG50Y\" width=\"560\" height=\"315\" frameborder=\"0\" allowfullscreen=\"allowfullscreen\"><\/iframe><\/center><br \/>\n<a href=\"http:\/\/ww2.museosantacruz.org\/?page_id=1879\"><span style=\"color: #800000;\"><strong>La\u00a0Banda de M\u00fasica (2015)<\/strong><\/span><\/a><\/p>\n<div id=\"attachment_1856\" style=\"width: 425px\" class=\"wp-caption aligncenter\"><a href=\"http:\/\/ww2.museosantacruz.org\/?page_id=1879\"><img loading=\"lazy\" decoding=\"async\" aria-describedby=\"caption-attachment-1856\" class=\" wp-image-1856\" src=\"http:\/\/ww2.museosantacruz.org\/wp-content\/uploads\/2015\/08\/FERIAS-1933-199x300.jpg\" alt=\"\" width=\"415\" height=\"621\" \/><\/a><p id=\"caption-attachment-1856\" class=\"wp-caption-text\">M\u00fasicos de la Banda en las Ferias de 1933<\/p><\/div>\n<p>&nbsp;<\/p>\n<p><a title=\"La recolecci\u00f3n de la aceituna y la matanza (2010)\" href=\"http:\/\/ww2.museosantacruz.org\/?page_id=1484\"><img loading=\"lazy\" decoding=\"async\" class=\"wp-image-1456 size-full\" src=\"http:\/\/ww2.museosantacruz.org\/wp-content\/uploads\/2015\/04\/1-copia.jpg\" alt=\"La recolecci\u00f3n de la aceituna y la matanza (2010): Exposici\u00f3n fotogr\u00e1fica y de aperos de labranza \" width=\"640\" height=\"410\" srcset=\"https:\/\/ww2.museosantacruz.org\/wp-content\/uploads\/2015\/04\/1-copia.jpg 640w, https:\/\/ww2.museosantacruz.org\/wp-content\/uploads\/2015\/04\/1-copia-300x192.jpg 300w\" sizes=\"auto, (max-width: 640px) 100vw, 640px\" \/><\/a><\/p>\n<p style=\"text-align: center;\"><a title=\"La recolecci\u00f3n de la aceituna y la matanza (2010)\" href=\"http:\/\/ww2.museosantacruz.org\/?page_id=1484\"><span style=\"color: #800000;\"><strong>La recolecci\u00f3n de la aceituna y la matanza (2010): Exposici\u00f3n fotogr\u00e1fica y de aperos de labranza<\/strong><\/span><\/a><\/p>\n<hr \/>\n<p style=\"text-align: center;\"><a title=\"Los juegos de nuestra infancia (1997)\" href=\"http:\/\/ww2.museosantacruz.org\/?page_id=1490\"><img loading=\"lazy\" decoding=\"async\" class=\"aligncenter wp-image-1494 size-full\" src=\"http:\/\/ww2.museosantacruz.org\/wp-content\/uploads\/2015\/04\/ExpoJuegos.jpg\" alt=\"Los juegos de nuestra infancia\" width=\"448\" height=\"317\" srcset=\"https:\/\/ww2.museosantacruz.org\/wp-content\/uploads\/2015\/04\/ExpoJuegos.jpg 448w, https:\/\/ww2.museosantacruz.org\/wp-content\/uploads\/2015\/04\/ExpoJuegos-300x212.jpg 300w\" sizes=\"auto, (max-width: 448px) 100vw, 448px\" \/><br \/>\n<strong><span style=\"color: #800000;\">Los Juegos de nuestra infancia (1997)<\/span><\/strong><\/a><\/p>\n<hr \/>\n<p style=\"text-align: center;\"><span style=\"text-decoration: underline;\"><span style=\"color: #800000; text-decoration: underline;\"><strong>Exposici\u00f3n y Taller de Pintura para los ni\u00f1os, bajo el lema <\/strong><\/span><\/span><br \/>\n<span style=\"text-decoration: underline;\"> <span style=\"color: #800000; text-decoration: underline;\"><strong>\u201cConoce a una pintora de nuestro pueblo: Amalia Avia Pe\u00f1a\u00bb<\/strong><strong> (1998)<\/strong><\/span><\/span><\/p>\n<p style=\"text-align: center;\"><a href=\"http:\/\/ww2.museosantacruz.org\/wp-content\/uploads\/2015\/04\/Amalia4.jpg\"><img loading=\"lazy\" decoding=\"async\" class=\"aligncenter size-full wp-image-1518\" src=\"http:\/\/ww2.museosantacruz.org\/wp-content\/uploads\/2015\/04\/Amalia4.jpg\" alt=\"Exposici\u00f3n-taller Amalia Avia\" width=\"363\" height=\"480\" srcset=\"https:\/\/ww2.museosantacruz.org\/wp-content\/uploads\/2015\/04\/Amalia4.jpg 363w, https:\/\/ww2.museosantacruz.org\/wp-content\/uploads\/2015\/04\/Amalia4-227x300.jpg 227w\" sizes=\"auto, (max-width: 363px) 100vw, 363px\" \/><\/a><\/p>\n<hr \/>\n<p style=\"text-align: center;\"><span style=\"text-decoration: underline;\"><span style=\"color: #800000; font-family: Arial; font-size: small; text-decoration: underline;\"><b>1999: Talleres de Pintura \u201cReflexi\u00f3n sobre colores y formas\u201d <\/b><\/span><\/span><\/p>\n<p style=\"text-align: center;\"><img loading=\"lazy\" decoding=\"async\" class=\"aligncenter size-full wp-image-1509\" src=\"http:\/\/ww2.museosantacruz.org\/wp-content\/uploads\/2015\/04\/AmaliaNinos.jpg\" alt=\"AmaliaNinos\" width=\"344\" height=\"480\" srcset=\"https:\/\/ww2.museosantacruz.org\/wp-content\/uploads\/2015\/04\/AmaliaNinos.jpg 344w, https:\/\/ww2.museosantacruz.org\/wp-content\/uploads\/2015\/04\/AmaliaNinos-215x300.jpg 215w\" sizes=\"auto, (max-width: 344px) 100vw, 344px\" \/><\/p>\n<hr \/>\n<p style=\"text-align: center;\"><span style=\"text-decoration: underline;\"><span style=\"font-family: Arial; font-size: small;\"><span style=\"color: #800000; text-decoration: underline;\"><b>2000: Exposici\u00f3n del pintor local\u00a0 Santiago Almarza<\/b><\/span><\/span><\/span><\/p>\n<p style=\"text-align: center;\"><img loading=\"lazy\" decoding=\"async\" class=\"aligncenter size-full wp-image-1508\" src=\"http:\/\/ww2.museosantacruz.org\/wp-content\/uploads\/2015\/04\/Almarza.jpg\" alt=\"Almarza\" width=\"640\" height=\"462\" srcset=\"https:\/\/ww2.museosantacruz.org\/wp-content\/uploads\/2015\/04\/Almarza.jpg 640w, https:\/\/ww2.museosantacruz.org\/wp-content\/uploads\/2015\/04\/Almarza-300x217.jpg 300w\" sizes=\"auto, (max-width: 640px) 100vw, 640px\" \/><\/p>\n<hr \/>\n<p style=\"text-align: center;\"><a title=\"Programas de fiestas\" href=\"http:\/\/ww2.museosantacruz.org\/?page_id=1238\"><strong><span style=\"color: #800000; font-family: Arial; font-size: small;\"><span style=\"color: #800000;\">2001: Las Ferias y Fiestas Locales: Carteles de Festejos y Fotograf\u00edas <\/span><\/span><\/strong><\/a><\/p>\n<p style=\"text-align: center;\"><a title=\"Programas de fiestas\" href=\"http:\/\/ww2.museosantacruz.org\/?page_id=1238\"><img loading=\"lazy\" decoding=\"async\" class=\"aligncenter size-full wp-image-1507\" src=\"http:\/\/ww2.museosantacruz.org\/wp-content\/uploads\/2015\/04\/EXP2001.jpg\" alt=\"EXP2001\" width=\"384\" height=\"628\" srcset=\"https:\/\/ww2.museosantacruz.org\/wp-content\/uploads\/2015\/04\/EXP2001.jpg 384w, https:\/\/ww2.museosantacruz.org\/wp-content\/uploads\/2015\/04\/EXP2001-183x300.jpg 183w\" sizes=\"auto, (max-width: 384px) 100vw, 384px\" \/><\/a><\/p>\n<hr \/>\n<p style=\"text-align: center;\"><span style=\"text-decoration: underline;\"><strong><span style=\"color: #800000; font-family: Arial; font-size: small; text-decoration: underline;\">2002: Exposici\u00f3n Artista Local: Esculturas Juan Mu\u00f1oz Trenado<\/span><\/strong><\/span><\/p>\n<p style=\"text-align: center;\"><img loading=\"lazy\" decoding=\"async\" class=\" size-full wp-image-1506 aligncenter\" src=\"http:\/\/ww2.museosantacruz.org\/wp-content\/uploads\/2015\/04\/Juan_munoz.jpg\" alt=\"Juan_munoz\" width=\"346\" height=\"480\" srcset=\"https:\/\/ww2.museosantacruz.org\/wp-content\/uploads\/2015\/04\/Juan_munoz.jpg 346w, https:\/\/ww2.museosantacruz.org\/wp-content\/uploads\/2015\/04\/Juan_munoz-216x300.jpg 216w\" sizes=\"auto, (max-width: 346px) 100vw, 346px\" \/><\/p>\n<hr \/>\n<p style=\"text-align: center;\"><span style=\"text-decoration: underline;\"><strong><span style=\"color: #800000; font-family: Arial; font-size: small; text-decoration: underline;\">2003: Exposici\u00f3n Trabajos de pintura de la Escuela Taller Local<\/span><\/strong><\/span><\/p>\n<p style=\"text-align: center;\"><img loading=\"lazy\" decoding=\"async\" class=\"aligncenter size-full wp-image-1504\" src=\"http:\/\/ww2.museosantacruz.org\/wp-content\/uploads\/2015\/04\/EXP2003.jpg\" alt=\"EXP2003\" width=\"448\" height=\"313\" srcset=\"https:\/\/ww2.museosantacruz.org\/wp-content\/uploads\/2015\/04\/EXP2003.jpg 448w, https:\/\/ww2.museosantacruz.org\/wp-content\/uploads\/2015\/04\/EXP2003-300x210.jpg 300w\" sizes=\"auto, (max-width: 448px) 100vw, 448px\" \/><\/p>\n<hr \/>\n<p style=\"text-align: center;\"><strong>\u00a0<a title=\"Del humor en la prensa, por Santiago Almarza Caballero (2008)\" href=\"http:\/\/ww2.museosantacruz.org\/?page_id=1531\">2008: Exposici\u00f3n <span style=\"text-decoration: underline;\">Del humor en la prensa<\/span>, por Santiago Almarza Caballero<\/a><\/strong><\/p>\n<p style=\"text-align: center;\"><a href=\"http:\/\/ww2.museosantacruz.org\/?page_id=1531\"><img loading=\"lazy\" decoding=\"async\" class=\"aligncenter size-full wp-image-1533\" src=\"http:\/\/ww2.museosantacruz.org\/wp-content\/uploads\/2015\/04\/almarzacaric.jpg\" alt=\"almarzacaric\" width=\"145\" height=\"179\" \/><\/a><\/p>\n<h3><span style=\"color: #800000;\">Exposiciones Virtuales<\/span><\/h3>\n<h4 style=\"padding-left: 30px; text-align: center;\">\u00a0<strong><a title=\"Santa Cruz, por Santiago Almarza\" href=\"http:\/\/ww2.museosantacruz.org\/?page_id=1172\">Santa Cruz de la Zarza, por Santiago Almarza<\/a><\/strong><\/h4>\n<h4 style=\"padding-left: 30px; text-align: center;\"><a title=\"Escenas costumbristas, por Tom\u00e1s Medina Mota\" href=\"http:\/\/ww2.museosantacruz.org\/?page_id=1559\"><strong>Escenas costumbristas santacruceras, por Tom\u00e1s Medina Mota<\/strong><\/a><\/h4>\n<p style=\"padding-left: 30px; text-align: center;\">\n","protected":false},"excerpt":{"rendered":"<p>Exposiciones temporales \u00abLos zapateros\u00bb (2019) \u00abDe la cepa al lagar\u00bb (2018) La\u00a0Banda de M\u00fasica (2015) &nbsp; La recolecci\u00f3n de la aceituna y la matanza (2010): Exposici\u00f3n fotogr\u00e1fica y de aperos de labranza Los Juegos de nuestra infancia (1997) Exposici\u00f3n y Taller de Pintura para los ni\u00f1os, bajo el lema \u201cConoce&#8230; <a class=\"continue-reading-link\" href=\"https:\/\/ww2.museosantacruz.org\/?page_id=24\">Continue reading<\/a><\/p>\n","protected":false},"author":1,"featured_media":0,"parent":32,"menu_order":1,"comment_status":"open","ping_status":"closed","template":"","meta":{"footnotes":""},"class_list":["post-24","page","type-page","status-publish","hentry"],"_links":{"self":[{"href":"https:\/\/ww2.museosantacruz.org\/index.php?rest_route=\/wp\/v2\/pages\/24","targetHints":{"allow":["GET"]}}],"collection":[{"href":"https:\/\/ww2.museosantacruz.org\/index.php?rest_route=\/wp\/v2\/pages"}],"about":[{"href":"https:\/\/ww2.museosantacruz.org\/index.php?rest_route=\/wp\/v2\/types\/page"}],"author":[{"embeddable":true,"href":"https:\/\/ww2.museosantacruz.org\/index.php?rest_route=\/wp\/v2\/users\/1"}],"replies":[{"embeddable":true,"href":"https:\/\/ww2.museosantacruz.org\/index.php?rest_route=%2Fwp%2Fv2%2Fcomments&post=24"}],"version-history":[{"count":39,"href":"https:\/\/ww2.museosantacruz.org\/index.php?rest_route=\/wp\/v2\/pages\/24\/revisions"}],"predecessor-version":[{"id":3696,"href":"https:\/\/ww2.museosantacruz.org\/index.php?rest_route=\/wp\/v2\/pages\/24\/revisions\/3696"}],"up":[{"embeddable":true,"href":"https:\/\/ww2.museosantacruz.org\/index.php?rest_route=\/wp\/v2\/pages\/32"}],"wp:attachment":[{"href":"https:\/\/ww2.museosantacruz.org\/index.php?rest_route=%2Fwp%2Fv2%2Fmedia&parent=24"}],"curies":[{"name":"wp","href":"https:\/\/api.w.org\/{rel}","templated":true}]}}