{"id":4076,"date":"2024-04-29T10:54:50","date_gmt":"2024-04-29T11:54:50","guid":{"rendered":"https:\/\/ww2.museosantacruz.org\/?page_id=4076"},"modified":"2024-12-09T16:45:41","modified_gmt":"2024-12-09T17:45:41","slug":"aaa-autores","status":"publish","type":"page","link":"https:\/\/ww2.museosantacruz.org\/?page_id=4076","title":{"rendered":"\u00cdndice de Autores"},"content":{"rendered":"<p style=\"text-align: right;\"><strong><span style=\"color: #ff0000;\"><a id=\"ARRIBA\" style=\"color: #ff0000;\" name=\"ARRIBA\"><\/a><\/span><\/strong>Cambiar a \u00cdndice de: <span style=\"color: #ff0000;\"><span style=\"color: #008080;\"><a style=\"color: #008080;\" title=\"Materias\" href=\"https:\/\/ww2.museosantacruz.org\/?page_id=3919\"><strong>MATERIAS<\/strong><\/a><\/span> &#8211; <\/span><a title=\"Fuentes de publicaci\u00f3n\" href=\"https:\/\/ww2.museosantacruz.org\/?page_id=3917\"><span style=\"color: #800000;\"><strong>FUENTES<\/strong><\/span><\/a><a id=\"ARRIBA\" name=\"ARRIBA\"><\/a><\/p>\n<table border=\"0\" width=\"95%\" cellspacing=\"1\" cellpadding=\"1\">\n<tbody>\n<tr>\n<td rowspan=\"2\" align=\"left\" valign=\"top\" width=\"25%\">\n<table border=\"0\" cellspacing=\"0\" cellpadding=\"0\">\n<tbody>\n<tr>\n<td align=\"center\" width=\"100%%\">\n<h3><span style=\"color: #ff0000;\"><strong>AUTORES<\/strong><\/span><\/h3>\n<\/td>\n<\/tr>\n<tr>\n<td><a class=\"INDAUTORES\" href=\"http:\/\/ww2.museosantacruz.org\/?page_id=4076#1\"><strong><span style=\"color: #ff0000;\">(sin firma)<\/span><\/strong><\/a><\/td>\n<\/tr>\n<tr>\n<td><strong><span style=\"color: #ff0000;\"><a class=\"INDAUTORES\" style=\"color: #ff0000;\" href=\"http:\/\/ww2.museosantacruz.org\/?page_id=4076#2\">An\u00f3nimo<\/a><\/span><\/strong><\/td>\n<\/tr>\n<tr>\n<td><a class=\"INDAUTORES\" href=\"http:\/\/ww2.museosantacruz.org\/?page_id=4076#3\"><span style=\"color: #ff0000;\"><strong>ACAME \u00abJ. Arias\u00bb<\/strong><\/span><\/a><\/td>\n<\/tr>\n<tr>\n<td><a class=\"INDAUTORES\" href=\"http:\/\/ww2.museosantacruz.org\/?page_id=4076#4\"><strong><span style=\"color: #ff0000;\">Almarza Caballero, Santiago<\/span><\/strong><\/a><\/td>\n<\/tr>\n<tr>\n<td><span style=\"color: #ff0000;\"><a class=\"INDAUTORES\" style=\"color: #ff0000;\" href=\"http:\/\/ww2.museosantacruz.org\/?page_id=4076#5\"><strong>Almarza de Gracia, Vicente<\/strong><\/a><\/span><\/td>\n<\/tr>\n<tr>\n<td><strong><span style=\"color: #ff0000;\"><a class=\"INDAUTORES\" style=\"color: #ff0000;\" href=\"http:\/\/ww2.museosantacruz.org\/?page_id=4076#6\">Alonso Arriaga, Manuel<\/a><\/span><\/strong><\/td>\n<\/tr>\n<tr>\n<td><strong><span style=\"color: #ff0000;\"><a class=\"INDAUTORES\" href=\"http:\/\/ww2.museosantacruz.org\/?page_id=4076#6A\">Andrea y Le\u00f3n<\/a><br \/>\n<\/span><\/strong><\/td>\n<\/tr>\n<tr>\n<td><a class=\"INDAUTORES\" href=\"http:\/\/ww2.museosantacruz.org\/?page_id=4076#8\"><strong><span style=\"color: #ff0000;\">Archivo Municipal<\/span><\/strong><\/a><\/td>\n<\/tr>\n<tr>\n<td><a class=\"INDAUTORES\" href=\"http:\/\/ww2.museosantacruz.org\/?page_id=4076#9\"><strong><span style=\"color: #ff0000;\">Arias L\u00f3pez-Loriente, Joaqu\u00edn<\/span><\/strong><\/a><\/td>\n<\/tr>\n<tr>\n<td><a class=\"INDAUTORES\" href=\"http:\/\/ww2.museosantacruz.org\/?page_id=4076#10\"><strong><span style=\"color: #ff0000;\">Arribas Par\u00eds, Jos\u00e9 Manuel<\/span><\/strong><\/a><\/td>\n<\/tr>\n<tr>\n<td><strong><span style=\"color: #ff0000;\"><a class=\"INDAUTORES\" style=\"color: #ff0000;\" href=\"http:\/\/ww2.museosantacruz.org\/?page_id=4076#11\">Avia Aranda, Jos\u00e9 Manuel<\/a><\/span><\/strong><\/td>\n<\/tr>\n<tr>\n<td><a class=\"INDAUTORES\" href=\"http:\/\/ww2.museosantacruz.org\/?page_id=4076#12\"><strong><span style=\"color: #ff0000;\">Ayuntamiento de Santa Cruz de la Zarza<\/span><\/strong><\/a><\/td>\n<\/tr>\n<tr>\n<td><a class=\"INDAUTORES\" href=\"http:\/\/ww2.museosantacruz.org\/?page_id=4076#13\"><strong><span style=\"color: #ff0000;\">Belmonte Garc\u00eda, Carlos<\/span><\/strong><\/a><\/td>\n<\/tr>\n<tr>\n<td><a class=\"INDAUTORES\" href=\"http:\/\/ww2.museosantacruz.org\/?page_id=4076#14\"><span style=\"color: #ff0000;\"><strong>C\u00e1mara C\u00e1novas, Jes\u00fas A.<\/strong><\/span><\/a><\/td>\n<\/tr>\n<tr>\n<td><a class=\"INDAUTORES\" href=\"http:\/\/ww2.museosantacruz.org\/?page_id=4076#15\"><strong><span style=\"color: #ff0000;\">C\u00e1mara Vindel, Mar\u00eda de los \u00c1ngeles<\/span><\/strong><\/a><\/td>\n<\/tr>\n<tr>\n<td><a class=\"INDAUTORES\" href=\"http:\/\/ww2.museosantacruz.org\/?page_id=4076#16\"><strong><span style=\"color: #ff0000;\">Campa, Pepe<\/span><\/strong><\/a><\/td>\n<\/tr>\n<tr>\n<td><strong><span style=\"color: #ff0000;\"><a class=\"INDAUTORES\" style=\"color: #ff0000;\" href=\"http:\/\/ww2.museosantacruz.org\/?page_id=4076#17\">Cana Garc\u00eda, Fernando<\/a><\/span><\/strong><\/td>\n<\/tr>\n<tr>\n<td><a class=\"INDAUTORES\" href=\"http:\/\/ww2.museosantacruz.org\/?page_id=4076#18\"><strong><span style=\"color: #ff0000;\">Comisi\u00f3n de Asesoramiento de Onda S.C.<\/span><\/strong><\/a><\/td>\n<\/tr>\n<tr>\n<td><a class=\"INDAUTORES\" href=\"http:\/\/ww2.museosantacruz.org\/?page_id=4076#19\"><span style=\"color: #ff0000;\"><strong>Comisi\u00f3n de Cultura<\/strong><\/span><\/a><\/td>\n<\/tr>\n<tr>\n<td><a class=\"INDAUTORES\" href=\"http:\/\/ww2.museosantacruz.org\/?page_id=4076#20\"><span style=\"color: #ff0000;\"><strong>Comisi\u00f3n de Trabajo<\/strong><\/span><\/a><\/td>\n<\/tr>\n<tr>\n<td><a class=\"INDAUTORES\" href=\"http:\/\/ww2.museosantacruz.org\/?page_id=4076#21\"><span style=\"color: #ff0000;\"><strong>Concejal\u00eda de Cultura<\/strong><\/span><\/a><\/td>\n<\/tr>\n<tr>\n<td><a class=\"INDAUTORES\" href=\"http:\/\/ww2.museosantacruz.org\/?page_id=4076#22\"><strong><span style=\"color: #ff0000;\">Concejal\u00eda de Educaci\u00f3n<\/span><\/strong><\/a><\/td>\n<\/tr>\n<tr>\n<td><a class=\"INDAUTORES\" href=\"http:\/\/ww2.museosantacruz.org\/?page_id=4076#23\"><strong><span style=\"color: #ff0000;\">Consejo de Redacci\u00f3n del Preg\u00f3n<\/span><\/strong><\/a><\/td>\n<\/tr>\n<tr>\n<td><a class=\"INDAUTORES\" href=\"http:\/\/ww2.museosantacruz.org\/?page_id=4076#24\"><strong><span style=\"color: #ff0000;\">De la Osada Mar\u00edn, Julia<\/span><\/strong><\/a><\/td>\n<\/tr>\n<tr>\n<td><a class=\"INDAUTORES\" href=\"http:\/\/ww2.museosantacruz.org\/?page_id=4076#25\"><strong><span style=\"color: #ff0000;\">Fern\u00e1ndez Nieto, M.<\/span><\/strong><\/a><\/td>\n<\/tr>\n<tr>\n<td><a class=\"INDAUTORES\" href=\"http:\/\/ww2.museosantacruz.org\/?page_id=4076#26\"><strong><span style=\"color: #ff0000;\">Garc\u00eda Albares, Jos\u00e9 Antonio<\/span><\/strong><\/a><\/td>\n<\/tr>\n<tr>\n<td><a class=\"INDAUTORES\" href=\"http:\/\/ww2.museosantacruz.org\/?page_id=4076#27\"><strong><span style=\"color: #ff0000;\">Garc\u00eda Albares, M\u00aa Concepci\u00f3n<\/span><\/strong><\/a><\/td>\n<\/tr>\n<tr>\n<td><a class=\"INDAUTORES\" href=\"http:\/\/ww2.museosantacruz.org\/?page_id=4076#28\"><strong><span style=\"color: #ff0000;\">Garcia Berciano, Miguel<\/span><\/strong><\/a><\/td>\n<\/tr>\n<tr>\n<td><a class=\"INDAUTORES\" href=\"http:\/\/ww2.museosantacruz.org\/?page_id=4076#29\"><strong><span style=\"color: #ff0000;\">Garc\u00eda Carrillo, Amanda A.<\/span><\/strong><\/a><\/td>\n<\/tr>\n<tr>\n<td><a class=\"INDAUTORES\" href=\"http:\/\/ww2.museosantacruz.org\/?page_id=4076#30\"><strong><span style=\"color: #ff0000;\">Garc\u00eda de la Cruz, Arnaldo<\/span><\/strong><\/a><\/td>\n<\/tr>\n<tr>\n<td><a class=\"INDAUTORES\" href=\"http:\/\/ww2.museosantacruz.org\/?page_id=4076#31\"><strong><span style=\"color: #ff0000;\">Garc\u00eda Garc\u00eda, C\u00e1ndido<\/span><\/strong><\/a><\/td>\n<\/tr>\n<tr>\n<td><a class=\"INDAUTORES\" href=\"http:\/\/ww2.museosantacruz.org\/?page_id=4076#32\"><span style=\"color: #ff0000;\"><strong>Garc\u00eda Garc\u00eda, Vicente<\/strong><\/span><\/a><\/td>\n<\/tr>\n<tr>\n<td><a class=\"INDAUTORES\" href=\"http:\/\/ww2.museosantacruz.org\/?page_id=4076#33\"><strong><span style=\"color: #ff0000;\">Garc\u00eda Hij\u00f3n, M\u00aa del Rosario<\/span><\/strong><\/a><\/td>\n<\/tr>\n<tr>\n<td><a class=\"INDAUTORES\" href=\"http:\/\/ww2.museosantacruz.org\/?page_id=4076#34\"><span style=\"color: #ff0000;\"><strong>Garc\u00eda Mart\u00edn, Francisco<\/strong><\/span><\/a><\/td>\n<\/tr>\n<tr>\n<td><a class=\"INDAUTORES\" href=\"http:\/\/ww2.museosantacruz.org\/?page_id=4076#35\"><strong><span style=\"color: #ff0000;\">Garc\u00eda Medina, Vicente<\/span><\/strong><\/a><\/td>\n<\/tr>\n<tr>\n<td><a class=\"INDAUTORES\" href=\"http:\/\/ww2.museosantacruz.org\/?page_id=4076#36\"><strong><span style=\"color: #ff0000;\">Garc\u00eda Mingo, Carlos<\/span><\/strong><\/a><\/td>\n<\/tr>\n<tr>\n<td><a class=\"INDAUTORES\" href=\"http:\/\/ww2.museosantacruz.org\/?page_id=4076#37\"><strong><span style=\"color: #ff0000;\">Garc\u00eda Navarro, Rafael<\/span><\/strong><\/a><\/td>\n<\/tr>\n<tr>\n<td><a class=\"INDAUTORES\" href=\"http:\/\/ww2.museosantacruz.org\/?page_id=4076#38\"><strong><span style=\"color: #ff0000;\">Garc\u00eda Tello, Rosario<\/span><\/strong><\/a><\/td>\n<\/tr>\n<tr>\n<td><a class=\"INDAUTORES\" href=\"http:\/\/ww2.museosantacruz.org\/?page_id=4076#39\"><strong><span style=\"color: #ff0000;\">Garc\u00eda, Consolaci\u00f3n<\/span><\/strong><\/a><\/td>\n<\/tr>\n<tr>\n<td><a class=\"INDAUTORES\" href=\"http:\/\/ww2.museosantacruz.org\/?page_id=4076#40\"><strong><span style=\"color: #ff0000;\">G\u00f3mez Cuenca, Francisco<\/span><\/strong><\/a><\/td>\n<\/tr>\n<tr>\n<td><a class=\"INDAUTORES\" href=\"http:\/\/ww2.museosantacruz.org\/?page_id=4076#41\"><strong><span style=\"color: #ff0000;\">Hern\u00e1ndez Girbal, F.<\/span><\/strong><\/a><\/td>\n<\/tr>\n<tr>\n<td><a class=\"INDAUTORES\" href=\"http:\/\/ww2.museosantacruz.org\/?page_id=4076#42\"><strong><span style=\"color: #ff0000;\">Herv\u00edas Pulido, Jos\u00e9 Antonio<\/span><\/strong><\/a><\/td>\n<\/tr>\n<tr>\n<td><a class=\"INDAUTORES\" href=\"http:\/\/ww2.museosantacruz.org\/?page_id=4076#43\"><strong><span style=\"color: #ff0000;\">Hij\u00f3n S\u00e1nchez, Jos\u00e9 Jes\u00fas<\/span><\/strong><\/a><\/td>\n<\/tr>\n<tr>\n<td><a class=\"INDAUTORES\" href=\"http:\/\/ww2.museosantacruz.org\/?page_id=4076#44\"><strong><span style=\"color: #ff0000;\">Jos\u00e9 \u201cel Cuco\u201d<\/span><\/strong><\/a><\/td>\n<\/tr>\n<tr>\n<td><strong><span style=\"color: #ff0000;\"><a class=\"INDAUTORES\" style=\"color: #ff0000;\" href=\"http:\/\/ww2.museosantacruz.org\/?page_id=4076#45\">Joselillo<\/a><\/span><\/strong><\/td>\n<\/tr>\n<tr>\n<td><a class=\"INDAUTORES\" href=\"http:\/\/ww2.museosantacruz.org\/?page_id=4076#46\"><strong><span style=\"color: #ff0000;\">Lezcano S\u00e1nchez, M\u00aa Teresa<\/span><\/strong><\/a><\/td>\n<\/tr>\n<tr>\n<td><a class=\"INDAUTORES\" href=\"http:\/\/ww2.museosantacruz.org\/?page_id=4076#47\"><strong><span style=\"color: #ff0000;\">Loeches Garc\u00eda Caro, Jos\u00e9<\/span><\/strong><\/a><\/td>\n<\/tr>\n<tr>\n<td><a class=\"INDAUTORES\" href=\"http:\/\/ww2.museosantacruz.org\/?page_id=4076#48\"><strong><span style=\"color: #ff0000;\">Loeches, Jos\u00e9 Luis<\/span><\/strong><\/a><\/td>\n<\/tr>\n<tr>\n<td><a class=\"INDAUTORES\" href=\"http:\/\/ww2.museosantacruz.org\/?page_id=4076#49\"><strong><span style=\"color: #ff0000;\">Lozano Rode\u00f1o, Benito<\/span><\/strong><\/a><\/td>\n<\/tr>\n<tr>\n<td><strong><span style=\"color: #ff0000;\"><a class=\"INDAUTORES\" style=\"color: #ff0000;\" href=\"http:\/\/ww2.museosantacruz.org\/?page_id=4076#50\">Luna, Joaqu\u00edn<\/a><\/span><\/strong><\/td>\n<\/tr>\n<tr>\n<td><a class=\"INDAUTORES\" href=\"http:\/\/ww2.museosantacruz.org\/?page_id=4076#51\"><strong><span style=\"color: #ff0000;\">Manzanares, Manuela<\/span><\/strong><\/a><\/td>\n<\/tr>\n<tr>\n<td><strong><span style=\"color: #ff0000;\"><a class=\"INDAUTORES\" style=\"color: #ff0000;\" href=\"http:\/\/ww2.museosantacruz.org\/?page_id=4076#52\">Mart\u00ednez Bricios, Montserrat<\/a><\/span><\/strong><\/td>\n<\/tr>\n<tr>\n<td><a class=\"INDAUTORES\" href=\"http:\/\/ww2.museosantacruz.org\/?page_id=4076#53\"><strong><span style=\"color: #ff0000;\">Mart\u00ednez Mu\u00f1oz, Miguel<\/span><\/strong><\/a><\/td>\n<\/tr>\n<tr>\n<td><a class=\"INDAUTORES\" href=\"http:\/\/ww2.museosantacruz.org\/?page_id=4076#54\"><strong><span style=\"color: #ff0000;\">Medina Arias, Flora<\/span><\/strong><\/a><\/td>\n<\/tr>\n<tr>\n<td><a class=\"INDAUTORES\" href=\"http:\/\/ww2.museosantacruz.org\/?page_id=4076#55\"><strong><span style=\"color: #ff0000;\">Medina Mota, Tom\u00e1s<\/span><\/strong><\/a><\/td>\n<\/tr>\n<tr>\n<td><a class=\"INDAUTORES\" href=\"http:\/\/ww2.museosantacruz.org\/?page_id=4076#56\"><strong><span style=\"color: #ff0000;\">Milagros Ram\u00edrez, Sor M\u00aa Catalina<\/span><\/strong><\/a><\/td>\n<\/tr>\n<tr>\n<td><a class=\"INDAUTORES\" href=\"http:\/\/ww2.museosantacruz.org\/?page_id=4076#57\"><strong><span style=\"color: #ff0000;\">Montalv\u00e1 Pellicer, Consuelo<\/span><\/strong><\/a><\/td>\n<\/tr>\n<tr>\n<td><a class=\"INDAUTORES\" href=\"http:\/\/ww2.museosantacruz.org\/?page_id=4076#58\"><strong><span style=\"color: #ff0000;\">Morales Castellanos, Enrique<\/span><\/strong><\/a><\/td>\n<\/tr>\n<tr>\n<td><a class=\"INDAUTORES\" href=\"http:\/\/ww2.museosantacruz.org\/?page_id=4076#59\"><strong><span style=\"color: #ff0000;\">Moreno Fuentes, \u00c1ngela<\/span><\/strong><\/a><\/td>\n<\/tr>\n<tr>\n<td><a class=\"INDAUTORES\" href=\"http:\/\/ww2.museosantacruz.org\/?page_id=4076#60\"><strong><span style=\"color: #ff0000;\">Mu\u00f1oz Peinado, Rafael<\/span><\/strong><\/a><\/td>\n<\/tr>\n<tr>\n<td><a class=\"INDAUTORES\" href=\"http:\/\/ww2.museosantacruz.org\/?page_id=4076#61\"><strong><span style=\"color: #ff0000;\">Navarro C\u00e1mara, Jer\u00f3nimo Gregorio<\/span><\/strong><\/a><\/td>\n<\/tr>\n<tr>\n<td><a class=\"INDAUTORES\" href=\"http:\/\/ww2.museosantacruz.org\/?page_id=4076#62\"><strong><span style=\"color: #ff0000;\">Navarro, Rafael<\/span><\/strong><\/a><\/td>\n<\/tr>\n<tr>\n<td><a class=\"INDAUTORES\" href=\"http:\/\/ww2.museosantacruz.org\/?page_id=4076#63\"><strong><span style=\"color: #ff0000;\">Olvido<\/span><\/strong><\/a><\/td>\n<\/tr>\n<tr>\n<td><a class=\"INDAUTORES\" href=\"http:\/\/ww2.museosantacruz.org\/?page_id=4076#64\"><strong><span style=\"color: #ff0000;\">Osada Garc\u00eda, Jes\u00fas de la<\/span><\/strong><\/a><\/td>\n<\/tr>\n<tr>\n<td><a class=\"INDAUTORES\" href=\"http:\/\/ww2.museosantacruz.org\/?page_id=4076#65\"><strong><span style=\"color: #ff0000;\">Oteros \u00c1lvarez, Isabel<\/span><\/strong><\/a><\/td>\n<\/tr>\n<tr>\n<td><strong><span style=\"color: #ff0000;\"><a class=\"INDAUTORES\" style=\"color: #ff0000;\" href=\"http:\/\/ww2.museosantacruz.org\/?page_id=4076#66\">Padorno de Garc\u00eda, Jes\u00fas<\/a><\/span><\/strong><\/td>\n<\/tr>\n<tr>\n<td><a class=\"INDAUTORES\" href=\"http:\/\/ww2.museosantacruz.org\/?page_id=4076#67\"><strong><span style=\"color: #ff0000;\">P\u00e1rraga Granados, Esperanza<\/span><\/strong><\/a><\/td>\n<\/tr>\n<tr>\n<td><strong><span style=\"color: #ff0000;\"><a class=\"INDAUTORES\" style=\"color: #ff0000;\" href=\"http:\/\/ww2.museosantacruz.org\/?page_id=4076#68\">P\u00e1rraga Granados, Mart\u00edn A.<\/a><\/span><\/strong><\/td>\n<\/tr>\n<tr>\n<td><strong><span style=\"color: #ff0000;\"><a class=\"INDAUTORES\" style=\"color: #ff0000;\" href=\"http:\/\/ww2.museosantacruz.org\/?page_id=4076#69\">Pe\u00f1a, Natalia<\/a><\/span><\/strong><\/td>\n<\/tr>\n<tr>\n<td><a class=\"INDAUTORES\" href=\"http:\/\/ww2.museosantacruz.org\/?page_id=4076#70\"><strong><span style=\"color: #ff0000;\">P\u00e9rez Ram\u00edrez, Dimas<\/span><\/strong><\/a><\/td>\n<\/tr>\n<tr>\n<td><strong><span style=\"color: #ff0000;\"><a class=\"INDAUTORES\" style=\"color: #ff0000;\" href=\"http:\/\/ww2.museosantacruz.org\/?page_id=4076#71\">Pulido, Pepa<\/a><\/span><\/strong><\/td>\n<\/tr>\n<tr>\n<td><a class=\"INDAUTORES\" href=\"http:\/\/ww2.museosantacruz.org\/?page_id=4076#72\"><strong><span style=\"color: #ff0000;\">Quijada, Maribel<\/span><\/strong><\/a><\/td>\n<\/tr>\n<tr>\n<td><a class=\"INDAUTORES\" href=\"http:\/\/ww2.museosantacruz.org\/?page_id=4076#73\"><strong><span style=\"color: #ff0000;\">Quijote (seud\u00f3nimo)<\/span><\/strong><\/a><\/td>\n<\/tr>\n<tr>\n<td><a class=\"INDAUTORES\" href=\"http:\/\/ww2.museosantacruz.org\/?page_id=4076#74\"><strong><span style=\"color: #ff0000;\">Raboso, C\u00e1ndido<\/span><\/strong><\/a><\/td>\n<\/tr>\n<tr>\n<td><a class=\"INDAUTORES\" href=\"http:\/\/ww2.museosantacruz.org\/?page_id=4076#75\"><strong><span style=\"color: #ff0000;\">Rivera Pagola, Ana Isabel<\/span><\/strong><\/a><\/td>\n<\/tr>\n<tr>\n<td><a class=\"INDAUTORES\" href=\"http:\/\/ww2.museosantacruz.org\/?page_id=4076#76\"><span style=\"color: #ff0000;\"><strong>Rivera, \u00c1ngel<\/strong><\/span><\/a><\/td>\n<\/tr>\n<tr>\n<td><a class=\"INDAUTORES\" href=\"http:\/\/ww2.museosantacruz.org\/?page_id=4076#76a\"><strong><span style=\"color: #ff0000;\">Rodr\u00edguez de Gracia, \u00c1ngel<\/span><\/strong><\/a><\/td>\n<\/tr>\n<tr>\n<td><a class=\"INDAUTORES\" href=\"http:\/\/ww2.museosantacruz.org\/?page_id=4076#77\"><strong><span style=\"color: #ff0000;\">Ruiz, Eugenio<\/span><\/strong><\/a><\/td>\n<\/tr>\n<tr>\n<td><a class=\"INDAUTORES\" href=\"http:\/\/ww2.museosantacruz.org\/?page_id=4076#78\"><span style=\"color: #ff0000;\"><strong>Ruiz S\u00e1nchez, Jos\u00e9 Antonio<\/strong><\/span><\/a><\/td>\n<\/tr>\n<tr>\n<td><a class=\"INDAUTORES\" href=\"http:\/\/ww2.museosantacruz.org\/?page_id=4076#79\"><span style=\"color: #ff0000;\"><strong>Ruiz, Jos\u00e9<\/strong><\/span><\/a><\/td>\n<\/tr>\n<tr>\n<td><strong><span style=\"color: #ff0000;\"><a class=\"INDAUTORES\" style=\"color: #ff0000;\" href=\"http:\/\/ww2.museosantacruz.org\/?page_id=4076#80\">S\u00e1nchez Garc\u00eda-Cuenca, M\u00aa Carmen<\/a><\/span><\/strong><\/td>\n<\/tr>\n<tr>\n<td><strong><span style=\"color: #ff0000;\"><a class=\"INDAUTORES\" style=\"color: #ff0000;\" href=\"http:\/\/ww2.museosantacruz.org\/?page_id=4076#81\">S\u00e1nchez Mart\u00ednez, Maximino<\/a><\/span><\/strong><\/td>\n<\/tr>\n<tr>\n<td><strong><span style=\"color: #ff0000;\"><a class=\"INDAUTORES\" style=\"color: #ff0000;\" href=\"http:\/\/ww2.museosantacruz.org\/?page_id=4076#82\">S\u00e1nchez, J.J.<\/a><\/span><\/strong><\/td>\n<\/tr>\n<tr>\n<td><strong><span style=\"color: #ff0000;\"><a class=\"INDAUTORES\" style=\"color: #ff0000;\" href=\"http:\/\/ww2.museosantacruz.org\/?page_id=4076#83\">S\u00e1nchez, Jos\u00e9 Ces\u00e1reo<\/a><\/span><\/strong><\/td>\n<\/tr>\n<tr>\n<td><strong><span style=\"color: #ff0000;\"><a class=\"INDAUTORES\" style=\"color: #ff0000;\" href=\"http:\/\/ww2.museosantacruz.org\/?page_id=4076#84\">Serrano Trigo, Francisco Jes\u00fas<\/a><\/span><\/strong><\/td>\n<\/tr>\n<tr>\n<td><strong><span style=\"color: #ff0000;\"><a class=\"INDAUTORES\" style=\"color: #ff0000;\" href=\"http:\/\/ww2.museosantacruz.org\/?page_id=4076#85\">Tello, Juli\u00e1n<\/a><\/span><\/strong><\/td>\n<\/tr>\n<tr>\n<td><strong><span style=\"color: #ff0000;\"><a class=\"INDAUTORES\" style=\"color: #ff0000;\" href=\"http:\/\/ww2.museosantacruz.org\/?page_id=4076#86\">T\u00edo Liga<\/a><\/span><\/strong><\/td>\n<\/tr>\n<tr>\n<td><span style=\"color: #ff0000;\"><strong><a class=\"INDAUTORES\" style=\"color: #ff0000;\" href=\"http:\/\/ww2.museosantacruz.org\/?page_id=4076#87\">Tom\u00e1s, Francisco<\/a><\/strong><\/span><\/td>\n<\/tr>\n<tr>\n<td><strong><span style=\"color: #ff0000;\"><a class=\"INDAUTORES\" style=\"color: #ff0000;\" href=\"http:\/\/ww2.museosantacruz.org\/?page_id=4076#88\">Torres Navarro, Juan J. de<\/a><\/span><\/strong><\/td>\n<\/tr>\n<tr>\n<td><strong><span style=\"color: #ff0000;\"><a class=\"INDAUTORES\" style=\"color: #ff0000;\" href=\"http:\/\/ww2.museosantacruz.org\/?page_id=4076#88\">Torrijos, Jaime<\/a><\/span><\/strong><\/td>\n<\/tr>\n<tr>\n<td><strong><span style=\"color: #ff0000;\"><a class=\"INDAUTORES\" style=\"color: #ff0000;\" href=\"http:\/\/ww2.museosantacruz.org\/?page_id=4076#89\">Trigo Fuentes, Teresa<\/a><\/span><\/strong><\/td>\n<\/tr>\n<tr>\n<td><strong><span style=\"color: #ff0000;\"><a class=\"INDAUTORES\" style=\"color: #ff0000;\" href=\"http:\/\/ww2.museosantacruz.org\/?page_id=4076#90\">Trigo Hern\u00e1ndez, Alonso<\/a><\/span><\/strong><\/td>\n<\/tr>\n<tr>\n<td><strong><span style=\"color: #ff0000;\"><a class=\"INDAUTORES\" style=\"color: #ff0000;\" href=\"http:\/\/ww2.museosantacruz.org\/?page_id=4076#91\">UAG Castilla-La Mancha<\/a><\/span><\/strong><\/td>\n<\/tr>\n<tr>\n<td><strong><span style=\"color: #ff0000;\"><a class=\"INDAUTORES\" style=\"color: #ff0000;\" href=\"http:\/\/ww2.museosantacruz.org\/?page_id=4076#92\">Urbina Mart\u00ednez, Dionisio<\/a><\/span><\/strong><\/td>\n<\/tr>\n<tr>\n<td><strong><span style=\"color: #ff0000;\"><a class=\"INDAUTORES\" style=\"color: #ff0000;\" href=\"http:\/\/ww2.museosantacruz.org\/?page_id=4076#93\">Urquijo \u00c1lvarez de Toledo, C.<\/a><\/span><\/strong><\/td>\n<\/tr>\n<tr>\n<td><strong><span style=\"color: #ff0000;\"><a class=\"INDAUTORES\" style=\"color: #ff0000;\" href=\"http:\/\/ww2.museosantacruz.org\/?page_id=4076#94\">Valencia \u201cBirol\u201d, \u00c1ngel<\/a><\/span><\/strong><\/td>\n<\/tr>\n<tr>\n<td><strong><span style=\"color: #ff0000;\"><a class=\"INDAUTORES\" style=\"color: #ff0000;\" href=\"http:\/\/ww2.museosantacruz.org\/?page_id=4076#95\">V\u00edas Guiti\u00e1n, Manuel Mar\u00eda<\/a><\/span><\/strong><\/td>\n<\/tr>\n<tr>\n<td><strong><span style=\"color: #ff0000;\"><a class=\"INDAUTORES\" style=\"color: #ff0000;\" href=\"http:\/\/ww2.museosantacruz.org\/?page_id=4076#96\">Villarreal Palacios, Francisco<\/a><\/span><\/strong><\/td>\n<\/tr>\n<tr>\n<td><a class=\"INDAUTORES\" href=\"http:\/\/ww2.museosantacruz.org\/?page_id=4076#97\"><strong><span style=\"color: #ff0000;\">Yunta Manzanares, Juan Pedro<\/span><\/strong><\/a><\/td>\n<\/tr>\n<\/tbody>\n<\/table>\n<p>&nbsp;<\/td>\n<td><center><span style=\"color: #000000;\"><a id=\"(sin firma)\" style=\"color: #000000;\" name=\"0\"><\/a><\/span><a class=\"INDAUTORES\" href=\"#ARRIBA\" target=\"_self\" rel=\"noopener\"><span style=\"color: #000000;\"><strong><img decoding=\"async\" src=\"https:\/\/www.museosantacruz.org\/Archivo\/flecha_arriba.png\" alt=\"15\" width=\"15\" \/>(sin firma)<\/strong><\/span><\/a><\/center><span style=\"color: #800000;\"><strong><br \/>\nActa de subasta para el arrendamiento del Teatro Municipal para las funciones de Feria de 1919\u2026<\/strong><\/span><br \/>\n<em>(sin firma) <\/em><br \/>\n1 p\u00e1g. 1 documento<br \/>\nMaterias: <a class=\"MAT\">Historia \u2013 Documentos | Cine y Teatro <\/a><br \/>\n<a class=\"DOC\" href=\"https:\/\/www.museosantacruz.org\/Archivo\/Prg_SCruz_1992_01_15.pdf\" target=\"_blank\" rel=\"noopener\"><img loading=\"lazy\" decoding=\"async\" src=\"https:\/\/www.museosantacruz.org\/Archivo\/magnifier.gif\" alt=\"ver\" width=\"18\" height=\"17\" \/>Ver documento<\/a><\/p>\n<hr \/>\n<p><span style=\"color: #800000;\"><strong>Acto para reconocer a los jefes y oficiales de la Guardia Nacional (22 de mayo de 1836)<\/strong><\/span><br \/>\n<em>(sin firma) <\/em><br \/>\n1 p\u00e1g.<br \/>\nMaterias: <a class=\"MAT\">Ej\u00e9rcito y milicia | Historia \u2013 Documentos | Historia s. XIX | Instituciones \u2013 Ayuntamiento <\/a><br \/>\n<a class=\"DOC\" href=\"https:\/\/www.museosantacruz.org\/Archivo\/GACETA-00004.pdf\" target=\"_blank\" rel=\"noopener\"><img loading=\"lazy\" decoding=\"async\" src=\"https:\/\/www.museosantacruz.org\/Archivo\/magnifier.gif\" alt=\"ver\" width=\"18\" height=\"17\" \/>Ver documento<\/a><\/p>\n<hr \/>\n<p><span style=\"color: #800000;\"><strong>Adjudicaci\u00f3n definitiva de las obras del proyecto de \u00abEdificios complementarios del ferrocaril de Villaca\u00f1as a<br \/>\n<\/strong><\/span><span style=\"color: #800000;\"><strong>Santa Cruz de la Zarza\u201d (3 de Julio de 1954).<\/strong><\/span><br \/>\n<em>(sin firma) <\/em><br \/>\n1 p.<br \/>\nMaterias: <a class=\"MAT\">Historia s. XX | Medios de transporte | Obras p\u00fablicas y proyectos | <\/a><br \/>\n<a class=\"DOC\" href=\"https:\/\/ww2.museosantacruz.org\/wp-content\/uploads\/2024\/04\/A04804-04804.pdf\" target=\"_blank\" rel=\"noopener\"><img loading=\"lazy\" decoding=\"async\" src=\"https:\/\/www.museosantacruz.org\/Archivo\/magnifier.gif\" alt=\"ver\" width=\"18\" height=\"17\" \/>Ver documento<\/a><\/p>\n<hr \/>\n<p><span style=\"color: #800000;\"><strong>Al pueblo de Santa Cruz (Patrimonio de su Ayuntamiento)<\/strong><\/span><br \/>\n<em>(sin firma) <\/em><br \/>\n1 p\u00e1g. 1 documento<br \/>\nMaterias: <a class=\"MAT\">Historia \u2013 Documentos | Historia s. XX <\/a><br \/>\n<a class=\"DOC\" href=\"https:\/\/www.museosantacruz.org\/Archivo\/Prg_SCruz_2004_01_08.pdf\" target=\"_blank\" rel=\"noopener\"><img loading=\"lazy\" decoding=\"async\" src=\"https:\/\/www.museosantacruz.org\/Archivo\/magnifier.gif\" alt=\"ver\" width=\"18\" height=\"17\" \/>Ver documento<\/a><\/p>\n<hr \/>\n<p><span style=\"color: #800000;\"><strong>Alcaldes del Municipio de Santa Cruz de la Zarza, de 1789 a 1990<\/strong><\/span><br \/>\n<em>(sin firma) <\/em><br \/>\n1 p\u00e1g. Listado de Alcaldes, con fechas de sus mandatos<br \/>\nMaterias: <a class=\"MAT\">Historia s. XVIII | Historia s. XIX | Instituciones \u2013 Ayuntamiento | <\/a><br \/>\n<a class=\"DOC\" href=\"https:\/\/www.museosantacruz.org\/Archivo\/Prg_SCruz_1990_01_15.pdf\" target=\"_blank\" rel=\"noopener\"><img loading=\"lazy\" decoding=\"async\" src=\"https:\/\/www.museosantacruz.org\/Archivo\/magnifier.gif\" alt=\"ver\" width=\"18\" height=\"17\" \/>Ver documento<\/a><\/p>\n<hr \/>\n<p><span style=\"color: #800000;\"><strong>Anuncio de subasta de contrata para la conducci\u00f3n del correo en carruaje de tracci\u00f3n de sangre entre las<br \/>\noficinas del Ramo de Santa Cruz de la Zarza y su estaci\u00f3n f\u00e9rrea (21 de Septiembre de 1948)<\/strong><\/span><br \/>\n<em>(sin firma) <\/em><br \/>\n1 p.<br \/>\nMaterias: <a class=\"MAT\">Historia s. XX | Medios de transporte | Obras p\u00fablicas y proyectos | <\/a><br \/>\n<a class=\"DOC\" href=\"https:\/\/ww2.museosantacruz.org\/wp-content\/uploads\/2024\/04\/A04501-04501.pdf\" target=\"_blank\" rel=\"noopener\"><img loading=\"lazy\" decoding=\"async\" src=\"https:\/\/www.museosantacruz.org\/Archivo\/magnifier.gif\" alt=\"ver\" width=\"18\" height=\"17\" \/>Ver documento<\/a><\/p>\n<hr \/>\n<p><span style=\"color: #800000;\"><strong>Anuncio de subasta de las obras de \u201cAbastecimiento de agua a Santa Cruz de la Zarza (Toledo)\u00bb, excluida<br \/>\nla captaci\u00f3n (23 de Julio de 1956).<\/strong><\/span><br \/>\n<em>(sin firma) <\/em><br \/>\n1 p.<br \/>\nMaterias: <a class=\"MAT\">Historia s. XX | Obras p\u00fablicas y proyectos <\/a><br \/>\n<a class=\"DOC\" href=\"https:\/\/ww2.museosantacruz.org\/wp-content\/uploads\/2024\/04\/A04386-04386.pdf\" target=\"_blank\" rel=\"noopener\"><img loading=\"lazy\" decoding=\"async\" src=\"https:\/\/www.museosantacruz.org\/Archivo\/magnifier.gif\" alt=\"ver\" width=\"18\" height=\"17\" \/>Ver documento<\/a><\/p>\n<hr \/>\n<p><span style=\"color: #800000;\"><strong>Anuncio: se hallan vacantes las dos plazas de M\u00e9dico-cirujanos titulares de esta villa, dotadas cada una con la<br \/>\nasignaci\u00f3n de 2.750 pesetas anuales<\/strong><\/span><br \/>\n<em>(sin firma) <\/em><br \/>\n1 p.<br \/>\nMaterias: <a class=\"MAT\">Historia s. XIX | Salud, sanidad y servicios sociales <\/a><br \/>\n<a class=\"DOC\" href=\"https:\/\/ww2.museosantacruz.org\/wp-content\/uploads\/2024\/04\/A00171-00171.pdf\" target=\"_blank\" rel=\"noopener\"><img loading=\"lazy\" decoding=\"async\" src=\"https:\/\/www.museosantacruz.org\/Archivo\/magnifier.gif\" alt=\"ver\" width=\"18\" height=\"17\" \/>Ver documento<\/a><\/p>\n<hr \/>\n<p><span style=\"color: #800000;\"><strong>Anuncio: vacante por renuncia una de las dos plazas de M\u00e9dico-cirujanos titulares de esta villa, dotadas cada una con la<br \/>\nasignaci\u00f3n de 2.750 pesetas<\/strong><\/span><br \/>\n<em>(sin firma) <\/em><br \/>\n1 p.<br \/>\nMaterias: <a class=\"MAT\">Historia s. XIX | Salud, sanidad y servicios sociales <\/a><br \/>\n<a class=\"DOC\" href=\"https:\/\/ww2.museosantacruz.org\/wp-content\/uploads\/2024\/04\/A00737-00738.pdf\" target=\"_blank\" rel=\"noopener\"><img loading=\"lazy\" decoding=\"async\" src=\"https:\/\/www.museosantacruz.org\/Archivo\/magnifier.gif\" alt=\"ver\" width=\"18\" height=\"17\" \/>Ver documento<\/a><\/p>\n<hr \/>\n<p><span style=\"color: #800000;\"><strong>Autorizaci\u00f3n \u00e1 Don Miguel Mar\u00eda Fuentes para que tome del rio Tajo 75 litros de agua por segundo con destino al riego<br \/>\nde la dehesa que posee en el t\u00e9rmino de Santa Cruz de la Zarza (8 de Junio de 1863).<\/strong><\/span><br \/>\n<em>(sin firma) <\/em><br \/>\n1 p.<br \/>\nMaterias: <a class=\"MAT\">Historia s. XX | Agricultura y Ganader\u00eda <\/a><br \/>\n<a class=\"DOC\" href=\"https:\/\/ww2.museosantacruz.org\/wp-content\/uploads\/2024\/04\/A00001-000014.pdf\" target=\"_blank\" rel=\"noopener\"><img loading=\"lazy\" decoding=\"async\" src=\"https:\/\/www.museosantacruz.org\/Archivo\/magnifier.gif\" alt=\"ver\" width=\"18\" height=\"17\" \/>Ver documento<\/a><\/p>\n<hr \/>\n<p><span style=\"color: #800000;\"><strong>Autorizaci\u00f3n a la Sociedad de Trabajadores de la Tierra \u201cCeres\u201d para concertar contratos de arrendamientos<br \/>\ncolectivos (11 de marzo de 1932).<\/strong><\/span><br \/>\n<em>(sin firma) <\/em><br \/>\n1 p.<br \/>\nMaterias: <a class=\"MAT\">Historia s. XX | Agricultura y Ganader\u00eda | Instituciones \u2013 Sindicatos y Patronales | <\/a><br \/>\n<a class=\"DOC\" href=\"https:\/\/ww2.museosantacruz.org\/wp-content\/uploads\/2024\/04\/A01909-01909.pdf\" target=\"_blank\" rel=\"noopener\"><img loading=\"lazy\" decoding=\"async\" src=\"https:\/\/www.museosantacruz.org\/Archivo\/magnifier.gif\" alt=\"ver\" width=\"18\" height=\"17\" \/>Ver documento<\/a><\/p>\n<hr \/>\n<p><span style=\"color: #800000;\"><strong>Autorizaci\u00f3n para construir una linea de energ\u00eda el\u00e9ctrica en alta tensi\u00f3n, que se extiende entre La Aldehuela y<br \/>\nSanta Cruz de la Zarza, para la electrificaci\u00f3n del coto minero \u00abEl Castellar\u00bb (31 de Agosto de 1943).<\/strong><\/span><br \/>\n<em>(sin firma) <\/em><br \/>\n2 p.<br \/>\nMaterias: <a class=\"MAT\">Historia s. XX | Econom\u00eda, industria y comercio <\/a><br \/>\n<a class=\"DOC\" href=\"https:\/\/ww2.museosantacruz.org\/wp-content\/uploads\/2024\/04\/Boletin-Oficial-de-la-Provincia-de-Toledo-1-10-1839-Boletines-ordinarios.pdf\" target=\"_blank\" rel=\"noopener\"><img loading=\"lazy\" decoding=\"async\" src=\"https:\/\/www.museosantacruz.org\/Archivo\/magnifier.gif\" alt=\"ver\" width=\"18\" height=\"17\" \/>Ver documento<\/a><\/p>\n<hr \/>\n<p><span style=\"color: #800000;\"><strong>Autorizaci\u00f3n para derivar aguas del r\u00edo Tajo, con destino al riego de la finca denominada \u201cLa Ermita Villaverde\u201d (Febrero de 1944).<\/strong><\/span><br \/>\n<em>(sin firma) <\/em><br \/>\n2 p.<br \/>\nMaterias: <a class=\"MAT\">Historia s. XX | Agricultura y Ganader\u00eda <\/a><br \/>\n<a class=\"DOC\" href=\"https:\/\/ww2.museosantacruz.org\/wp-content\/uploads\/2024\/04\/A01505-01506.pdf\" target=\"_blank\" rel=\"noopener\"><img loading=\"lazy\" decoding=\"async\" src=\"https:\/\/www.museosantacruz.org\/Archivo\/magnifier.gif\" alt=\"ver\" width=\"18\" height=\"17\" \/>Ver documento<\/a><\/p>\n<hr \/>\n<p><span style=\"color: #800000;\"><strong>Auxilio \u00e1 los pueblos del Corral de Almaguer, La Guardia, Villatobas y Santa Cruz de la Zarza, cuyas cosechas han quedado destruidas por los temporales<\/strong><\/span><br \/>\n<em>(sin firma) <\/em><br \/>\n1 p.<br \/>\nMaterias: <a class=\"MAT\">Historia s. XIX | Agricultura y Ganader\u00eda | Medio ambiente | <\/a><br \/>\n<a class=\"DOC\" href=\"https:\/\/ww2.museosantacruz.org\/wp-content\/uploads\/2024\/04\/A00297-00297.pdf\" target=\"_blank\" rel=\"noopener\"><img loading=\"lazy\" decoding=\"async\" src=\"https:\/\/www.museosantacruz.org\/Archivo\/magnifier.gif\" alt=\"ver\" width=\"18\" height=\"17\" \/>Ver documento<\/a><\/p>\n<hr \/>\n<p><span style=\"color: #800000;\"><strong>Auxilios provisionales acordados \u2026 en favor de los in\u00fatiles, hu\u00e9rfanos y desamparados \u2026<br \/>\nespecificando el concepto por que ha sido y la cantidad que se les entrega (8 de Septiembre de 1877).<\/strong><\/span><br \/>\n<em>(sin firma) <\/em><br \/>\n1 p.<br \/>\nMaterias: <a class=\"MAT\">Historia s. XIX | Ej\u00e9rcito y milicia <\/a><br \/>\n<a class=\"DOC\" href=\"https:\/\/ww2.museosantacruz.org\/wp-content\/uploads\/2024\/04\/A00687-00689.pdf\" target=\"_blank\" rel=\"noopener\"><img loading=\"lazy\" decoding=\"async\" src=\"https:\/\/www.museosantacruz.org\/Archivo\/magnifier.gif\" alt=\"ver\" width=\"18\" height=\"17\" \/>Ver documento<\/a><\/p>\n<hr \/>\n<p><span style=\"color: #800000;\"><strong>Aviso: Se subasta el arrendamiento del molino harinero correspondiente al caudal de propios<br \/>\nde la villa de Santa Cruz de la Zarza por cuatro a\u00f1os<\/strong><\/span><br \/>\n<em>(sin firma) <\/em><br \/>\n1 p.<br \/>\nMaterias: <a class=\"MAT\">Historia s. XIX | Instituciones \u2013 Ayuntamiento | Hacienda y tributos | Econom\u00eda, industria y comercio <\/a><br \/>\n<a class=\"DOC\" href=\"https:\/\/ww2.museosantacruz.org\/wp-content\/uploads\/2024\/04\/Boletin-Oficial-de-la-Provincia-de-Toledo-18-6-1839-Boletines-ordinarios.pdf\" target=\"_blank\" rel=\"noopener\"><img loading=\"lazy\" decoding=\"async\" src=\"https:\/\/www.museosantacruz.org\/Archivo\/magnifier.gif\" alt=\"ver\" width=\"18\" height=\"17\" \/>Ver documento<\/a><\/p>\n<hr \/>\n<p><span style=\"color: #800000;\"><strong>Aviso: Se subasta en la villa de Santa Cruz de la Zarza una parte de monte para corta y carboneo.<\/strong><\/span><br \/>\n<em>(sin firma) <\/em><br \/>\n1 p.<br \/>\nMaterias: <a class=\"MAT\">Historia s. XIX | Instituciones \u2013 Ayuntamiento | Agricultura y Ganader\u00eda | Econom\u00eda, industria y comercio<br \/>\n<\/a><a class=\"DOC\" href=\"https:\/\/ww2.museosantacruz.org\/wp-content\/uploads\/2024\/04\/Boletin-Oficial-de-la- Provincia-de-Toledo-10-11-1836-Boletines-ordinarios.pdf\" target=\"_blank\" rel=\"noopener\"><img loading=\"lazy\" decoding=\"async\" src=\"https:\/\/www.museosantacruz.org\/Archivo\/magnifier.gif\" alt=\"ver\" width=\"18\" height=\"17\" \/>Ver documento<\/a><\/p>\n<hr \/>\n<p><span style=\"color: #800000;\"><strong>Bando de 1859 (y Transcripci\u00f3n)<\/strong><\/span><br \/>\n<em>(sin firma) <\/em><br \/>\n3 p\u00e1g. Transcripci\u00f3n; 1 documento<br \/>\nMaterias: <a class=\"MAT\">Historia \u2013 Documentos | Historia s. XIX <\/a><br \/>\n<a class=\"DOC\" href=\"https:\/\/www.museosantacruz.org\/Archivo\/Prg_SCruz_2006_01_04.pdf\" target=\"_blank\" rel=\"noopener\"><img loading=\"lazy\" decoding=\"async\" src=\"https:\/\/www.museosantacruz.org\/Archivo\/magnifier.gif\" alt=\"ver\" width=\"18\" height=\"17\" \/>Ver documento<\/a><\/p>\n<hr \/>\n<p><span style=\"color: #800000;\"><strong>Callejero 1887. Relaci\u00f3n de calles registradas en Santa Cruz de la Zarza (Toledo)<\/strong><\/span><br \/>\n<em>(sin firma) <\/em><br \/>\n1 p\u00e1g.<br \/>\nMaterias: <a class=\"MAT\">Etnograf\u00eda \u2013 Toponimia local | Historia s. XIX <\/a><br \/>\n<a class=\"DOC\" href=\"https:\/\/www.museosantacruz.org\/Archivo\/Prg_SCruz_1994_01_02.pdf\" target=\"_blank\" rel=\"noopener\"><img loading=\"lazy\" decoding=\"async\" src=\"https:\/\/www.museosantacruz.org\/Archivo\/magnifier.gif\" alt=\"ver\" width=\"18\" height=\"17\" \/>Ver documento<\/a><\/p>\n<hr \/>\n<p><span style=\"color: #800000;\"><strong>Callejero 1994. Relaci\u00f3n de calles existentes en Santa Cruz de la Zarza (Toledo)<\/strong><\/span><br \/>\n<em>(sin firma) <\/em><br \/>\n1 p\u00e1g.<br \/>\nMaterias: <a class=\"MAT\">Etnograf\u00eda \u2013 Toponimia local | Historia s. XX <\/a><br \/>\n<a class=\"DOC\" href=\"https:\/\/www.museosantacruz.org\/Archivo\/Prg_SCruz_1994_01_04.pdf\" target=\"_blank\" rel=\"noopener\"><img loading=\"lazy\" decoding=\"async\" src=\"https:\/\/www.museosantacruz.org\/Archivo\/magnifier.gif\" alt=\"ver\" width=\"18\" height=\"17\" \/>Ver documento<\/a><\/p>\n<hr \/>\n<p><span style=\"color: #800000;\"><strong>C\u00e1ndido Garc\u00eda Garc\u00eda<\/strong><\/span><br \/>\n<em>(sin firma) <\/em><br \/>\n1 p\u00e1g. 2 fotos<br \/>\nMaterias: <a class=\"MAT\">Instituciones \u2013 Banda de M\u00fasica | M\u00fasica | Personajes de Santa Cruz | <\/a><br \/>\n<a class=\"DOC\" href=\"https:\/\/www.museosantacruz.org\/Archivo\/Prg_SCruz_1993_01_10.pdf\" target=\"_blank\" rel=\"noopener\"><img loading=\"lazy\" decoding=\"async\" src=\"https:\/\/www.museosantacruz.org\/Archivo\/magnifier.gif\" alt=\"ver\" width=\"18\" height=\"17\" \/>Ver documento<\/a><\/p>\n<hr \/>\n<p><span style=\"color: #800000;\"><strong>Carta del Capell\u00e1n de Santa Cruz a una entidad dirigente en relaci\u00f3n a la explicaci\u00f3n de un suceso<br \/>\nacaecido en la Iglesia de Santiago<\/strong><\/span><br \/>\n<em>(sin firma) <\/em><br \/>\n2 p\u00e1g. 2 documentos<br \/>\nMaterias: <a class=\"MAT\">Historia \u2013 Documentos | Historia s. XVII <\/a><br \/>\n<a class=\"DOC\" href=\"https:\/\/www.museosantacruz.org\/Archivo\/Prg_SCruz_2000_01_04.pdf\" target=\"_blank\" rel=\"noopener\"><img loading=\"lazy\" decoding=\"async\" src=\"https:\/\/www.museosantacruz.org\/Archivo\/magnifier.gif\" alt=\"ver\" width=\"18\" height=\"17\" \/>Ver documento<\/a><\/p>\n<hr \/>\n<p><span style=\"color: #800000;\"><strong>Censo Electoral de Santa Cruz para las X Elecciones Generales (1.899). Nombres y apellidos, domicilio<br \/>\ny secci\u00f3n electoral, edad y profesi\u00f3n. Varones mayores de 24 a\u00f1os (1.075 electores)<\/strong><\/span><br \/>\n<em>(sin firma) <\/em><br \/>\nTabla en Excel. Permite buscar, filtrar y ordenar los datos por diferentes criterios.<br \/>\nMaterias: <a class=\"MAT\">Historia \u2013 Documentos | Historia s. XIX <\/a><br \/>\n<a class=\"DOC\" href=\"http:\/\/ww2.museosantacruz.org\/wp-content\/uploads\/2018\/10\/Censo-Electoral-1899_Final.xlsx\" target=\"_blank\" rel=\"noopener\"><img loading=\"lazy\" decoding=\"async\" src=\"https:\/\/www.museosantacruz.org\/Archivo\/magnifier.gif\" alt=\"ver\" width=\"18\" height=\"17\" \/>Ver documento<\/a><\/p>\n<hr \/>\n<p><span style=\"color: #800000;\"><strong>Circular 366: Orden de detenci\u00f3n de dos desertores del presidio de Granada, naturales de<br \/>\nSanta Cruz de la Zarza (Junio de 1839)<\/strong><\/span><br \/>\n<em>(sin firma) <\/em><br \/>\n1 p.<br \/>\nMaterias: <a class=\"MAT\">Historia s. XIX | Ej\u00e9rcito y milicia <\/a><br \/>\n<a class=\"DOC\" href=\"https:\/\/ww2.museosantacruz.org\/wp-content\/uploads\/2024\/04\/Boletin-Oficial-de-la-Provincia-de-Toledo-18-6-1839-Boletines-ordinarios.pdf\" target=\"_blank\" rel=\"noopener\"><img loading=\"lazy\" decoding=\"async\" src=\"https:\/\/www.museosantacruz.org\/Archivo\/magnifier.gif\" alt=\"ver\" width=\"18\" height=\"17\" \/>Ver documento<\/a><\/p>\n<hr \/>\n<p><span style=\"color: #800000;\"><strong>Concejales del Ayuntamiento de Santa Cruz de la Zarza<\/strong><\/span><br \/>\n<em>(sin firma) <\/em><br \/>\n5 p\u00e1g. 1 foto<br \/>\nMaterias: <a class=\"MAT\">Historia s. XVIII | Historia s. XIX | Instituciones \u2013 Ayuntamiento | <\/a><br \/>\n<a class=\"DOC\" href=\"https:\/\/www.museosantacruz.org\/Archivo\/Prg_SCruz_1990_01_16.pdf\" target=\"_blank\" rel=\"noopener\"><img loading=\"lazy\" decoding=\"async\" src=\"https:\/\/www.museosantacruz.org\/Archivo\/magnifier.gif\" alt=\"ver\" width=\"18\" height=\"17\" \/>Ver documento<\/a><\/p>\n<hr \/>\n<p><span style=\"color: #800000;\"><strong>Corporaci\u00f3n Municipal, 1990 (sin t\u00edtulo)<\/strong><\/span><br \/>\n<em>(sin firma) <\/em><br \/>\n1 p\u00e1g. 2 fotos<br \/>\nMaterias: <a class=\"MAT\">Instituciones \u2013 Ayuntamiento <\/a><br \/>\n<a class=\"DOC\" href=\"https:\/\/www.museosantacruz.org\/Archivo\/Prg_SCruz_1990_01_01.pdf\" target=\"_blank\" rel=\"noopener\"><img loading=\"lazy\" decoding=\"async\" src=\"https:\/\/www.museosantacruz.org\/Archivo\/magnifier.gif\" alt=\"ver\" width=\"18\" height=\"17\" \/>Ver documento<\/a><\/p>\n<hr \/>\n<p><span style=\"color: #800000;\"><strong>Cruz de Plata de Isabel la Cat\u00f3lica<\/strong><\/span><br \/>\n<em>(sin firma) <\/em><br \/>\n1 p\u00e1g. 2 fotos, 2 documentos<br \/>\nMaterias: <a class=\"MAT\">Personajes de Santa Cruz <\/a><br \/>\n<a class=\"DOC\" href=\"https:\/\/www.museosantacruz.org\/Archivo\/Prg_SCruz_2012_01_09a.pdf\" target=\"_blank\" rel=\"noopener\"><img loading=\"lazy\" decoding=\"async\" src=\"https:\/\/www.museosantacruz.org\/Archivo\/magnifier.gif\" alt=\"ver\" width=\"18\" height=\"17\" \/>Ver documento<\/a><\/p>\n<hr \/>\n<p><span style=\"color: #800000;\"><strong>Cuadro de la Virgen (sin t\u00edtulo)<\/strong><\/span><br \/>\n<em>(sin firma) <\/em><br \/>\n1 p\u00e1g. 1 foto<br \/>\nMaterias: <a class=\"MAT\">Arte \u2013 Pintura | Iglesia y culto <\/a><br \/>\n<a class=\"DOC\" href=\"https:\/\/www.museosantacruz.org\/Archivo\/Prg_SCruz_1990_01_02.pdf\" target=\"_blank\" rel=\"noopener\"><img loading=\"lazy\" decoding=\"async\" src=\"https:\/\/www.museosantacruz.org\/Archivo\/magnifier.gif\" alt=\"ver\" width=\"18\" height=\"17\" \/>Ver documento<\/a><\/p>\n<hr \/>\n<p><span style=\"color: #800000;\"><strong>Cuarta Muestra de Arte<\/strong><\/span><br \/>\n<em>(sin firma) <\/em><br \/>\n3 p\u00e1g. 11 fotos<br \/>\nMaterias: <a class=\"MAT\">Fotograf\u00eda <\/a><br \/>\n<a class=\"DOC\" href=\"https:\/\/www.museosantacruz.org\/Archivo\/Prg_SCruz_2011_01_00.pdf\" target=\"_blank\" rel=\"noopener\"><img loading=\"lazy\" decoding=\"async\" src=\"https:\/\/www.museosantacruz.org\/Archivo\/magnifier.gif\" alt=\"ver\" width=\"18\" height=\"17\" \/>Ver documento<\/a><\/p>\n<hr \/>\n<p><span style=\"color: #800000;\"><strong>Curas P\u00e1rrocos en Santa Cruz de la Zarza (Toledo) de 1810 a 1990<\/strong><\/span><br \/>\n<em>(sin firma) <\/em><br \/>\n2 p\u00e1g. 6 fotos<br \/>\nMaterias: <a class=\"MAT\">Iglesia y culto <\/a><br \/>\n<a class=\"DOC\" href=\"https:\/\/www.museosantacruz.org\/Archivo\/Prg_SCruz_1990_01_19.pdf\" target=\"_blank\" rel=\"noopener\"><img loading=\"lazy\" decoding=\"async\" src=\"https:\/\/www.museosantacruz.org\/Archivo\/magnifier.gif\" alt=\"ver\" width=\"18\" height=\"17\" \/>Ver documento<\/a><\/p>\n<hr \/>\n<p><span style=\"color: #800000;\"><strong>Curiosidades (La Filarm\u00f3nica, 1936)<\/strong><\/span><br \/>\n<em>(sin firma) <\/em><br \/>\n1 p\u00e1g. 1 dibujo de 1936 (Hnos. Garc\u00eda de la Cruz) con los nombres de los componentes<br \/>\nMaterias: <a class=\"MAT\">Instituciones \u2013 Banda de M\u00fasica | M\u00fasica <\/a><br \/>\n<a class=\"DOC\" href=\"https:\/\/www.museosantacruz.org\/Archivo\/Prg_SCruz_1990_01_23.pdf\" target=\"_blank\" rel=\"noopener\"><img loading=\"lazy\" decoding=\"async\" src=\"https:\/\/www.museosantacruz.org\/Archivo\/magnifier.gif\" alt=\"ver\" width=\"18\" height=\"17\" \/>Ver documento<\/a><\/p>\n<hr \/>\n<p><span style=\"color: #800000;\"><strong>Curiosidades (Programas y fotos de Teatro)<\/strong><\/span><br \/>\n<em>(sin firma) <\/em><br \/>\n2 p\u00e1g. 3 fotos, 7 documentos<br \/>\nMaterias: <a class=\"MAT\">Instituciones \u2013 Asociaciones culturales | Cine y Teatro <\/a><br \/>\n<a class=\"DOC\" href=\"https:\/\/www.museosantacruz.org\/Archivo\/Prg_SCruz_1990_01_22.pdf\" target=\"_blank\" rel=\"noopener\"><img loading=\"lazy\" decoding=\"async\" src=\"https:\/\/www.museosantacruz.org\/Archivo\/magnifier.gif\" alt=\"ver\" width=\"18\" height=\"17\" \/>Ver documento<\/a><\/p>\n<hr \/>\n<p><span style=\"color: #800000;\"><strong>Curiosidades. Historia de nuestro pueblo (\u201cEl Amigo del Pueblo\u201d)<\/strong><\/span><br \/>\n<em>(sin firma) <\/em><br \/>\n1 p\u00e1g. Ilustraciones del primer peri\u00f3dico semanal de Santa Cruz (1922)<br \/>\nMaterias: <a class=\"MAT\">Radio y prensa <\/a><br \/>\n<a class=\"DOC\" href=\"https:\/\/www.museosantacruz.org\/Archivo\/Prg_SCruz_1989_01_06.pdf\" target=\"_blank\" rel=\"noopener\"><img loading=\"lazy\" decoding=\"async\" src=\"https:\/\/www.museosantacruz.org\/Archivo\/magnifier.gif\" alt=\"ver\" width=\"18\" height=\"17\" \/>Ver documento<\/a><\/p>\n<hr \/>\n<p><span style=\"color: #800000;\"><strong>Curiosidades. Historia de nuestro pueblo (\u201cFerrocarril Santa Cruz-Villaca\u00f1as, 1936\u201d)<\/strong><\/span><br \/>\n<em>(sin firma) <\/em><br \/>\n1 p\u00e1g. Plano del Ferrocarril Santa Cruz-Villaca\u00f1as, 1936<br \/>\nMaterias: <a class=\"MAT\">Medios de transporte <\/a><br \/>\n<a class=\"DOC\" href=\"https:\/\/www.museosantacruz.org\/Archivo\/Prg_SCruz_1989_01_06.pdf\" target=\"_blank\" rel=\"noopener\"><img loading=\"lazy\" decoding=\"async\" src=\"https:\/\/www.museosantacruz.org\/Archivo\/magnifier.gif\" alt=\"ver\" width=\"18\" height=\"17\" \/>Ver documento<\/a><\/p>\n<hr \/>\n<p><span style=\"color: #800000;\"><strong>Curiosidades. Historia de nuestro pueblo (Dep\u00f3sito de Carga, 1917)<\/strong><\/span><br \/>\n<em>(sin firma) <\/em><br \/>\n1 p\u00e1g. 1 plano de proyecto del Dep\u00f3sito de Agua en la Glorieta de Santiago<br \/>\nMaterias: <a class=\"MAT\">Obras p\u00fablicas y proyectos <\/a><br \/>\n<a class=\"DOC\" href=\"https:\/\/www.museosantacruz.org\/Archivo\/Prg_SCruz_1989_01_09.pdf\" target=\"_blank\" rel=\"noopener\"><img loading=\"lazy\" decoding=\"async\" src=\"https:\/\/www.museosantacruz.org\/Archivo\/magnifier.gif\" alt=\"ver\" width=\"18\" height=\"17\" \/>Ver documento<\/a><\/p>\n<hr \/>\n<p><span style=\"color: #800000;\"><strong>Curiosidades. Historia de nuestro pueblo (fotos)<\/strong><\/span><br \/>\n<em>(sin firma) <\/em><br \/>\n5 p\u00e1g. 38 fotos<br \/>\nMaterias: <a class=\"MAT\">Fotograf\u00eda <\/a><br \/>\n<a class=\"DOC\" href=\"https:\/\/www.museosantacruz.org\/Archivo\/Prg_SCruz_1989_01_05.pdf\" target=\"_blank\" rel=\"noopener\"><img loading=\"lazy\" decoding=\"async\" src=\"https:\/\/www.museosantacruz.org\/Archivo\/magnifier.gif\" alt=\"ver\" width=\"18\" height=\"17\" \/>Ver documento<\/a><\/p>\n<hr \/>\n<p><span style=\"color: #800000;\"><strong>Curiosidades. Historia de nuestro pueblo (Portadas de programas de festejos)<\/strong><\/span><br \/>\n<em>(sin firma) <\/em><br \/>\n2 p\u00e1g. 30 fotos<br \/>\nMaterias: <a class=\"MAT\">Etnograf\u00eda \u2013 Fiestas <\/a><br \/>\n<a class=\"DOC\" href=\"https:\/\/www.museosantacruz.org\/Archivo\/Prg_SCruz_1989_01_10.pdf\" target=\"_blank\" rel=\"noopener\"><img loading=\"lazy\" decoding=\"async\" src=\"https:\/\/www.museosantacruz.org\/Archivo\/magnifier.gif\" alt=\"ver\" width=\"18\" height=\"17\" \/>Ver documento<\/a><\/p>\n<hr \/>\n<p><span style=\"color: #800000;\"><strong>Curiosidades. Historia de nuestro pueblo (Proyecto de Teatro del \u201cC\u00edrculo Republicano\u201d, 1933)<\/strong><\/span><br \/>\n<em>(sin firma) <\/em><br \/>\n1 p\u00e1g. 1 plano del Teatro<br \/>\nMaterias: <a class=\"MAT\">Obras p\u00fablicas y proyectos | Cine y Teatro <\/a><br \/>\n<a class=\"DOC\" href=\"https:\/\/www.museosantacruz.org\/Archivo\/Prg_SCruz_1989_01_11.pdf\" target=\"_blank\" rel=\"noopener\"><img loading=\"lazy\" decoding=\"async\" src=\"https:\/\/www.museosantacruz.org\/Archivo\/magnifier.gif\" alt=\"ver\" width=\"18\" height=\"17\" \/>Ver documento<\/a><\/p>\n<hr \/>\n<p><span style=\"color: #800000;\"><strong>Curiosidades. Historia de nuestro pueblo (Refugio de la Encomienda, 1937)<\/strong><\/span><br \/>\n<em>(sin firma) <\/em><br \/>\n1 p\u00e1g. 1 plano del Refugio<br \/>\nMaterias: <a class=\"MAT\">Obras p\u00fablicas y proyectos <\/a><br \/>\n<a class=\"DOC\" href=\"https:\/\/www.museosantacruz.org\/Archivo\/Prg_SCruz_1989_01_11.pdf\" target=\"_blank\" rel=\"noopener\"><img loading=\"lazy\" decoding=\"async\" src=\"https:\/\/www.museosantacruz.org\/Archivo\/magnifier.gif\" alt=\"ver\" width=\"18\" height=\"17\" \/>Ver documento<\/a><\/p>\n<hr \/>\n<p><span style=\"color: #800000;\"><strong>Curso escolar EGB 1989\/98 del Colegio P\u00fablico \u201cEduardo Palomo\u201d<\/strong><\/span><br \/>\n<em>(sin firma) <\/em><br \/>\n1 p\u00e1g. 1 foto<br \/>\nMaterias: <a class=\"MAT\">Educaci\u00f3n y escuelas <\/a><br \/>\n<a class=\"DOC\" href=\"https:\/\/www.museosantacruz.org\/Archivo\/Prg_SCruz_1990_01_13.pdf\" target=\"_blank\" rel=\"noopener\"><img loading=\"lazy\" decoding=\"async\" src=\"https:\/\/www.museosantacruz.org\/Archivo\/magnifier.gif\" alt=\"ver\" width=\"18\" height=\"17\" \/>Ver documento<\/a><\/p>\n<hr \/>\n<p><span style=\"color: #800000;\"><strong>Decreto de 18 de junio de 1943 por el que se autoriza la ejecuci\u00f3n de las obras de edificios del<br \/>\nferrocarril de Villaca\u00f1as a Santa Cruz de la Zarza.<\/strong><\/span><br \/>\n<em>(sin firma) <\/em><br \/>\n2 p.<br \/>\nMaterias: <a class=\"MAT\">Historia s. XX | Medios de transporte | Obras p\u00fablicas y proyectos | <\/a><br \/>\n<a class=\"DOC\" href=\"https:\/\/ww2.museosantacruz.org\/wp-content\/uploads\/2024\/04\/A06738-06739.pdf\" target=\"_blank\" rel=\"noopener\"><img loading=\"lazy\" decoding=\"async\" src=\"https:\/\/www.museosantacruz.org\/Archivo\/magnifier.gif\" alt=\"ver\" width=\"18\" height=\"17\" \/>Ver documento<\/a><\/p>\n<hr \/>\n<p><span style=\"color: #800000;\"><strong>Decreto de autorizaci\u00f3n de una feria anual el primer domingo de octubre (1843)<\/strong><\/span><br \/>\n<em>(sin firma) <\/em><br \/>\n1 p\u00e1g.<br \/>\nMaterias: <a class=\"MAT\">Econom\u00eda, industria y comercio | Historia \u2013 Documentos | Historia s. XIX | Instituciones \u2013 Ayuntamiento<br \/>\n<\/a><a class=\"DOC\" href=\"https:\/\/www.museosantacruz.org\/Archivo\/GACETA-00001.pdf\" target=\"_blank\" rel=\"noopener\"><img loading=\"lazy\" decoding=\"async\" src=\"https:\/\/www.museosantacruz.org\/Archivo\/magnifier.gif\" alt=\"ver\" width=\"18\" height=\"17\" \/>Ver documento<\/a><\/p>\n<hr \/>\n<p><span style=\"color: #800000;\"><strong>Decreto de sentencia y resoluci\u00f3n de la denuncia de unos vecinos de Santa Cruz contra el Alcalde<br \/>\npor un conflicto en relaci\u00f3n con el amojonamiento de unas fincas y del camino de Contreras<br \/>\ny Hoya de Soria (25 de Agosto de 1890).de<\/strong><\/span><br \/>\n<em>(sin firma) <\/em><br \/>\n2 p.<br \/>\nMaterias: <a class=\"MAT\">Historia s. XIX | Instituciones \u2013 Ayuntamiento | Agricultura y Ganader\u00eda | <\/a><br \/>\n<a class=\"DOC\" href=\"https:\/\/ww2.museosantacruz.org\/wp-content\/uploads\/2024\/04\/A00665-00666.pdf\" target=\"_blank\" rel=\"noopener\"><img loading=\"lazy\" decoding=\"async\" src=\"https:\/\/www.museosantacruz.org\/Archivo\/magnifier.gif\" alt=\"ver\" width=\"18\" height=\"17\" \/>Ver documento<\/a><\/p>\n<hr \/>\n<p><span style=\"color: #800000;\"><strong>Decreto de separaci\u00f3n definitiva del servicio a D. Enrique Fern\u00e1ndez Crueza,<br \/>\nJuez municipal de Santa Cruz de la Zarza (1 de Octubre de 1932).<\/strong><\/span><br \/>\n<em>(sin firma) <\/em><br \/>\n1 p.<br \/>\nMaterias: <a class=\"MAT\">Historia s. XX | Instituciones \u2013 Ayuntamiento <\/a><br \/>\n<a class=\"DOC\" href=\"https:\/\/ww2.museosantacruz.org\/wp-content\/uploads\/2024\/04\/A00066-00066.pdf\" target=\"_blank\" rel=\"noopener\"><img loading=\"lazy\" decoding=\"async\" src=\"https:\/\/www.museosantacruz.org\/Archivo\/magnifier.gif\" alt=\"ver\" width=\"18\" height=\"17\" \/>Ver documento<\/a><\/p>\n<hr \/>\n<p><span style=\"color: #800000;\"><strong>Desamortizaci\u00f3n \u2013 Emplazamiento a quienes se crean con derechos a los bienes de la capellan\u00eda<br \/>\nde la iglesia de Santiago\u2026 fundada por Isabel Mu\u00f1oz Beato y Francisco Mu\u00f1oz.. que posee el presb\u00edtero<br \/>\nD. Juan Manuel del \u00c1guila (14 de Agosto de 1845).<\/strong><\/span><br \/>\n<em>(sin firma) <\/em><br \/>\n1 p.<br \/>\nMaterias: <a class=\"MAT\">Historia s. XIX | Iglesia \u2013 Cofrad\u00edas <\/a><br \/>\n<a class=\"DOC\" href=\"https:\/\/ww2.museosantacruz.org\/wp-content\/uploads\/2024\/04\/A00004-000044.pdf\" target=\"_blank\" rel=\"noopener\"><img loading=\"lazy\" decoding=\"async\" src=\"https:\/\/www.museosantacruz.org\/Archivo\/magnifier.gif\" alt=\"ver\" width=\"18\" height=\"17\" \/>Ver documento<\/a><\/p>\n<hr \/>\n<p><span style=\"color: #800000;\"><strong>Desamortizaci\u00f3n \u2013 Encomienda de Santa Cruz de la Zarza \u2013 Hontanillas, Eras blancas, Robledillo<br \/>\ny el Cerro (Septiembre de 1839)<\/strong><\/span><br \/>\n<em>(sin firma) <\/em><br \/>\n1 p.<br \/>\nMaterias: <a class=\"MAT\">Historia s. XIX | Instituciones \u2013 Ayuntamiento | Agricultura y Ganader\u00eda | Econom\u00eda, industria y comercio | Iglesia \u2013<br \/>\n<\/a><a class=\"DOC\" href=\"https:\/\/ww2.museosantacruz.org\/wp-content\/uploads\/2024\/04\/Boletin-Oficial-de-la-Provincia-de-Toledo-1-10-1839-Boletines-ordinarios.pdf\" target=\"_blank\" rel=\"noopener\"><img loading=\"lazy\" decoding=\"async\" src=\"https:\/\/www.museosantacruz.org\/Archivo\/magnifier.gif\" alt=\"ver\" width=\"18\" height=\"17\" \/>Ver documento<\/a><\/p>\n<hr \/>\n<p><span style=\"color: #800000;\"><strong>Desamortizaci\u00f3n \u2013 Encomienda de Santa Cruz de la Zarza \u2013 Hontanillas, Eras blancas, Robledillo y el Cerro (Septiembre de 1839)<\/strong><\/span><br \/>\n<em>(sin firma) <\/em><br \/>\n1 p.<br \/>\nMaterias: <a class=\"MAT\">Historia s. XIX | Instituciones \u2013 Ayuntamiento | Agricultura y Ganader\u00eda | Econom\u00eda, industria y comercio | Iglesia \u2013<br \/>\n<\/a><a class=\"DOC\" href=\"https:\/\/ww2.museosantacruz.org\/wp-content\/uploads\/2024\/04\/Boletin-Oficial-de-la-Provincia-de-Toledo-3-8-1837-Boletines-ordinarios-1.pdf\" target=\"_blank\" rel=\"noopener\"><img loading=\"lazy\" decoding=\"async\" src=\"https:\/\/www.museosantacruz.org\/Archivo\/magnifier.gif\" alt=\"ver\" width=\"18\" height=\"17\" \/>Ver documento<\/a><\/p>\n<hr \/>\n<p><span style=\"color: #800000;\"><strong>Desamortizaci\u00f3n \u2013 Encomienda vacante de Santa Cruz de la Zarza. Un molino aceitero en dicha poblaci\u00f3n, ruinoso.<br \/>\nSu tasaci\u00f3n en venta 7.082 rls.<br \/>\n<\/strong><\/span><em>(sin firma) <\/em><br \/>\n1 p.<br \/>\nMaterias: <a class=\"MAT\">Historia s. XIX | Hacienda y tributos | Econom\u00eda, industria y comercio | Instituciones \u2013 Ayuntamiento | Iglesia \u2013<br \/>\n<\/a><a class=\"DOC\" href=\"https:\/\/ww2.museosantacruz.org\/wp-content\/uploads\/2024\/04\/Boletin-Oficial-de-la-Provincia-de-Toledo-26-12-1840-Boletines-ordinarios.pdf\" target=\"_blank\" rel=\"noopener\"><img loading=\"lazy\" decoding=\"async\" src=\"https:\/\/www.museosantacruz.org\/Archivo\/magnifier.gif\" alt=\"ver\" width=\"18\" height=\"17\" \/>Ver documento<\/a><\/p>\n<hr \/>\n<p><span style=\"color: #800000;\"><strong>Desamortizaci\u00f3n \u2013 Fincas urbanas\u2026 que pertenecen al clero secular, cofrad\u00edas, ermitas, santuarios\u2026<br \/>\nCapellan\u00eda de Pedro S\u00e1nchez Villarejo, pozo de la Nieve<\/strong><\/span><br \/>\n<em>(sin firma) <\/em><br \/>\n1 p.<br \/>\nMaterias: <a class=\"MAT\">Historia s. XIX | Iglesia \u2013 Cofrad\u00edas <\/a><br \/>\n<a class=\"DOC\" href=\"https:\/\/ww2.museosantacruz.org\/wp-content\/uploads\/2024\/04\/A00003-000041.pdf\" target=\"_blank\" rel=\"noopener\"><img loading=\"lazy\" decoding=\"async\" src=\"https:\/\/www.museosantacruz.org\/Archivo\/magnifier.gif\" alt=\"ver\" width=\"18\" height=\"17\" \/>Ver documento<\/a><\/p>\n<hr \/>\n<p><span style=\"color: #800000;\"><strong>Desamortizaci\u00f3n \u2013 Providencia judicial\u2026 derecho \u00e1 los bienes\u2026 capellan\u00edas, memorias y obras pias\u2026<br \/>\nen el pueblo de la Guardia\u2026 Manuel y Josefa Garc\u00eda se oponen<\/strong><\/span><br \/>\n<em>(sin firma) <\/em><br \/>\n1 p.<br \/>\nMaterias: <a class=\"MAT\">Historia s. XIX | Iglesia \u2013 Cofrad\u00edas <\/a><br \/>\n<a class=\"DOC\" href=\"https:\/\/ww2.museosantacruz.org\/wp-content\/uploads\/2024\/04\/A00003-00006.pdf\" target=\"_blank\" rel=\"noopener\"><img loading=\"lazy\" decoding=\"async\" src=\"https:\/\/www.museosantacruz.org\/Archivo\/magnifier.gif\" alt=\"ver\" width=\"18\" height=\"17\" \/>Ver documento<\/a><\/p>\n<hr \/>\n<p><span style=\"color: #800000;\"><strong>Desamortizaci\u00f3n \u2013 Quien quisiere tomar en arrendamiento 37 fanegas de tierra de labor en 13 pedazos,<br \/>\ny una vi\u00f1a erial, termino de Santa Cruz de la Zarza, que correspondieron al suprimido convento de<br \/>\nTrinitarios Calzados (24 de Julio de 1837)<\/strong><\/span><br \/>\n<em>(sin firma) <\/em><br \/>\n1 p.<br \/>\nMaterias: <a class=\"MAT\">Historia s. XIX | Instituciones \u2013 Ayuntamiento | Agricultura y Ganader\u00eda | Econom\u00eda, industria y comercio | Iglesia \u2013<br \/>\n<\/a><a class=\"DOC\" href=\"https:\/\/ww2.museosantacruz.org\/wp-content\/uploads\/2024\/04\/Boletin-Oficial-de-la-Provincia-de-Toledo-3-8-1837-Boletines-ordinarios-1.pdf\" target=\"_blank\" rel=\"noopener\"><img loading=\"lazy\" decoding=\"async\" src=\"https:\/\/www.museosantacruz.org\/Archivo\/magnifier.gif\" alt=\"ver\" width=\"18\" height=\"17\" \/>Ver documento<\/a><\/p>\n<hr \/>\n<p><span style=\"color: #800000;\"><strong>Documentos sin t\u00edtulo<\/strong><\/span><br \/>\n<em>(sin firma) <\/em><br \/>\n5 p\u00e1g. 3 documentos<br \/>\nMaterias: <a class=\"MAT\">Ej\u00e9rcito y milicia | Historia \u2013 Documentos | Historia s. XIX | Historia s. XX | Personajes de Santa Cruz <\/a><br \/>\n<a class=\"DOC\" href=\"https:\/\/www.museosantacruz.org\/Archivo\/Prg_SCruz_2005_01_03.pdf\" target=\"_blank\" rel=\"noopener\"><img loading=\"lazy\" decoding=\"async\" src=\"https:\/\/www.museosantacruz.org\/Archivo\/magnifier.gif\" alt=\"ver\" width=\"18\" height=\"17\" \/>Ver documento<\/a><\/p>\n<hr \/>\n<p><span style=\"color: #800000;\"><strong>El c\u00f3lera en Santa Cruz de la Zarza<\/strong><\/span><br \/>\n<em>(sin firma) <\/em><br \/>\n1 p\u00e1g.<br \/>\nMaterias: <a class=\"MAT\">Historia s. XIX | Salud, sanidad y servicios sociales <\/a><br \/>\n<a class=\"DOC\" href=\"https:\/\/www.museosantacruz.org\/Archivo\/Prg_SCruz_1991_01_19.pdf\" target=\"_blank\" rel=\"noopener\"><img loading=\"lazy\" decoding=\"async\" src=\"https:\/\/www.museosantacruz.org\/Archivo\/magnifier.gif\" alt=\"ver\" width=\"18\" height=\"17\" \/>Ver documento<\/a><\/p>\n<hr \/>\n<p><span style=\"color: #800000;\"><strong>El f\u00fatbol en Santa Cruz de la Zarza<\/strong><\/span><br \/>\n<em>(sin firma) <\/em><br \/>\n3 p\u00e1g. 11 fotos<br \/>\nMaterias: <a class=\"MAT\">Deporte | Fotograf\u00eda <\/a><br \/>\n<a class=\"DOC\" href=\"https:\/\/www.museosantacruz.org\/Archivo\/Prg_SCruz_2003_01_08.pdf\" target=\"_blank\" rel=\"noopener\"><img loading=\"lazy\" decoding=\"async\" src=\"https:\/\/www.museosantacruz.org\/Archivo\/magnifier.gif\" alt=\"ver\" width=\"18\" height=\"17\" \/>Ver documento<\/a><\/p>\n<hr \/>\n<p><span style=\"color: #800000;\"><strong>Emplazamiento en rebeld\u00eda por el pleito de un vecino de Santa Cruz contra otro de la Corte, para que<br \/>\nse disuelva la Sociedad formada para la construcci\u00f3n del ferro-carril de Aranjuez \u00e1 Cuenca,<br \/>\nque se practique liquidaci\u00f3n general (18 de Octubre de 1879).<\/strong><\/span><br \/>\n<em>(sin firma) <\/em><br \/>\n1 p.<br \/>\nMaterias: <a class=\"MAT\">Historia s. XX | Medios de transporte | Obras p\u00fablicas y proyectos | <\/a><br \/>\n<a class=\"DOC\" href=\"https:\/\/ww2.museosantacruz.org\/wp-content\/uploads\/2024\/04\/A00688-00689.pdf\" target=\"_blank\" rel=\"noopener\"><img loading=\"lazy\" decoding=\"async\" src=\"https:\/\/www.museosantacruz.org\/Archivo\/magnifier.gif\" alt=\"ver\" width=\"18\" height=\"17\" \/>Ver documento<\/a><\/p>\n<hr \/>\n<p><span style=\"color: #800000;\"><strong>En memoria de N. Lorenzo Pulido \u201cCapela\u201d<\/strong><\/span><br \/>\n<em>(sin firma) <\/em><br \/>\n1 p\u00e1g. 1 foto<br \/>\nMaterias: <a class=\"MAT\">Personajes de Santa Cruz <\/a><br \/>\n<a class=\"DOC\" href=\"https:\/\/www.museosantacruz.org\/Archivo\/Prg_SCruz_2001_01_05.pdf\" target=\"_blank\" rel=\"noopener\"><img loading=\"lazy\" decoding=\"async\" src=\"https:\/\/www.museosantacruz.org\/Archivo\/magnifier.gif\" alt=\"ver\" width=\"18\" height=\"17\" \/>Ver documento<\/a><\/p>\n<hr \/>\n<p><span style=\"color: #800000;\"><strong>Epidemia de c\u00f3lera \u2013 Cantidades que se aplican por el c\u00f3lera \u2013<br \/>\nSanta Cruz de la Zarza , 1.500 pesetas (20 de Enero de 1886)<\/strong><\/span><br \/>\n<em>(sin firma) <\/em><br \/>\n1 p.<br \/>\nMaterias: <a class=\"MAT\">Historia s. XIX | Salud, sanidad y servicios sociales <\/a><br \/>\n<a class=\"DOC\" href=\"https:\/\/ww2.museosantacruz.org\/wp-content\/uploads\/2024\/04\/A00001-000011-1.pdf\" target=\"_blank\" rel=\"noopener\"><img loading=\"lazy\" decoding=\"async\" src=\"https:\/\/www.museosantacruz.org\/Archivo\/magnifier.gif\" alt=\"ver\" width=\"18\" height=\"17\" \/>Ver documento<\/a><\/p>\n<hr \/>\n<p><span style=\"color: #800000;\"><strong>Epidemia de c\u00f3lera \u2013 Santa Cruz de la Zarza , 2 invasiones y 1 defunci\u00f3n (2 de Julio de 1885)<\/strong><\/span><br \/>\n<em>(sin firma) <\/em><br \/>\n1 p.<br \/>\nMaterias: <a class=\"MAT\">Historia s. XIX | Salud, sanidad y servicios sociales <\/a><br \/>\n<a class=\"DOC\" href=\"https:\/\/ww2.museosantacruz.org\/wp-content\/uploads\/2024\/04\/A00025-00026.pdf\" target=\"_blank\" rel=\"noopener\"><img loading=\"lazy\" decoding=\"async\" src=\"https:\/\/www.museosantacruz.org\/Archivo\/magnifier.gif\" alt=\"ver\" width=\"18\" height=\"17\" \/>Ver documento<\/a><\/p>\n<hr \/>\n<p><span style=\"color: #800000;\"><strong>Epidemia de c\u00f3lera \u2013 Santa Cruz de la Zarza , 2 invasiones y 1 defunci\u00f3n (20 de Junio de 1885)<\/strong><\/span><br \/>\n<em>(sin firma) <\/em><br \/>\n1 p.<br \/>\nMaterias: <a class=\"MAT\">Historia s. XIX | Salud, sanidad y servicios sociales <\/a><br \/>\n<a class=\"DOC\" href=\"https:\/\/ww2.museosantacruz.org\/wp-content\/uploads\/2024\/04\/A00016-00016.pdf\" target=\"_blank\" rel=\"noopener\"><img loading=\"lazy\" decoding=\"async\" src=\"https:\/\/www.museosantacruz.org\/Archivo\/magnifier.gif\" alt=\"ver\" width=\"18\" height=\"17\" \/>Ver documento<\/a><\/p>\n<hr \/>\n<p><span style=\"color: #800000;\"><strong>Epidemia de c\u00f3lera \u2013 Santa Cruz de la Zarza , 359 invadidos y 97 muertos (12 de agosto de 1885)<\/strong><\/span><br \/>\n<em>(sin firma) <\/em><br \/>\n1 p.<br \/>\nMaterias: <a class=\"MAT\">Historia s. XIX | Salud, sanidad y servicios sociales <\/a><br \/>\n<a class=\"DOC\" href=\"https:\/\/ww2.museosantacruz.org\/wp-content\/uploads\/2024\/04\/A00003-000031.pdf\" target=\"_blank\" rel=\"noopener\"><img loading=\"lazy\" decoding=\"async\" src=\"https:\/\/www.museosantacruz.org\/Archivo\/magnifier.gif\" alt=\"ver\" width=\"18\" height=\"17\" \/>Ver documento<\/a><\/p>\n<hr \/>\n<p><span style=\"color: #800000;\"><strong>Epidemia de c\u00f3lera \u2013 Santa Cruz de la Zarza, 44 invadidos y 28 muertos (15 de agosto de 1885)<\/strong><\/span><br \/>\n<em>(sin firma) <\/em><br \/>\n1 p.<br \/>\nMaterias: <a class=\"MAT\">Historia s. XIX | Salud, sanidad y servicios sociales <\/a><br \/>\n<a class=\"DOC\" href=\"https:\/\/ww2.museosantacruz.org\/wp-content\/uploads\/2024\/04\/A00003-000045.pdf\" target=\"_blank\" rel=\"noopener\"><img loading=\"lazy\" decoding=\"async\" src=\"https:\/\/www.museosantacruz.org\/Archivo\/magnifier.gif\" alt=\"ver\" width=\"18\" height=\"17\" \/>Ver documento<\/a><\/p>\n<hr \/>\n<p><span style=\"color: #800000;\"><strong>Escudo oficial de esta Villa aprobado por la Corporaci\u00f3n Municipal y ratificado por las Cortes de Castilla La Mancha en 1989<\/strong><\/span><br \/>\n<em>(sin firma) <\/em><br \/>\n1 p\u00e1g. 1 ilustraci\u00f3n (en contracubierta)<br \/>\nMaterias: <a class=\"MAT\">Instituciones \u2013 Ayuntamiento <\/a><br \/>\n<a class=\"DOC\" href=\"https:\/\/www.museosantacruz.org\/Archivo\/Prg_SCruz_1989_01_12.pdf\" target=\"_blank\" rel=\"noopener\"><img loading=\"lazy\" decoding=\"async\" src=\"https:\/\/www.museosantacruz.org\/Archivo\/magnifier.gif\" alt=\"ver\" width=\"18\" height=\"17\" \/>Ver documento<\/a><\/p>\n<hr \/>\n<p><span style=\"color: #800000;\"><strong>Expediente del legado del testamento de D. Jer\u00f3nimo Carre\u00f1o a favor de los pobres (21 de octubre de 1913)<\/strong><\/span><br \/>\n<em>(sin firma) <\/em><br \/>\n1 p\u00e1g.<br \/>\nMaterias: <a class=\"MAT\">Historia \u2013 Documentos | Historia s. XX | Personajes de Santa Cruz | <\/a><br \/>\n<a class=\"DOC\" href=\"https:\/\/www.museosantacruz.org\/Archivo\/GACETA-00191.pdf\" target=\"_blank\" rel=\"noopener\"><img loading=\"lazy\" decoding=\"async\" src=\"https:\/\/www.museosantacruz.org\/Archivo\/magnifier.gif\" alt=\"ver\" width=\"18\" height=\"17\" \/>Ver documento<\/a><\/p>\n<hr \/>\n<p><span style=\"color: #800000;\"><strong>Fiestas de los Mayos de Santa Cruz, declarada de inter\u00e9s tur\u00edstico regional<\/strong><\/span><br \/>\n<em>(sin firma) <\/em><br \/>\n5 p\u00e1g. 6 fotos<br \/>\nMaterias: <a class=\"MAT\">Etnograf\u00eda \u2013 Fiestas | Etnograf\u00eda \u2013 M\u00fasica | Etnograf\u00eda \u2013 Tradiciones y costumbres | <\/a><br \/>\n<a class=\"DOC\" href=\"https:\/\/www.museosantacruz.org\/Archivo\/Prg_SCruz_1993_01_05.pdf\" target=\"_blank\" rel=\"noopener\"><img loading=\"lazy\" decoding=\"async\" src=\"https:\/\/www.museosantacruz.org\/Archivo\/magnifier.gif\" alt=\"ver\" width=\"18\" height=\"17\" \/>Ver documento<\/a><\/p>\n<hr \/>\n<p><span style=\"color: #800000;\"><strong>Foto de la Virgen del Rosario (sin t\u00edtulo)<\/strong><\/span><br \/>\n<em>(sin firma) <\/em><br \/>\n1 p\u00e1g. 1 foto<br \/>\nMaterias: <a class=\"MAT\">Arte \u2013 Escultura | Fotograf\u00eda | Iglesia \u2013 Cofrad\u00edas | Iglesia y culto <\/a><br \/>\n<a class=\"DOC\" href=\"https:\/\/www.museosantacruz.org\/Archivo\/Prg_SCruz_1992_01_01.pdf\" target=\"_blank\" rel=\"noopener\"><img loading=\"lazy\" decoding=\"async\" src=\"https:\/\/www.museosantacruz.org\/Archivo\/magnifier.gif\" alt=\"ver\" width=\"18\" height=\"17\" \/>Ver documento<\/a><\/p>\n<hr \/>\n<p><span style=\"color: #800000;\"><strong>Fotograf\u00edas<\/strong><\/span><br \/>\n<em>(sin firma) <\/em><br \/>\n3 p\u00e1g. 5 fotos de la Feria (a\u00f1os 60)<br \/>\nMaterias: <a class=\"MAT\">Fotograf\u00eda <\/a><br \/>\n<a class=\"DOC\" href=\"https:\/\/www.museosantacruz.org\/Archivo\/Prg_SCruz_1994_01_01.pdf\" target=\"_blank\" rel=\"noopener\"><img loading=\"lazy\" decoding=\"async\" src=\"https:\/\/www.museosantacruz.org\/Archivo\/magnifier.gif\" alt=\"ver\" width=\"18\" height=\"17\" \/>Ver documento<\/a><\/p>\n<hr \/>\n<p><span style=\"color: #800000;\"><strong>Fotograf\u00edas Institucionales<\/strong><\/span><br \/>\n<em>(sin firma) <\/em><br \/>\n2 p\u00e1g. 10 fotos<br \/>\nMaterias: <a class=\"MAT\">Arquitectura \u2013 Edificios notables | Fotograf\u00eda | Iglesia \u2013 Templos | <\/a><br \/>\n<a class=\"DOC\" href=\"https:\/\/www.museosantacruz.org\/Archivo\/Prg_SCruz_2004_01_01.pdf\" target=\"_blank\" rel=\"noopener\"><img loading=\"lazy\" decoding=\"async\" src=\"https:\/\/www.museosantacruz.org\/Archivo\/magnifier.gif\" alt=\"ver\" width=\"18\" height=\"17\" \/>Ver documento<\/a><\/p>\n<hr \/>\n<p><span style=\"color: #800000;\"><strong>Fotos de D. Jos\u00e9 Ces\u00e1reo S\u00e1nchez<\/strong><\/span><br \/>\n<em>(sin firma) <\/em><br \/>\n2 p\u00e1g. 8 fotos; 1 partitura musical<br \/>\nMaterias: <a class=\"MAT\">Fotograf\u00eda <\/a><br \/>\n<a class=\"DOC\" href=\"https:\/\/www.museosantacruz.org\/Archivo\/Prg_SCruz_2004_01_10.pdf\" target=\"_blank\" rel=\"noopener\"><img loading=\"lazy\" decoding=\"async\" src=\"https:\/\/www.museosantacruz.org\/Archivo\/magnifier.gif\" alt=\"ver\" width=\"18\" height=\"17\" \/>Ver documento<\/a><\/p>\n<hr \/>\n<p><span style=\"color: #800000;\"><strong>Fotos de Santa Cruz (sin t\u00edtulo)<\/strong><\/span><br \/>\n<em>(sin firma) <\/em><br \/>\n1 p\u00e1g. 5 fotos<br \/>\nMaterias: <a class=\"MAT\">Arquitectura \u2013 Edificios notables | Historia \u2013 Documentos | Iglesia \u2013 Templos | <\/a><br \/>\n<a class=\"DOC\" href=\"https:\/\/www.museosantacruz.org\/Archivo\/Prg_SCruz_1990_01_07.pdf\" target=\"_blank\" rel=\"noopener\"><img loading=\"lazy\" decoding=\"async\" src=\"https:\/\/www.museosantacruz.org\/Archivo\/magnifier.gif\" alt=\"ver\" width=\"18\" height=\"17\" \/>Ver documento<\/a><\/p>\n<hr \/>\n<p><span style=\"color: #800000;\"><strong>Fotos de templos de Santa Cruz (sin t\u00edtulo)<\/strong><\/span><br \/>\n<em>(sin firma) <\/em><br \/>\n1 p\u00e1g. 3 fotos<br \/>\nMaterias: <a class=\"MAT\">Fotograf\u00eda | Iglesia \u2013 Templos <\/a><br \/>\n<a class=\"DOC\" href=\"https:\/\/www.museosantacruz.org\/Archivo\/Prg_SCruz_1990_01_12.pdf\" target=\"_blank\" rel=\"noopener\"><img loading=\"lazy\" decoding=\"async\" src=\"https:\/\/www.museosantacruz.org\/Archivo\/magnifier.gif\" alt=\"ver\" width=\"18\" height=\"17\" \/>Ver documento<\/a><\/p>\n<hr \/>\n<p><span style=\"color: #800000;\"><strong>Francisco Villarreal Palacios, nuevo Director de la Banda de M\u00fasica \u201cLa Filarm\u00f3nica\u201d.<\/strong><\/span><br \/>\n<em>(sin firma) <\/em><br \/>\n1 p\u00e1g. 1 foto<br \/>\nMaterias: <a class=\"MAT\">Instituciones \u2013 Banda de M\u00fasica | Personajes de Santa Cruz <\/a><br \/>\n<a class=\"DOC\" href=\"https:\/\/www.museosantacruz.org\/Archivo\/Prg_SCruz_1993_01_10.pdf\" target=\"_blank\" rel=\"noopener\"><img loading=\"lazy\" decoding=\"async\" src=\"https:\/\/www.museosantacruz.org\/Archivo\/magnifier.gif\" alt=\"ver\" width=\"18\" height=\"17\" \/>Ver documento<\/a><\/p>\n<hr \/>\n<p><span style=\"color: #800000;\"><strong>Hace 400 a\u00f1os<\/strong><\/span><br \/>\n<em>(sin firma) <\/em><br \/>\n1 p\u00e1g. 1 documento, transcripci\u00f3n<br \/>\nMaterias: <a class=\"MAT\">Archivos | Historia \u2013 Documentos | Historia s. XVII | Instituciones \u2013 Ayuntamiento <\/a><br \/>\n<a class=\"DOC\" href=\"https:\/\/www.museosantacruz.org\/Archivo\/Prg_SCruz_2012_01_01a.pdf\" target=\"_blank\" rel=\"noopener\"><img loading=\"lazy\" decoding=\"async\" src=\"https:\/\/www.museosantacruz.org\/Archivo\/magnifier.gif\" alt=\"ver\" width=\"18\" height=\"17\" \/>Ver documento<\/a><\/p>\n<hr \/>\n<p><span style=\"color: #800000;\"><strong>Hecho de armas\u2026 en el monte de Santa Cruz de la Zarza\u2026 donde una una partida de latro-facciosos<br \/>\nse habian apoderado de un ganado lanar de D. Silverio Fernandez, \u00e1 quien ped\u00edan por su rescate 63 rs.<br \/>\ny un caballo (19 de Noviembre de 1839).<\/strong><\/span><br \/>\n<em>(sin firma) <\/em><br \/>\n1 p.<br \/>\nMaterias: <a class=\"MAT\">Historia s. XIX | Ej\u00e9rcito y milicia <\/a><br \/>\n<a class=\"DOC\" href=\"https:\/\/ww2.museosantacruz.org\/wp-content\/uploads\/2024\/04\/A00003-00004.pdf\" target=\"_blank\" rel=\"noopener\"><img loading=\"lazy\" decoding=\"async\" src=\"https:\/\/www.museosantacruz.org\/Archivo\/magnifier.gif\" alt=\"ver\" width=\"18\" height=\"17\" \/>Ver documento<\/a><\/p>\n<hr \/>\n<p><span style=\"color: #800000;\"><strong>Hecho de armas\u2026 Los guardas del campo de Santa Cruz de la Zarza dieron muerte al cabecilla Monroy<br \/>\nen el monte de la misma con otros cuatro de sus compa\u00f1eros (13 de Marzo de 1839)<\/strong><\/span><br \/>\n<em>(sin firma) <\/em><br \/>\n1 p.<br \/>\nMaterias: <a class=\"MAT\">Historia s. XIX | Ej\u00e9rcito y milicia <\/a><br \/>\n<a class=\"DOC\" href=\"https:\/\/ww2.museosantacruz.org\/wp-content\/uploads\/2024\/04\/A00004-000041.pdf\" target=\"_blank\" rel=\"noopener\"><img loading=\"lazy\" decoding=\"async\" src=\"https:\/\/www.museosantacruz.org\/Archivo\/magnifier.gif\" alt=\"ver\" width=\"18\" height=\"17\" \/>Ver documento<\/a><\/p>\n<hr \/>\n<p><span style=\"color: #800000;\"><strong>Historia del f\u00fatbol en Santa Cruz de la Zarza<\/strong><\/span><br \/>\n<em>(sin firma) <\/em><br \/>\n2 p\u00e1g. 7 fotos, 2 documentos<br \/>\nMaterias: <a class=\"MAT\">Deporte | Fotograf\u00eda <\/a><br \/>\n<a class=\"DOC\" href=\"https:\/\/www.museosantacruz.org\/Archivo\/Prg_SCruz_2009_01_11.pdf\" target=\"_blank\" rel=\"noopener\"><img loading=\"lazy\" decoding=\"async\" src=\"https:\/\/www.museosantacruz.org\/Archivo\/magnifier.gif\" alt=\"ver\" width=\"18\" height=\"17\" \/>Ver documento<\/a><\/p>\n<hr \/>\n<p><span style=\"color: #800000;\"><strong>Humor en la Prensa, por Santiago Almarza<\/strong><\/span><br \/>\n<em>(sin firma) <\/em><br \/>\n1 p\u00e1g. Convocatoria de Exposici\u00f3n organizada por ACAME<br \/>\nMaterias: <a class=\"MAT\">Arte \u2013 Pintura | Humor | Personajes de Santa Cruz | Radio y prensa <\/a><br \/>\n<a class=\"DOC\" href=\"https:\/\/www.museosantacruz.org\/Archivo\/Prg_SCruz_2008_01_09.pdf\" target=\"_blank\" rel=\"noopener\"><img loading=\"lazy\" decoding=\"async\" src=\"https:\/\/www.museosantacruz.org\/Archivo\/magnifier.gif\" alt=\"ver\" width=\"18\" height=\"17\" \/>Ver documento<\/a><\/p>\n<hr \/>\n<p><span style=\"color: #800000;\"><strong>I Jornadas de Desarrollo Rural. Santa Cruz es tradici\u00f3n<\/strong><\/span><br \/>\n<em>(sin firma) <\/em><br \/>\n1 p\u00e1g. 8 fotos<br \/>\nMaterias: <a class=\"MAT\">Econom\u00eda, industria y comercio | Etnograf\u00eda \u2013 Artesan\u00eda <\/a><br \/>\n<a class=\"DOC\" href=\"https:\/\/www.museosantacruz.org\/Archivo\/Prg_SCruz_2013_01_01.pdf\" target=\"_blank\" rel=\"noopener\"><img loading=\"lazy\" decoding=\"async\" src=\"https:\/\/www.museosantacruz.org\/Archivo\/magnifier.gif\" alt=\"ver\" width=\"18\" height=\"17\" \/>Ver documento<\/a><\/p>\n<hr \/>\n<p><span style=\"color: #800000;\"><strong>Iglesia de Santiago desde el Siglo XVII<\/strong><\/span><br \/>\n<em>(sin firma) <\/em><br \/>\n5 p\u00e1g. 2 grabados; 1 plano<br \/>\nMaterias: <a class=\"MAT\">Arquitectura \u2013 Edificios notables | Historia s. XVII | Iglesia \u2013 Templos | Orden de Santiago <\/a><br \/>\n<a class=\"DOC\" href=\"https:\/\/www.museosantacruz.org\/Archivo\/Prg_SCruz_1999_01_02.pdf\" target=\"_blank\" rel=\"noopener\"><img loading=\"lazy\" decoding=\"async\" src=\"https:\/\/www.museosantacruz.org\/Archivo\/magnifier.gif\" alt=\"ver\" width=\"18\" height=\"17\" \/>Ver documento<\/a><\/p>\n<hr \/>\n<p><span style=\"color: #800000;\"><strong>Jos\u00e9 Luis L\u00f3pez-Loriente Garc\u00eda. In memoriam<\/strong><\/span><br \/>\n<em>(sin firma) <\/em><br \/>\n2 p\u00e1g. 1 foto<br \/>\nMaterias: <a class=\"MAT\">Personajes de Santa Cruz <\/a><br \/>\n<a class=\"DOC\" href=\"https:\/\/www.museosantacruz.org\/Archivo\/Prg_SCruz_2007_01_02.pdf\" target=\"_blank\" rel=\"noopener\"><img loading=\"lazy\" decoding=\"async\" src=\"https:\/\/www.museosantacruz.org\/Archivo\/magnifier.gif\" alt=\"ver\" width=\"18\" height=\"17\" \/>Ver documento<\/a><\/p>\n<hr \/>\n<p><span style=\"color: #800000;\"><strong>Juli\u00e1n P\u00e1rraga<\/strong><\/span><br \/>\n<em>(sin firma) <\/em><br \/>\n1 p\u00e1g. 2 fotos<br \/>\nMaterias: <a class=\"MAT\">Personajes de Santa Cruz <\/a><br \/>\n<a class=\"DOC\" href=\"https:\/\/www.museosantacruz.org\/Archivo\/Prg_SCruz_2005_01_04.pdf\" target=\"_blank\" rel=\"noopener\"><img loading=\"lazy\" decoding=\"async\" src=\"https:\/\/www.museosantacruz.org\/Archivo\/magnifier.gif\" alt=\"ver\" width=\"18\" height=\"17\" \/>Ver documento<\/a><\/p>\n<hr \/>\n<p><span style=\"color: #800000;\"><strong>Juzgado Eclesi\u00e1stico: Emplazamiento a un vecino de Santa Cruz para que comparezca a conceder \u00f3 negar<br \/>\n\u00e1 su hija el consentimiento prevenido por la ley<\/strong><\/span><br \/>\n<em>(sin firma) <\/em><br \/>\n1 p.<br \/>\nMaterias: <a class=\"MAT\">Historia s. XIX | Iglesia y culto <\/a><br \/>\n<a class=\"DOC\" href=\"https:\/\/ww2.museosantacruz.org\/wp-content\/uploads\/2024\/04\/A00575-00578.pdf\" target=\"_blank\" rel=\"noopener\"><img loading=\"lazy\" decoding=\"async\" src=\"https:\/\/www.museosantacruz.org\/Archivo\/magnifier.gif\" alt=\"ver\" width=\"18\" height=\"17\" \/>Ver documento<\/a><\/p>\n<hr \/>\n<p><span style=\"color: #800000;\"><strong>La Orden de Santiago (sin t\u00edtulo)<\/strong><\/span><br \/>\n<em>(sin firma) <\/em><br \/>\n1 p\u00e1g. 1 documento, 1 mapa<br \/>\nMaterias: <a class=\"MAT\">Historia \u2013 Documentos | Historia s. XIII | Historia s. XIV | Historia s. XV | Orden de Santiago <\/a><br \/>\n<a class=\"DOC\" href=\"https:\/\/www.museosantacruz.org\/Archivo\/Prg_SCruz_1992_01_12.pdf\" target=\"_blank\" rel=\"noopener\"><img loading=\"lazy\" decoding=\"async\" src=\"https:\/\/www.museosantacruz.org\/Archivo\/magnifier.gif\" alt=\"ver\" width=\"18\" height=\"17\" \/>Ver documento<\/a><\/p>\n<hr \/>\n<p><span style=\"color: #800000;\"><strong>La quinta de 1973<\/strong><\/span><br \/>\n<em>(sin firma) <\/em><br \/>\n1 p\u00e1g. 1 foto<br \/>\nMaterias: <a class=\"MAT\">Personajes de Santa Cruz <\/a><br \/>\n<a class=\"DOC\" href=\"https:\/\/www.museosantacruz.org\/Archivo\/Prg_SCruz_2013_01_13.pdf\" target=\"_blank\" rel=\"noopener\"><img loading=\"lazy\" decoding=\"async\" src=\"https:\/\/www.museosantacruz.org\/Archivo\/magnifier.gif\" alt=\"ver\" width=\"18\" height=\"17\" \/>Ver documento<\/a><\/p>\n<hr \/>\n<p><span style=\"color: #800000;\"><strong>Letras de villancicos de Santa Cruz de la Zarza<\/strong><\/span><br \/>\n<em>(sin firma) <\/em><br \/>\n4 p\u00e1g. 3 fotos, 2 documentos<br \/>\nMaterias: <a class=\"MAT\">Etnograf\u00eda \u2013 Literatura popular | Etnograf\u00eda \u2013 M\u00fasica <\/a><br \/>\n<a class=\"DOC\" href=\"https:\/\/www.museosantacruz.org\/Archivo\/ACAME_Villancicos.pdf\" target=\"_blank\" rel=\"noopener\"><img loading=\"lazy\" decoding=\"async\" src=\"https:\/\/www.museosantacruz.org\/Archivo\/magnifier.gif\" alt=\"ver\" width=\"18\" height=\"17\" \/>Ver documento<\/a><\/p>\n<hr \/>\n<p><span style=\"color: #800000;\"><strong>Los Mayos<\/strong><\/span><br \/>\n<em>(sin firma) <\/em><br \/>\n2 p\u00e1g. Letra antigua y nueva del Mayo<br \/>\nMaterias: <a class=\"MAT\">Etnograf\u00eda \u2013 Literatura popular | Etnograf\u00eda \u2013 M\u00fasica <\/a><br \/>\n<a class=\"DOC\" href=\"https:\/\/www.museosantacruz.org\/Archivo\/ACAME_Los_Mayos.pdf\" target=\"_blank\" rel=\"noopener\"><img loading=\"lazy\" decoding=\"async\" src=\"https:\/\/www.museosantacruz.org\/Archivo\/magnifier.gif\" alt=\"ver\" width=\"18\" height=\"17\" \/>Ver documento<\/a><\/p>\n<hr \/>\n<p><span style=\"color: #800000;\"><strong>Mises de Santa Cruz<\/strong><\/span><br \/>\n<em>(sin firma) <\/em><br \/>\n1 p\u00e1g. 1 partitura musical<br \/>\nMaterias: <a class=\"MAT\">Etnograf\u00eda \u2013 Fiestas | Poes\u00eda <\/a><br \/>\n<a class=\"DOC\" href=\"https:\/\/www.museosantacruz.org\/Archivo\/Prg_SCruz_2005_01_06.pdf\" target=\"_blank\" rel=\"noopener\"><img loading=\"lazy\" decoding=\"async\" src=\"https:\/\/www.museosantacruz.org\/Archivo\/magnifier.gif\" alt=\"ver\" width=\"18\" height=\"17\" \/>Ver documento<\/a><\/p>\n<hr \/>\n<p><span style=\"color: #800000;\"><strong>Necrol\u00f3gica \u2013 Sr. D. Ceferi\u00f1o Chac\u00f3n, caballero de la orden de Alc\u00e1ntara, teniente coronel de caballer\u00eda retirado,<br \/>\ny gentilhombre de c\u00e1mara con entrada del Sr. D. Fernando VII.<\/strong><\/span><br \/>\n<em>(sin firma) <\/em><br \/>\n1 p.<br \/>\nMaterias: <a class=\"MAT\">Historia s. XIX | Ej\u00e9rcito y milicia | Personajes de Santa Cruz | <\/a><br \/>\n<a class=\"DOC\" href=\"https:\/\/ww2.museosantacruz.org\/wp-content\/uploads\/2024\/04\/A00003-000042.pdf\" target=\"_blank\" rel=\"noopener\"><img loading=\"lazy\" decoding=\"async\" src=\"https:\/\/www.museosantacruz.org\/Archivo\/magnifier.gif\" alt=\"ver\" width=\"18\" height=\"17\" \/>Ver documento<\/a><\/p>\n<hr \/>\n<p><span style=\"color: #800000;\"><strong>Nuestra Historia en Im\u00e1genes. \u201cRetratos\u201d<\/strong><\/span><br \/>\n<em>(sin firma) <\/em><br \/>\n2 p\u00e1g. 13 fotos<br \/>\nMaterias: <a class=\"MAT\">Fotograf\u00eda <\/a><br \/>\n<a class=\"DOC\" href=\"https:\/\/www.museosantacruz.org\/Archivo\/Prg_SCruz_2009_01_10.pdf\" target=\"_blank\" rel=\"noopener\"><img loading=\"lazy\" decoding=\"async\" src=\"https:\/\/www.museosantacruz.org\/Archivo\/magnifier.gif\" alt=\"ver\" width=\"18\" height=\"17\" \/>Ver documento<\/a><\/p>\n<hr \/>\n<p><span style=\"color: #800000;\"><strong>Nuestra Historia en Im\u00e1genes. \u201cRetratos\u201d<\/strong><\/span><br \/>\n<em>(sin firma) <\/em><br \/>\n5 p\u00e1g. 31 fotos<br \/>\nMaterias: <a class=\"MAT\">Fotograf\u00eda <\/a><br \/>\n<a class=\"DOC\" href=\"https:\/\/www.museosantacruz.org\/Archivo\/Prg_SCruz_2012_01_13.pdf\" target=\"_blank\" rel=\"noopener\"><img loading=\"lazy\" decoding=\"async\" src=\"https:\/\/www.museosantacruz.org\/Archivo\/magnifier.gif\" alt=\"ver\" width=\"18\" height=\"17\" \/>Ver documento<\/a><\/p>\n<hr \/>\n<p><span style=\"color: #800000;\"><strong>Nuestra Historia en Im\u00e1genes. \u201cRetratos\u201d<\/strong><\/span><br \/>\n<em>(sin firma) <\/em><br \/>\n14 p\u00e1g. 100 fotos<br \/>\nMaterias: <a class=\"MAT\">Fotograf\u00eda <\/a><br \/>\n<a class=\"DOC\" href=\"https:\/\/www.museosantacruz.org\/Archivo\/Prg_SCruz_2001_01_07.pdf\" target=\"_blank\" rel=\"noopener\"><img loading=\"lazy\" decoding=\"async\" src=\"https:\/\/www.museosantacruz.org\/Archivo\/magnifier.gif\" alt=\"ver\" width=\"18\" height=\"17\" \/>Ver documento<\/a><\/p>\n<hr \/>\n<p><span style=\"color: #800000;\"><strong>Nuestra Historia en Im\u00e1genes. \u201cRetratos\u201d<\/strong><\/span><br \/>\n<em>(sin firma) <\/em><br \/>\n10 p\u00e1g. 41 fotos<br \/>\nMaterias: <a class=\"MAT\">Fotograf\u00eda <\/a><br \/>\n<a class=\"DOC\" href=\"https:\/\/www.museosantacruz.org\/Archivo\/Prg_SCruz_2011_01_10.pdf\" target=\"_blank\" rel=\"noopener\"><img loading=\"lazy\" decoding=\"async\" src=\"https:\/\/www.museosantacruz.org\/Archivo\/magnifier.gif\" alt=\"ver\" width=\"18\" height=\"17\" \/>Ver documento<\/a><\/p>\n<hr \/>\n<p><span style=\"color: #800000;\"><strong>Nuestra Historia en Im\u00e1genes. \u201cRetratos\u201d<\/strong><\/span><br \/>\n<em>(sin firma) <\/em><br \/>\n2 p\u00e1g. 15 fotos<br \/>\nMaterias: <a class=\"MAT\">Fotograf\u00eda <\/a><br \/>\n<a class=\"DOC\" href=\"https:\/\/www.museosantacruz.org\/Archivo\/Prg_SCruz_2013_01_15.pdf\" target=\"_blank\" rel=\"noopener\"><img loading=\"lazy\" decoding=\"async\" src=\"https:\/\/www.museosantacruz.org\/Archivo\/magnifier.gif\" alt=\"ver\" width=\"18\" height=\"17\" \/>Ver documento<\/a><\/p>\n<hr \/>\n<p><span style=\"color: #800000;\"><strong>Nuestra Historia en Im\u00e1genes. \u201cRetratos\u201d<\/strong><\/span><br \/>\n<em>(sin firma) <\/em><br \/>\n15 p\u00e1g. 82 fotos<br \/>\nMaterias: <a class=\"MAT\">Fotograf\u00eda <\/a><br \/>\n<a class=\"DOC\" href=\"https:\/\/www.museosantacruz.org\/Archivo\/Prg_SCruz_2002_01_11.pdf\" target=\"_blank\" rel=\"noopener\"><img loading=\"lazy\" decoding=\"async\" src=\"https:\/\/www.museosantacruz.org\/Archivo\/magnifier.gif\" alt=\"ver\" width=\"18\" height=\"17\" \/>Ver documento<\/a><\/p>\n<hr \/>\n<p><span style=\"color: #800000;\"><strong>Nuestra Historia en Im\u00e1genes. \u201cRetratos\u201d<\/strong><\/span><br \/>\n<em>(sin firma) <\/em><br \/>\n6 p\u00e1g. 45 fotos<br \/>\nMaterias: <a class=\"MAT\">Fotograf\u00eda <\/a><br \/>\n<a class=\"DOC\" href=\"https:\/\/www.museosantacruz.org\/Archivo\/Prg_SCruz_1999_01_06.pdf\" target=\"_blank\" rel=\"noopener\"><img loading=\"lazy\" decoding=\"async\" src=\"https:\/\/www.museosantacruz.org\/Archivo\/magnifier.gif\" alt=\"ver\" width=\"18\" height=\"17\" \/>Ver documento<\/a><\/p>\n<hr \/>\n<p><span style=\"color: #800000;\"><strong>Nuestra Historia en Im\u00e1genes. \u201cRetratos\u201d<\/strong><\/span><br \/>\n<em>(sin firma) <\/em><br \/>\n14 p\u00e1g. 90 fotos<br \/>\nMaterias: <a class=\"MAT\">Fotograf\u00eda <\/a><br \/>\n<a class=\"DOC\" href=\"https:\/\/www.museosantacruz.org\/Archivo\/Prg_SCruz_2003_01_09.pdf\" target=\"_blank\" rel=\"noopener\"><img loading=\"lazy\" decoding=\"async\" src=\"https:\/\/www.museosantacruz.org\/Archivo\/magnifier.gif\" alt=\"ver\" width=\"18\" height=\"17\" \/>Ver documento<\/a><\/p>\n<hr \/>\n<p><span style=\"color: #800000;\"><strong>Nuestra Historia en Im\u00e1genes. \u201cRetratos\u201d<\/strong><\/span><br \/>\n<em>(sin firma) <\/em><br \/>\n10 p\u00e1g. 59 fotos<br \/>\nMaterias: <a class=\"MAT\">Fotograf\u00eda <\/a><br \/>\n<a class=\"DOC\" href=\"https:\/\/www.museosantacruz.org\/Archivo\/Prg_SCruz_2008_01_10.pdf\" target=\"_blank\" rel=\"noopener\"><img loading=\"lazy\" decoding=\"async\" src=\"https:\/\/www.museosantacruz.org\/Archivo\/magnifier.gif\" alt=\"ver\" width=\"18\" height=\"17\" \/>Ver documento<\/a><\/p>\n<hr \/>\n<p><span style=\"color: #800000;\"><strong>Nuestra Historia en Im\u00e1genes. \u201cRetratos\u201d<\/strong><\/span><br \/>\n<em>(sin firma) <\/em><br \/>\n8 p\u00e1g. 60 fotos<br \/>\nMaterias: <a class=\"MAT\">Fotograf\u00eda <\/a><br \/>\n<a class=\"DOC\" href=\"https:\/\/www.museosantacruz.org\/Archivo\/Prg_SCruz_2007_01_14.pdf\" target=\"_blank\" rel=\"noopener\"><img loading=\"lazy\" decoding=\"async\" src=\"https:\/\/www.museosantacruz.org\/Archivo\/magnifier.gif\" alt=\"ver\" width=\"18\" height=\"17\" \/>Ver documento<\/a><\/p>\n<hr \/>\n<p><span style=\"color: #800000;\"><strong>Nuestra Historia en Im\u00e1genes. \u201cRetratos\u201d<\/strong><\/span><br \/>\n<em>(sin firma) <\/em><br \/>\n16 p\u00e1g. 113 fotos<br \/>\nMaterias: <a class=\"MAT\">Fotograf\u00eda <\/a><br \/>\n<a class=\"DOC\" href=\"https:\/\/www.museosantacruz.org\/Archivo\/Prg_SCruz_2006_01_05.pdf\" target=\"_blank\" rel=\"noopener\"><img loading=\"lazy\" decoding=\"async\" src=\"https:\/\/www.museosantacruz.org\/Archivo\/magnifier.gif\" alt=\"ver\" width=\"18\" height=\"17\" \/>Ver documento<\/a><\/p>\n<hr \/>\n<p><span style=\"color: #800000;\"><strong>Nuestra Historia en Im\u00e1genes. \u201cRetratos\u201d<\/strong><\/span><br \/>\n<em>(sin firma) <\/em><br \/>\n15 p\u00e1g. 85 fotos<br \/>\nMaterias: <a class=\"MAT\">Fotograf\u00eda <\/a><br \/>\n<a class=\"DOC\" href=\"https:\/\/www.museosantacruz.org\/Archivo\/Prg_SCruz_2005_01_05.pdf\" target=\"_blank\" rel=\"noopener\"><img loading=\"lazy\" decoding=\"async\" src=\"https:\/\/www.museosantacruz.org\/Archivo\/magnifier.gif\" alt=\"ver\" width=\"18\" height=\"17\" \/>Ver documento<\/a><\/p>\n<hr \/>\n<p><span style=\"color: #800000;\"><strong>Nuestra Historia en Im\u00e1genes. \u201cRetratos\u201d<\/strong><\/span><br \/>\n<em>(sin firma) <\/em><br \/>\n14 p\u00e1g. 74 fotos<br \/>\nMaterias: <a class=\"MAT\">Fotograf\u00eda <\/a><br \/>\n<a class=\"DOC\" href=\"https:\/\/www.museosantacruz.org\/Archivo\/Prg_SCruz_2004_01_11.pdf\" target=\"_blank\" rel=\"noopener\"><img loading=\"lazy\" decoding=\"async\" src=\"https:\/\/www.museosantacruz.org\/Archivo\/magnifier.gif\" alt=\"ver\" width=\"18\" height=\"17\" \/>Ver documento<\/a><\/p>\n<hr \/>\n<p><span style=\"color: #800000;\"><strong>Nuestra Historia en Im\u00e1genes. \u201cRetratos\u201d<\/strong><\/span><br \/>\n<em>(sin firma) <\/em><br \/>\n10 p\u00e1g. 69 fotos<br \/>\nMaterias: <a class=\"MAT\">Fotograf\u00eda <\/a><br \/>\n<a class=\"DOC\" href=\"https:\/\/www.museosantacruz.org\/Archivo\/Prg_SCruz_2010_01_14.pdf\" target=\"_blank\" rel=\"noopener\"><img loading=\"lazy\" decoding=\"async\" src=\"https:\/\/www.museosantacruz.org\/Archivo\/magnifier.gif\" alt=\"ver\" width=\"18\" height=\"17\" \/>Ver documento<\/a><\/p>\n<hr \/>\n<p><span style=\"color: #800000;\"><strong>Nuestra Historia en Im\u00e1genes. \u201cRetratos\u201d<\/strong><\/span><br \/>\n<em>(sin firma) <\/em><br \/>\n1 p\u00e1g. 18 fotos<br \/>\nMaterias: <a class=\"MAT\">Fotograf\u00eda <\/a><br \/>\n<a class=\"DOC\" href=\"https:\/\/www.museosantacruz.org\/Archivo\/Prg_SCruz_1995_01_12.pdf\" target=\"_blank\" rel=\"noopener\"><img loading=\"lazy\" decoding=\"async\" src=\"https:\/\/www.museosantacruz.org\/Archivo\/magnifier.gif\" alt=\"ver\" width=\"18\" height=\"17\" \/>Ver documento<\/a><\/p>\n<hr \/>\n<p><span style=\"color: #800000;\"><strong>Nuestra Historia en Im\u00e1genes. \u201cRetratos\u201d<\/strong><\/span><br \/>\n<em>(sin firma) <\/em><br \/>\n7 p\u00e1g. 36 fotos<br \/>\nMaterias: <a class=\"MAT\">Fotograf\u00eda <\/a><br \/>\n<a class=\"DOC\" href=\"https:\/\/www.museosantacruz.org\/Archivo\/Prg_SCruz_1993_01_18.pdf\" target=\"_blank\" rel=\"noopener\"><img loading=\"lazy\" decoding=\"async\" src=\"https:\/\/www.museosantacruz.org\/Archivo\/magnifier.gif\" alt=\"ver\" width=\"18\" height=\"17\" \/>Ver documento<\/a><\/p>\n<hr \/>\n<p><span style=\"color: #800000;\"><strong>Nuestra Historia en Im\u00e1genes. \u201cRetratos\u201d<\/strong><\/span><br \/>\n<em>(sin firma) <\/em><br \/>\n23 p\u00e1g. 149 fotos<br \/>\nMaterias: <a class=\"MAT\">Fotograf\u00eda <\/a><br \/>\n<a class=\"DOC\" href=\"https:\/\/www.museosantacruz.org\/Archivo\/Prg_SCruz_1992_01_20.pdf\" target=\"_blank\" rel=\"noopener\"><img loading=\"lazy\" decoding=\"async\" src=\"https:\/\/www.museosantacruz.org\/Archivo\/magnifier.gif\" alt=\"ver\" width=\"18\" height=\"17\" \/>Ver documento<\/a><\/p>\n<hr \/>\n<p><span style=\"color: #800000;\"><strong>Nuestra Historia en Im\u00e1genes. \u201cRetratos\u201d<\/strong><\/span><br \/>\n<em>(sin firma) <\/em><br \/>\n9 p\u00e1g. 54 fotos<br \/>\nMaterias: <a class=\"MAT\">Fotograf\u00eda <\/a><br \/>\n<a class=\"DOC\" href=\"https:\/\/www.museosantacruz.org\/Archivo\/Prg_SCruz_1997_01_08.pdf\" target=\"_blank\" rel=\"noopener\"><img loading=\"lazy\" decoding=\"async\" src=\"https:\/\/www.museosantacruz.org\/Archivo\/magnifier.gif\" alt=\"ver\" width=\"18\" height=\"17\" \/>Ver documento<\/a><\/p>\n<hr \/>\n<p><span style=\"color: #800000;\"><strong>Nuestra Historia en Im\u00e1genes. \u201cRetratos\u201d<\/strong><\/span><br \/>\n<em>(sin firma) <\/em><br \/>\n5 p\u00e1g. 25 fotos<br \/>\nMaterias: <a class=\"MAT\">Fotograf\u00eda <\/a><br \/>\n<a class=\"DOC\" href=\"https:\/\/www.museosantacruz.org\/Archivo\/Prg_SCruz_1996_01_13.pdf\" target=\"_blank\" rel=\"noopener\"><img loading=\"lazy\" decoding=\"async\" src=\"https:\/\/www.museosantacruz.org\/Archivo\/magnifier.gif\" alt=\"ver\" width=\"18\" height=\"17\" \/>Ver documento<\/a><\/p>\n<hr \/>\n<p><span style=\"color: #800000;\"><strong>Nuestra Historia en Im\u00e1genes. \u201cRetratos\u201d<\/strong><\/span><br \/>\n<em>(sin firma) <\/em><br \/>\n3 p\u00e1g. 16 fotos<br \/>\nMaterias: <a class=\"MAT\">Fotograf\u00eda <\/a><br \/>\n<a class=\"DOC\" href=\"https:\/\/www.museosantacruz.org\/Archivo\/Prg_SCruz_1994_01_16.pdf\" target=\"_blank\" rel=\"noopener\"><img loading=\"lazy\" decoding=\"async\" src=\"https:\/\/www.museosantacruz.org\/Archivo\/magnifier.gif\" alt=\"ver\" width=\"18\" height=\"17\" \/>Ver documento<\/a><\/p>\n<hr \/>\n<p><span style=\"color: #800000;\"><strong>Nuestra Historia en Im\u00e1genes. \u201cRetratos\u201d<\/strong><\/span><br \/>\n<em>(sin firma) <\/em><br \/>\n6 p\u00e1g. 46 fotos<br \/>\nMaterias: <a class=\"MAT\">Fotograf\u00eda <\/a><br \/>\n<a class=\"DOC\" href=\"https:\/\/www.museosantacruz.org\/Archivo\/Prg_SCruz_1998_01_13.pdf\" target=\"_blank\" rel=\"noopener\"><img loading=\"lazy\" decoding=\"async\" src=\"https:\/\/www.museosantacruz.org\/Archivo\/magnifier.gif\" alt=\"ver\" width=\"18\" height=\"17\" \/>Ver documento<\/a><\/p>\n<hr \/>\n<p><span style=\"color: #800000;\"><strong>Nuestra Historia en Im\u00e1genes. \u201cRetratos\u201d<\/strong><\/span><br \/>\n<em>(sin firma) <\/em><br \/>\n11 p\u00e1g. 96 fotos<br \/>\nMaterias: <a class=\"MAT\">Fotograf\u00eda <\/a><br \/>\n<a class=\"DOC\" href=\"https:\/\/www.museosantacruz.org\/Archivo\/Prg_SCruz_2000_01_08.pdf\" target=\"_blank\" rel=\"noopener\"><img loading=\"lazy\" decoding=\"async\" src=\"https:\/\/www.museosantacruz.org\/Archivo\/magnifier.gif\" alt=\"ver\" width=\"18\" height=\"17\" \/>Ver documento<\/a><\/p>\n<hr \/>\n<p><span style=\"color: #800000;\"><strong>Padr\u00f3n de 1808. Alistamiento general de todos los varones vecino de esta villa desde la edad de 16 a 40 a\u00f1os y Proclama de la Junta Permanente de Toledo<\/strong><\/span><br \/>\n<em>(sin firma)<br \/>\n<\/em>Materias: <a class=\"MAT\">Historia \u2013 Documentos | Historia s. XIX \u2013 Guerra de Independencia | Ej\u00e9rcito y milicia |<br \/>\n<\/a><strong>Original digitalizado. <\/strong>31 p. dobles.\u00a0 <a class=\"DOC\" href=\"https:\/\/ww2.museosantacruz.org\/wp-content\/uploads\/2017\/05\/Texto-del-Padr\u00f3n-de-1808.pdf\" target=\"_blank\" rel=\"noopener\"><img loading=\"lazy\" decoding=\"async\" src=\"https:\/\/www.museosantacruz.org\/Archivo\/magnifier.gif\" alt=\"ver\" width=\"18\" height=\"17\" \/> Ver documento<\/a><br \/>\n<strong>Transcripci\u00f3n <\/strong>60 p.\u00a0 <a class=\"DOC\" href=\"http:\/\/ww2.museosantacruz.org\/wp-content\/uploads\/2017\/05\/Padron1808.pdf\" target=\"_blank\" rel=\"noopener\"><img loading=\"lazy\" decoding=\"async\" src=\"https:\/\/www.museosantacruz.org\/Archivo\/magnifier.gif\" alt=\"ver\" width=\"18\" height=\"17\" \/> Ver documento<\/a><br \/>\n<strong>Tabla en Excel del Padr\u00f3n.<\/strong> Permite buscar, filtrar y ordenar los datos por diferentes criterios. <a class=\"DOC\" href=\"https:\/\/ww2.museosantacruz.org\/wp-content\/uploads\/2017\/05\/Padron_1808.xlsx\" target=\"_blank\" rel=\"noopener\"><img loading=\"lazy\" decoding=\"async\" src=\"https:\/\/www.museosantacruz.org\/Archivo\/magnifier.gif\" alt=\"ver\" width=\"18\" height=\"17\" \/> Ver documento<\/a><\/p>\n<hr \/>\n<p><span style=\"color: #800000;\"><strong>Padr\u00f3n de Santa Cruz de la Zarza (Servicios, Industrias y Comercios) en el a\u00f1o 1924<\/strong><\/span><br \/>\n<em>(sin firma) <\/em><br \/>\n1 p\u00e1g.<br \/>\nMaterias: <a class=\"MAT\">Econom\u00eda, industria y comercio <\/a><br \/>\n<a class=\"DOC\" href=\"https:\/\/www.museosantacruz.org\/Archivo\/Prg_SCruz_1990_01_20.pdf\" target=\"_blank\" rel=\"noopener\"><img loading=\"lazy\" decoding=\"async\" src=\"https:\/\/www.museosantacruz.org\/Archivo\/magnifier.gif\" alt=\"ver\" width=\"18\" height=\"17\" \/>Ver documento<\/a><\/p>\n<hr \/>\n<p><span style=\"color: #800000;\"><strong>Plano Cartogr\u00e1fico de Santa Cruz de la Zarza (Toledo). A\u00f1o 1989<\/strong><\/span><br \/>\n<em>(sin firma) <\/em><br \/>\n2 p\u00e1g. Plano a doble p\u00e1gina<br \/>\nMaterias: <a class=\"MAT\">Etnograf\u00eda \u2013 Toponimia local | Historia s. XX <\/a><br \/>\n<a class=\"DOC\" href=\"https:\/\/www.museosantacruz.org\/Archivo\/Prg_SCruz_1994_01_05.pdf\" target=\"_blank\" rel=\"noopener\"><img loading=\"lazy\" decoding=\"async\" src=\"https:\/\/www.museosantacruz.org\/Archivo\/magnifier.gif\" alt=\"ver\" width=\"18\" height=\"17\" \/>Ver documento<\/a><\/p>\n<hr \/>\n<p><span style=\"color: #800000;\"><strong>Plano Topogr\u00e1fico de Santa Cruz de la Zarza (Toledo). A\u00f1o 1879<\/strong><\/span><br \/>\n<em>(sin firma) <\/em><br \/>\n2 p\u00e1g. Plano a doble p\u00e1gina<br \/>\nMaterias: <a class=\"MAT\">Etnograf\u00eda \u2013 Toponimia local | Historia s. XIX <\/a><br \/>\n<a class=\"DOC\" href=\"https:\/\/www.museosantacruz.org\/Archivo\/Prg_SCruz_1994_01_03.pdf\" target=\"_blank\" rel=\"noopener\"><img loading=\"lazy\" decoding=\"async\" src=\"https:\/\/www.museosantacruz.org\/Archivo\/magnifier.gif\" alt=\"ver\" width=\"18\" height=\"17\" \/>Ver documento<\/a><\/p>\n<hr \/>\n<p><span style=\"color: #800000;\"><strong>Plano de 1880 \u2013 Edificios P\u00fablicos<\/strong><\/span><br \/>\n<em>(sin firma)<\/em><br \/>\n1 p\u00e1g. Iglesias de Santiago y San Miguel, Hospital y Teatro y Ayuntamiento<br \/>\nMaterias: <a class=\"MAT\">Historia s. XIX <\/a><br \/>\n<a class=\"DOC\" href=\"https:\/\/ww2.museosantacruz.org\/wp-content\/uploads\/2017\/04\/Plano1880EdificiosPublicos.pdf\" target=\"_blank\" rel=\"noopener\"><img loading=\"lazy\" decoding=\"async\" src=\"https:\/\/www.museosantacruz.org\/Archivo\/magnifier.gif\" alt=\"ver\" width=\"18\" height=\"17\" \/> Ver documento<\/a><\/p>\n<hr \/>\n<p><span style=\"color: #800000;\"><strong>Plano de 1880 &#8211; Iglesia de Santiago, Plaza y Barrio Abajo<\/strong><\/span><br \/>\n<em>(sin firma)<\/em><br \/>\n1 p\u00e1g. Plano de 1880 &#8211; Iglesia de Santiago, Plaza y Barrio Abajo<br \/>\nMaterias: <a class=\"MAT\">Historia s. XIX <\/a><br \/>\n<a class=\"DOC\" href=\"https:\/\/ww2.museosantacruz.org\/wp-content\/uploads\/2017\/04\/Plano1880SantiagoArrabal.pdf\" target=\"_blank\" rel=\"noopener\"><img loading=\"lazy\" decoding=\"async\" src=\"https:\/\/www.museosantacruz.org\/Archivo\/magnifier.gif\" alt=\"ver\" width=\"18\" height=\"17\" \/> Ver documento<\/a><\/p>\n<hr \/>\n<p><span style=\"color: #800000;\"><strong>Plano de 1880 &#8211; Arrabal<\/strong><\/span><br \/>\n<em>(sin firma)<\/em><br \/>\n1 p\u00e1g. Plano de 1880 &#8211; Arrabal<br \/>\nMaterias: <a class=\"MAT\">Historia s. XIX <\/a><br \/>\n<a class=\"DOC\" href=\"https:\/\/ww2.museosantacruz.org\/wp-content\/uploads\/2017\/04\/Plano1880Arrabal.pdf\" target=\"_blank\" rel=\"noopener\"><img loading=\"lazy\" decoding=\"async\" src=\"https:\/\/www.museosantacruz.org\/Archivo\/magnifier.gif\" alt=\"ver\" width=\"18\" height=\"17\" \/> Ver documento<\/a><\/p>\n<hr \/>\n<p><span style=\"color: #800000;\"><strong>Plano de 1880 &#8211; San Miguel y calle Llano<\/strong><\/span><br \/>\n<em>(sin firma)<\/em><br \/>\n1 p\u00e1g. Plano de 1880 &#8211; San Miguel y calle Llano<br \/>\nMaterias: <a class=\"MAT\">Historia s. XIX <\/a><br \/>\n<a class=\"DOC\" href=\"https:\/\/ww2.museosantacruz.org\/wp-content\/uploads\/2017\/04\/Plano1880SanMiguelLlano.pdf\" target=\"_blank\" rel=\"noopener\"><img loading=\"lazy\" decoding=\"async\" src=\"https:\/\/www.museosantacruz.org\/Archivo\/magnifier.gif\" alt=\"ver\" width=\"18\" height=\"17\" \/> Ver documento<\/a><\/p>\n<hr \/>\n<p><span style=\"color: #800000;\"><strong>Plano de 1880 &#8211; Calle Mayor y Coso<\/strong><\/span><br \/>\n<em>(sin firma)<\/em><br \/>\n1 p\u00e1g. Plano de 1880 &#8211; Calle Mayor y Coso<br \/>\nMaterias: <a class=\"MAT\">Historia s. XIX <\/a><br \/>\n<a class=\"DOC\" href=\"https:\/\/ww2.museosantacruz.org\/wp-content\/uploads\/2017\/04\/Plano1880MayorCoso.pdf\" target=\"_blank\" rel=\"noopener\"><img loading=\"lazy\" decoding=\"async\" src=\"https:\/\/www.museosantacruz.org\/Archivo\/magnifier.gif\" alt=\"ver\" width=\"18\" height=\"17\" \/> Ver documento<\/a><\/p>\n<hr \/>\n<p><span style=\"color: #800000;\"><strong>Plano de 1880 &#8211; Topograf\u00eda y nivelaci\u00f3n<\/strong><\/span><br \/>\n<em>(sin firma)<\/em><br \/>\n1 p\u00e1g. Plano de 1880 &#8211; Topograf\u00eda y nivelaci\u00f3n<br \/>\nMaterias: <a class=\"MAT\">Historia s. XIX <\/a><br \/>\n<a class=\"DOC\" href=\"https:\/\/ww2.museosantacruz.org\/wp-content\/uploads\/2017\/04\/Plano1880Nivelacion.pdf\" target=\"_blank\" rel=\"noopener\"><img loading=\"lazy\" decoding=\"async\" src=\"https:\/\/www.museosantacruz.org\/Archivo\/magnifier.gif\" alt=\"ver\" width=\"18\" height=\"17\" \/> Ver documento<\/a><\/p>\n<hr \/>\n<p><span style=\"color: #800000;\"><strong>Plano de 1880 &#8211; Iglesia de Santiago<\/strong><\/span><br \/>\n<em>(sin firma)<\/em><br \/>\n1 p\u00e1g. Plano de 1880 &#8211; Iglesia de Santiago<br \/>\nMaterias: <a class=\"MAT\">Historia s. XIX <\/a><br \/>\n<a class=\"DOC\" href=\"https:\/\/ww2.museosantacruz.org\/wp-content\/uploads\/2017\/04\/Plano1881IglesiaSantiago.pdf\" target=\"_blank\" rel=\"noopener\"><img loading=\"lazy\" decoding=\"async\" src=\"https:\/\/www.museosantacruz.org\/Archivo\/magnifier.gif\" alt=\"ver\" width=\"18\" height=\"17\" \/> Ver documento<\/a><\/p>\n<hr \/>\n<p><span style=\"color: #800000;\"><strong>Plano de 1880 &#8211; Manzanas<\/strong><\/span><br \/>\n<em>(sin firma)<\/em><br \/>\n1 p\u00e1g. Plano de 1880 &#8211; Manzanas<br \/>\nMaterias: <a class=\"MAT\">Historia s. XIX <\/a><br \/>\n<a class=\"DOC\" href=\"https:\/\/ww2.museosantacruz.org\/wp-content\/uploads\/2017\/04\/Plano1881Manzanas.pdf\" target=\"_blank\" rel=\"noopener\"><img loading=\"lazy\" decoding=\"async\" src=\"https:\/\/www.museosantacruz.org\/Archivo\/magnifier.gif\" alt=\"ver\" width=\"18\" height=\"17\" \/> Ver documento<\/a><\/p>\n<hr \/>\n<p><span style=\"color: #800000;\"><strong>Plano de 1880 &#8211; Plano General<\/strong><\/span><br \/>\n<em>(sin firma)<\/em><br \/>\n1 p\u00e1g. Plano General de 1880, reconstruido a partir de las diferentes secciones (D. Urbina)<br \/>\nMaterias: <a class=\"MAT\">Historia s. XIX <\/a><br \/>\n<a class=\"DOC\" href=\"https:\/\/ww2.museosantacruz.org\/wp-content\/uploads\/2017\/04\/Plano1880General.pdf\" target=\"_blank\" rel=\"noopener\"><img loading=\"lazy\" decoding=\"async\" src=\"https:\/\/www.museosantacruz.org\/Archivo\/magnifier.gif\" alt=\"ver\" width=\"18\" height=\"17\" \/> Ver documento<\/a><\/p>\n<hr \/>\n<p><span style=\"color: #800000;\"><strong>Presupuesto vigente 1931<\/strong><\/span><br \/>\n<em>(sin firma) <\/em><br \/>\n1 p\u00e1g. 1 documento<br \/>\nMaterias: <a class=\"MAT\">Hacienda y tributos | Historia \u2013 Documentos | Historia s. XX | <\/a><br \/>\n<a class=\"DOC\" href=\"https:\/\/www.museosantacruz.org\/Archivo\/Prg_SCruz_2004_01_09.pdf\" target=\"_blank\" rel=\"noopener\"><img loading=\"lazy\" decoding=\"async\" src=\"https:\/\/www.museosantacruz.org\/Archivo\/magnifier.gif\" alt=\"ver\" width=\"18\" height=\"17\" \/>Ver documento<\/a><\/p>\n<hr \/>\n<p><span style=\"color: #800000;\"><strong>Programa de los ex\u00e1menes de educaci\u00f3n primaria celebrados en esta villa en los dias 20 y 22 del corriente mes (1844)<\/strong><\/span><br \/>\n<em>(sin firma) <\/em><br \/>\n1 p.<br \/>\nMaterias: Educaci\u00f3n y escuelas\u00a0<a class=\"MAT\"> |\u00a0<\/a><a class=\"MAT\">Historia s. XIX | <\/a><br \/>\n<a class=\"DOC\" href=\"https:\/\/ww2.museosantacruz.org\/wp-content\/uploads\/2024\/05\/A00002-00003.pdf\" target=\"_blank\" rel=\"noopener\" data-wp-editing=\"1\"><img loading=\"lazy\" decoding=\"async\" src=\"https:\/\/www.museosantacruz.org\/Archivo\/magnifier.gif\" alt=\"ver\" width=\"18\" height=\"17\" data-wp-editing=\"1\" \/> Ver documento<\/a><\/p>\n<hr \/>\n<p><span style=\"color: #800000;\"><strong>Programa de Teatro (1926)<\/strong><\/span><br \/>\n<em>(sin firma) <\/em><br \/>\n1 p\u00e1g. 1 documento (1926)<br \/>\nMaterias: <a class=\"MAT\">Instituciones \u2013 Asociaciones culturales | Cine y Teatro <\/a><br \/>\n<a class=\"DOC\" href=\"https:\/\/www.museosantacruz.org\/Archivo\/Prg_SCruz_1991_01_19.pdf\" target=\"_blank\" rel=\"noopener\"><img loading=\"lazy\" decoding=\"async\" src=\"https:\/\/www.museosantacruz.org\/Archivo\/magnifier.gif\" alt=\"ver\" width=\"18\" height=\"17\" \/>Ver documento<\/a><\/p>\n<hr \/>\n<p><span style=\"color: #800000;\"><strong>Protocolo (fotos de Santa Cruz)<\/strong><\/span><br \/>\n<em>(sin firma) <\/em><br \/>\n3 p\u00e1g. 4 fotos<br \/>\nMaterias: <a class=\"MAT\">Fotograf\u00eda <\/a><br \/>\n<a class=\"DOC\" href=\"https:\/\/www.museosantacruz.org\/Archivo\/Prg_SCruz_1991_01_02.pdf\" target=\"_blank\" rel=\"noopener\"><img loading=\"lazy\" decoding=\"async\" src=\"https:\/\/www.museosantacruz.org\/Archivo\/magnifier.gif\" alt=\"ver\" width=\"18\" height=\"17\" \/>Ver documento<\/a><\/p>\n<hr \/>\n<p><span style=\"color: #800000;\"><strong>Providencia judicial de emplazamiento a D. Rafael Ga\u00ednza sobre la adjudicaci\u00f3n de un molino harinero<br \/>\ncon seis piedras perteneciente a los propios del pueblo de Santa Cruz de la Zarza, situado en la margen del<br \/>\nrio Tajo y dehesa (Mayo de 1860)<\/strong><\/span><br \/>\n<em>(sin firma) <\/em><br \/>\n1 p.<br \/>\nMaterias: <a class=\"MAT\">Historia s. XIX | Instituciones \u2013 Ayuntamiento <\/a><br \/>\n<a class=\"DOC\" href=\"https:\/\/ww2.museosantacruz.org\/wp-content\/uploads\/2024\/04\/A00003-000032.pdf\" target=\"_blank\" rel=\"noopener\"><img loading=\"lazy\" decoding=\"async\" src=\"https:\/\/www.museosantacruz.org\/Archivo\/magnifier.gif\" alt=\"ver\" width=\"18\" height=\"17\" \/>Ver documento<\/a><\/p>\n<hr \/>\n<p><span style=\"color: #800000;\"><strong>Providencia judicial de emplazamiento a quienes se crean con derechos a los bienes de la capellan\u00eda<br \/>\nde la iglesia parroquial\u2026 fundada por Melchor Alonso Melero \u2026 por fallecimiento del presb\u00edtero<br \/>\nTom\u00e1s Timoteo Alonso (8 de Mayo de 1848)<\/strong><\/span><br \/>\n<em>(sin firma) <\/em><br \/>\n1 p.<br \/>\nMaterias: <a class=\"MAT\">Historia s. XIX | Iglesia \u2013 Cofrad\u00edas <\/a><br \/>\n<a class=\"DOC\" href=\"https:\/\/ww2.museosantacruz.org\/wp-content\/uploads\/2024\/04\/A00003-00003.pdf\" target=\"_blank\" rel=\"noopener\"><img loading=\"lazy\" decoding=\"async\" src=\"https:\/\/www.museosantacruz.org\/Archivo\/magnifier.gif\" alt=\"ver\" width=\"18\" height=\"17\" \/>Ver documento<\/a><\/p>\n<hr \/>\n<p><span style=\"color: #800000;\"><strong>Providencia judicial\u2026 de quienes se crean con derecho \u00e1 los bienes que ha dejado \u00e1 su fallecimiento<br \/>\nDo\u00f1a Mar\u00eda Redondo, hermana que fue del difunto D. Benito Redondo, cura\u2026 de San Miguel de la villa de<br \/>\nSanta Cruz de la Zarza (26 de Abril de 1854)<\/strong><\/span><br \/>\n<em>(sin firma) <\/em><br \/>\n1 p.<br \/>\nMaterias: <a class=\"MAT\">Historia s. XIX | Iglesia \u2013 Cofrad\u00edas <\/a><br \/>\n<a class=\"DOC\" href=\"https:\/\/ww2.museosantacruz.org\/wp-content\/uploads\/2024\/04\/A00003-000044.pdf\" target=\"_blank\" rel=\"noopener\"><img loading=\"lazy\" decoding=\"async\" src=\"https:\/\/www.museosantacruz.org\/Archivo\/magnifier.gif\" alt=\"ver\" width=\"18\" height=\"17\" \/>Ver documento<\/a><\/p>\n<hr \/>\n<p><span style=\"color: #800000;\"><strong>Providencia judicial\u2026 Emplazamiento a Felipe Garc\u00eda \u201cel Valenciando\u201d\u2026 por causa criminal del robo y muerte<br \/>\nviolenta \u00e1 Venancio Torrijos, vecino de Cruz de la Zarza (12 de Noviembre de 1844)<\/strong><\/span><br \/>\n<em>(sin firma) <\/em><br \/>\n1 p.<br \/>\nMaterias: <a class=\"MAT\">Historia s. XIX | Iglesia \u2013 Cofrad\u00edas <\/a><br \/>\n<a class=\"DOC\" href=\"https:\/\/ww2.museosantacruz.org\/wp-content\/uploads\/2024\/04\/A00004-000043.pdf\" target=\"_blank\" rel=\"noopener\"><img loading=\"lazy\" decoding=\"async\" src=\"https:\/\/www.museosantacruz.org\/Archivo\/magnifier.gif\" alt=\"ver\" width=\"18\" height=\"17\" \/>Ver documento<\/a><\/p>\n<hr \/>\n<p><span style=\"color: #800000;\"><strong>Proyecto de Murall\u00f3n de la Barca<\/strong><\/span><br \/>\n<em>(sin firma) <\/em><br \/>\n2 p\u00e1g. Sin texto; 3 fotos; 3 manuscritos<br \/>\nMaterias: <a class=\"MAT\">Historia \u2013 Documentos | Historia s. XVIII | Obras p\u00fablicas y proyectos | <\/a><br \/>\n<a class=\"DOC\" href=\"https:\/\/www.museosantacruz.org\/Archivo\/Prg_SCruz_1998_01_01.pdf\" target=\"_blank\" rel=\"noopener\"><img loading=\"lazy\" decoding=\"async\" src=\"https:\/\/www.museosantacruz.org\/Archivo\/magnifier.gif\" alt=\"ver\" width=\"18\" height=\"17\" \/>Ver documento<\/a><\/p>\n<hr \/>\n<p><span style=\"color: #800000;\"><strong>Proyecto de recuperaci\u00f3n de construcciones singulares en el campo de Santa Cruz de la Zarza: los chozos y los s\u00f3tanos<\/strong><\/span><br \/>\n<em>(sin firma) <\/em><br \/>\n20 p\u00e1g. 20 fotos; 5 planos.<br \/>\nMaterias: <a class=\"MAT\">Etnograf\u00eda \u2013 Arquitectura popular <\/a><br \/>\n<a class=\"DOC\" href=\"https:\/\/www.museosantacruz.org\/Archivo\/Prg_SCruz_2000_01_03.pdf\" target=\"_blank\" rel=\"noopener\"><img loading=\"lazy\" decoding=\"async\" src=\"https:\/\/www.museosantacruz.org\/Archivo\/magnifier.gif\" alt=\"ver\" width=\"18\" height=\"17\" \/>Ver documento<\/a><\/p>\n<hr \/>\n<p><span style=\"color: #800000;\"><strong> P\u00fablica subasta de edificios\u2026 e instalaci\u00f3n de una aguada en Villatobas y and\u00e9n central de la estaci\u00f3n ampliada<br \/>\nde Santa Cruz de la Zarza, del ferrocarril Villaca\u00f1as-Santa Cruz de la Zarza (7 de enero de 1942) <\/strong><\/span><br \/>\n<em>(sin firma) <\/em><br \/>\n3 p.<br \/>\nMaterias: <a class=\"MAT\">Historia s. XX | Medios de transporte | Obras p\u00fablicas y proyectos | <\/a><br \/>\n<a class=\"DOC\" href=\"https:\/\/ww2.museosantacruz.org\/wp-content\/uploads\/2024\/04\/A00559-00561.pdf\" target=\"_blank\" rel=\"noopener\"><img loading=\"lazy\" decoding=\"async\" src=\"https:\/\/www.museosantacruz.org\/Archivo\/magnifier.gif\" alt=\"ver\" width=\"18\" height=\"17\" \/>Ver documento<\/a><\/p>\n<hr \/>\n<p><span style=\"color: #800000;\"><strong> P\u00fablica subasta de las obras de los trozos 1\u00ba, 2\u00ba y 3.\u00b0 entre Oca\u00f1a y el t\u00e9rmino de Santa Cruz, de la carretera<br \/>\nde tercer \u00f3rden de Oca\u00f1a \u00e1 Santa Cruz de la Zarza (17 de Julio de 1879) <\/strong><\/span><br \/>\n<em>(sin firma) <\/em><br \/>\n1 p.<br \/>\nMaterias: <a class=\"MAT\">Historia s. XIX | Medios de transporte | Obras p\u00fablicas y proyectos | <\/a><br \/>\n<a class=\"DOC\" href=\"https:\/\/ww2.museosantacruz.org\/wp-content\/uploads\/2024\/04\/A00331-00331.pdf\" target=\"_blank\" rel=\"noopener\"><img loading=\"lazy\" decoding=\"async\" src=\"https:\/\/www.museosantacruz.org\/Archivo\/magnifier.gif\" alt=\"ver\" width=\"18\" height=\"17\" \/>Ver documento<\/a><\/p>\n<hr \/>\n<p><span style=\"color: #800000;\"><strong>P\u00fablica Subasta de las obras nuevas del trozo 4.\u00b0 de la carretera de tercer \u00f3rden de Oca\u00f1a \u00e1<br \/>\nSanta Cruz de la Zarza (28 de Septiembre de 1875).<\/strong><\/span><br \/>\n<em>(sin firma) <\/em><br \/>\n1 p.<br \/>\nMaterias: <a class=\"MAT\">Historia s. XIX | Medios de transporte | Obras p\u00fablicas y proyectos | <\/a><br \/>\n<a class=\"DOC\" href=\"https:\/\/ww2.museosantacruz.org\/wp-content\/uploads\/2024\/04\/A00015-00015.pdf\" target=\"_blank\" rel=\"noopener\"><img loading=\"lazy\" decoding=\"async\" src=\"https:\/\/www.museosantacruz.org\/Archivo\/magnifier.gif\" alt=\"ver\" width=\"18\" height=\"17\" \/>Ver documento<\/a><\/p>\n<hr \/>\n<p><span style=\"color: #800000;\"><strong>P\u00fablica subasta de las obras que restan por ejecutar en la carretera de tercer \u00f3rden de Tarancon<br \/>\n\u00e1 Santa Cruz de la Zarza, cuyo presupuesto es de 63.480<\/strong><\/span><br \/>\n<em>(sin firma) <\/em><br \/>\n1 p.<br \/>\nMaterias: <a class=\"MAT\">Historia s. XIX | Medios de transporte | Obras p\u00fablicas y proyectos | <\/a><br \/>\n<a class=\"DOC\" href=\"https:\/\/ww2.museosantacruz.org\/wp-content\/uploads\/2024\/04\/A00392-00392.pdf\" target=\"_blank\" rel=\"noopener\"><img loading=\"lazy\" decoding=\"async\" src=\"https:\/\/www.museosantacruz.org\/Archivo\/magnifier.gif\" alt=\"ver\" width=\"18\" height=\"17\" \/>Ver documento<\/a><\/p>\n<hr \/>\n<p><span style=\"color: #800000;\"><strong>P\u00fablica Subasta de una casa, sita en la villa de Santa Cruz de la Zarza, calle Mayor, entrando en la plaza,<br \/>\npropia de los herederos de D. Isidoro Pabon, que \u00e1 su fallecimiento fue tasada en 20,000 rs. ,<br \/>\ny en 2.249 las tinajas en la bodega (Marzo de 1846)<\/strong><\/span><br \/>\n<em>(sin firma) <\/em><br \/>\n1 p.<br \/>\nMaterias: <a class=\"MAT\">Historia s. XIX <\/a><br \/>\n<a class=\"DOC\" href=\"https:\/\/ww2.museosantacruz.org\/wp-content\/uploads\/2024\/04\/A00004-000045.pdf\" target=\"_blank\" rel=\"noopener\"><img loading=\"lazy\" decoding=\"async\" src=\"https:\/\/www.museosantacruz.org\/Archivo\/magnifier.gif\" alt=\"ver\" width=\"18\" height=\"17\" \/>Ver documento<\/a><\/p>\n<hr \/>\n<p><span style=\"color: #800000;\"><strong>Quinta Muestra de Arte<\/strong><\/span><br \/>\n<em>(sin firma) <\/em><br \/>\n2 p\u00e1g. 6 fotos<br \/>\nMaterias: <a class=\"MAT\">Fotograf\u00eda <\/a><br \/>\n<a class=\"DOC\" href=\"https:\/\/www.museosantacruz.org\/Archivo\/Prg_SCruz_2012_01_01.pdf\" target=\"_blank\" rel=\"noopener\"><img loading=\"lazy\" decoding=\"async\" src=\"https:\/\/www.museosantacruz.org\/Archivo\/magnifier.gif\" alt=\"ver\" width=\"18\" height=\"17\" \/>Ver documento<\/a><\/p>\n<hr \/>\n<p><span style=\"color: #800000;\"><strong>Real decreto que establece el r\u00e9gimen fiscal de la Sociedad de Socorros Mutuos \u201cEl Porvenir Obrero\u201d (15 de febrero de 1913)<\/strong><\/span><br \/>\n<em>(sin firma) <\/em><br \/>\n2 p\u00e1g.<br \/>\nMaterias: <a class=\"MAT\">Historia \u2013 Documentos | Historia s. XX | Instituciones \u2013 Sindicatos y Patronales | Salud, sanidad y servicios<br \/>\n<\/a><a class=\"DOC\" href=\"https:\/\/www.museosantacruz.org\/Archivo\/GACETA-00767.pdf\" target=\"_blank\" rel=\"noopener\"><img loading=\"lazy\" decoding=\"async\" src=\"https:\/\/www.museosantacruz.org\/Archivo\/magnifier.gif\" alt=\"ver\" width=\"18\" height=\"17\" \/>Ver documento<\/a><\/p>\n<hr \/>\n<p><span style=\"color: #800000;\"><strong>Real orden de suspensi\u00f3n del Alcalde y nueve concejales del Ayuntamiento (10 de diciembre de 1899)<\/strong><\/span><br \/>\n<em>(sin firma) <\/em><br \/>\n1 p\u00e1g.<br \/>\nMaterias: <a class=\"MAT\">Historia \u2013 Documentos | Historia s. XIX | Instituciones \u2013 Ayuntamiento | <\/a><br \/>\n<a class=\"DOC\" href=\"https:\/\/www.museosantacruz.org\/Archivo\/GACETA-00907.pdf\" target=\"_blank\" rel=\"noopener\"><img loading=\"lazy\" decoding=\"async\" src=\"https:\/\/www.museosantacruz.org\/Archivo\/magnifier.gif\" alt=\"ver\" width=\"18\" height=\"17\" \/>Ver documento<\/a><\/p>\n<hr \/>\n<p><span style=\"color: #800000;\"><strong>Reconstrucci\u00f3n de la torre del reloj en la Casa Ayuntamiento de la Villa de Santa Cruz de la Zarza (1922)<\/strong><\/span><br \/>\n<em>(sin firma) <\/em><br \/>\n1 p\u00e1g. 1 plano<br \/>\nMaterias: <a class=\"MAT\">Arquitectura \u2013 Edificios notables | Obras p\u00fablicas y proyectos <\/a><br \/>\n<a class=\"DOC\" href=\"https:\/\/www.museosantacruz.org\/Archivo\/Prg_SCruz_1989_01_04.pdf\" target=\"_blank\" rel=\"noopener\"><img loading=\"lazy\" decoding=\"async\" src=\"https:\/\/www.museosantacruz.org\/Archivo\/magnifier.gif\" alt=\"ver\" width=\"18\" height=\"17\" \/>Ver documento<\/a><\/p>\n<hr \/>\n<p><span style=\"color: #800000;\"><strong>Rehabilitaci\u00f3n de la concesi\u00f3n otorgada a don Manuel D\u00edaz Mart\u00ednez-Aedo para aprovechar aguas del rio Tajo,<br \/>\nen t\u00e9rmino de Santa Cruz de la Zarza<\/strong><\/span><br \/>\n<em>(sin firma) <\/em><br \/>\n1 p.<br \/>\nMaterias: <a class=\"MAT\">Historia s. XX | Agricultura y Ganader\u00eda <\/a><br \/>\n<a class=\"DOC\" href=\"https:\/\/ww2.museosantacruz.org\/wp-content\/uploads\/2024\/04\/A04310-04310.pdf\" target=\"_blank\" rel=\"noopener\"><img loading=\"lazy\" decoding=\"async\" src=\"https:\/\/www.museosantacruz.org\/Archivo\/magnifier.gif\" alt=\"ver\" width=\"18\" height=\"17\" \/>Ver documento<\/a><\/p>\n<hr \/>\n<p><span style=\"color: #800000;\"><strong>Relaci\u00f3n de vecinos [\u2026] que han ostentado cargos de representaci\u00f3n en la estructura agraria\u2026<br \/>\ndesde primeros de siglo a nuestros d\u00edas<\/strong><\/span><br \/>\n<em>(sin firma) <\/em><br \/>\n5 p\u00e1g. Listado de representantes en entidades agrarias. 3 fotos, 3 ilustraciones<br \/>\nMaterias: <a class=\"MAT\">Agricultura y Ganader\u00eda | Instituciones \u2013 Sindicatos y Patronales <\/a><br \/>\n<a class=\"DOC\" href=\"https:\/\/www.museosantacruz.org\/Archivo\/Prg_SCruz_1992_01_13.pdf\" target=\"_blank\" rel=\"noopener\"><img loading=\"lazy\" decoding=\"async\" src=\"https:\/\/www.museosantacruz.org\/Archivo\/magnifier.gif\" alt=\"ver\" width=\"18\" height=\"17\" \/>Ver documento<\/a><\/p>\n<hr \/>\n<p><span style=\"color: #800000;\"><strong>Remate de subasta de un molino harinero con 6 piedras, perteneciente \u00e1 los propios de Santa Cruz de la Zarza,<br \/>\nsituado en la margen del rio Tajo<\/strong><\/span><br \/>\n<em>(sin firma) <\/em><br \/>\n1 p.<br \/>\nMaterias: <a class=\"MAT\">Historia s. XIX | Instituciones \u2013 Ayuntamiento <\/a><br \/>\n<a class=\"DOC\" href=\"https:\/\/ww2.museosantacruz.org\/wp-content\/uploads\/2024\/04\/A00002-00004.pdf\" target=\"_blank\" rel=\"noopener\"><img loading=\"lazy\" decoding=\"async\" src=\"https:\/\/www.museosantacruz.org\/Archivo\/magnifier.gif\" alt=\"ver\" width=\"18\" height=\"17\" \/>Ver documento<\/a><\/p>\n<hr \/>\n<p><span style=\"color: #800000;\"><strong> Rese\u00f1a de D. Pedro M\u00e9ndez de Avil\u00e9s, adelantado de la Florida, comendador de Santa Cruz de la Zarza,<br \/>\nde la Orden de Santiago, Capit\u00e1n General de la Mar Oc\u00e9ano\u2026 <\/strong><\/span><br \/>\n<em>(sin firma) <\/em><br \/>\n1 p.<br \/>\nMaterias: <a class=\"MAT\">Historia s. XIX | Ej\u00e9rcito y milicia | Personajes de Santa Cruz | <\/a><br \/>\n<a class=\"DOC\" href=\"https:\/\/ww2.museosantacruz.org\/wp-content\/uploads\/2024\/04\/A00003-000043.pdf\" target=\"_blank\" rel=\"noopener\"><img loading=\"lazy\" decoding=\"async\" src=\"https:\/\/www.museosantacruz.org\/Archivo\/magnifier.gif\" alt=\"ver\" width=\"18\" height=\"17\" \/>Ver documento<\/a><\/p>\n<hr \/>\n<p><span style=\"color: #800000;\"><strong>Reuni\u00f3n en la Casa Consistorial, siendo Alcalde D. Leovigildo Teruel S\u00e1nchez, de Patronos Labradores y Obreros \u201cMozos de Labranza\u201d\u2026<\/strong><\/span><br \/>\n<em>(sin firma) <\/em><br \/>\n1 p\u00e1g. 1 documento, 1 foto<br \/>\nMaterias: <a class=\"MAT\">Agricultura y Ganader\u00eda | Historia \u2013 Documentos | Instituciones \u2013 Sindicatos y Patronales | <\/a><br \/>\n<a class=\"DOC\" href=\"https:\/\/www.museosantacruz.org\/Archivo\/Prg_SCruz_1992_01_14.pdf\" target=\"_blank\" rel=\"noopener\"><img loading=\"lazy\" decoding=\"async\" src=\"https:\/\/www.museosantacruz.org\/Archivo\/magnifier.gif\" alt=\"ver\" width=\"18\" height=\"17\" \/>Ver documento<\/a><\/p>\n<hr \/>\n<p><span style=\"color: #800000;\"><strong>Santa Cruz (foto a\u00e9rea 1991)<\/strong><\/span><br \/>\n<em>(sin firma) <\/em><br \/>\n1 p\u00e1g. 1 foto a\u00e9rea a doble p\u00e1gina<br \/>\nMaterias: <a class=\"MAT\">Fotograf\u00eda <\/a><br \/>\n<a class=\"DOC\" href=\"https:\/\/www.museosantacruz.org\/Archivo\/Prg_SCruz_1991_01_06.pdf\" target=\"_blank\" rel=\"noopener\"><img loading=\"lazy\" decoding=\"async\" src=\"https:\/\/www.museosantacruz.org\/Archivo\/magnifier.gif\" alt=\"ver\" width=\"18\" height=\"17\" \/>Ver documento<\/a><\/p>\n<hr \/>\n<p><span style=\"color: #800000;\"><strong>Santa Cruz (foto a\u00e9rea, 1991)<\/strong><\/span><br \/>\n<em>(sin firma) <\/em><br \/>\n2 p\u00e1g. 1 foto a\u00e9rea a doble p\u00e1gina<br \/>\nMaterias: <a class=\"MAT\">Fotograf\u00eda <\/a><br \/>\n<a class=\"DOC\" href=\"https:\/\/www.museosantacruz.org\/Archivo\/Prg_SCruz_1991_01_06.pdf\" target=\"_blank\" rel=\"noopener\"><img loading=\"lazy\" decoding=\"async\" src=\"https:\/\/www.museosantacruz.org\/Archivo\/magnifier.gif\" alt=\"ver\" width=\"18\" height=\"17\" \/>Ver documento<\/a><\/p>\n<hr \/>\n<p><span style=\"color: #800000;\"><strong>Santa Cruz de la Zarza (foto a\u00e9rea)<\/strong><\/span><br \/>\n<em>(sin firma) <\/em><br \/>\n1 p\u00e1g. 1 foto a\u00e9rea a doble p\u00e1gina<br \/>\nMaterias: <a class=\"MAT\">Fotograf\u00eda <\/a><br \/>\n<a class=\"DOC\" href=\"https:\/\/www.museosantacruz.org\/Archivo\/Prg_SCruz_1990_01_09.pdf\" target=\"_blank\" rel=\"noopener\"><img loading=\"lazy\" decoding=\"async\" src=\"https:\/\/www.museosantacruz.org\/Archivo\/magnifier.gif\" alt=\"ver\" width=\"18\" height=\"17\" \/>Ver documento<\/a><\/p>\n<hr \/>\n<p><span style=\"color: #800000;\"><strong>Santa Cruz de la Zarza (Toledo) en 1993 (fotograf\u00eda a\u00e9rea)<\/strong><\/span><br \/>\n<em>(sin firma) <\/em><br \/>\n2 p\u00e1g. 1 foto a\u00e9rea a doble p\u00e1gina<br \/>\nMaterias: <a class=\"MAT\">Fotograf\u00eda <\/a><br \/>\n<a class=\"DOC\" href=\"https:\/\/www.museosantacruz.org\/Archivo\/Prg_SCruz_1993_01_04.pdf\" target=\"_blank\" rel=\"noopener\"><img loading=\"lazy\" decoding=\"async\" src=\"https:\/\/www.museosantacruz.org\/Archivo\/magnifier.gif\" alt=\"ver\" width=\"18\" height=\"17\" \/>Ver documento<\/a><\/p>\n<hr \/>\n<p><span style=\"color: #800000;\"><strong>Santa Cruz de la Zarza conserva su historia (fotos)<\/strong><\/span><br \/>\n<em>(sin firma) <\/em><br \/>\n3 p\u00e1g. 13 fotos<br \/>\nMaterias: <a class=\"MAT\">Arquitectura \u2013 Edificios notables | Fotograf\u00eda <\/a><br \/>\n<a class=\"DOC\" href=\"https:\/\/www.museosantacruz.org\/Archivo\/Prg_SCruz_1995_01_07.pdf\" target=\"_blank\" rel=\"noopener\"><img loading=\"lazy\" decoding=\"async\" src=\"https:\/\/www.museosantacruz.org\/Archivo\/magnifier.gif\" alt=\"ver\" width=\"18\" height=\"17\" \/>Ver documento<\/a><\/p>\n<hr \/>\n<p><span style=\"color: #800000;\"><strong>Santa Cruz de la Zarza conserva su Historia (Fotos)<\/strong><\/span><br \/>\n<em>(sin firma) <\/em><br \/>\n2 p\u00e1g. 4 fotos<br \/>\nMaterias: <a class=\"MAT\">Etnograf\u00eda \u2013 Tradiciones y costumbres <\/a><br \/>\n<a class=\"DOC\" href=\"https:\/\/www.museosantacruz.org\/Archivo\/Prg_SCruz_1996_01_12.pdf\" target=\"_blank\" rel=\"noopener\"><img loading=\"lazy\" decoding=\"async\" src=\"https:\/\/www.museosantacruz.org\/Archivo\/magnifier.gif\" alt=\"ver\" width=\"18\" height=\"17\" \/>Ver documento<\/a><\/p>\n<hr \/>\n<p><span style=\"color: #800000;\"><strong>Santa Cruz, fotograf\u00eda a\u00e9rea 1936 (sin t\u00edtulo)<\/strong><\/span><br \/>\n<em>(sin firma) <\/em><br \/>\n1 p\u00e1g. 1 foto a\u00e9rea. En pie de foto: 19936, Eduardo Rivas Garc\u00eda<br \/>\nMaterias: <a class=\"MAT\">Fotograf\u00eda <\/a><br \/>\n<a class=\"DOC\" href=\"https:\/\/www.museosantacruz.org\/Archivo\/Prg_SCruz_1989_01_02.pdf\" target=\"_blank\" rel=\"noopener\"><img loading=\"lazy\" decoding=\"async\" src=\"https:\/\/www.museosantacruz.org\/Archivo\/magnifier.gif\" alt=\"ver\" width=\"18\" height=\"17\" \/>Ver documento<\/a><\/p>\n<hr \/>\n<p><span style=\"color: #800000;\"><strong>Santa Cruz, fotograf\u00eda a\u00e9rea 1989 (sin t\u00edtulo)<\/strong><\/span><br \/>\n<em>(sin firma) <\/em><br \/>\n1 p\u00e1g. 1 foto a\u00e9rea a doble p\u00e1gina<br \/>\nMaterias: <a class=\"MAT\">Fotograf\u00eda <\/a><br \/>\n<a class=\"DOC\" href=\"https:\/\/www.museosantacruz.org\/Archivo\/Prg_SCruz_1989_01_01.pdf\" target=\"_blank\" rel=\"noopener\"><img loading=\"lazy\" decoding=\"async\" src=\"https:\/\/www.museosantacruz.org\/Archivo\/magnifier.gif\" alt=\"ver\" width=\"18\" height=\"17\" \/>Ver documento<\/a><\/p>\n<hr \/>\n<p><span style=\"color: #800000;\"><strong>Segunda Muestra de Arte<\/strong><\/span><br \/>\n<em>(sin firma) <\/em><br \/>\n2 p\u00e1g. 9 fotos<br \/>\nMaterias: <a class=\"MAT\">Fotograf\u00eda <\/a><br \/>\n<a class=\"DOC\" href=\"https:\/\/www.museosantacruz.org\/Archivo\/Prg_SCruz_2009_01_01.pdf\" target=\"_blank\" rel=\"noopener\"><img loading=\"lazy\" decoding=\"async\" src=\"https:\/\/www.museosantacruz.org\/Archivo\/magnifier.gif\" alt=\"ver\" width=\"18\" height=\"17\" \/>Ver documento<\/a><\/p>\n<hr \/>\n<p><span style=\"color: #800000;\"><strong>Sexta Muestra de Arte<\/strong><\/span><br \/>\n<em>(sin firma) <\/em><br \/>\n2 p\u00e1g. 6 fotos<br \/>\nMaterias: <a class=\"MAT\">Fotograf\u00eda <\/a><br \/>\n<a class=\"DOC\" href=\"https:\/\/www.museosantacruz.org\/Archivo\/Prg_SCruz_2013_01_02.pdf\" target=\"_blank\" rel=\"noopener\"><img loading=\"lazy\" decoding=\"async\" src=\"https:\/\/www.museosantacruz.org\/Archivo\/magnifier.gif\" alt=\"ver\" width=\"18\" height=\"17\" \/>Ver documento<\/a><\/p>\n<hr \/>\n<p><span style=\"color: #800000;\"><strong> Siete hombres sospechosos se aproximaban \u00e1 esta provincia por la parte de la de Cuenca,<br \/>\nse han puesto en movimiento\u2026 las Milicias de Villatobas y Santa Cruz de la Zarza y la<br \/>\nGuardia civil de la l\u00ednea de Valencia (5 de Julio de 1855). <\/strong><\/span><br \/>\n<em>(sin firma) <\/em><br \/>\n1 p.<br \/>\nMaterias: <a class=\"MAT\">Historia s. XIX | Ej\u00e9rcito y milicia <\/a><br \/>\n<a class=\"DOC\" href=\"https:\/\/ww2.museosantacruz.org\/wp-content\/uploads\/2024\/04\/A00002-000021.pdf\" target=\"_blank\" rel=\"noopener\"><img loading=\"lazy\" decoding=\"async\" src=\"https:\/\/www.museosantacruz.org\/Archivo\/magnifier.gif\" alt=\"ver\" width=\"18\" height=\"17\" \/>Ver documento<\/a><\/p>\n<hr \/>\n<p><span style=\"color: #800000;\"><strong>Solicitud de autorizaci\u00f3n para procesar al Alcalde de Santa Cruz de la Zarza por abuso de autoridad (1858)<\/strong><\/span><br \/>\n<em>(sin firma) <\/em><br \/>\n1 p\u00e1g.<br \/>\nMaterias: <a class=\"MAT\">Historia s. XIX | Instituciones \u2013 Ayuntamiento <\/a><br \/>\n<a class=\"DOC\" href=\"https:\/\/ww2.museosantacruz.org\/wp-content\/uploads\/2024\/04\/A00001-000013.pdf\" target=\"_blank\" rel=\"noopener\"><img loading=\"lazy\" decoding=\"async\" src=\"https:\/\/www.museosantacruz.org\/Archivo\/magnifier.gif\" alt=\"ver\" width=\"18\" height=\"17\" \/>Ver documento<\/a><\/p>\n<hr \/>\n<p><span style=\"color: #800000;\"><strong>Sorteo celebrado para adjudicar el premio de 695 pesetas concedido \u00e1 las hu\u00e9rfanas de militares y patriotas<br \/>\nmuertos en la pasada guerra civil. Primer premio Santa Cruz de la Zarza<\/strong><\/span><br \/>\n<em>(sin firma) <\/em><br \/>\n1 p.<br \/>\nMaterias: <a class=\"MAT\">Historia s. XIX | Ej\u00e9rcito y milicia <\/a><br \/>\n<a class=\"DOC\" href=\"https:\/\/ww2.museosantacruz.org\/wp-content\/uploads\/2024\/04\/A00412-00412.pdf\" target=\"_blank\" rel=\"noopener\"><img loading=\"lazy\" decoding=\"async\" src=\"https:\/\/www.museosantacruz.org\/Archivo\/magnifier.gif\" alt=\"ver\" width=\"18\" height=\"17\" \/>Ver documento<\/a><\/p>\n<hr \/>\n<p><span style=\"color: #800000;\"><strong>Subasta de obras de reparo en un molino harinero de los propios de Santa Cruz de la Zarza,<br \/>\nsituado en la margen del rio Tajo (17 de Agosto de 1843)<\/strong><\/span><br \/>\n<em>(sin firma) <\/em><br \/>\n1 p.<br \/>\nMaterias: <a class=\"MAT\">Historia s. XIX | Instituciones \u2013 Ayuntamiento | Hacienda y tributos | Econom\u00eda, industria y comercio <\/a><br \/>\n<a class=\"DOC\" href=\"https:\/\/ww2.museosantacruz.org\/wp-content\/uploads\/2024\/04\/A00004-000042.pdf\" target=\"_blank\" rel=\"noopener\"><img loading=\"lazy\" decoding=\"async\" src=\"https:\/\/www.museosantacruz.org\/Archivo\/magnifier.gif\" alt=\"ver\" width=\"18\" height=\"17\" \/>Ver documento<\/a><\/p>\n<hr \/>\n<p><span style=\"color: #800000;\"><strong>Subasta para la adjudicaci\u00f3n de las obras del proyecto de \u00abEdificios complementarios del ferrocarril<br \/>\nde Villaca\u00f1as a Santa Cruz de la Zarza\u201d (31 de Mayo de 1954).<\/strong><\/span><br \/>\n<em>(sin firma) <\/em><br \/>\n1 p.<br \/>\nMaterias: <a class=\"MAT\">Historia s. XX | Medios de transporte | Obras p\u00fablicas y proyectos | <\/a><br \/>\n<a class=\"DOC\" href=\"https:\/\/ww2.museosantacruz.org\/wp-content\/uploads\/2024\/04\/A03939-03939.pdf\" target=\"_blank\" rel=\"noopener\"><img loading=\"lazy\" decoding=\"async\" src=\"https:\/\/www.museosantacruz.org\/Archivo\/magnifier.gif\" alt=\"ver\" width=\"18\" height=\"17\" \/>Ver documento<\/a><\/p>\n<hr \/>\n<p><span style=\"color: #800000;\"><strong>Sugetos aprehendidos por voluntarios realistas de este pueblo, por haber interceptado la correspondencia (18 de agosto de 1823)<\/strong><\/span><br \/>\n<em>(sin firma) <\/em><br \/>\n1 p\u00e1g. Noticia del arresto de soldados de la partida de Francisco Abad Moreno \u201cel Chaleco\u201d, Comandante General de La Mancha.<br \/>\nMaterias: <a class=\"MAT\">Historia \u2013 Documentos | Historia s. XIX <\/a><br \/>\n<a class=\"DOC\" href=\"https:\/\/www.museosantacruz.org\/Archivo\/GACETA-00298.pdf\" target=\"_blank\" rel=\"noopener\"><img loading=\"lazy\" decoding=\"async\" src=\"https:\/\/www.museosantacruz.org\/Archivo\/magnifier.gif\" alt=\"ver\" width=\"18\" height=\"17\" \/>Ver documento<\/a><\/p>\n<hr \/>\n<p><span style=\"color: #800000;\"><strong>Sujetos aprehendidos en la villa y t\u00e9rmino\u2026 que, con otro que se fug\u00f3, caminaban juntos \u00e1 caballo,<br \/>\ncon armas prohibidas, pasaportes falsos y en blanco\u2026<\/strong><\/span><br \/>\n<em>(sin firma) <\/em><br \/>\n1 p.<br \/>\nMaterias: <a class=\"MAT\">Historia s. XIX | Ej\u00e9rcito y milicia <\/a><br \/>\n<a class=\"DOC\" href=\"https:\/\/ww2.museosantacruz.org\/wp-content\/uploads\/2024\/04\/A00001-000012.pdf\" target=\"_blank\" rel=\"noopener\"><img loading=\"lazy\" decoding=\"async\" src=\"https:\/\/www.museosantacruz.org\/Archivo\/magnifier.gif\" alt=\"ver\" width=\"18\" height=\"17\" \/>Ver documento<\/a><\/p>\n<hr \/>\n<p><span style=\"color: #800000;\"><strong>Teatro en Santa Cruz de La Zarza<\/strong><\/span><br \/>\n<em>(sin firma) <\/em><br \/>\n3 p\u00e1g. 14 fotos<br \/>\nMaterias: <a class=\"MAT\">Cine y Teatro <\/a><br \/>\n<a class=\"DOC\" href=\"https:\/\/www.museosantacruz.org\/Archivo\/Prg_SCruz_2008_01_08.pdf\" target=\"_blank\" rel=\"noopener\"><img loading=\"lazy\" decoding=\"async\" src=\"https:\/\/www.museosantacruz.org\/Archivo\/magnifier.gif\" alt=\"ver\" width=\"18\" height=\"17\" \/>Ver documento<\/a><\/p>\n<hr \/>\n<p><span style=\"color: #800000;\"><strong>Tercera muestra de Arte<\/strong><\/span><br \/>\n<em>(sin firma) <\/em><br \/>\n4 p\u00e1g. 12 fotos<br \/>\nMaterias: <a class=\"MAT\">Fotograf\u00eda <\/a><br \/>\n<a class=\"DOC\" href=\"https:\/\/www.museosantacruz.org\/Archivo\/Prg_SCruz_2010_01_01.pdf\" target=\"_blank\" rel=\"noopener\"><img loading=\"lazy\" decoding=\"async\" src=\"https:\/\/www.museosantacruz.org\/Archivo\/magnifier.gif\" alt=\"ver\" width=\"18\" height=\"17\" \/>Ver documento<\/a><\/p>\n<hr \/>\n<p><span style=\"color: #800000;\"><strong>Testimonio de nuestro pueblo en im\u00e1genes<\/strong><\/span><br \/>\n<em>(sin firma) <\/em><br \/>\n19 p\u00e1g. 126 fotos<br \/>\nMaterias: <a class=\"MAT\">Fotograf\u00eda <\/a><br \/>\n<a class=\"DOC\" href=\"https:\/\/www.museosantacruz.org\/Archivo\/Prg_SCruz_1991_01_22.pdf\" target=\"_blank\" rel=\"noopener\"><img loading=\"lazy\" decoding=\"async\" src=\"https:\/\/www.museosantacruz.org\/Archivo\/magnifier.gif\" alt=\"ver\" width=\"18\" height=\"17\" \/>Ver documento<\/a><\/p>\n<hr \/>\n<p><span style=\"color: #800000;\"><strong>Tres documentos curiosos de \u201cLa Gaceta de Madrid\u201d<\/strong><\/span><br \/>\n<em>(sin firma) <\/em><br \/>\n5 p\u00e1g. El bautizo de un ni\u00f1o ingl\u00e9s. Muerte del obispo de Adramito. Suspensi\u00f3n del Alcalde y 9 Concejales.<br \/>\nMaterias: <a class=\"MAT\">Historia \u2013 Documentos | Historia s. XIX | Instituciones \u2013 Ayuntamiento | <\/a><br \/>\n<a class=\"DOC\" href=\"https:\/\/www.museosantacruz.org\/Archivo\/ACAME_Gaceta.pdf\" target=\"_blank\" rel=\"noopener\"><img loading=\"lazy\" decoding=\"async\" src=\"https:\/\/www.museosantacruz.org\/Archivo\/magnifier.gif\" alt=\"ver\" width=\"18\" height=\"17\" \/>Ver documento<\/a><\/p>\n<hr \/>\n<p><span style=\"color: #800000;\"><strong>Vecinos [\u2026] que han ostentado cargos en: Cortes Generales, Gobiernos Civiles, Pres. Tribunal de Cuentas,<br \/>\nDiputaciones y Cons. de Ministros<\/strong><\/span><br \/>\n<em>(sin firma) <\/em><br \/>\n2 p\u00e1g. 4 fotos, 4 documentos<br \/>\nMaterias: <a class=\"MAT\">Historia s. XX | Instituciones \u2013 Gobierno espa\u00f1ol | Personajes de Santa Cruz | <\/a><br \/>\n<a class=\"DOC\" href=\"https:\/\/www.museosantacruz.org\/Archivo\/Prg_SCruz_1990_01_17.pdf\" target=\"_blank\" rel=\"noopener\"><img loading=\"lazy\" decoding=\"async\" src=\"https:\/\/www.museosantacruz.org\/Archivo\/magnifier.gif\" alt=\"ver\" width=\"18\" height=\"17\" \/>Ver documento<\/a><\/p>\n<hr \/>\n<p><span style=\"color: #800000;\"><strong>Vecinos de esta Villa que ocuparon el cargo de Juez de paz entre 1871-1990<\/strong><\/span><br \/>\n<em>(sin firma) <\/em><br \/>\n1 p\u00e1g. 1 foto<br \/>\nMaterias: <a class=\"MAT\">Instituciones \u2013 Ayuntamiento <\/a><br \/>\n<a class=\"DOC\" href=\"https:\/\/www.museosantacruz.org\/Archivo\/Prg_SCruz_1990_01_18.pdf\" target=\"_blank\" rel=\"noopener\"><img loading=\"lazy\" decoding=\"async\" src=\"https:\/\/www.museosantacruz.org\/Archivo\/magnifier.gif\" alt=\"ver\" width=\"18\" height=\"17\" \/>Ver documento<\/a><\/p>\n<hr \/>\n<p><span style=\"color: #800000;\"><strong>Viage de Espa\u00f1a<\/strong><\/span><br \/>\n<em>(sin firma) <\/em><br \/>\n2 p\u00e1g. 1 ilustraci\u00f3n<br \/>\nMaterias: <a class=\"MAT\">Historia \u2013 Documentos | Historia s. XVIII <\/a><br \/>\n<a class=\"DOC\" href=\"https:\/\/www.museosantacruz.org\/Archivo\/Prg_SCruz_2012_01_10.pdf\" target=\"_blank\" rel=\"noopener\"><img loading=\"lazy\" decoding=\"async\" src=\"https:\/\/www.museosantacruz.org\/Archivo\/magnifier.gif\" alt=\"ver\" width=\"18\" height=\"17\" \/>Ver documento<\/a><\/p>\n<hr \/>\n<p><center><a id=\"An\u00f3nimo\" name=\"2\"><\/a><a class=\"INDAUTORES\" href=\"#ARRIBA\" target=\"_self\" rel=\"noopener\"><span style=\"color: #000000;\"><img decoding=\"async\" src=\"https:\/\/www.museosantacruz.org\/Archivo\/flecha_arriba.png\" alt=\"15\" width=\"15\" \/><strong>An\u00f3nimo<\/strong><\/span><\/a><\/center><span style=\"color: #800000;\"><strong>Gozos a Nuestra Se\u00f1ora de Villaverde<\/strong><\/span><br \/>\n<em>An\u00f3nimo <\/em><br \/>\n1 p\u00e1g. 1 ilustraci\u00f3n<br \/>\nMaterias: <a class=\"MAT\">Iglesia y culto | Poes\u00eda <\/a><br \/>\n<a class=\"DOC\" href=\"https:\/\/www.museosantacruz.org\/Archivo\/Prg_SCruz_2007_01_12.pdf\" target=\"_blank\" rel=\"noopener\"><img loading=\"lazy\" decoding=\"async\" src=\"https:\/\/www.museosantacruz.org\/Archivo\/magnifier.gif\" alt=\"ver\" width=\"18\" height=\"17\" \/>Ver documento<\/a><\/p>\n<hr \/>\n<p><span style=\"color: #800000;\"><strong>Mensajeros que volaron<\/strong><\/span><br \/>\n<em>An\u00f3nimo <\/em><br \/>\n1 p\u00e1g.<br \/>\nMaterias: <a class=\"MAT\">Poes\u00eda <\/a><br \/>\n<a class=\"DOC\" href=\"https:\/\/www.museosantacruz.org\/Archivo\/Prg_SCruz_2008_01_04a.pdf\" target=\"_blank\" rel=\"noopener\"><img loading=\"lazy\" decoding=\"async\" src=\"https:\/\/www.museosantacruz.org\/Archivo\/magnifier.gif\" alt=\"ver\" width=\"18\" height=\"17\" \/>Ver documento<\/a><\/p>\n<hr \/>\n<p><span style=\"color: #800000;\"><strong>Novena de Nuestra Se\u00f1ora de las Tribulaciones y Paz<\/strong><\/span><br \/>\n<em>An\u00f3nimo <\/em><br \/>\n2 p\u00e1g. Original facilitado por Flora Medina Arias; 1 foto<br \/>\nMaterias: <a class=\"MAT\">Iglesia \u2013 Cofrad\u00edas | Iglesia y culto | Poes\u00eda | <\/a><br \/>\n<a class=\"DOC\" href=\"https:\/\/www.museosantacruz.org\/Archivo\/Prg_SCruz_1996_01_08.pdf\" target=\"_blank\" rel=\"noopener\"><img loading=\"lazy\" decoding=\"async\" src=\"https:\/\/www.museosantacruz.org\/Archivo\/magnifier.gif\" alt=\"ver\" width=\"18\" height=\"17\" \/>Ver documento<\/a><\/p>\n<hr \/>\n<p><center><a id=\"Almarza Caballero, Santiago\" name=\"4\"><\/a><a class=\"INDAUTORES\" href=\"#ARRIBA\" target=\"_self\" rel=\"noopener\"><strong><span style=\"color: #000000;\"><img decoding=\"async\" src=\"https:\/\/www.museosantacruz.org\/Archivo\/flecha_arriba.png\" alt=\"15\" width=\"15\" \/>Almarza Caballero, Santiago<\/span><\/strong><\/a><\/center><span style=\"color: #800000;\"><strong>Adi\u00f3s a Jos\u00e9 Ces\u00e1reo<\/strong><\/span><br \/>\n<em>Almarza Caballero, Santiago <\/em><br \/>\n1 p\u00e1g. 1 foto, 1 caricatura de S. Almarza<br \/>\nMaterias: <a class=\"MAT\">Personajes de Santa Cruz | Poes\u00eda <\/a><br \/>\n<a class=\"DOC\" href=\"https:\/\/www.museosantacruz.org\/Archivo\/Prg_SCruz_1991_01_03.pdf\" target=\"_blank\" rel=\"noopener\"><img loading=\"lazy\" decoding=\"async\" src=\"https:\/\/www.museosantacruz.org\/Archivo\/magnifier.gif\" alt=\"ver\" width=\"18\" height=\"17\" \/>Ver documento<\/a><\/p>\n<hr \/>\n<p><span style=\"color: #800000;\"><strong>Caras conocidas (caricaturas)<\/strong><\/span><br \/>\n<em>Almarza Caballero, Santiago <\/em><br \/>\n2 p\u00e1g. 10 caricaturas de Santiago Almarza<br \/>\nMaterias: <a class=\"MAT\">Arte \u2013 Pintura | Humor | Personajes de Santa Cruz | <\/a><br \/>\n<a class=\"DOC\" href=\"https:\/\/www.museosantacruz.org\/Archivo\/Prg_SCruz_1993_01_06.pdf\" target=\"_blank\" rel=\"noopener\"><img loading=\"lazy\" decoding=\"async\" src=\"https:\/\/www.museosantacruz.org\/Archivo\/magnifier.gif\" alt=\"ver\" width=\"18\" height=\"17\" \/>Ver documento<\/a><\/p>\n<hr \/>\n<p><span style=\"color: #800000;\"><strong>Caras conocidas (caricaturas)<\/strong><\/span><br \/>\n<em>Almarza Caballero, Santiago <\/em><br \/>\n1 p\u00e1g. 6 caricaturas de S. Almarza<br \/>\nMaterias: <a class=\"MAT\">Arte \u2013 Pintura | Humor | Personajes de Santa Cruz | <\/a><br \/>\n<a class=\"DOC\" href=\"https:\/\/www.museosantacruz.org\/Archivo\/Prg_SCruz_1995_01_08.pdf\" target=\"_blank\" rel=\"noopener\"><img loading=\"lazy\" decoding=\"async\" src=\"https:\/\/www.museosantacruz.org\/Archivo\/magnifier.gif\" alt=\"ver\" width=\"18\" height=\"17\" \/>Ver documento<\/a><\/p>\n<hr \/>\n<p><span style=\"color: #800000;\"><strong>Caras conocidas (caricaturas)<\/strong><\/span><br \/>\n<em>Almarza Caballero, Santiago <\/em><br \/>\n2 p\u00e1g. 10 caricaturas (Santiago Almarza)<br \/>\nMaterias: <a class=\"MAT\">Arte \u2013 Pintura | Humor | Personajes de Santa Cruz | <\/a><br \/>\n<a class=\"DOC\" href=\"https:\/\/www.museosantacruz.org\/Archivo\/Prg_SCruz_1994_01_12.pdf\" target=\"_blank\" rel=\"noopener\"><img loading=\"lazy\" decoding=\"async\" src=\"https:\/\/www.museosantacruz.org\/Archivo\/magnifier.gif\" alt=\"ver\" width=\"18\" height=\"17\" \/>Ver documento<\/a><\/p>\n<hr \/>\n<p><span style=\"color: #800000;\"><strong>Chispa callejera<\/strong><\/span><br \/>\n<em>Almarza Caballero, Santiago <\/em><br \/>\n1 p\u00e1g. 1 foto<br \/>\nMaterias: <a class=\"MAT\">Etnograf\u00eda \u2013 Toponimia local | Humor <\/a><br \/>\n<a class=\"DOC\" href=\"https:\/\/www.museosantacruz.org\/Archivo\/Prg_SCruz_1992_01_04.pdf\" target=\"_blank\" rel=\"noopener\"><img loading=\"lazy\" decoding=\"async\" src=\"https:\/\/www.museosantacruz.org\/Archivo\/magnifier.gif\" alt=\"ver\" width=\"18\" height=\"17\" \/>Ver documento<\/a><\/p>\n<hr \/>\n<p><span style=\"color: #800000;\"><strong>El sabor de mi pueblo<\/strong><\/span><br \/>\n<em>Almarza Caballero, Santiago <\/em><br \/>\n1 p\u00e1g. Montaje con fotos de Jos\u00e9 Ces\u00e1reo S\u00e1nchez<br \/>\nMaterias: <a class=\"MAT\">Poes\u00eda <\/a><br \/>\n<a class=\"DOC\" href=\"https:\/\/www.museosantacruz.org\/Archivo\/Prg_SCruz_1989_01_03.pdf\" target=\"_blank\" rel=\"noopener\"><img loading=\"lazy\" decoding=\"async\" src=\"https:\/\/www.museosantacruz.org\/Archivo\/magnifier.gif\" alt=\"ver\" width=\"18\" height=\"17\" \/>Ver documento<\/a><\/p>\n<hr \/>\n<p><span style=\"color: #800000;\"><strong>Recordando a Lucio<\/strong><\/span><br \/>\n<em>Almarza Caballero, Santiago <\/em><br \/>\n1 p\u00e1g. 1 caricatura (Santiago Almarza)<br \/>\nMaterias: <a class=\"MAT\">Personajes de Santa Cruz | Poes\u00eda <\/a><br \/>\n<a class=\"DOC\" href=\"https:\/\/www.museosantacruz.org\/Archivo\/Prg_SCruz_1998_01_10.pdf\" target=\"_blank\" rel=\"noopener\"><img loading=\"lazy\" decoding=\"async\" src=\"https:\/\/www.museosantacruz.org\/Archivo\/magnifier.gif\" alt=\"ver\" width=\"18\" height=\"17\" \/>Ver documento<\/a><\/p>\n<hr \/>\n<p><span style=\"color: #800000;\"><strong>So\u00f1ando<\/strong><\/span><br \/>\n<em>Almarza Caballero, Santiago <\/em><br \/>\n1 p\u00e1g. 1 caricatura de Santiago Almarza<br \/>\nMaterias: <a class=\"MAT\">Poes\u00eda <\/a><br \/>\n<a class=\"DOC\" href=\"https:\/\/www.museosantacruz.org\/Archivo\/Prg_SCruz_2010_01_03.pdf\" target=\"_blank\" rel=\"noopener\"><img loading=\"lazy\" decoding=\"async\" src=\"https:\/\/www.museosantacruz.org\/Archivo\/magnifier.gif\" alt=\"ver\" width=\"18\" height=\"17\" \/>Ver documento<\/a><\/p>\n<hr \/>\n<p><center><a id=\"Almarza de Gracia, Vicente\" name=\"5\"><\/a><a class=\"INDAUTORES\" href=\"#ARRIBA\" target=\"_self\" rel=\"noopener\"><span style=\"color: #000000;\"><strong><img decoding=\"async\" src=\"https:\/\/www.museosantacruz.org\/Archivo\/flecha_arriba.png\" alt=\"15\" width=\"15\" \/>Almarza de Gracia, Vicente<\/strong><\/span><\/a><\/center><span style=\"color: #800000;\"><strong>El olor del pan reci\u00e9n hecho<\/strong><\/span><br \/>\n<em>Almarza de Gracia, Vicente <\/em><br \/>\n2 p., 3 il.<br \/>\nMaterias: <a class=\"MAT\">Historia reciente \u2013 Memorias <\/a><br \/>\n<a class=\"DOC\" href=\"https:\/\/ww2.museosantacruz.org\/wp-content\/uploads\/2024\/03\/Prg_SCruz_2014_01.pdf\" target=\"_blank\" rel=\"noopener\"><img loading=\"lazy\" decoding=\"async\" src=\"https:\/\/www.museosantacruz.org\/Archivo\/magnifier.gif\" alt=\"ver\" width=\"18\" height=\"17\" \/>Ver documento<\/a><\/p>\n<hr \/>\n<p><span style=\"color: #800000;\"><strong>El volver al pueblo<\/strong><\/span><br \/>\n<em>Almarza de Gracia, Vicente <\/em><br \/>\n2 p\u00e1g. 1 ilustraci\u00f3n<br \/>\nMaterias: <a class=\"MAT\">Medios de transporte | Relatos <\/a><br \/>\n<a class=\"DOC\" href=\"https:\/\/www.museosantacruz.org\/Archivo\/Prg_SCruz_2013_01_05.pdf\" target=\"_blank\" rel=\"noopener\"><img loading=\"lazy\" decoding=\"async\" src=\"https:\/\/www.museosantacruz.org\/Archivo\/magnifier.gif\" alt=\"ver\" width=\"18\" height=\"17\" \/>Ver documento<\/a><\/p>\n<hr \/>\n<p><span style=\"color: #800000;\"><strong>Los vendimiadores<\/strong><\/span><br \/>\n<em>Almarza de Gracia, Vicente <\/em><br \/>\n2 p\u00e1g. 3 fotos<br \/>\nMaterias: <a class=\"MAT\">Agricultura y Ganader\u00eda | Etnograf\u00eda \u2013 Oficios y profesiones <\/a><br \/>\n<a class=\"DOC\" href=\"https:\/\/www.museosantacruz.org\/Archivo\/Prg_SCruz_2012_01_11.pdf\" target=\"_blank\" rel=\"noopener\"><img loading=\"lazy\" decoding=\"async\" src=\"https:\/\/www.museosantacruz.org\/Archivo\/magnifier.gif\" alt=\"ver\" width=\"18\" height=\"17\" \/>Ver documento<\/a><\/p>\n<hr \/>\n<p><span style=\"color: #800000;\"><strong>Ya no vamos a la Plaza (II)<\/strong><\/span><br \/>\n<em>Almarza de Gracia, Vicente <\/em><br \/>\n1 p. ,1 il.<br \/>\nMaterias: <a class=\"MAT\">Historia reciente \u2013 Memorias <\/a><br \/>\n<a class=\"DOC\" href=\"https:\/\/ww2.museosantacruz.org\/wp-\" target=\"_blank\" rel=\"noopener\"><img loading=\"lazy\" decoding=\"async\" src=\"https:\/\/www.museosantacruz.org\/Archivo\/magnifier.gif\" alt=\"ver\" width=\"18\" height=\"17\" \/>Ver documento<\/a><\/p>\n<hr \/>\n<p><center><a id=\"Alonso Arriaga, Manuel\" name=\"6\"><\/a><a class=\"INDAUTORES\" href=\"#ARRIBA\" target=\"_self\" rel=\"noopener\"><span style=\"color: #000000;\"><strong><img decoding=\"async\" src=\"https:\/\/www.museosantacruz.org\/Archivo\/flecha_arriba.png\" alt=\"15\" width=\"15\" \/>Alonso Arriaga, Manuel<\/strong><\/span><\/a><\/center><span style=\"color: #800000;\"><strong>Manuel Alonso Pe\u00f1a: un cient\u00edfico santacrucero<\/strong><\/span><br \/>\n<em>Alonso Arriaga, Manuel <\/em><br \/>\n2 p\u00e1g. 1 foto<br \/>\nMaterias: <a class=\"MAT\">Ciencia y cultura | Personajes de Santa Cruz <\/a><br \/>\n<a class=\"DOC\" href=\"https:\/\/www.museosantacruz.org\/Archivo\/Prg_SCruz_1992_01_06.pdf\" target=\"_blank\" rel=\"noopener\"><img loading=\"lazy\" decoding=\"async\" src=\"https:\/\/www.museosantacruz.org\/Archivo\/magnifier.gif\" alt=\"ver\" width=\"18\" height=\"17\" \/>Ver documento<\/a><\/p>\n<hr \/>\n<p><center><a id=\"Alonso Arriaga, Manuel\" name=\"6A\"><\/a><span style=\"color: #000000;\"><a class=\"INDAUTORES\" style=\"color: #000000;\" href=\"#ARRIBA\" target=\"_self\" rel=\"noopener\"><strong><img decoding=\"async\" src=\"https:\/\/www.museosantacruz.org\/Archivo\/flecha_arriba.png\" alt=\"15\" width=\"15\" \/>Andrea y Le\u00f3n<\/strong><\/a><\/span><\/center><strong><span style=\"color: #800000;\">Santacruceros por el mundo. Santacruceros en La Grand-Croix (Francia)<\/span><\/strong><br \/>\n<em>Andrea y Le\u00f3n <\/em><br \/>\n2 p\u00e1g. 6 fotos<br \/>\nMaterias: <a class=\"MAT\">Historia reciente \u2013 Memorias | Relatos <\/a><br \/>\n<a class=\"DOC\" href=\"https:\/\/www.museosantacruz.org\/Archivo\/Prg_SCruz_2010_01_09.pdf\" target=\"_blank\" rel=\"noopener\"><img loading=\"lazy\" decoding=\"async\" src=\"https:\/\/www.museosantacruz.org\/Archivo\/magnifier.gif\" alt=\"ver\" width=\"18\" height=\"17\" \/>Ver documento<\/a><\/p>\n<hr \/>\n<p><center><a id=\"Archivo Municipal\" name=\"8\"><\/a><span style=\"color: #000000;\"><a class=\"INDAUTORES\" style=\"color: #000000;\" href=\"#ARRIBA\" target=\"_self\" rel=\"noopener\"><strong><img decoding=\"async\" src=\"https:\/\/www.museosantacruz.org\/Archivo\/flecha_arriba.png\" alt=\"15\" width=\"15\" \/>Archivo Municipal<\/strong><\/a><\/span><\/center><span style=\"color: #800000;\"><strong>Callejero<\/strong><\/span><br \/>\n<em>Archivo Municipal <\/em><br \/>\n1 p\u00e1g. 1 foto<br \/>\nMaterias: <a class=\"MAT\">Etnograf\u00eda \u2013 Toponimia local <\/a><br \/>\n<a class=\"DOC\" href=\"https:\/\/www.museosantacruz.org\/Archivo\/Prg_SCruz_1991_01_12.pdf\" target=\"_blank\" rel=\"noopener\"><img loading=\"lazy\" decoding=\"async\" src=\"https:\/\/www.museosantacruz.org\/Archivo\/magnifier.gif\" alt=\"ver\" width=\"18\" height=\"17\" \/>Ver documento<\/a><\/p>\n<hr \/>\n<p><span style=\"color: #800000;\"><strong>Copia de los cinco inventarios\u2026 Convento de Trinitarios (1841)<\/strong><\/span><br \/>\n<em>Archivo Municipal <\/em><br \/>\n2 p\u00e1g. 1 foto<br \/>\nMaterias: <a class=\"MAT\">Iglesia \u2013 Templos <\/a><br \/>\n<a class=\"DOC\" href=\"https:\/\/www.museosantacruz.org\/Archivo\/Prg_SCruz_1991_01_16.pdf\" target=\"_blank\" rel=\"noopener\"><img loading=\"lazy\" decoding=\"async\" src=\"https:\/\/www.museosantacruz.org\/Archivo\/magnifier.gif\" alt=\"ver\" width=\"18\" height=\"17\" \/>Ver documento<\/a><\/p>\n<hr \/>\n<p><span style=\"color: #800000;\"><strong>Cuadro estad\u00edstico y Aclaraciones 1882<\/strong><\/span><br \/>\n<em>Archivo Municipal <\/em><br \/>\n2 p\u00e1g.<br \/>\nMaterias: <a class=\"MAT\">Historia \u2013 Documentos | Historia s. XIX <\/a><br \/>\n<a class=\"DOC\" href=\"https:\/\/www.museosantacruz.org\/Archivo\/Prg_SCruz_1991_01_21.pdf\" target=\"_blank\" rel=\"noopener\"><img loading=\"lazy\" decoding=\"async\" src=\"https:\/\/www.museosantacruz.org\/Archivo\/magnifier.gif\" alt=\"ver\" width=\"18\" height=\"17\" \/>Ver documento<\/a><\/p>\n<hr \/>\n<p><span style=\"color: #800000;\"><strong>Documento hist\u00f3rico expresivo del paso de las tropas napole\u00f3nicas (1812)<\/strong><\/span><br \/>\n<em>Archivo Municipal <\/em><br \/>\n1 p\u00e1g. 1 foto, 2 tablas<br \/>\nMaterias: <a class=\"MAT\">Historia \u2013 Documentos | Historia s. XIX \u2013 Guerra de Independencia <\/a><br \/>\n<a class=\"DOC\" href=\"https:\/\/www.museosantacruz.org\/Archivo\/Prg_SCruz_1991_01_18.pdf\" target=\"_blank\" rel=\"noopener\"><img loading=\"lazy\" decoding=\"async\" src=\"https:\/\/www.museosantacruz.org\/Archivo\/magnifier.gif\" alt=\"ver\" width=\"18\" height=\"17\" \/>Ver documento<\/a><\/p>\n<hr \/>\n<p><span style=\"color: #800000;\"><strong>Documentos administrativos varios<\/strong><\/span><br \/>\n<em>Archivo Municipal <\/em><br \/>\n1 p\u00e1g.<br \/>\nMaterias: <a class=\"MAT\">Etnograf\u00eda \u2013 Fiestas | Etnograf\u00eda \u2013 Tradiciones y costumbres | Historia \u2013 Documentos | <\/a><br \/>\n<a class=\"DOC\" href=\"https:\/\/www.museosantacruz.org\/Archivo\/Prg_SCruz_1991_01_20.pdf\" target=\"_blank\" rel=\"noopener\"><img loading=\"lazy\" decoding=\"async\" src=\"https:\/\/www.museosantacruz.org\/Archivo\/magnifier.gif\" alt=\"ver\" width=\"18\" height=\"17\" \/>Ver documento<\/a><\/p>\n<hr \/>\n<p><span style=\"color: #800000;\"><strong>El s\u00edndico procurador<\/strong><\/span><br \/>\n<em>Rodr\u00edguez de Gracia, \u00c1ngel | Archivo Municipal | |<\/em><br \/>\n1 p., 1 il.<br \/>\nMaterias: <a class=\"MAT\">Historia s. XVIII | Instituciones \u2013 Ayuntamiento | Historia \u2013 Documentos | Archivos <\/a><br \/>\n<a class=\"DOC\" href=\"https:\/\/ww2.museosantacruz.org\/wp-\" target=\"_blank\" rel=\"noopener\"><img loading=\"lazy\" decoding=\"async\" src=\"https:\/\/www.museosantacruz.org\/Archivo\/magnifier.gif\" alt=\"ver\" width=\"18\" height=\"17\" \/>Ver documento<\/a><\/p>\n<hr \/>\n<p><span style=\"color: #800000;\"><strong>Escrito dirigido al Gobernador Civil por D. Tom\u00e1s Albares Pe\u00f1a\u2026 con motivo del \u201cparo\u201d<br \/>\nrealizado por los mozos de mulas de las casas grandes<\/strong><\/span><br \/>\n<em>Archivo Municipal <\/em><br \/>\n1 p\u00e1g. 1 documento<br \/>\nMaterias: <a class=\"MAT\">Agricultura y Ganader\u00eda | Historia \u2013 Documentos | Instituciones \u2013 Sindicatos y Patronales | <\/a><br \/>\n<a class=\"DOC\" href=\"https:\/\/www.museosantacruz.org\/Archivo\/Prg_SCruz_1992_01_15.pdf\" target=\"_blank\" rel=\"noopener\"><img loading=\"lazy\" decoding=\"async\" src=\"https:\/\/www.museosantacruz.org\/Archivo\/magnifier.gif\" alt=\"ver\" width=\"18\" height=\"17\" \/>Ver documento<\/a><\/p>\n<hr \/>\n<p><span style=\"color: #800000;\"><strong>Escritos dirigidos a los Se\u00f1ores del Ayuntamiento sobre la iglesia del extinguido Convento de Trinitarios. Archivo<\/strong><\/span><br \/>\n<em>Archivo Municipal <\/em><br \/>\n3 p\u00e1g. 7 fotos<br \/>\nMaterias: <a class=\"MAT\">Arquitectura \u2013 Edificios notables | Historia \u2013 Documentos | Historia s. XIX | Iglesia \u2013 Templos <\/a><br \/>\n<a class=\"DOC\" href=\"https:\/\/www.museosantacruz.org\/Archivo\/Prg_SCruz_1994_01_09.pdf\" target=\"_blank\" rel=\"noopener\"><img loading=\"lazy\" decoding=\"async\" src=\"https:\/\/www.museosantacruz.org\/Archivo\/magnifier.gif\" alt=\"ver\" width=\"18\" height=\"17\" \/>Ver documento<\/a><\/p>\n<hr \/>\n<p><span style=\"color: #800000;\"><strong>Hace 400 a\u00f1os<\/strong><\/span><br \/>\n<em>Archivo Municipal <\/em><br \/>\n1 p\u00e1g. 1 documento<br \/>\nMaterias: <a class=\"MAT\">Historia \u2013 Documentos | Historia s. XVII <\/a><br \/>\n<a class=\"DOC\" href=\"https:\/\/www.museosantacruz.org\/Archivo\/Prg_SCruz_2010_01_01a.pdf\" target=\"_blank\" rel=\"noopener\"><img loading=\"lazy\" decoding=\"async\" src=\"https:\/\/www.museosantacruz.org\/Archivo\/magnifier.gif\" alt=\"ver\" width=\"18\" height=\"17\" \/>Ver documento<\/a><\/p>\n<hr \/>\n<p><span style=\"color: #800000;\"><strong>Impuesto sobre las caballer\u00edas y carruajes de 1868 a 1869, de 1909 y padr\u00f3n de circulaci\u00f3n de autom\u00f3viles del a\u00f1o 1927<\/strong><\/span><br \/>\n<em>Archivo Municipal <\/em><br \/>\n4 p\u00e1g. 2 fotos; 7 documentos<br \/>\nMaterias: <a class=\"MAT\">Historia \u2013 Documentos | Historia s. XIX | Medios de transporte | Hacienda y tributos <\/a><br \/>\n<a class=\"DOC\" href=\"https:\/\/www.museosantacruz.org\/Archivo\/Prg_SCruz_1998_01_09.pdf\" target=\"_blank\" rel=\"noopener\"><img loading=\"lazy\" decoding=\"async\" src=\"https:\/\/www.museosantacruz.org\/Archivo\/magnifier.gif\" alt=\"ver\" width=\"18\" height=\"17\" \/>Ver documento<\/a><\/p>\n<hr \/>\n<p><span style=\"color: #800000;\"><strong>Inventario del ajuar de la Virgen del Rosario (1913)<\/strong><\/span><br \/>\n<em>Archivo Municipal <\/em><br \/>\n1 p\u00e1g.<br \/>\nMaterias: <a class=\"MAT\">Iglesia \u2013 Cofrad\u00edas <\/a><br \/>\n<a class=\"DOC\" href=\"https:\/\/www.museosantacruz.org\/Archivo\/Prg_SCruz_1991_01_15.pdf\" target=\"_blank\" rel=\"noopener\"><img loading=\"lazy\" decoding=\"async\" src=\"https:\/\/www.museosantacruz.org\/Archivo\/magnifier.gif\" alt=\"ver\" width=\"18\" height=\"17\" \/>Ver documento<\/a><\/p>\n<hr \/>\n<p><span style=\"color: #800000;\"><strong>La Legislaci\u00f3n de Ayuntamientos en el a\u00f1o 1855<\/strong><\/span><br \/>\n<em>Archivo Municipal <\/em><br \/>\n2 p\u00e1g. 1 foto<br \/>\nMaterias: <a class=\"MAT\">Historia \u2013 Documentos | Historia s. XIX <\/a><br \/>\n<a class=\"DOC\" href=\"https:\/\/www.museosantacruz.org\/Archivo\/Prg_SCruz_1996_01_04.pdf\" target=\"_blank\" rel=\"noopener\"><img loading=\"lazy\" decoding=\"async\" src=\"https:\/\/www.museosantacruz.org\/Archivo\/magnifier.gif\" alt=\"ver\" width=\"18\" height=\"17\" \/>Ver documento<\/a><\/p>\n<hr \/>\n<p><span style=\"color: #800000;\"><strong>Proyecto de Construcci\u00f3n de Escuelas en el Convento \u2013 A\u00f1o 1900<\/strong><\/span><br \/>\n<em>Archivo Municipal <\/em><br \/>\n1 p\u00e1g. 1 plano; 1 foto<br \/>\nMaterias: <a class=\"MAT\">Educaci\u00f3n y escuelas | Historia \u2013 Documentos | Obras p\u00fablicas y proyectos | <\/a><br \/>\n<a class=\"DOC\" href=\"https:\/\/www.museosantacruz.org\/Archivo\/Prg_SCruz_1996_01_10.pdf\" target=\"_blank\" rel=\"noopener\"><img loading=\"lazy\" decoding=\"async\" src=\"https:\/\/www.museosantacruz.org\/Archivo\/magnifier.gif\" alt=\"ver\" width=\"18\" height=\"17\" \/>Ver documento<\/a><\/p>\n<hr \/>\n<p><span style=\"color: #800000;\"><strong>Relaci\u00f3n de fincas r\u00fasticas (1931) y terrenos enagenados (1880)<\/strong><\/span><br \/>\n<em>Archivo Municipal <\/em><br \/>\n2 p\u00e1g.<br \/>\nMaterias: <a class=\"MAT\">Agricultura y Ganader\u00eda | Econom\u00eda, industria y comercio | Etnograf\u00eda \u2013 Toponimia local | <\/a><br \/>\n<a class=\"DOC\" href=\"https:\/\/www.museosantacruz.org\/Archivo\/Prg_SCruz_1991_01_14.pdf\" target=\"_blank\" rel=\"noopener\"><img loading=\"lazy\" decoding=\"async\" src=\"https:\/\/www.museosantacruz.org\/Archivo\/magnifier.gif\" alt=\"ver\" width=\"18\" height=\"17\" \/>Ver documento<\/a><\/p>\n<hr \/>\n<p><span style=\"color: #800000;\"><strong>Relaci\u00f3n de parajes oficiales del t\u00e9rmino municipal seg\u00fan el \u00faltimo catastro<\/strong><\/span><br \/>\n<em>Archivo Municipal <\/em><br \/>\n2 p\u00e1g.<br \/>\nMaterias: <a class=\"MAT\">Etnograf\u00eda \u2013 Toponimia local <\/a><br \/>\n<a class=\"DOC\" href=\"https:\/\/www.museosantacruz.org\/Archivo\/Prg_SCruz_1991_01_13.pdf\" target=\"_blank\" rel=\"noopener\"><img loading=\"lazy\" decoding=\"async\" src=\"https:\/\/www.museosantacruz.org\/Archivo\/magnifier.gif\" alt=\"ver\" width=\"18\" height=\"17\" \/>Ver documento<\/a><\/p>\n<hr \/>\n<p><span style=\"color: #800000;\"><strong>Romer\u00eda de la Virgen de La Paz, declarada de inter\u00e9s tur\u00edstico regional<\/strong><\/span><br \/>\n<em>Archivo Municipal <\/em><br \/>\n2 p\u00e1g. 1 foto, 2 documentos<br \/>\nMaterias: <a class=\"MAT\">Iglesia \u2013 Cofrad\u00edas | Iglesia \u2013 Templos <\/a><br \/>\n<a class=\"DOC\" href=\"https:\/\/www.museosantacruz.org\/Archivo\/Prg_SCruz_1993_01_02.pdf\" target=\"_blank\" rel=\"noopener\"><img loading=\"lazy\" decoding=\"async\" src=\"https:\/\/www.museosantacruz.org\/Archivo\/magnifier.gif\" alt=\"ver\" width=\"18\" height=\"17\" \/>Ver documento<\/a><\/p>\n<hr \/>\n<p><span style=\"color: #800000;\"><strong>Santa Cruz de la Zarza durante la Primera Rep\u00fablica vista a trav\u00e9s de los libros de acuerdos municipales (1873-1874)<\/strong><\/span><br \/>\n<em>Archivo Municipal <\/em><br \/>\n12 p., 17 il. Documentos y transcripci\u00f3n.<br \/>\nMaterias: <a class=\"MAT\">Historia \u2013 Documentos | Historia s. XIX | Archivos | <\/a><br \/>\n<a class=\"DOC\" href=\"https:\/\/ww2.museosantacruz.org\/wp-\" target=\"_blank\" rel=\"noopener\"><img loading=\"lazy\" decoding=\"async\" src=\"https:\/\/www.museosantacruz.org\/Archivo\/magnifier.gif\" alt=\"ver\" width=\"18\" height=\"17\" \/>Ver documento<\/a><\/p>\n<hr \/>\n<p><span style=\"color: #800000;\"><strong>Santa Cruz: descripci\u00f3n de 1916<\/strong><\/span><br \/>\n<em>Archivo Municipal <\/em><br \/>\n2 p\u00e1g.<br \/>\nMaterias: <a class=\"MAT\">Educaci\u00f3n y escuelas | Historia \u2013 Documentos | Historia s. XX | Salud, sanidad y servicios sociales <\/a><br \/>\n<a class=\"DOC\" href=\"https:\/\/www.museosantacruz.org\/Archivo\/Prg_SCruz_1991_01_17.pdf\" target=\"_blank\" rel=\"noopener\"><img loading=\"lazy\" decoding=\"async\" src=\"https:\/\/www.museosantacruz.org\/Archivo\/magnifier.gif\" alt=\"ver\" width=\"18\" height=\"17\" \/>Ver documento<\/a><\/p>\n<hr \/>\n<p><span style=\"color: #800000;\"><strong>Soy el Libro<\/strong><\/span><br \/>\n<em>Yunta Manzanares, Juan Pedro | Archivo Municipal | |<\/em><br \/>\n3 p., 5 il.<br \/>\nMaterias: <a class=\"MAT\">Archivos | Instituciones \u2013 Ayuntamiento | Etnograf\u00eda \u2013 Fiestas | <\/a><br \/>\n<a class=\"DOC\" href=\"https:\/\/ww2.museosantacruz.org\/wp-\" target=\"_blank\" rel=\"noopener\"><img loading=\"lazy\" decoding=\"async\" src=\"https:\/\/www.museosantacruz.org\/Archivo\/magnifier.gif\" alt=\"ver\" width=\"18\" height=\"17\" \/>Ver documento<\/a><\/p>\n<hr \/>\n<p><center><a id=\"Arias L\u00f3pez-Loriente, Joaqu\u00edn\" name=\"9\"><\/a><a class=\"INDAUTORES\" href=\"#ARRIBA\" target=\"_self\" rel=\"noopener\"><span style=\"color: #000000;\"><strong><img decoding=\"async\" src=\"https:\/\/www.museosantacruz.org\/Archivo\/flecha_arriba.png\" alt=\"15\" width=\"15\" \/>Arias L\u00f3pez-Loriente, Joaqu\u00edn<\/strong><\/span><\/a><\/center><span style=\"color: #800000;\"><strong>Cantar Los Mayos<\/strong><\/span><br \/>\n<em>Arias L\u00f3pez-Loriente, Joaqu\u00edn <\/em><br \/>\n1 p\u00e1g. 1 foto<br \/>\nMaterias: <a class=\"MAT\">Etnograf\u00eda \u2013 Fiestas | Etnograf\u00eda \u2013 M\u00fasica | Relatos | <\/a><br \/>\n<a class=\"DOC\" href=\"https:\/\/www.museosantacruz.org\/Archivo\/Prg_SCruz_1998_01_03.pdf\" target=\"_blank\" rel=\"noopener\"><img loading=\"lazy\" decoding=\"async\" src=\"https:\/\/www.museosantacruz.org\/Archivo\/magnifier.gif\" alt=\"ver\" width=\"18\" height=\"17\" \/>Ver documento<\/a><\/p>\n<hr \/>\n<p><span style=\"color: #800000;\"><strong>Confirmaci\u00f3n de nuestros Privilegios<\/strong><\/span><br \/>\n<em>Arias L\u00f3pez-Loriente, Joaqu\u00edn <\/em><br \/>\n1 p\u00e1g. 1 ilustraci\u00f3n<br \/>\nMaterias: <a class=\"MAT\">Historia \u2013 Documentos: Fuero | Historia s. XIII | Historia s. XIV | Historia s. XV | Historia s. XVI | Historia s. XVII<br \/>\n<\/a><a class=\"DOC\" href=\"https:\/\/www.museosantacruz.org\/Archivo\/Prg_SCruz_2007_01_05.pdf\" target=\"_blank\" rel=\"noopener\"><img loading=\"lazy\" decoding=\"async\" src=\"https:\/\/www.museosantacruz.org\/Archivo\/magnifier.gif\" alt=\"ver\" width=\"18\" height=\"17\" \/>Ver documento<\/a><\/p>\n<hr \/>\n<p><span style=\"color: #800000;\"><strong>Cr\u00f3nicas de un Pueblo. Agosto 2002, n\u00ba 1.<\/strong><\/span><br \/>\n<em>Arias L\u00f3pez-Loriente, Joaqu\u00edn <\/em><br \/>\n5 p\u00e1g. 2 ilustraciones. Sumario: El T\u00edo Boni. La Rabia<br \/>\nMaterias: <a class=\"MAT\">Cine y Teatro | Personajes de Santa Cruz | Salud, sanidad y servicios sociales | <\/a><br \/>\n<a class=\"DOC\" href=\"https:\/\/www.museosantacruz.org\/Archivo\/ACAME_Cronicas_1.pdf\" target=\"_blank\" rel=\"noopener\"><img loading=\"lazy\" decoding=\"async\" src=\"https:\/\/www.museosantacruz.org\/Archivo\/magnifier.gif\" alt=\"ver\" width=\"18\" height=\"17\" \/>Ver documento<\/a><\/p>\n<hr \/>\n<p><span style=\"color: #800000;\"><strong>Cr\u00f3nicas de un Pueblo. Enero 2003, n\u00ba 2.<\/strong><\/span><br \/>\n<em>Arias L\u00f3pez-Loriente, Joaqu\u00edn <\/em><br \/>\n8 p\u00e1g. 2 fotos. Sumario: El Asesinato de D. Pedro Rivas<br \/>\nMaterias: <a class=\"MAT\">Personajes de Santa Cruz <\/a><br \/>\n<a class=\"DOC\" href=\"https:\/\/www.museosantacruz.org\/Archivo\/ACAME_Cronicas_2.pdf\" target=\"_blank\" rel=\"noopener\"><img loading=\"lazy\" decoding=\"async\" src=\"https:\/\/www.museosantacruz.org\/Archivo\/magnifier.gif\" alt=\"ver\" width=\"18\" height=\"17\" \/>Ver documento<\/a><\/p>\n<hr \/>\n<p><span style=\"color: #800000;\"><strong>Cr\u00f3nicas de un pueblo: D. Romualdo Rivas<\/strong><\/span><br \/>\n<em>Arias L\u00f3pez-Loriente, Joaqu\u00edn <\/em><br \/>\n4 p\u00e1g. Inicialmente publicado \u201cEl Preg\u00f3n de Santa Cruz\u201d.<br \/>\nMaterias: <a class=\"MAT\">Historia s. XXI | Personajes de Santa Cruz <\/a><br \/>\n<a class=\"DOC\" href=\"https:\/\/www.museosantacruz.org\/Archivo\/ACAME_Don_Romualdo.pdf\" target=\"_blank\" rel=\"noopener\"><img loading=\"lazy\" decoding=\"async\" src=\"https:\/\/www.museosantacruz.org\/Archivo\/magnifier.gif\" alt=\"ver\" width=\"18\" height=\"17\" \/>Ver documento<\/a><\/p>\n<hr \/>\n<p><span style=\"color: #800000;\"><strong>Edificios hist\u00f3ricos de Santa Cruz (sin t\u00edtulo)<\/strong><\/span><br \/>\n<em>Arias L\u00f3pez-Loriente, Joaqu\u00edn <\/em><br \/>\n2 p\u00e1g. 1 foto<br \/>\nMaterias: <a class=\"MAT\">Archivos | Arquitectura \u2013 Edificios notables | Historia \u2013 Documentos | Historia s. XVII | Historia s. XVIII | Iglesia \u2013<br \/>\n<\/a><a class=\"DOC\" href=\"https:\/\/www.museosantacruz.org\/Archivo\/Prg_SCruz_1991_01_01.pdf\" target=\"_blank\" rel=\"noopener\"><img loading=\"lazy\" decoding=\"async\" src=\"https:\/\/www.museosantacruz.org\/Archivo\/magnifier.gif\" alt=\"ver\" width=\"18\" height=\"17\" \/>Ver documento<\/a><\/p>\n<hr \/>\n<p><span style=\"color: #800000;\"><strong>El Cocodrilo<\/strong><\/span><br \/>\n<em>Arias L\u00f3pez-Loriente, Joaqu\u00edn <\/em><br \/>\n4 p\u00e1g. 3 fotos, 2 documentos. Inicialmente publicado \u201cEl Preg\u00f3n de Santa Cruz\u201d.<br \/>\nMaterias: <a class=\"MAT\">Etnograf\u00eda \u2013 Literatura popular <\/a><br \/>\n<a class=\"DOC\" href=\"http:\/\/www.museosantacruz.org\/Archivo\/ACAME_Cocodrilo.pdf\" target=\"_blank\" rel=\"noopener\"><img loading=\"lazy\" decoding=\"async\" src=\"https:\/\/www.museosantacruz.org\/Archivo\/magnifier.gif\" alt=\"ver\" width=\"18\" height=\"17\" \/>Ver documento<\/a><\/p>\n<hr \/>\n<p><span style=\"color: #800000;\"><strong>El Lech\u00f3n de San Ant\u00f3n<\/strong><\/span><br \/>\n<em>Arias L\u00f3pez-Loriente, Joaqu\u00edn <\/em><br \/>\n1 p\u00e1g. 1 foto<br \/>\nMaterias: <a class=\"MAT\">Etnograf\u00eda \u2013 Tradiciones y costumbres | Historia reciente \u2013 Memorias | Iglesia \u2013 Cofrad\u00edas | <\/a><br \/>\n<a class=\"DOC\" href=\"https:\/\/www.museosantacruz.org\/Archivo\/Prg_SCruz_2008_01_06.pdf\" target=\"_blank\" rel=\"noopener\"><img loading=\"lazy\" decoding=\"async\" src=\"https:\/\/www.museosantacruz.org\/Archivo\/magnifier.gif\" alt=\"ver\" width=\"18\" height=\"17\" \/>Ver documento<\/a><\/p>\n<hr \/>\n<p><span style=\"color: #800000;\"><strong>El T\u00edo Boni<\/strong><\/span><br \/>\n<em>Arias L\u00f3pez-Loriente, Joaqu\u00edn <\/em><br \/>\n1 p\u00e1g. 1 ilustraci\u00f3n<br \/>\nMaterias: <a class=\"MAT\">Cine y Teatro | Historia s. XX | Personajes de Santa Cruz | <\/a><br \/>\n<a class=\"DOC\" href=\"https:\/\/www.museosantacruz.org\/Archivo\/Prg_SCruz_2007_01_01.pdf\" target=\"_blank\" rel=\"noopener\"><img loading=\"lazy\" decoding=\"async\" src=\"https:\/\/www.museosantacruz.org\/Archivo\/magnifier.gif\" alt=\"ver\" width=\"18\" height=\"17\" \/>Ver documento<\/a><\/p>\n<hr \/>\n<p><span style=\"color: #800000;\"><strong>Feria 1935<\/strong><\/span><br \/>\n<em>Arias L\u00f3pez-Loriente, Joaqu\u00edn <\/em><br \/>\n1 p\u00e1g. 1 foto<br \/>\nMaterias: <a class=\"MAT\">Etnograf\u00eda \u2013 Fiestas | Etnograf\u00eda \u2013 Tradiciones y costumbres | Historia reciente \u2013 Memorias | Historia s. XX | |<br \/>\n<\/a><a class=\"DOC\" href=\"https:\/\/www.museosantacruz.org\/Archivo\/Prg_SCruz_2005_01_06.pdf\" target=\"_blank\" rel=\"noopener\"><img loading=\"lazy\" decoding=\"async\" src=\"https:\/\/www.museosantacruz.org\/Archivo\/magnifier.gif\" alt=\"ver\" width=\"18\" height=\"17\" \/>Ver documento<\/a><\/p>\n<hr \/>\n<p><span style=\"color: #800000;\"><strong>Historia de Nuestro Pueblo: Palacio fortaleza Encomienda de Santiago<\/strong><\/span><br \/>\n<em>Arias L\u00f3pez-Loriente, Joaqu\u00edn <\/em><br \/>\n2 p\u00e1g. 1 documento, 1 acuarela de S. Almarza<br \/>\nMaterias: <a class=\"MAT\">Arquitectura \u2013 Edificios notables | Historia \u2013 Documentos | Historia s. XVIII | <\/a><br \/>\n<a class=\"DOC\" href=\"https:\/\/www.museosantacruz.org\/Archivo\/Prg_SCruz_2010_01_10.pdf\" target=\"_blank\" rel=\"noopener\"><img loading=\"lazy\" decoding=\"async\" src=\"https:\/\/www.museosantacruz.org\/Archivo\/magnifier.gif\" alt=\"ver\" width=\"18\" height=\"17\" \/>Ver documento<\/a><\/p>\n<hr \/>\n<p><span style=\"color: #800000;\"><strong>Historias o Leyendas<\/strong><\/span><br \/>\n<em>Arias L\u00f3pez-Loriente, Joaqu\u00edn <\/em><br \/>\n2 p\u00e1g. 1 foto<br \/>\nMaterias: <a class=\"MAT\">Historia s. XIII | Historia s. XIV | Historia s. XV | Orden de Santiago <\/a><br \/>\n<a class=\"DOC\" href=\"https:\/\/www.museosantacruz.org\/Archivo\/Prg_SCruz_2009_01_02.pdf\" target=\"_blank\" rel=\"noopener\"><img loading=\"lazy\" decoding=\"async\" src=\"https:\/\/www.museosantacruz.org\/Archivo\/magnifier.gif\" alt=\"ver\" width=\"18\" height=\"17\" \/>Ver documento<\/a><\/p>\n<hr \/>\n<p><span style=\"color: #800000;\"><strong>La herradura. Amigos del Museo Etnol\u00f3gico de Santa Cruz de la Zarza<\/strong><\/span><br \/>\n<em>Arias L\u00f3pez-Loriente, Joaqu\u00edn <\/em><br \/>\n1 p\u00e1g. 1 ilustraci\u00f3n<br \/>\nMaterias: <a class=\"MAT\">Etnograf\u00eda \u2013 Oficios y profesiones | Historia reciente \u2013 Memorias | Relatos | <\/a><br \/>\n<a class=\"DOC\" href=\"https:\/\/www.museosantacruz.org\/Archivo\/Prg_SCruz_2010_01_07.pdf\" target=\"_blank\" rel=\"noopener\"><img loading=\"lazy\" decoding=\"async\" src=\"https:\/\/www.museosantacruz.org\/Archivo\/magnifier.gif\" alt=\"ver\" width=\"18\" height=\"17\" \/>Ver documento<\/a><\/p>\n<hr \/>\n<p><span style=\"color: #800000;\"><strong>La Historia del Teatro en Santa Cruz de la Zarza<\/strong><\/span><br \/>\n<em>Arias L\u00f3pez-Loriente, Joaqu\u00edn <\/em><br \/>\n4 p\u00e1g. 3 fotos, 2 documentos<br \/>\nMaterias: <a class=\"MAT\">Instituciones \u2013 Asociaciones culturales | Cine y Teatro <\/a><br \/>\n<a class=\"DOC\" href=\"https:\/\/www.museosantacruz.org\/Archivo\/ACAME_Teatro.pdf\" target=\"_blank\" rel=\"noopener\"><img loading=\"lazy\" decoding=\"async\" src=\"https:\/\/www.museosantacruz.org\/Archivo\/magnifier.gif\" alt=\"ver\" width=\"18\" height=\"17\" \/>Ver documento<\/a><\/p>\n<hr \/>\n<p><span style=\"color: #800000;\"><strong>La Inquisici\u00f3n en Santa Cruz de la Zarza<\/strong><\/span><br \/>\n<em>Arias L\u00f3pez-Loriente, Joaqu\u00edn <\/em><br \/>\n1 p\u00e1g. 1 ilustraci\u00f3n, 1 tabla<br \/>\nMaterias: <a class=\"MAT\">Archivos | Historia \u2013 Documentos | Historia s. XVIII | Inquisici\u00f3n | Iglesia \u2013 Templos <\/a><br \/>\n<a class=\"DOC\" href=\"https:\/\/www.museosantacruz.org\/Archivo\/Prg_SCruz_1992_01_09.pdf\" target=\"_blank\" rel=\"noopener\"><img loading=\"lazy\" decoding=\"async\" src=\"https:\/\/www.museosantacruz.org\/Archivo\/magnifier.gif\" alt=\"ver\" width=\"18\" height=\"17\" \/>Ver documento<\/a><\/p>\n<hr \/>\n<p><span style=\"color: #800000;\"><strong>La Tercia<\/strong><\/span><br \/>\n<em>Arias L\u00f3pez-Loriente, Joaqu\u00edn <\/em><br \/>\n2 p\u00e1g. 1 foto<br \/>\nMaterias: <a class=\"MAT\">Arquitectura \u2013 Edificios notables | Hacienda y tributos | Orden de Santiago | <\/a><br \/>\n<a class=\"DOC\" href=\"https:\/\/www.museosantacruz.org\/Archivo\/Prg_SCruz_2008_01_01.pdf\" target=\"_blank\" rel=\"noopener\"><img loading=\"lazy\" decoding=\"async\" src=\"https:\/\/www.museosantacruz.org\/Archivo\/magnifier.gif\" alt=\"ver\" width=\"18\" height=\"17\" \/>Ver documento<\/a><\/p>\n<hr \/>\n<p><span style=\"color: #800000;\"><strong>Las colectividades agrarias en Santa Cruz de la Zarza<\/strong><\/span><br \/>\n<em>Arias L\u00f3pez-Loriente, Joaqu\u00edn <\/em><br \/>\n1 p\u00e1g. 4 ilustraciones<br \/>\nMaterias: <a class=\"MAT\">Agricultura y Ganader\u00eda | Econom\u00eda, industria y comercio | Instituciones \u2013 Sindicatos y Patronales | <\/a><br \/>\n<a class=\"DOC\" href=\"https:\/\/www.museosantacruz.org\/Archivo\/Prg_SCruz_1992_01_05.pdf\" target=\"_blank\" rel=\"noopener\"><img loading=\"lazy\" decoding=\"async\" src=\"https:\/\/www.museosantacruz.org\/Archivo\/magnifier.gif\" alt=\"ver\" width=\"18\" height=\"17\" \/>Ver documento<\/a><\/p>\n<hr \/>\n<p><span style=\"color: #800000;\"><strong>Nuestro callejero<\/strong><\/span><br \/>\n<em>Arias L\u00f3pez-Loriente, Joaqu\u00edn <\/em><br \/>\n2 p\u00e1g. Origen del nombre de calles de Sta. Cruz.<br \/>\nMaterias: <a class=\"MAT\">Etnograf\u00eda \u2013 Toponimia local <\/a><br \/>\n<a class=\"DOC\" href=\"https:\/\/www.museosantacruz.org\/Archivo\/Prg_SCruz_1992_01_17.pdf\" target=\"_blank\" rel=\"noopener\"><img loading=\"lazy\" decoding=\"async\" src=\"https:\/\/www.museosantacruz.org\/Archivo\/magnifier.gif\" alt=\"ver\" width=\"18\" height=\"17\" \/>Ver documento<\/a><\/p>\n<hr \/>\n<p><span style=\"color: #800000;\"><strong>Petici\u00f3n de Confirmaciones que los se\u00f1ores de nuestro Concejo reclaman del Realengo<\/strong><\/span><br \/>\n<em>Arias L\u00f3pez-Loriente, Joaqu\u00edn <\/em><br \/>\n1 p\u00e1g.<br \/>\nMaterias: <a class=\"MAT\">Historia \u2013 Documentos: Fuero | Historia s. XIII | Historia s. XIV | Historia s. XV <\/a><br \/>\n<a class=\"DOC\" href=\"https:\/\/www.museosantacruz.org\/Archivo\/Prg_SCruz_2007_01_07.pdf\" target=\"_blank\" rel=\"noopener\"><img loading=\"lazy\" decoding=\"async\" src=\"https:\/\/www.museosantacruz.org\/Archivo\/magnifier.gif\" alt=\"ver\" width=\"18\" height=\"17\" \/>Ver documento<\/a><\/p>\n<hr \/>\n<p><span style=\"color: #800000;\"><strong>Retazos de la vida y curiosidades de tiempos lejanos de nuestro pueblo<\/strong><\/span><br \/>\n<em>Arias L\u00f3pez-Loriente, Joaqu\u00edn <\/em><br \/>\n1 p\u00e1g. 1 foto<br \/>\nMaterias: <a class=\"MAT\">Historia reciente \u2013 Memorias <\/a><br \/>\n<a class=\"DOC\" href=\"https:\/\/www.museosantacruz.org\/Archivo\/Prg_SCruz_1990_01_05.pdf\" target=\"_blank\" rel=\"noopener\"><img loading=\"lazy\" decoding=\"async\" src=\"https:\/\/www.museosantacruz.org\/Archivo\/magnifier.gif\" alt=\"ver\" width=\"18\" height=\"17\" \/>Ver documento<\/a><\/p>\n<hr \/>\n<p><span style=\"color: #800000;\"><strong>Sobre la construcci\u00f3n del Convento de los Trinitarios<\/strong><\/span><br \/>\n<em>Arias L\u00f3pez-Loriente, Joaqu\u00edn <\/em><br \/>\n1 p\u00e1g. 1 foto<br \/>\nMaterias: <a class=\"MAT\">Arquitectura \u2013 Edificios notables | Historia \u2013 Documentos | Historia s. XVII | Historia s. XVIII | Iglesia \u2013 Templos<br \/>\n<\/a><a class=\"DOC\" href=\"https:\/\/www.museosantacruz.org\/Archivo\/Prg_SCruz_1992_01_16.pdf\" target=\"_blank\" rel=\"noopener\"><img loading=\"lazy\" decoding=\"async\" src=\"https:\/\/www.museosantacruz.org\/Archivo\/magnifier.gif\" alt=\"ver\" width=\"18\" height=\"17\" \/>Ver documento<\/a><\/p>\n<hr \/>\n<p><span style=\"color: #800000;\"><strong>Sociedad Amigos del Museo Etnol\u00f3gico, Santa Cruz, Ayuntamiento, Curiosidades<\/strong><\/span><br \/>\n<em>Arias L\u00f3pez-Loriente, Joaqu\u00edn <\/em><br \/>\n2 p\u00e1g.<br \/>\nMaterias: <a class=\"MAT\">Arquitectura \u2013 Edificios notables | Historia s. XIV | Historia s. XV | Historia s. XVI | Historia s. XVII | Historia s. XVIII |<br \/>\n<\/a><a class=\"DOC\" href=\"https:\/\/www.museosantacruz.org\/Archivo\/Prg_SCruz_2006_01_02.pdf\" target=\"_blank\" rel=\"noopener\"><img loading=\"lazy\" decoding=\"async\" src=\"https:\/\/www.museosantacruz.org\/Archivo\/magnifier.gif\" alt=\"ver\" width=\"18\" height=\"17\" \/>Ver documento<\/a><\/p>\n<hr \/>\n<p><center><a id=\"Arribas Par\u00eds, Jos\u00e9 Manuel\" name=\"10\"><\/a><a class=\"INDAUTORES\" href=\"#ARRIBA\" target=\"_self\" rel=\"noopener\"><span style=\"color: #000000;\"><strong><img decoding=\"async\" src=\"https:\/\/www.museosantacruz.org\/Archivo\/flecha_arriba.png\" alt=\"15\" width=\"15\" \/>Arribas Par\u00eds, Jos\u00e9 Manuel<\/strong><\/span><\/a><\/center><span style=\"color: #800000;\"><strong>Hace 400 a\u00f1os<\/strong><\/span><br \/>\n<em>Arribas Par\u00eds, Jos\u00e9 Manuel | Yunta Manzanares, Juan Pedro | |<\/em><br \/>\n2 p\u00e1g. 3 documentos y transcripci\u00f3n<br \/>\nMaterias: <a class=\"MAT\">Agricultura y Ganader\u00eda | Archivos | Hacienda y tributos | Historia \u2013 Documentos | Historia s. XVII <\/a><br \/>\n<a class=\"DOC\" href=\"https:\/\/www.museosantacruz.org\/Archivo\/Prg_SCruz_2012_01_07.pdf\" target=\"_blank\" rel=\"noopener\"><img loading=\"lazy\" decoding=\"async\" src=\"https:\/\/www.museosantacruz.org\/Archivo\/magnifier.gif\" alt=\"ver\" width=\"18\" height=\"17\" \/>Ver documento<\/a><\/p>\n<hr \/>\n<p><center><a id=\"Avia Aranda, Jos\u00e9 Manuel\" name=\"11\"><\/a><a class=\"INDAUTORES\" href=\"#ARRIBA\" target=\"_self\" rel=\"noopener\"><strong><img decoding=\"async\" src=\"https:\/\/www.museosantacruz.org\/Archivo\/flecha_arriba.png\" alt=\"15\" width=\"15\" \/><span style=\"color: #000000;\">Avia Aranda, Jos\u00e9 Manuel<\/span><\/strong><\/a><\/center><\/p>\n<hr \/>\n<p><strong><span style=\"color: #800000;\">El Catastro del Marqu\u00e9s de la Ensenada (1752): Respuestas de las autoridades locales de Santa Cruz de la Zarza al \u201cInterrogatorio A\u201d<\/span><br \/>\n<\/strong>67 p\u00e1g. Manuscrito y transcripci\u00f3n del texto por J.Manuel Avia Aranda.<br \/>\nMaterias: Hacienda y tributos | Historia \u2013 Documentos | Historia \u2013 Documentos: Catastro de Ensenada | Historia s. XVIII |<br \/>\n<a class=\"DOC\" href=\"https:\/\/www.museosantacruz.org\/Archivo\/ACAME_Ensenada.pdf\" target=\"_blank\" rel=\"noopener\"><img loading=\"lazy\" decoding=\"async\" src=\"https:\/\/www.museosantacruz.org\/Archivo\/magnifier.gif\" alt=\"ver\" width=\"18\" height=\"17\" \/>Ver documento<\/a><\/p>\n<hr \/>\n<p><span style=\"color: #800000;\"><strong>El \u201cLibro de Privilegios\u201d de Santa Cruz de la Zarza<\/strong><\/span><br \/>\n<em>Avia Aranda, Jos\u00e9 Manuel | Cana Garc\u00eda, Fernando | Quijada, Maribel | S\u00e1nchez Mart\u00ednez, Maximino<br \/>\n<\/em><strong>Edici\u00f3n digital interactiva<\/strong>:<br \/>\nManuscrito, transcripci\u00f3n, gu\u00eda de lectura, cuadro cronol\u00f3gico, contexto hist\u00f3rico, biograf\u00edas y bibliograf\u00eda. 150 p\u00e1g.<\/p>\n<p><a class=\"DOC\" href=\"https:\/\/ww2.museosantacruz.org\/wp-content\/uploads\/2024\/02\/MENU-Principal-OPT.pdf\" target=\"_blank\" rel=\"noopener\"><img loading=\"lazy\" decoding=\"async\" src=\"https:\/\/www.museosantacruz.org\/Archivo\/magnifier.gif\" alt=\"ver\" width=\"18\" height=\"17\" \/> Ver documento<\/a><\/p>\n<p><strong>Vol I: Facs\u00edmil (versi\u00f3n para impresi\u00f3n)155 p\u00e1g.\u00a0 <\/strong><a class=\"DOC\" href=\"https:\/\/ww2.museosantacruz.org\/wp-content\/uploads\/2024\/02\/VOL1_Facsimil.pdf\" target=\"_blank\" rel=\"noopener\"><img loading=\"lazy\" decoding=\"async\" src=\"https:\/\/www.museosantacruz.org\/Archivo\/magnifier.gif\" alt=\"ver\" width=\"18\" height=\"17\" \/> Ver documento<\/a><\/p>\n<p><strong>Vol II: Transcripci\u00f3n (versi\u00f3n para impresi\u00f3n)<\/strong>155 p\u00e1g. <a class=\"DOC\" href=\"https:\/\/ww2.museosantacruz.org\/wp-content\/uploads\/2024\/02\/VOL2_Transcripcion.pdf\" target=\"_blank\" rel=\"noopener\"><img loading=\"lazy\" decoding=\"async\" src=\"https:\/\/www.museosantacruz.org\/Archivo\/magnifier.gif\" alt=\"ver\" width=\"18\" height=\"17\" \/> Ver documento<\/a><\/p>\n<p><strong>Vol III: Texto y notas (versi\u00f3n para impresi\u00f3n)<\/strong> 96 p\u00e1g. <a class=\"DOC\" href=\"https:\/\/ww2.museosantacruz.org\/wp-content\/uploads\/2024\/02\/VOL3_Texto_Notas.pdf\" target=\"_blank\" rel=\"noopener\"><img loading=\"lazy\" decoding=\"async\" src=\"https:\/\/www.museosantacruz.org\/Archivo\/magnifier.gif\" alt=\"ver\" width=\"18\" height=\"17\" \/> Ver documento<\/a><\/p>\n<p><strong>Vol IV: Aparato cr\u00edtico (versi\u00f3n para impresi\u00f3n). <\/strong>Gu\u00eda de Lectura, Cuadro Cronol\u00f3gico, Contexto Hist\u00f3rico, Rese\u00f1as Biogr\u00e1ficas, Bibliograf\u00eda. 107 p\u00e1g.<\/p>\n<p><a class=\"DOC\" href=\"https:\/\/ww2.museosantacruz.org\/wp-content\/uploads\/2024\/02\/VOL4_Aparato_Critico.pdf\" target=\"_blank\" rel=\"noopener\"><img loading=\"lazy\" decoding=\"async\" src=\"https:\/\/www.museosantacruz.org\/Archivo\/magnifier.gif\" alt=\"ver\" width=\"18\" height=\"17\" \/> Ver documento<\/a><\/p>\n<hr \/>\n<p><center><strong><a id=\"Ayuntamiento de Santa Cruz de la Zarza\" name=\"12\"><\/a><\/strong><a class=\"INDAUTORES\" href=\"#ARRIBA\" target=\"_self\" rel=\"noopener\"><strong><img decoding=\"async\" src=\"https:\/\/www.museosantacruz.org\/Archivo\/flecha_arriba.png\" alt=\"15\" width=\"15\" \/><span style=\"color: #000000;\">Ayuntamiento de Santa Cruz de la Zarza<\/span><\/strong><\/a><\/center><span style=\"color: #800000;\"><strong>Proyecto de actuaci\u00f3n urban\u00edstica en la zona de la Iglesia de Santiago (1995)<\/strong><\/span><br \/>\n<em>Ayuntamiento de Santa Cruz de la Zarza <\/em><br \/>\n2 p\u00e1g. 1 plano<br \/>\nMaterias: <a class=\"MAT\">Arquitectura \u2013 Edificios notables | Instituciones \u2013 Ayuntamiento | Obras p\u00fablicas y proyectos | <\/a><br \/>\n<a class=\"DOC\" href=\"https:\/\/www.museosantacruz.org\/Archivo\/La%20Voz%20de%20Santa%20Cruz_1_04.pdf\" target=\"_blank\" rel=\"noopener\"><img loading=\"lazy\" decoding=\"async\" src=\"https:\/\/www.museosantacruz.org\/Archivo\/magnifier.gif\" alt=\"ver\" width=\"18\" height=\"17\" \/>Ver documento<\/a><\/p>\n<hr \/>\n<p><center><a id=\"Belmonte Garc\u00eda, Carlos\" name=\"13\"><\/a><a class=\"INDAUTORES\" href=\"#ARRIBA\" target=\"_self\" rel=\"noopener\"><span style=\"color: #000000;\"><img decoding=\"async\" src=\"https:\/\/www.museosantacruz.org\/Archivo\/flecha_arriba.png\" alt=\"15\" width=\"15\" \/><strong>Belmonte Garc\u00eda, Carlos<\/strong><\/span><\/a><\/center><span style=\"color: #800000;\"><strong>El Archivo Municipal<\/strong><\/span><br \/>\n<em>Belmonte Garc\u00eda, Carlos <\/em><br \/>\n2 p\u00e1g. 2 fotos<br \/>\nMaterias: <a class=\"MAT\">Archivos | Historia \u2013 Documentos <\/a><br \/>\n<a class=\"DOC\" href=\"https:\/\/www.museosantacruz.org\/Archivo\/Prg_SCruz_1993_01_03.pdf\" target=\"_blank\" rel=\"noopener\"><img loading=\"lazy\" decoding=\"async\" src=\"https:\/\/www.museosantacruz.org\/Archivo\/magnifier.gif\" alt=\"ver\" width=\"18\" height=\"17\" \/>Ver documento<\/a><\/p>\n<hr \/>\n<p><center><a id=\"C\u00e1mara C\u00e1novas, Jes\u00fas A.\" name=\"14\"><\/a><a class=\"INDAUTORES\" href=\"#ARRIBA\" target=\"_self\" rel=\"noopener\"><span style=\"color: #000000;\"><strong><img decoding=\"async\" src=\"https:\/\/www.museosantacruz.org\/Archivo\/flecha_arriba.png\" alt=\"15\" width=\"15\" \/>C\u00e1mara C\u00e1novas, Jes\u00fas A.<\/strong><\/span><\/a><\/center><span style=\"color: #800000;\"><strong>Santacruceros por el mundo: Tur\u00edn (Italia)<\/strong><\/span><br \/>\n<em>C\u00e1mara C\u00e1novas, Jes\u00fas A. <\/em><br \/>\n1 p\u00e1g. 1 foto<br \/>\nMaterias: <a class=\"MAT\">Personajes de Santa Cruz <\/a><br \/>\n<a class=\"DOC\" href=\"https:\/\/www.museosantacruz.org\/Archivo\/Prg_SCruz_2012_01_08.pdf\" target=\"_blank\" rel=\"noopener\"><img loading=\"lazy\" decoding=\"async\" src=\"https:\/\/www.museosantacruz.org\/Archivo\/magnifier.gif\" alt=\"ver\" width=\"18\" height=\"17\" \/>Ver documento<\/a><\/p>\n<hr \/>\n<p><center><a id=\"C\u00e1mara Vindel, Mar\u00eda de los \u00c1ngeles\" name=\"15\"><\/a><a class=\"INDAUTORES\" href=\"#ARRIBA\" target=\"_self\" rel=\"noopener\"><span style=\"color: #000000;\"><img decoding=\"async\" src=\"https:\/\/www.museosantacruz.org\/Archivo\/flecha_arriba.png\" alt=\"15\" width=\"15\" \/><strong>C\u00e1mara Vindel, Mar\u00eda de los \u00c1ngeles<\/strong><\/span> <\/a><\/center><span style=\"color: #800000;\"><strong>Cuento con los motes de mi pueblo<\/strong><\/span><br \/>\n<em>C\u00e1mara Vindel, Mar\u00eda de los \u00c1ngeles <\/em><br \/>\n3 p.,<br \/>\nMaterias: <a class=\"MAT\">Relatos | Etnograf\u00eda \u2013 Lenguaje popular <\/a><br \/>\n<a class=\"DOC\" href=\"https:\/\/ww2.museosantacruz.org\/wp-\" target=\"_blank\" rel=\"noopener\"><img loading=\"lazy\" decoding=\"async\" src=\"https:\/\/www.museosantacruz.org\/Archivo\/magnifier.gif\" alt=\"ver\" width=\"18\" height=\"17\" \/>Ver documento<\/a><\/p>\n<hr \/>\n<p><center><a id=\"Campa, Pepe\" name=\"16\"><\/a><a class=\"INDAUTORES\" href=\"#ARRIBA\" target=\"_self\" rel=\"noopener\"><span style=\"color: #000000;\"><img decoding=\"async\" src=\"https:\/\/www.museosantacruz.org\/Archivo\/flecha_arriba.png\" alt=\"15\" width=\"15\" \/><strong>Campa, Pepe<\/strong><\/span><\/a><\/center><span style=\"color: #800000;\"><strong>\u00bfRecuerdo o sue\u00f1o?<\/strong><\/span><br \/>\n<em>Campa, Pepe <\/em><br \/>\n1 p\u00e1g.<br \/>\nMaterias: <a class=\"MAT\">Poes\u00eda <\/a><br \/>\n<a class=\"DOC\" href=\"https:\/\/www.museosantacruz.org\/Archivo\/Prg_SCruz_2013_01_06.pdf\" target=\"_blank\" rel=\"noopener\"><img loading=\"lazy\" decoding=\"async\" src=\"https:\/\/www.museosantacruz.org\/Archivo\/magnifier.gif\" alt=\"ver\" width=\"18\" height=\"17\" \/>Ver documento<\/a><\/p>\n<hr \/>\n<p><center><a id=\"Cana Garc\u00eda, Fernando\" name=\"17\"><\/a><a class=\"INDAUTORES\" href=\"#ARRIBA\" target=\"_self\" rel=\"noopener\"><strong><img decoding=\"async\" src=\"https:\/\/www.museosantacruz.org\/Archivo\/flecha_arriba.png\" alt=\"15\" width=\"15\" \/><span style=\"color: #000000;\">Cana Garc\u00eda, Fernando<\/span><\/strong><\/a><\/center><\/p>\n<hr \/>\n<p><span style=\"color: #800000;\"><strong>El \u201cLibro de Privilegios\u201d de Santa Cruz de la Zarza<\/strong><\/span><br \/>\n<em>Avia Aranda, Jos\u00e9 Manuel | Cana Garc\u00eda, Fernando | Quijada, Maribel | S\u00e1nchez Mart\u00ednez, Maximino<br \/>\n<\/em><strong>Edici\u00f3n digital interactiva<\/strong>:<br \/>\nManuscrito, transcripci\u00f3n, gu\u00eda de lectura, cuadro cronol\u00f3gico, contexto hist\u00f3rico, biograf\u00edas y bibliograf\u00eda. 150 p\u00e1g.<\/p>\n<p><a class=\"DOC\" href=\"https:\/\/ww2.museosantacruz.org\/wp-content\/uploads\/2024\/02\/MENU-Principal-OPT.pdf\" target=\"_blank\" rel=\"noopener\"><img loading=\"lazy\" decoding=\"async\" src=\"https:\/\/www.museosantacruz.org\/Archivo\/magnifier.gif\" alt=\"ver\" width=\"18\" height=\"17\" \/> Ver documento<\/a><\/p>\n<p><strong>Vol I: Facs\u00edmil (versi\u00f3n para impresi\u00f3n)155 p\u00e1g.\u00a0 <\/strong><a class=\"DOC\" href=\"https:\/\/ww2.museosantacruz.org\/wp-content\/uploads\/2024\/02\/VOL1_Facsimil.pdf\" target=\"_blank\" rel=\"noopener\"><img loading=\"lazy\" decoding=\"async\" src=\"https:\/\/www.museosantacruz.org\/Archivo\/magnifier.gif\" alt=\"ver\" width=\"18\" height=\"17\" \/> Ver documento<\/a><\/p>\n<p><strong>Vol II: Transcripci\u00f3n (versi\u00f3n para impresi\u00f3n)<\/strong>155 p\u00e1g. <a class=\"DOC\" href=\"https:\/\/ww2.museosantacruz.org\/wp-content\/uploads\/2024\/02\/VOL2_Transcripcion.pdf\" target=\"_blank\" rel=\"noopener\"><img loading=\"lazy\" decoding=\"async\" src=\"https:\/\/www.museosantacruz.org\/Archivo\/magnifier.gif\" alt=\"ver\" width=\"18\" height=\"17\" \/> Ver documento<\/a><\/p>\n<p><strong>Vol III: Texto y notas (versi\u00f3n para impresi\u00f3n)<\/strong> 96 p\u00e1g. <a class=\"DOC\" href=\"https:\/\/ww2.museosantacruz.org\/wp-content\/uploads\/2024\/02\/VOL3_Texto_Notas.pdf\" target=\"_blank\" rel=\"noopener\"><img loading=\"lazy\" decoding=\"async\" src=\"https:\/\/www.museosantacruz.org\/Archivo\/magnifier.gif\" alt=\"ver\" width=\"18\" height=\"17\" \/> Ver documento<\/a><\/p>\n<p><strong>Vol IV: Aparato cr\u00edtico (versi\u00f3n para impresi\u00f3n). <\/strong>Gu\u00eda de Lectura, Cuadro Cronol\u00f3gico, Contexto Hist\u00f3rico, Rese\u00f1as Biogr\u00e1ficas, Bibliograf\u00eda. 107 p\u00e1g.<\/p>\n<p><a class=\"DOC\" href=\"https:\/\/ww2.museosantacruz.org\/wp-content\/uploads\/2024\/02\/VOL4_Aparato_Critico.pdf\" target=\"_blank\" rel=\"noopener\"><img loading=\"lazy\" decoding=\"async\" src=\"https:\/\/www.museosantacruz.org\/Archivo\/magnifier.gif\" alt=\"ver\" width=\"18\" height=\"17\" \/> Ver documento<\/a><\/p>\n<hr \/>\n<p><span style=\"color: #800000;\"><strong>El Catastro del Marqu\u00e9s de la Ensenada (1752): Respuestas de las autoridades locales de Buenames\u00f3n al \u201cInterrogatorio A\u201d<\/strong><\/span><br \/>\n<em>Cana Garc\u00eda, Fernando <\/em><br \/>\n16 p\u00e1g. Manuscrito y transcripci\u00f3n del texto por Fernando Cana Garc\u00eda<br \/>\nMaterias: <a class=\"MAT\">Hacienda y tributos | Historia \u2013 Documentos | Historia \u2013 Documentos: Catastro de Ensenada | Historia s. XVIII |<br \/>\n<\/a><a class=\"DOC\" href=\"https:\/\/www.museosantacruz.org\/Archivo\/Catastro_Ensenada_Buenameson.pdf\" target=\"_blank\" rel=\"noopener\"><img loading=\"lazy\" decoding=\"async\" src=\"https:\/\/www.museosantacruz.org\/Archivo\/magnifier.gif\" alt=\"ver\" width=\"18\" height=\"17\" \/>Ver documento<\/a><\/p>\n<hr \/>\n<p><center><a id=\"Comisi\u00f3n de Asesoramiento de Onda S.C.\" name=\"18\"><\/a><span style=\"color: #000000;\"><a class=\"INDAUTORES\" style=\"color: #000000;\" href=\"#ARRIBA\" target=\"_self\" rel=\"noopener\"><img decoding=\"async\" src=\"https:\/\/www.museosantacruz.org\/Archivo\/flecha_arriba.png\" alt=\"15\" width=\"15\" \/><strong>Comisi\u00f3n de Asesoramiento de Onda S.C. <\/strong><\/a><\/span><\/center><span style=\"color: #800000;\"><strong>La Voz de Santa Cruz, A\u00f1o 1, Num 0. Marzo 1995<\/strong><\/span><br \/>\n<em>Comisi\u00f3n de Asesoramiento de Onda S.C. <\/em><br \/>\n20 p\u00e1g. N\u00famero completo<br \/>\nMaterias: <a class=\"MAT\">Historia s. XX | Instituciones \u2013 Ayuntamiento | Radio y prensa | <\/a><br \/>\n<a class=\"DOC\" href=\"https:\/\/www.museosantacruz.org\/Archivo\/LaVoz0.pdf\" target=\"_blank\" rel=\"noopener\"><img loading=\"lazy\" decoding=\"async\" src=\"https:\/\/www.museosantacruz.org\/Archivo\/magnifier.gif\" alt=\"ver\" width=\"18\" height=\"17\" \/>Ver documento<\/a><\/p>\n<hr \/>\n<p><span style=\"color: #800000;\"><strong>La Voz de Santa Cruz, A\u00f1o 1, Num 3. Especial Elecciones 1995<\/strong><\/span><br \/>\n<em>Comisi\u00f3n de Asesoramiento de Onda S.C. <\/em><br \/>\n16 p\u00e1g. N\u00famero completo<br \/>\nMaterias: <a class=\"MAT\">Historia s. XX | Instituciones \u2013 Ayuntamiento | Radio y prensa | <\/a><br \/>\n<a class=\"DOC\" href=\"https:\/\/www.museosantacruz.org\/Archivo\/LaVoz3.pdf\" target=\"_blank\" rel=\"noopener\"><img loading=\"lazy\" decoding=\"async\" src=\"https:\/\/www.museosantacruz.org\/Archivo\/magnifier.gif\" alt=\"ver\" width=\"18\" height=\"17\" \/>Ver documento<\/a><\/p>\n<hr \/>\n<p><span style=\"color: #800000;\"><strong>La Voz de Santa Cruz, A\u00f1o 1, Num 4. Junio 1995<\/strong><\/span><br \/>\n<em>Comisi\u00f3n de Asesoramiento de Onda S.C. <\/em><br \/>\n20 p\u00e1g. N\u00famero completo<br \/>\nMaterias: <a class=\"MAT\">Historia s. XX | Instituciones \u2013 Ayuntamiento | Radio y prensa | <\/a><br \/>\n<a class=\"DOC\" href=\"https:\/\/www.museosantacruz.org\/Archivo\/LaVoz4.pdf\" target=\"_blank\" rel=\"noopener\"><img loading=\"lazy\" decoding=\"async\" src=\"https:\/\/www.museosantacruz.org\/Archivo\/magnifier.gif\" alt=\"ver\" width=\"18\" height=\"17\" \/>Ver documento<\/a><\/p>\n<hr \/>\n<p><span style=\"color: #800000;\"><strong>La Voz de Santa Cruz, A\u00f1o 1, Num 5. Julio 1995<\/strong><\/span><br \/>\n<em>Comisi\u00f3n de Asesoramiento de Onda S.C. <\/em><br \/>\n20 p\u00e1g. N\u00famero completo<br \/>\nMaterias: <a class=\"MAT\">Historia s. XX | Instituciones \u2013 Ayuntamiento | Radio y prensa | <\/a><br \/>\n<a class=\"DOC\" href=\"https:\/\/www.museosantacruz.org\/Archivo\/LaVoz5.pdf\" target=\"_blank\" rel=\"noopener\"><img loading=\"lazy\" decoding=\"async\" src=\"https:\/\/www.museosantacruz.org\/Archivo\/magnifier.gif\" alt=\"ver\" width=\"18\" height=\"17\" \/>Ver documento<\/a><\/p>\n<hr \/>\n<p><span style=\"color: #800000;\"><strong>La Voz de Santa Cruz, A\u00f1o 1, Num 6. Agosto-Septiembre 1995<\/strong><\/span><br \/>\n<em>Comisi\u00f3n de Asesoramiento de Onda S.C. <\/em><br \/>\n28 p\u00e1g. N\u00famero completo<br \/>\nMaterias: <a class=\"MAT\">Historia s. XX | Instituciones \u2013 Ayuntamiento | Radio y prensa | <\/a><br \/>\n<a class=\"DOC\" href=\"https:\/\/www.museosantacruz.org\/Archivo\/LaVoz6.pdf\" target=\"_blank\" rel=\"noopener\"><img loading=\"lazy\" decoding=\"async\" src=\"https:\/\/www.museosantacruz.org\/Archivo\/magnifier.gif\" alt=\"ver\" width=\"18\" height=\"17\" \/>Ver documento<\/a><\/p>\n<hr \/>\n<p><span style=\"color: #800000;\"><strong>La Voz de Santa Cruz, A\u00f1o 1, Num 7. Octubre-Noviembre 1995<\/strong><\/span><br \/>\n<em>Comisi\u00f3n de Asesoramiento de Onda S.C. <\/em><br \/>\n33 p\u00e1g. N\u00famero completo<br \/>\nMaterias: <a class=\"MAT\">Historia s. XX | Instituciones \u2013 Ayuntamiento | Radio y prensa | <\/a><br \/>\n<a class=\"DOC\" href=\"https:\/\/www.museosantacruz.org\/Archivo\/LaVoz7.pdf\" target=\"_blank\" rel=\"noopener\"><img loading=\"lazy\" decoding=\"async\" src=\"https:\/\/www.museosantacruz.org\/Archivo\/magnifier.gif\" alt=\"ver\" width=\"18\" height=\"17\" \/>Ver documento<\/a><\/p>\n<hr \/>\n<p><span style=\"color: #800000;\"><strong>La Voz de Santa Cruz, A\u00f1o 2, Num 10. Febrero 1996<\/strong><\/span><br \/>\n<em>Comisi\u00f3n de Asesoramiento de Onda S.C. <\/em><br \/>\n36 p\u00e1g. N\u00famero completo<br \/>\nMaterias: <a class=\"MAT\">Historia s. XX | Instituciones \u2013 Ayuntamiento | Radio y prensa | <\/a><br \/>\n<a class=\"DOC\" href=\"https:\/\/www.museosantacruz.org\/Archivo\/LaVoz10.pdf\" target=\"_blank\" rel=\"noopener\"><img loading=\"lazy\" decoding=\"async\" src=\"https:\/\/www.museosantacruz.org\/Archivo\/magnifier.gif\" alt=\"ver\" width=\"18\" height=\"17\" \/>Ver documento<\/a><\/p>\n<hr \/>\n<p><span style=\"color: #800000;\"><strong>La Voz de Santa Cruz, A\u00f1o 2, Num 11. Marzo 1996<\/strong><\/span><br \/>\n<em>Comisi\u00f3n de Asesoramiento de Onda S.C. <\/em><br \/>\n20 p\u00e1g. N\u00famero completo<br \/>\nMaterias: <a class=\"MAT\">Historia s. XX | Instituciones \u2013 Ayuntamiento | Radio y prensa | <\/a><br \/>\n<a class=\"DOC\" href=\"https:\/\/www.museosantacruz.org\/Archivo\/LaVoz11.pdf\" target=\"_blank\" rel=\"noopener\"><img loading=\"lazy\" decoding=\"async\" src=\"https:\/\/www.museosantacruz.org\/Archivo\/magnifier.gif\" alt=\"ver\" width=\"18\" height=\"17\" \/>Ver documento<\/a><\/p>\n<hr \/>\n<p><span style=\"color: #800000;\"><strong>La Voz de Santa Cruz, A\u00f1o 2, Num 12. Mayo 1996<\/strong><\/span><br \/>\n<em>Comisi\u00f3n de Asesoramiento de Onda S.C. <\/em><br \/>\n20 p\u00e1g. N\u00famero completo<br \/>\nMaterias: <a class=\"MAT\">Historia s. XX | Instituciones \u2013 Ayuntamiento | Radio y prensa | <\/a><br \/>\n<a class=\"DOC\" href=\"https:\/\/www.museosantacruz.org\/Archivo\/LaVoz12.pdf\" target=\"_blank\" rel=\"noopener\"><img loading=\"lazy\" decoding=\"async\" src=\"https:\/\/www.museosantacruz.org\/Archivo\/magnifier.gif\" alt=\"ver\" width=\"18\" height=\"17\" \/>Ver documento<\/a><\/p>\n<hr \/>\n<p><span style=\"color: #800000;\"><strong>La Voz de Santa Cruz, A\u00f1o 2, Num 13. Junio 1996<\/strong><\/span><br \/>\n<em>Comisi\u00f3n de Asesoramiento de Onda S.C. <\/em><br \/>\n24 p\u00e1g. N\u00famero completo<br \/>\nMaterias: <a class=\"MAT\">Historia s. XX | Instituciones \u2013 Ayuntamiento | Radio y prensa | <\/a><br \/>\n<a class=\"DOC\" href=\"https:\/\/www.museosantacruz.org\/Archivo\/LaVoz13.pdf\" target=\"_blank\" rel=\"noopener\"><img loading=\"lazy\" decoding=\"async\" src=\"https:\/\/www.museosantacruz.org\/Archivo\/magnifier.gif\" alt=\"ver\" width=\"18\" height=\"17\" \/>Ver documento<\/a><\/p>\n<hr \/>\n<p><span style=\"color: #800000;\"><strong>La Voz de Santa Cruz, A\u00f1o 2, Num 9. Enero 1996<\/strong><\/span><br \/>\n<em>Comisi\u00f3n de Asesoramiento de Onda S.C. <\/em><br \/>\n48 p\u00e1g. N\u00famero completo<br \/>\nMaterias: <a class=\"MAT\">Historia s. XX | Instituciones \u2013 Ayuntamiento | Radio y prensa | <\/a><br \/>\n<a class=\"DOC\" href=\"https:\/\/www.museosantacruz.org\/Archivo\/LaVoz9.pdf\" target=\"_blank\" rel=\"noopener\"><img loading=\"lazy\" decoding=\"async\" src=\"https:\/\/www.museosantacruz.org\/Archivo\/magnifier.gif\" alt=\"ver\" width=\"18\" height=\"17\" \/>Ver documento<\/a><\/p>\n<hr \/>\n<p><center><a id=\"Comisi\u00f3n de Cultura\" name=\"19\"><\/a><a class=\"INDAUTORES\" href=\"#ARRIBA\" target=\"_self\" rel=\"noopener\"><span style=\"color: #000000;\"><img decoding=\"async\" src=\"https:\/\/www.museosantacruz.org\/Archivo\/flecha_arriba.png\" alt=\"15\" width=\"15\" \/><strong>Comisi\u00f3n de Cultura<\/strong><\/span><\/a><\/center><span style=\"color: #800000;\"><strong>El Preg\u00f3n del Pueblo. Boletin Informativo de la Comisi\u00f3n de Cultura. N\u00famero 00, Julio de 1980<\/strong><\/span><br \/>\n<em>Comisi\u00f3n de Cultura <\/em><br \/>\n15 p\u00e1g. 6 fotos. Sumario: Ayuntamiento: Festejos \u2013 Editorial \u2013 Agricultura \u2013 Parajes del T\u00e9rmino del Pueblo \u2013 M\u00fasica \u2013 Concurso Literario-Po\u00e9tico..<br \/>\nMaterias: <a class=\"MAT\">Agricultura y Ganader\u00eda | Ciencia y cultura | Cine y Teatro | Deporte | Econom\u00eda, industria y comercio | Etnograf\u00eda \u2013<br \/>\n<\/a><a class=\"DOC\" href=\"https:\/\/www.museosantacruz.org\/Archivo\/Pregon2-2.pdf\" target=\"_blank\" rel=\"noopener\"><img loading=\"lazy\" decoding=\"async\" src=\"https:\/\/www.museosantacruz.org\/Archivo\/magnifier.gif\" alt=\"ver\" width=\"18\" height=\"17\" \/>Ver documento<\/a><\/p>\n<hr \/>\n<p><span style=\"color: #800000;\"><strong>El Preg\u00f3n del Pueblo. Boletin Informativo de la Comisi\u00f3n de Cultura. N\u00famero 01, Agosto-Septiembre de 1980<\/strong><\/span><br \/>\n<em>Comisi\u00f3n de Cultura <\/em><br \/>\n15 p\u00e1g. 10 fotos. Sumario: Ayuntamiento: Pleno Municipal \u2013 Festejos \u2013 Agricultura : Los Productos Qu\u00edmicos \u2013 Parajes de Santa Cruz (cont) \u2013<br \/>\nMaterias: <a class=\"MAT\">Agricultura y Ganader\u00eda | Ciencia y cultura | Cine y Teatro | Deporte | Econom\u00eda, industria y comercio | Etnograf\u00eda \u2013<br \/>\n<\/a><a class=\"DOC\" href=\"https:\/\/www.museosantacruz.org\/Archivo\/El%20Pregon_0.pdf\" target=\"_blank\" rel=\"noopener\"><img loading=\"lazy\" decoding=\"async\" src=\"https:\/\/www.museosantacruz.org\/Archivo\/magnifier.gif\" alt=\"ver\" width=\"18\" height=\"17\" \/>Ver documento<\/a><\/p>\n<hr \/>\n<p><span style=\"color: #800000;\"><strong>El Preg\u00f3n del Pueblo. Boletin Informativo de la Comisi\u00f3n de Cultura. N\u00famero 02, Octubre de 1980<\/strong><\/span><br \/>\n<em>Comisi\u00f3n de Cultura <\/em><br \/>\n16 p\u00e1g. 3 fotos. Sumario: Ocurri\u00f3 en Santa Cruz \u2013 Ayuntamiento: Informes de Concejal\u00edas- Festejos \u2013 M\u00fasica. Teatro \u2013 Motes de Santa Cruz<br \/>\nMaterias: <a class=\"MAT\">Ciencia y cultura | Etnograf\u00eda \u2013 Lenguaje popular | Historia s. XIX | M\u00fasica | Radio y prensa | Cine y Teatro |<br \/>\n<\/a><a class=\"DOC\" href=\"https:\/\/www.museosantacruz.org\/Archivo\/El%20Pregon_2.pdf\" target=\"_blank\" rel=\"noopener\"><img loading=\"lazy\" decoding=\"async\" src=\"https:\/\/www.museosantacruz.org\/Archivo\/magnifier.gif\" alt=\"ver\" width=\"18\" height=\"17\" \/>Ver documento<\/a><\/p>\n<hr \/>\n<p><span style=\"color: #800000;\"><strong>El Preg\u00f3n del Pueblo. Boletin Informativo de la Comisi\u00f3n de Cultura. N\u00famero 03, Noviembre de 1980<\/strong><\/span><br \/>\n<em>Comisi\u00f3n de Cultura <\/em><br \/>\n16 p\u00e1g. 5 fotos. Sumario: Agricultura y Ganader\u00eda \u2013 Nuestro pueblo: Los motes de Santa Cruz \u2013 II Semana Cultural \u2013 Deportes \u2013 Colaboraciones,<br \/>\nMaterias: <a class=\"MAT\">Agricultura y Ganader\u00eda | Ciencia y cultura | Deporte | Etnograf\u00eda \u2013 Lenguaje popular | Historia s. XIX | Radio y<br \/>\n<\/a><a class=\"DOC\" href=\"https:\/\/www.museosantacruz.org\/Archivo\/El%20Pregon_3.pdf\" target=\"_blank\" rel=\"noopener\"><img loading=\"lazy\" decoding=\"async\" src=\"https:\/\/www.museosantacruz.org\/Archivo\/magnifier.gif\" alt=\"ver\" width=\"18\" height=\"17\" \/>Ver documento<\/a><\/p>\n<hr \/>\n<p><span style=\"color: #800000;\"><strong>El Preg\u00f3n del Pueblo. Boletin Informativo de la Comisi\u00f3n de Cultura. N\u00famero 13, Octubre de 1981<\/strong><\/span><br \/>\n<em>Comisi\u00f3n de Cultura <\/em><br \/>\n16 p\u00e1g. 6 fotos. Sumario: Ocurri\u00f3 en Santa Cruz, Agricultura \u2013 Nuestro pueblo \u2013 Colaboraciones: La Fiesta nacional, Pasatiempos y humor.<br \/>\nMaterias: <a class=\"MAT\">Agricultura y Ganader\u00eda | Deporte | Historia s. XX | Instituciones \u2013 Ayuntamiento <\/a><br \/>\n<a class=\"DOC\" href=\"https:\/\/www.museosantacruz.org\/Archivo\/El%20Pregon_13.pdf\" target=\"_blank\" rel=\"noopener\"><img loading=\"lazy\" decoding=\"async\" src=\"https:\/\/www.museosantacruz.org\/Archivo\/magnifier.gif\" alt=\"ver\" width=\"18\" height=\"17\" \/>Ver documento<\/a><\/p>\n<hr \/>\n<p><span style=\"color: #800000;\"><strong>El Preg\u00f3n del Pueblo. Boletin Informativo de la Comisi\u00f3n de Cultura. N\u00famero 14, Noviembre de 1981<\/strong><\/span><br \/>\n<em>Comisi\u00f3n de Cultura <\/em><br \/>\n20 p\u00e1g. 7 fotos. Sumario: Ocurri\u00f3 en Santa Cruz, Agricultura. Historia \u2013 Nuestro pueblo \u2013 Colaboraciones, Pasatiempos y humor.<br \/>\nMaterias: <a class=\"MAT\">Agricultura y Ganader\u00eda | Deporte | Historia s. XIII | Historia s. XX | Instituciones \u2013 Ayuntamiento <\/a><br \/>\n<a class=\"DOC\" href=\"https:\/\/www.museosantacruz.org\/Archivo\/El%20Pregon_14.pdf\" target=\"_blank\" rel=\"noopener\"><img loading=\"lazy\" decoding=\"async\" src=\"https:\/\/www.museosantacruz.org\/Archivo\/magnifier.gif\" alt=\"ver\" width=\"18\" height=\"17\" \/>Ver documento<\/a><\/p>\n<hr \/>\n<p><span style=\"color: #800000;\"><strong>El Preg\u00f3n del Pueblo. Boletin Informativo de la Comisi\u00f3n de Cultura. N\u00famero 15, Diciembre de 1981<\/strong><\/span><br \/>\n<em>Comisi\u00f3n de Cultura <\/em><br \/>\n19 p\u00e1g. 6 fotos. Sumario: Ocurri\u00f3 en Santa Cruz, Agricultura. \u00a1Pobre r\u00edo Tajo! . Poes\u00eda y relatos. Colaboraciones, Pasatiempos y humor.<br \/>\nMaterias: <a class=\"MAT\">Agricultura y Ganader\u00eda | Historia s. XX | Instituciones \u2013 Ayuntamiento | Poes\u00eda | Relatos <\/a><br \/>\n<a class=\"DOC\" href=\"https:\/\/www.museosantacruz.org\/Archivo\/El%20Pregon_15.pdf\" target=\"_blank\" rel=\"noopener\"><img loading=\"lazy\" decoding=\"async\" src=\"https:\/\/www.museosantacruz.org\/Archivo\/magnifier.gif\" alt=\"ver\" width=\"18\" height=\"17\" \/>Ver documento<\/a><\/p>\n<hr \/>\n<p><span style=\"color: #800000;\"><strong>El Preg\u00f3n del Pueblo. Boletin Informativo de la Comisi\u00f3n de Cultura. N\u00famero 16, Enero-Febrero de 1982<\/strong><\/span><br \/>\n<em>Comisi\u00f3n de Cultura <\/em><br \/>\n20 p\u00e1g. 4 fotos. Sumario: Ocurri\u00f3 en Santa Cruz, Ayuntamiento. Poes\u00eda y relatos. Colaboraciones, Pasatiempos y humor.<br \/>\nMaterias: <a class=\"MAT\">Agricultura y Ganader\u00eda | Ciencia y cultura | Historia s. XX | Instituciones \u2013 Ayuntamiento | Poes\u00eda | Relatos |<br \/>\n<\/a><a class=\"DOC\" href=\"https:\/\/www.museosantacruz.org\/Archivo\/El%20Pregon_16.pdf\" target=\"_blank\" rel=\"noopener\"><img loading=\"lazy\" decoding=\"async\" src=\"https:\/\/www.museosantacruz.org\/Archivo\/magnifier.gif\" alt=\"ver\" width=\"18\" height=\"17\" \/>Ver documento<\/a><\/p>\n<hr \/>\n<p><span style=\"color: #800000;\"><strong>El Preg\u00f3n del Pueblo. Boletin Informativo de la Comisi\u00f3n de Cultura. N\u00famero 17, Marzo-Abril de 1982<\/strong><\/span><br \/>\n<em>Comisi\u00f3n de Cultura <\/em><br \/>\n24 p\u00e1g. 7 fotos. Sumario: Ocurri\u00f3 en Santa Cruz, Ayuntamiento. Agricultura. Historia . Poes\u00eda y relatos. Colaboraciones, Pasatiempos y humor.<br \/>\nMaterias: <a class=\"MAT\">Agricultura y Ganader\u00eda | Historia s. XIII | Historia s. XX | Instituciones \u2013 Ayuntamiento | Poes\u00eda | Relatos | <\/a><br \/>\n<a class=\"DOC\" href=\"https:\/\/www.museosantacruz.org\/Archivo\/El%20Pregon_17.pdf\" target=\"_blank\" rel=\"noopener\"><img loading=\"lazy\" decoding=\"async\" src=\"https:\/\/www.museosantacruz.org\/Archivo\/magnifier.gif\" alt=\"ver\" width=\"18\" height=\"17\" \/>Ver documento<\/a><\/p>\n<hr \/>\n<p><span style=\"color: #800000;\"><strong>El Preg\u00f3n del Pueblo. Boletin Informativo de la Comisi\u00f3n de Cultura. N\u00famero 18, Mayo-Junio de 1982<\/strong><\/span><br \/>\n<em>Comisi\u00f3n de Cultura <\/em><br \/>\n24 p\u00e1g. 4 fotos. Sumario: Ocurri\u00f3 en Santa Cruz, Ayuntamiento. Colaboraciones. Cultura. Historia . Poes\u00eda y relatos, Pasatiempos y humor.<br \/>\nMaterias: <a class=\"MAT\">Agricultura y Ganader\u00eda | Historia s. XIII | Historia s. XX | Instituciones \u2013 Ayuntamiento | Poes\u00eda | Relatos | <\/a><br \/>\n<a class=\"DOC\" href=\"https:\/\/www.museosantacruz.org\/Archivo\/El%20Pregon_18.pdf\" target=\"_blank\" rel=\"noopener\"><img loading=\"lazy\" decoding=\"async\" src=\"https:\/\/www.museosantacruz.org\/Archivo\/magnifier.gif\" alt=\"ver\" width=\"18\" height=\"17\" \/>Ver documento<\/a><\/p>\n<hr \/>\n<p><span style=\"color: #800000;\"><strong>El Preg\u00f3n del Pueblo. Boletin Informativo de la Comisi\u00f3n de Cultura. N\u00famero 19, Noviembre de 1982<\/strong><\/span><br \/>\n<em>Comisi\u00f3n de Cultura <\/em><br \/>\n18 p\u00e1g. Sumario: Ocurri\u00f3 en Santa Cruz, Nuestro pueblo. Poes\u00eda y relatos. Colaboraciones, Pasatiempos y humor.<br \/>\nMaterias: <a class=\"MAT\">Historia s. XX | Instituciones \u2013 Ayuntamiento | Poes\u00eda | Relatos <\/a><br \/>\n<a class=\"DOC\" href=\"https:\/\/www.museosantacruz.org\/Archivo\/El%20Pregon_19.pdf\" target=\"_blank\" rel=\"noopener\"><img loading=\"lazy\" decoding=\"async\" src=\"https:\/\/www.museosantacruz.org\/Archivo\/magnifier.gif\" alt=\"ver\" width=\"18\" height=\"17\" \/>Ver documento<\/a><\/p>\n<hr \/>\n<p><center><a id=\"Comisi\u00f3n de Trabajo\" name=\"20\"><\/a><a class=\"INDAUTORES\" href=\"#ARRIBA\" target=\"_self\" rel=\"noopener\"><span style=\"color: #000000;\"><img decoding=\"async\" src=\"https:\/\/www.museosantacruz.org\/Archivo\/flecha_arriba.png\" alt=\"15\" width=\"15\" \/><strong>Comisi\u00f3n de Trabajo<\/strong><\/span><\/a><\/center><span style=\"color: #800000;\"><strong>Los Carnavales en Santa Cruz de la Zarza<\/strong><\/span><br \/>\n<em>Comisi\u00f3n de Trabajo <\/em><br \/>\n2 p\u00e1g. 1 foto<br \/>\nMaterias: <a class=\"MAT\">Etnograf\u00eda \u2013 Fiestas <\/a><br \/>\n<a class=\"DOC\" href=\"https:\/\/www.museosantacruz.org\/Archivo\/La%20Voz%20de%20Santa%20Cruz_1_07.pdf\" target=\"_blank\" rel=\"noopener\"><img loading=\"lazy\" decoding=\"async\" src=\"https:\/\/www.museosantacruz.org\/Archivo\/magnifier.gif\" alt=\"ver\" width=\"18\" height=\"17\" \/>Ver documento<\/a><\/p>\n<hr \/>\n<p><center><a id=\"Concejal\u00eda de Cultura\" name=\"21\"><\/a><a class=\"INDAUTORES\" href=\"#ARRIBA\" target=\"_self\" rel=\"noopener\"><span style=\"color: #000000;\"><img decoding=\"async\" src=\"https:\/\/www.museosantacruz.org\/Archivo\/flecha_arriba.png\" alt=\"15\" width=\"15\" \/><strong>Concejal\u00eda de Cultura<\/strong><\/span><\/a><\/center><span style=\"color: #800000;\"><strong>El Ayuntamiento de Santa Cruz de la Zarza, un edificio hist\u00f3rico<\/strong><\/span><br \/>\n<em>Concejal\u00eda de Cultura <\/em><br \/>\n1 p\u00e1g. 2 fotos<br \/>\nMaterias: <a class=\"MAT\">Arquitectura \u2013 Edificios notables | Instituciones \u2013 Ayuntamiento | Obras p\u00fablicas y proyectos | <\/a><br \/>\n<a class=\"DOC\" href=\"https:\/\/www.museosantacruz.org\/Archivo\/Prg_SCruz_1990_01_14.pdf\" target=\"_blank\" rel=\"noopener\"><img loading=\"lazy\" decoding=\"async\" src=\"https:\/\/www.museosantacruz.org\/Archivo\/magnifier.gif\" alt=\"ver\" width=\"18\" height=\"17\" \/>Ver documento<\/a><\/p>\n<hr \/>\n<p><center><a id=\"Concejal\u00eda de Educaci\u00f3n\" name=\"22\"><\/a><a class=\"INDAUTORES\" href=\"#ARRIBA\" target=\"_self\" rel=\"noopener\"><span style=\"color: #000000;\"><img decoding=\"async\" src=\"https:\/\/www.museosantacruz.org\/Archivo\/flecha_arriba.png\" alt=\"15\" width=\"15\" \/><strong>Concejal\u00eda de Educaci\u00f3n<\/strong><\/span><\/a><\/center><span style=\"color: #800000;\"><strong>Un siglo de ense\u00f1anza en nuestro pueblo<\/strong><\/span><br \/>\n<em>Concejal\u00eda de Educaci\u00f3n <\/em><br \/>\n7 p\u00e1g. Relaci\u00f3n de maestros de Santa Cruz; 18 fotos de aulas y cursos escolares<br \/>\nMaterias: <a class=\"MAT\">Educaci\u00f3n y escuelas | Historia s. XX <\/a><br \/>\n<a class=\"DOC\" href=\"https:\/\/www.museosantacruz.org\/Archivo\/Prg_SCruz_1992_01_18.pdf\" target=\"_blank\" rel=\"noopener\"><img loading=\"lazy\" decoding=\"async\" src=\"https:\/\/www.museosantacruz.org\/Archivo\/magnifier.gif\" alt=\"ver\" width=\"18\" height=\"17\" \/>Ver documento<\/a><\/p>\n<hr \/>\n<p><center><a id=\"Consejo de Redacci\u00f3n del Preg\u00f3n\" name=\"23\"><\/a><a class=\"INDAUTORES\" href=\"#ARRIBA\" target=\"_self\" rel=\"noopener\"><span style=\"color: #000000;\"><img decoding=\"async\" src=\"https:\/\/www.museosantacruz.org\/Archivo\/flecha_arriba.png\" alt=\"15\" width=\"15\" \/><strong>Consejo de Redacci\u00f3n del Preg\u00f3n<\/strong><\/span><\/a><\/center><span style=\"color: #800000;\"><strong>El Preg\u00f3n del Pueblo, Num 2. Febrero 2001<\/strong><\/span><br \/>\n<em>Consejo de Redacci\u00f3n del Preg\u00f3n <\/em><br \/>\n20 p\u00e1g. N\u00famero completo<br \/>\nMaterias: <a class=\"MAT\">Historia s. XX | Radio y prensa <\/a><br \/>\n<a class=\"DOC\" href=\"https:\/\/www.museosantacruz.org\/Archivo\/Pregon2-2.pdf\" target=\"_blank\" rel=\"noopener\"><img loading=\"lazy\" decoding=\"async\" src=\"https:\/\/www.museosantacruz.org\/Archivo\/magnifier.gif\" alt=\"ver\" width=\"18\" height=\"17\" \/>Ver documento<\/a><\/p>\n<hr \/>\n<p><span style=\"color: #800000;\"><strong>El Preg\u00f3n del Pueblo, Num 3. Abril 2001<\/strong><\/span><br \/>\n<em>Consejo de Redacci\u00f3n del Preg\u00f3n <\/em><br \/>\n20 p\u00e1g. N\u00famero completo<br \/>\nMaterias: <a class=\"MAT\">Historia s. XX | Radio y prensa <\/a><br \/>\n<a class=\"DOC\" href=\"https:\/\/www.museosantacruz.org\/Archivo\/Pregon2-3.pdf\" target=\"_blank\" rel=\"noopener\"><img loading=\"lazy\" decoding=\"async\" src=\"https:\/\/www.museosantacruz.org\/Archivo\/magnifier.gif\" alt=\"ver\" width=\"18\" height=\"17\" \/>Ver documento<\/a><\/p>\n<hr \/>\n<p><span style=\"color: #800000;\"><strong>El Preg\u00f3n del Pueblo, Num 4. Junio 2001<\/strong><\/span><br \/>\n<em>Consejo de Redacci\u00f3n del Preg\u00f3n <\/em><br \/>\n20 p\u00e1g. N\u00famero completo<br \/>\nMaterias: <a class=\"MAT\">Historia s. XX | Radio y prensa <\/a><br \/>\n<a class=\"DOC\" href=\"https:\/\/www.museosantacruz.org\/Archivo\/Pregon2-4.pdf\" target=\"_blank\" rel=\"noopener\"><img loading=\"lazy\" decoding=\"async\" src=\"https:\/\/www.museosantacruz.org\/Archivo\/magnifier.gif\" alt=\"ver\" width=\"18\" height=\"17\" \/>Ver documento<\/a><\/p>\n<hr \/>\n<p><span style=\"color: #800000;\"><strong>El Preg\u00f3n del Pueblo, Num 5. Diciembre 2001<\/strong><\/span><br \/>\n<em>Consejo de Redacci\u00f3n del Preg\u00f3n <\/em><br \/>\n24 p\u00e1g. N\u00famero completo<br \/>\nMaterias: <a class=\"MAT\">Historia s. XX | Radio y prensa <\/a><br \/>\n<a class=\"DOC\" href=\"https:\/\/www.museosantacruz.org\/Archivo\/Pregon2-5.pdf\" target=\"_blank\" rel=\"noopener\"><img loading=\"lazy\" decoding=\"async\" src=\"https:\/\/www.museosantacruz.org\/Archivo\/magnifier.gif\" alt=\"ver\" width=\"18\" height=\"17\" \/>Ver documento<\/a><\/p>\n<hr \/>\n<p><center><a id=\"De la Osada Mar\u00edn, Julia\" name=\"24\"><\/a><a class=\"INDAUTORES\" href=\"#ARRIBA\" target=\"_self\" rel=\"noopener\"><strong><img decoding=\"async\" src=\"https:\/\/www.museosantacruz.org\/Archivo\/flecha_arriba.png\" alt=\"15\" width=\"15\" \/><span style=\"color: #000000;\">De la Osada Mar\u00edn, Julia<\/span><\/strong><\/a><\/center><span style=\"color: #800000;\"><strong>Familia de carpinteros<\/strong><\/span><br \/>\n<em>De la Osada Mar\u00edn, Julia <\/em><br \/>\n2 p., 5 il.<br \/>\nMaterias: <a class=\"MAT\">Historia reciente \u2013 Memorias | Etnograf\u00eda \u2013 Artesan\u00eda <\/a><br \/>\n<a class=\"DOC\" href=\"https:\/\/ww2.museosantacruz.org\/wp-\" target=\"_blank\" rel=\"noopener\"><img loading=\"lazy\" decoding=\"async\" src=\"https:\/\/www.museosantacruz.org\/Archivo\/magnifier.gif\" alt=\"ver\" width=\"18\" height=\"17\" \/>Ver documento<\/a><\/p>\n<hr \/>\n<p><center><a id=\"Fern\u00e1ndez Nieto, M.\" name=\"25\"><\/a><a class=\"INDAUTORES\" href=\"#ARRIBA\" target=\"_self\" rel=\"noopener\"><span style=\"color: #000000;\"><img decoding=\"async\" src=\"https:\/\/www.museosantacruz.org\/Archivo\/flecha_arriba.png\" alt=\"15\" width=\"15\" \/><strong>Fern\u00e1ndez Nieto, M.<\/strong><\/span><\/a><\/center><span style=\"color: #800000;\"><strong>Ojeada al perfil barroco de Santa Cruz de la Zarza<\/strong><\/span><br \/>\n<em>Fern\u00e1ndez Nieto, M. <\/em><br \/>\n2 p\u00e1g.<br \/>\nMaterias: <a class=\"MAT\">Arquitectura \u2013 Edificios notables <\/a><br \/>\n<a class=\"DOC\" href=\"https:\/\/www.museosantacruz.org\/Archivo\/Prg_SCruz_1992_01_08.pdf\" target=\"_blank\" rel=\"noopener\"><img loading=\"lazy\" decoding=\"async\" src=\"https:\/\/www.museosantacruz.org\/Archivo\/magnifier.gif\" alt=\"ver\" width=\"18\" height=\"17\" \/>Ver documento<\/a><\/p>\n<hr \/>\n<p><center><a id=\"Garc\u00eda Albares, Jos\u00e9 Antonio\" name=\"26\"><\/a><a class=\"INDAUTORES\" href=\"#ARRIBA\" target=\"_self\" rel=\"noopener\"><span style=\"color: #000000;\"><img decoding=\"async\" src=\"https:\/\/www.museosantacruz.org\/Archivo\/flecha_arriba.png\" alt=\"15\" width=\"15\" \/><strong>Garc\u00eda Albares, Jos\u00e9 Antonio<\/strong><\/span><\/a><\/center><span style=\"color: #800000;\"><strong>\u00a1\u00a1\u00a1C\u00f3mo ha subido la vida!!!<\/strong><\/span><br \/>\n<em>Garc\u00eda Albares, Jos\u00e9 Antonio <\/em><br \/>\n2 p\u00e1g. 13 documentos<br \/>\nMaterias: <a class=\"MAT\">Historia reciente \u2013 Memorias | Relatos <\/a><br \/>\n<a class=\"DOC\" href=\"https:\/\/www.museosantacruz.org\/Archivo\/Prg_SCruz_2009_01_06.pdf\" target=\"_blank\" rel=\"noopener\"><img loading=\"lazy\" decoding=\"async\" src=\"https:\/\/www.museosantacruz.org\/Archivo\/magnifier.gif\" alt=\"ver\" width=\"18\" height=\"17\" \/>Ver documento<\/a><\/p>\n<hr \/>\n<p><span style=\"color: #800000;\"><strong>\u00bfPor qu\u00e9 est\u00e1 el Covento en esas condiciones?<\/strong><\/span><br \/>\n<em>Garc\u00eda Albares, Jos\u00e9 Antonio <\/em><br \/>\n2 p., 3 il.<br \/>\nMaterias: <a class=\"MAT\">Arquitectura \u2013 Edificios notables | Iglesia \u2013 Templos <\/a><br \/>\n<a class=\"DOC\" href=\"https:\/\/ww2.museosantacruz.org\/wp-\" target=\"_blank\" rel=\"noopener\"><img loading=\"lazy\" decoding=\"async\" src=\"https:\/\/www.museosantacruz.org\/Archivo\/magnifier.gif\" alt=\"ver\" width=\"18\" height=\"17\" \/>Ver documento<\/a><\/p>\n<hr \/>\n<p><span style=\"color: #800000;\"><strong>Dichos y refranes de nuestro pueblo<\/strong><\/span><br \/>\n<em>Garc\u00eda Albares, Jos\u00e9 Antonio <\/em><br \/>\n1 p\u00e1g.<br \/>\nMaterias: <a class=\"MAT\">Etnograf\u00eda \u2013 Lenguaje popular | Etnograf\u00eda \u2013 Literatura popular <\/a><br \/>\n<a class=\"DOC\" href=\"https:\/\/www.museosantacruz.org\/Archivo\/Prg_SCruz_2007_01_11.pdf\" target=\"_blank\" rel=\"noopener\"><img loading=\"lazy\" decoding=\"async\" src=\"https:\/\/www.museosantacruz.org\/Archivo\/magnifier.gif\" alt=\"ver\" width=\"18\" height=\"17\" \/>Ver documento<\/a><\/p>\n<hr \/>\n<p><span style=\"color: #800000;\"><strong>El escudo de Santa Cruz<\/strong><\/span><br \/>\n<em>Garc\u00eda Albares, Jos\u00e9 Antonio <\/em><br \/>\n1 p\u00e1g. 2 fotos<br \/>\nMaterias: <a class=\"MAT\">Her\u00e1ldica <\/a><br \/>\n<a class=\"DOC\" href=\"https:\/\/www.museosantacruz.org\/Archivo\/Prg_SCruz_2004_01_03.pdf\" target=\"_blank\" rel=\"noopener\"><img loading=\"lazy\" decoding=\"async\" src=\"https:\/\/www.museosantacruz.org\/Archivo\/magnifier.gif\" alt=\"ver\" width=\"18\" height=\"17\" \/>Ver documento<\/a><\/p>\n<hr \/>\n<p><span style=\"color: #800000;\"><strong>Evoluci\u00f3n social<\/strong><\/span><br \/>\n<em>Garc\u00eda Albares, Jos\u00e9 Antonio <\/em><br \/>\n1 p\u00e1g. 3 documentos<br \/>\nMaterias: <a class=\"MAT\">Historia reciente \u2013 Memorias <\/a><br \/>\n<a class=\"DOC\" href=\"https:\/\/www.museosantacruz.org\/Archivo\/Prg_SCruz_2012_01_02.pdf\" target=\"_blank\" rel=\"noopener\"><img loading=\"lazy\" decoding=\"async\" src=\"https:\/\/www.museosantacruz.org\/Archivo\/magnifier.gif\" alt=\"ver\" width=\"18\" height=\"17\" \/>Ver documento<\/a><\/p>\n<hr \/>\n<p><span style=\"color: #800000;\"><strong>Her\u00e1ldica<\/strong><\/span><br \/>\n<em>Garc\u00eda Albares, Jos\u00e9 Antonio <\/em><br \/>\n1 p\u00e1g. 3 fotos<br \/>\nMaterias: <a class=\"MAT\">Arquitectura \u2013 Edificios notables | Her\u00e1ldica | Historia \u2013 Documentos: Catastro de Ensenada | Historia s. XVIII<br \/>\n<\/a><a class=\"DOC\" href=\"https:\/\/www.museosantacruz.org\/Archivo\/Prg_SCruz_2011_01_01.pdf\" target=\"_blank\" rel=\"noopener\"><img loading=\"lazy\" decoding=\"async\" src=\"https:\/\/www.museosantacruz.org\/Archivo\/magnifier.gif\" alt=\"ver\" width=\"18\" height=\"17\" \/>Ver documento<\/a><\/p>\n<hr \/>\n<p><span style=\"color: #800000;\"><strong>Historia de un bot\u00f3n<\/strong><\/span><br \/>\n<em>Garc\u00eda Albares, Jos\u00e9 Antonio <\/em><br \/>\n2 p\u00e1g. 7 fotos<br \/>\nMaterias: <a class=\"MAT\">Ej\u00e9rcito y milicia | Historia s. XIX | Historia s. XX | <\/a><br \/>\n<a class=\"DOC\" href=\"https:\/\/www.museosantacruz.org\/Archivo\/Prg_SCruz_2002_01_05.pdf\" target=\"_blank\" rel=\"noopener\"><img loading=\"lazy\" decoding=\"async\" src=\"https:\/\/www.museosantacruz.org\/Archivo\/magnifier.gif\" alt=\"ver\" width=\"18\" height=\"17\" \/>Ver documento<\/a><\/p>\n<hr \/>\n<p><span style=\"color: #800000;\"><strong>La Aviaci\u00f3n y Santa Cruz<\/strong><\/span><br \/>\n<em>Garc\u00eda Albares, Jos\u00e9 Antonio <\/em><br \/>\n1 p\u00e1g. 2 fotos<br \/>\nMaterias: <a class=\"MAT\">Ej\u00e9rcito y milicia | Historia s. XX <\/a><br \/>\n<a class=\"DOC\" href=\"https:\/\/www.museosantacruz.org\/Archivo\/Prg_SCruz_1996_01_11.pdf\" target=\"_blank\" rel=\"noopener\"><img loading=\"lazy\" decoding=\"async\" src=\"https:\/\/www.museosantacruz.org\/Archivo\/magnifier.gif\" alt=\"ver\" width=\"18\" height=\"17\" \/>Ver documento<\/a><\/p>\n<hr \/>\n<p><span style=\"color: #800000;\"><strong>La familia Chac\u00f3n en Santa Cruz de la Zarza<\/strong><\/span><br \/>\n<em>Garc\u00eda Albares, Jos\u00e9 Antonio <\/em><br \/>\n2 p\u00e1g. 2 fotos<br \/>\nMaterias: <a class=\"MAT\">Etnograf\u00eda \u2013 Onom\u00e1stica local | Her\u00e1ldica | Historia s. XVI | <\/a><br \/>\n<a class=\"DOC\" href=\"https:\/\/www.museosantacruz.org\/Archivo\/Prg_SCruz_2005_01_01.pdf\" target=\"_blank\" rel=\"noopener\"><img loading=\"lazy\" decoding=\"async\" src=\"https:\/\/www.museosantacruz.org\/Archivo\/magnifier.gif\" alt=\"ver\" width=\"18\" height=\"17\" \/>Ver documento<\/a><\/p>\n<hr \/>\n<p><span style=\"color: #800000;\"><strong>La Iglesia de Santiago en la Guerra de la Independencia<\/strong><\/span><br \/>\n<em>Garc\u00eda Albares, Jos\u00e9 Antonio <\/em><br \/>\n1 p\u00e1g. 2 fotos<br \/>\nMaterias: <a class=\"MAT\">Arquitectura \u2013 Edificios notables | Historia s. XIX \u2013 Guerra de Independencia | Iglesia \u2013 Templos | <\/a><br \/>\n<a class=\"DOC\" href=\"https:\/\/www.museosantacruz.org\/Archivo\/Prg_SCruz_2008_01_03.pdf\" target=\"_blank\" rel=\"noopener\"><img loading=\"lazy\" decoding=\"async\" src=\"https:\/\/www.museosantacruz.org\/Archivo\/magnifier.gif\" alt=\"ver\" width=\"18\" height=\"17\" \/>Ver documento<\/a><\/p>\n<hr \/>\n<p><span style=\"color: #800000;\"><strong>La Orden de Santiago<\/strong><\/span><br \/>\n<em>Garc\u00eda Albares, Jos\u00e9 Antonio <\/em><br \/>\n2 p\u00e1g. 1 foto<br \/>\nMaterias: <a class=\"MAT\">Etnograf\u00eda \u2013 Onom\u00e1stica local | Her\u00e1ldica | Historia s. XIV | Historia s. XV | Historia s. XVI | Historia s. XVII | Historia<br \/>\n<\/a><a class=\"DOC\" href=\"https:\/\/www.museosantacruz.org\/Archivo\/Prg_SCruz_2003_01_03.pdf\" target=\"_blank\" rel=\"noopener\"><img loading=\"lazy\" decoding=\"async\" src=\"https:\/\/www.museosantacruz.org\/Archivo\/magnifier.gif\" alt=\"ver\" width=\"18\" height=\"17\" \/>Ver documento<\/a><\/p>\n<hr \/>\n<p><span style=\"color: #800000;\"><strong>La Raspa<\/strong><\/span><br \/>\n<em>Garc\u00eda Albares, Jos\u00e9 Antonio <\/em><br \/>\n1 p\u00e1g. 2 fotos<br \/>\nMaterias: <a class=\"MAT\">Medios de transporte <\/a><br \/>\n<a class=\"DOC\" href=\"https:\/\/www.museosantacruz.org\/Archivo\/Prg_SCruz_1997_01_05.pdf\" target=\"_blank\" rel=\"noopener\"><img loading=\"lazy\" decoding=\"async\" src=\"https:\/\/www.museosantacruz.org\/Archivo\/magnifier.gif\" alt=\"ver\" width=\"18\" height=\"17\" \/>Ver documento<\/a><\/p>\n<hr \/>\n<p><span style=\"color: #800000;\"><strong>Los \u00abFelipes\u00bb en la monarqu\u00eda espa\u00f1ola<\/strong><\/span><br \/>\n<em>Garc\u00eda Albares, Jos\u00e9 Antonio <\/em><br \/>\n1 p., 2 il.<br \/>\nMaterias: <a class=\"MAT\">Her\u00e1ldica <\/a><br \/>\n<a class=\"DOC\" href=\"https:\/\/ww2.museosantacruz.org\/wp-\" target=\"_blank\" rel=\"noopener\"><img loading=\"lazy\" decoding=\"async\" src=\"https:\/\/www.museosantacruz.org\/Archivo\/magnifier.gif\" alt=\"ver\" width=\"18\" height=\"17\" \/>Ver documento<\/a><\/p>\n<hr \/>\n<p><span style=\"color: #800000;\"><strong>Los montes de Santa Cruz<\/strong><\/span><br \/>\n<em>Garc\u00eda Albares, Jos\u00e9 Antonio | Garcia Berciano, Miguel | |<\/em><br \/>\n3 p., 5 il.<br \/>\nMaterias: <a class=\"MAT\">Etnograf\u00eda \u2013 Arquitectura popular | Agricultura y Ganader\u00eda | Etnograf\u00eda \u2013 Toponimia local | <\/a><br \/>\n<a class=\"DOC\" href=\"https:\/\/ww2.museosantacruz.org\/wp-\" target=\"_blank\" rel=\"noopener\"><img loading=\"lazy\" decoding=\"async\" src=\"https:\/\/www.museosantacruz.org\/Archivo\/magnifier.gif\" alt=\"ver\" width=\"18\" height=\"17\" \/>Ver documento<\/a><\/p>\n<hr \/>\n<p><span style=\"color: #800000;\"><strong>Los or\u00edgenes de la Procesi\u00f3n de Jes\u00fas<\/strong><\/span><br \/>\n<em>Garc\u00eda Albares, Jos\u00e9 Antonio <\/em><br \/>\n1 p\u00e1g. 1 foto<br \/>\nMaterias: <a class=\"MAT\">Historia s. XVIII | Historia s. XIX | Historia s. XX | Iglesia \u2013 Cofrad\u00edas | Iglesia y culto <\/a><br \/>\n<a class=\"DOC\" href=\"https:\/\/www.museosantacruz.org\/Archivo\/Prg_SCruz_1993_01_17.pdf\" target=\"_blank\" rel=\"noopener\"><img loading=\"lazy\" decoding=\"async\" src=\"https:\/\/www.museosantacruz.org\/Archivo\/magnifier.gif\" alt=\"ver\" width=\"18\" height=\"17\" \/>Ver documento<\/a><\/p>\n<hr \/>\n<p><span style=\"color: #800000;\"><strong>Nosotros los de entonces<\/strong><\/span><br \/>\n<em>Garc\u00eda Albares, Jos\u00e9 Antonio <\/em><br \/>\n2 p\u00e1g. 2 fotos<br \/>\nMaterias: <a class=\"MAT\">Historia reciente \u2013 Memorias <\/a><br \/>\n<a class=\"DOC\" href=\"https:\/\/www.museosantacruz.org\/Archivo\/Prg_SCruz_2007_01_08.pdf\" target=\"_blank\" rel=\"noopener\"><img loading=\"lazy\" decoding=\"async\" src=\"https:\/\/www.museosantacruz.org\/Archivo\/magnifier.gif\" alt=\"ver\" width=\"18\" height=\"17\" \/>Ver documento<\/a><\/p>\n<hr \/>\n<p><span style=\"color: #800000;\"><strong>Pedro Men\u00e9ndez de Avil\u00e9s. Comendador de Santa Cruz de la Zarza.<\/strong><\/span><br \/>\n<em>Garc\u00eda Albares, Jos\u00e9 Antonio <\/em><br \/>\n2 p., 5 il.<br \/>\nMaterias: <a class=\"MAT\">Historia s. XVI | Personajes de Santa Cruz <\/a><br \/>\n<a class=\"DOC\" href=\"https:\/\/ww2.museosantacruz.org\/wp-\" target=\"_blank\" rel=\"noopener\"><img loading=\"lazy\" decoding=\"async\" src=\"https:\/\/www.museosantacruz.org\/Archivo\/magnifier.gif\" alt=\"ver\" width=\"18\" height=\"17\" \/>Ver documento<\/a><\/p>\n<hr \/>\n<p><span style=\"color: #800000;\"><strong>Pliego de condiciones. Alumbrado el\u00e9ctrico en Santa Cruz de la Zarza<\/strong><\/span><br \/>\n<em>Garc\u00eda Albares, Jos\u00e9 Antonio <\/em><br \/>\n3 p., 2 il.<br \/>\nMaterias: <a class=\"MAT\">Historia \u2013 Documentos | Historia s. XIX | Archivos | <\/a><br \/>\n<a class=\"DOC\" href=\"https:\/\/ww2.museosantacruz.org\/wp-\" target=\"_blank\" rel=\"noopener\"><img loading=\"lazy\" decoding=\"async\" src=\"https:\/\/www.museosantacruz.org\/Archivo\/magnifier.gif\" alt=\"ver\" width=\"18\" height=\"17\" \/>Ver documento<\/a><\/p>\n<hr \/>\n<p><span style=\"color: #800000;\"><strong>Recuerdos<\/strong><\/span><br \/>\n<em>Garc\u00eda Albares, Jos\u00e9 Antonio <\/em><br \/>\n1 p\u00e1g. 3 documentos<br \/>\nMaterias: <a class=\"MAT\">Historia reciente \u2013 Memorias <\/a><br \/>\n<a class=\"DOC\" href=\"https:\/\/www.museosantacruz.org\/Archivo\/Prg_SCruz_2011_01_02.pdf\" target=\"_blank\" rel=\"noopener\"><img loading=\"lazy\" decoding=\"async\" src=\"https:\/\/www.museosantacruz.org\/Archivo\/magnifier.gif\" alt=\"ver\" width=\"18\" height=\"17\" \/>Ver documento<\/a><\/p>\n<hr \/>\n<p><span style=\"color: #800000;\"><strong>Refranes de nuestra tierra<\/strong><\/span><br \/>\n<em>Garc\u00eda Albares, Jos\u00e9 Antonio <\/em><br \/>\n1 p\u00e1g.<br \/>\nMaterias: <a class=\"MAT\">Etnograf\u00eda \u2013 Lenguaje popular <\/a><br \/>\n<a class=\"DOC\" href=\"https:\/\/www.museosantacruz.org\/Archivo\/Prg_SCruz_2013_01_07.pdf\" target=\"_blank\" rel=\"noopener\"><img loading=\"lazy\" decoding=\"async\" src=\"https:\/\/www.museosantacruz.org\/Archivo\/magnifier.gif\" alt=\"ver\" width=\"18\" height=\"17\" \/>Ver documento<\/a><\/p>\n<hr \/>\n<p><span style=\"color: #800000;\"><strong>Santa Cruz de La Zarza y la Real Armada<\/strong><\/span><br \/>\n<em>Garc\u00eda Albares, Jos\u00e9 Antonio <\/em><br \/>\n1 p\u00e1g. 1 foto, 2 ilustraciones<br \/>\nMaterias: <a class=\"MAT\">Ej\u00e9rcito y milicia | Personajes de Santa Cruz <\/a><br \/>\n<a class=\"DOC\" href=\"https:\/\/www.museosantacruz.org\/Archivo\/Prg_SCruz_2007_01_04.pdf\" target=\"_blank\" rel=\"noopener\"><img loading=\"lazy\" decoding=\"async\" src=\"https:\/\/www.museosantacruz.org\/Archivo\/magnifier.gif\" alt=\"ver\" width=\"18\" height=\"17\" \/>Ver documento<\/a><\/p>\n<hr \/>\n<p><span style=\"color: #800000;\"><strong>Santa Cruz desde la Diputaci\u00f3n<\/strong><\/span><br \/>\n<em>Garc\u00eda Albares, Jos\u00e9 Antonio <\/em><br \/>\n1 p., 1 il.<br \/>\nMaterias: <a class=\"MAT\">Historia s. XIX | Historia s. XX | Instituciones \u2013 Ayuntamiento | <\/a><br \/>\n<a class=\"DOC\" href=\"https:\/\/ww2.museosantacruz.org\/wp-\" target=\"_blank\" rel=\"noopener\"><img loading=\"lazy\" decoding=\"async\" src=\"https:\/\/www.museosantacruz.org\/Archivo\/magnifier.gif\" alt=\"ver\" width=\"18\" height=\"17\" \/>Ver documento<\/a><\/p>\n<hr \/>\n<p><span style=\"color: #800000;\"><strong>Santacruceros a las Indias. Cat\u00e1logo de pasajeros a Indias en el siglo XVI y XVII<\/strong><\/span><br \/>\n<em>Garc\u00eda Albares, Jos\u00e9 Antonio <\/em><br \/>\n2 p., 1 il.<br \/>\nMaterias: <a class=\"MAT\">Historia \u2013 Documentos | Historia s. XVI | Historia s. XVII | <\/a><br \/>\n<a class=\"DOC\" href=\"https:\/\/ww2.museosantacruz.org\/wp-\" target=\"_blank\" rel=\"noopener\"><img loading=\"lazy\" decoding=\"async\" src=\"https:\/\/www.museosantacruz.org\/Archivo\/magnifier.gif\" alt=\"ver\" width=\"18\" height=\"17\" \/>Ver documento<\/a><\/p>\n<hr \/>\n<p><span style=\"color: #800000;\"><strong>Santacruceros ilustres: D. Ceferino Chac\u00f3n y Jaramillo<\/strong><\/span><br \/>\n<em>Garc\u00eda Albares, Jos\u00e9 Antonio <\/em><br \/>\n3 p\u00e1g. 2 fotos<br \/>\nMaterias: <a class=\"MAT\">Arquitectura \u2013 Edificios notables | Her\u00e1ldica | Historia s. XIX | Personajes de Santa Cruz <\/a><br \/>\n<a class=\"DOC\" href=\"https:\/\/www.museosantacruz.org\/Archivo\/Prg_SCruz_2004_01_04.pdf\" target=\"_blank\" rel=\"noopener\"><img loading=\"lazy\" decoding=\"async\" src=\"https:\/\/www.museosantacruz.org\/Archivo\/magnifier.gif\" alt=\"ver\" width=\"18\" height=\"17\" \/>Ver documento<\/a><\/p>\n<hr \/>\n<p><span style=\"color: #800000;\"><strong>Santacruceros: Antonio Gallo (sin t\u00edtulo)<\/strong><\/span><br \/>\n<em>Garc\u00eda Albares, Jos\u00e9 Antonio <\/em><br \/>\n1 p\u00e1g. 1 foto, 2 ilustraciones<br \/>\nMaterias: <a class=\"MAT\">Ej\u00e9rcito y milicia | Historia \u2013 Documentos | Historia s. XVII | Personajes de Santa Cruz <\/a><br \/>\n<a class=\"DOC\" href=\"https:\/\/www.museosantacruz.org\/Archivo\/Prg_SCruz_1991_01_08.pdf\" target=\"_blank\" rel=\"noopener\"><img loading=\"lazy\" decoding=\"async\" src=\"https:\/\/www.museosantacruz.org\/Archivo\/magnifier.gif\" alt=\"ver\" width=\"18\" height=\"17\" \/>Ver documento<\/a><\/p>\n<hr \/>\n<p><center><a id=\"Garc\u00eda Albares, M\u00aa Concepci\u00f3n\" name=\"27\"><\/a><a class=\"INDAUTORES\" href=\"#ARRIBA\" target=\"_self\" rel=\"noopener\"><span style=\"color: #000000;\"><img decoding=\"async\" src=\"https:\/\/www.museosantacruz.org\/Archivo\/flecha_arriba.png\" alt=\"15\" width=\"15\" \/><strong>Garc\u00eda Albares, M\u00aa Concepci\u00f3n<\/strong><\/span><\/a><\/center><span style=\"color: #800000;\"><strong>Fundaci\u00f3n de la Iglesia de Santiago<\/strong><\/span><br \/>\n<em>Garc\u00eda Albares, M\u00aa Concepci\u00f3n <\/em><br \/>\n3 p\u00e1g. 3 fotos<br \/>\nMaterias: <a class=\"MAT\">Historia s. XVI | Historia s. XVII | Historia s. XVIII | Iglesia \u2013 Templos | Iglesia y culto | Orden de Santiago | <\/a><br \/>\n<a class=\"DOC\" href=\"https:\/\/www.museosantacruz.org\/Archivo\/Prg_SCruz_1997_01_01.pdf\" target=\"_blank\" rel=\"noopener\"><img loading=\"lazy\" decoding=\"async\" src=\"https:\/\/www.museosantacruz.org\/Archivo\/magnifier.gif\" alt=\"ver\" width=\"18\" height=\"17\" \/>Ver documento<\/a><\/p>\n<hr \/>\n<p><span style=\"color: #800000;\"><strong>Historia de Santa Cruz: publicidad en la Gran Enciclopedia de Castilla-La Mancha<\/strong><\/span><br \/>\n<em>Garc\u00eda Albares, M\u00aa Concepci\u00f3n <\/em><br \/>\n2 p\u00e1g. Texto extra\u00eddo de la Enciclopedia<br \/>\nMaterias: <a class=\"MAT\">Historia \u2013 Documentos <\/a><br \/>\n<a class=\"DOC\" href=\"https:\/\/www.museosantacruz.org\/Archivo\/Prg_SCruz_1991_01_07.pdf\" target=\"_blank\" rel=\"noopener\"><img loading=\"lazy\" decoding=\"async\" src=\"https:\/\/www.museosantacruz.org\/Archivo\/magnifier.gif\" alt=\"ver\" width=\"18\" height=\"17\" \/>Ver documento<\/a><\/p>\n<hr \/>\n<p><span style=\"color: #800000;\"><strong>Iglesia de Santiago en el S. XIX (3\u00aa y \u00faltima parte)<\/strong><\/span><br \/>\n<em>Garc\u00eda Albares, M\u00aa Concepci\u00f3n <\/em><br \/>\n2 p\u00e1g. 1 plano<br \/>\nMaterias: <a class=\"MAT\">Arquitectura \u2013 Edificios notables | Historia s. XIX | Iglesia \u2013 Templos | <\/a><br \/>\n<a class=\"DOC\" href=\"https:\/\/www.museosantacruz.org\/Archivo\/Prg_SCruz_2000_01_07.pdf\" target=\"_blank\" rel=\"noopener\"><img loading=\"lazy\" decoding=\"async\" src=\"https:\/\/www.museosantacruz.org\/Archivo\/magnifier.gif\" alt=\"ver\" width=\"18\" height=\"17\" \/>Ver documento<\/a><\/p>\n<hr \/>\n<p><span style=\"color: #800000;\"><strong>Personajes ilustres santacruceros<\/strong><\/span><br \/>\n<em>Garc\u00eda Albares, M\u00aa Concepci\u00f3n <\/em><br \/>\n3 p\u00e1g. 2 fotos; 1 manuscrito<br \/>\nMaterias: <a class=\"MAT\">Etnograf\u00eda \u2013 Onom\u00e1stica local | Historia s. XV | Historia s. XVI | Historia s. XVII | Historia s. XVIII | Inquisici\u00f3n |<br \/>\n<\/a><a class=\"DOC\" href=\"https:\/\/www.museosantacruz.org\/Archivo\/Prg_SCruz_1998_01_02.pdf\" target=\"_blank\" rel=\"noopener\"><img loading=\"lazy\" decoding=\"async\" src=\"https:\/\/www.museosantacruz.org\/Archivo\/magnifier.gif\" alt=\"ver\" width=\"18\" height=\"17\" \/>Ver documento<\/a><\/p>\n<hr \/>\n<p><center><a id=\" Garcia Berciano, Miguel\" name=\"26\"><\/a><a class=\"INDAUTORES\" href=\"#ARRIBA\" target=\"_self\" rel=\"noopener\"><span style=\"color: #000000;\"><img decoding=\"async\" src=\"https:\/\/www.museosantacruz.org\/Archivo\/flecha_arriba.png\" alt=\"15\" width=\"15\" \/><strong>Garc\u00eda Berciano, Miguel OJO NUMERO<\/strong><\/span><\/a><\/center><span style=\"color: #800000;\"><strong>Los montes de Santa Cruz<\/strong><\/span><br \/>\n<em>Garc\u00eda Albares, Jos\u00e9 Antonio | Garcia Berciano, Miguel | |<\/em><br \/>\n3 p., 5 il.<br \/>\nMaterias: <a class=\"MAT\">Etnograf\u00eda \u2013 Arquitectura popular | Agricultura y Ganader\u00eda | Etnograf\u00eda \u2013 Toponimia local | <\/a><br \/>\n<a class=\"DOC\" href=\"https:\/\/ww2.museosantacruz.org\/wp-\" target=\"_blank\" rel=\"noopener\"><img loading=\"lazy\" decoding=\"async\" src=\"https:\/\/www.museosantacruz.org\/Archivo\/magnifier.gif\" alt=\"ver\" width=\"18\" height=\"17\" \/>Ver documento<\/a><\/p>\n<hr \/>\n<p><center><a id=\"Garc\u00eda Carrillo, Amanda A.\" name=\"29\"><\/a><a class=\"INDAUTORES\" href=\"#ARRIBA\" target=\"_self\" rel=\"noopener\"><span style=\"color: #000000;\"><img decoding=\"async\" src=\"https:\/\/www.museosantacruz.org\/Archivo\/flecha_arriba.png\" alt=\"15\" width=\"15\" \/><strong>Garc\u00eda Carrillo, Amanda A.<\/strong><\/span><\/a><\/center><br \/>\n<span style=\"color: #800000;\"><strong>\u201cLas Esperillas\u201d, vestigios de nuestro pasado y parte integrante del Patrimonio Hist\u00f3rico Espa\u00f1ol.<\/strong><\/span><br \/>\n<em>Garc\u00eda Carrillo, Amanda A. <\/em><br \/>\n2 p\u00e1g. 4 fotos<br \/>\nMaterias: <a class=\"MAT\">Arqueolog\u00eda | Historia \u2013 \u00c9poca romana <\/a><br \/>\n<a class=\"DOC\" href=\"https:\/\/www.museosantacruz.org\/Archivo\/Prg_SCruz_1990_01_03.pdf\" target=\"_blank\" rel=\"noopener\"><img loading=\"lazy\" decoding=\"async\" src=\"https:\/\/www.museosantacruz.org\/Archivo\/magnifier.gif\" alt=\"ver\" width=\"18\" height=\"17\" \/>Ver documento<\/a><\/p>\n<hr \/>\n<p><span style=\"color: #800000;\"><strong>Agradecimiento a un sabio amigo<\/strong><\/span><br \/>\n<em>Garc\u00eda Carrillo, Amanda A. <\/em><br \/>\n1 p\u00e1g.<br \/>\nMaterias: <a class=\"MAT\">Archivos | Historia \u2013 Documentos | Relatos | <\/a><br \/>\n<a class=\"DOC\" href=\"https:\/\/www.museosantacruz.org\/Archivo\/Prg_SCruz_1995_01_05.pdf\" target=\"_blank\" rel=\"noopener\"><img loading=\"lazy\" decoding=\"async\" src=\"https:\/\/www.museosantacruz.org\/Archivo\/magnifier.gif\" alt=\"ver\" width=\"18\" height=\"17\" \/>Ver documento<\/a><\/p>\n<hr \/>\n<p><span style=\"color: #800000;\"><strong>A\u00f1o 1603: Descripci\u00f3n de la Encomienda de la Villa\u2026hecha por los visitadores de la Orden de Santiago<\/strong><\/span><br \/>\n<em>Garc\u00eda Carrillo, Amanda A. <\/em><br \/>\n3 p\u00e1g. 1 foto, 2 documentos<br \/>\nMaterias: <a class=\"MAT\">Historia \u2013 Documentos | Historia s. XVII | Iglesia \u2013 Templos | Orden de Santiago <\/a><br \/>\n<a class=\"DOC\" href=\"https:\/\/www.museosantacruz.org\/Archivo\/Prg_SCruz_1995_01_03.pdf\" target=\"_blank\" rel=\"noopener\"><img loading=\"lazy\" decoding=\"async\" src=\"https:\/\/www.museosantacruz.org\/Archivo\/magnifier.gif\" alt=\"ver\" width=\"18\" height=\"17\" \/>Ver documento<\/a><\/p>\n<hr \/>\n<p><span style=\"color: #800000;\"><strong>Descripci\u00f3n practicada por los expertos peritos de las Casas de la Encomienda para la conveniente asistencia y reparaci\u00f3n de ellas (I)<\/strong><\/span><br \/>\n<em>Garc\u00eda Carrillo, Amanda A. <\/em><br \/>\n5 p\u00e1g. 5 fotos<br \/>\nMaterias: <a class=\"MAT\">Arquitectura \u2013 Edificios notables | Historia \u2013 Documentos | Historia s. XVIII | <\/a><br \/>\n<a class=\"DOC\" href=\"https:\/\/www.museosantacruz.org\/Archivo\/Prg_SCruz_1996_01_03.pdf\" target=\"_blank\" rel=\"noopener\"><img loading=\"lazy\" decoding=\"async\" src=\"https:\/\/www.museosantacruz.org\/Archivo\/magnifier.gif\" alt=\"ver\" width=\"18\" height=\"17\" \/>Ver documento<\/a><\/p>\n<hr \/>\n<p><span style=\"color: #800000;\"><strong>Las piedras hablan<\/strong><\/span><br \/>\n<em>Garc\u00eda Carrillo, Amanda A. <\/em><br \/>\n2 p\u00e1g. 4 fotograf\u00edas<br \/>\nMaterias: <a class=\"MAT\">Arquitectura \u2013 Edificios notables | Historia \u2013 Documentos | Historia s. XIV | Historia s. XV | Orden de Santiago<br \/>\n<\/a><a class=\"DOC\" href=\"https:\/\/www.museosantacruz.org\/Archivo\/Prg_SCruz_1994_01_07.pdf\" target=\"_blank\" rel=\"noopener\"><img loading=\"lazy\" decoding=\"async\" src=\"https:\/\/www.museosantacruz.org\/Archivo\/magnifier.gif\" alt=\"ver\" width=\"18\" height=\"17\" \/>Ver documento<\/a><\/p>\n<hr \/>\n<p><span style=\"color: #800000;\"><strong>Santa Cruz de la Zarza A\u00f1o 1566<\/strong><\/span><br \/>\n<em>Garc\u00eda Carrillo, Amanda A. <\/em><br \/>\n4 p\u00e1g. 5 fotos<br \/>\nMaterias: <a class=\"MAT\">Historia \u2013 Documentos | Historia s. XVI | Orden de Santiago | Pueblos vecinos \u2013 Zarza de Tajo <\/a><br \/>\n<a class=\"DOC\" href=\"https:\/\/www.museosantacruz.org\/Archivo\/Prg_SCruz_1996_01_01.pdf\" target=\"_blank\" rel=\"noopener\"><img loading=\"lazy\" decoding=\"async\" src=\"https:\/\/www.museosantacruz.org\/Archivo\/magnifier.gif\" alt=\"ver\" width=\"18\" height=\"17\" \/>Ver documento<\/a><\/p>\n<hr \/>\n<p><center><a id=\"Garc\u00eda de la Cruz, Arnaldo\" name=\"30\"><\/a><a class=\"INDAUTORES\" href=\"#ARRIBA\" target=\"_self\" rel=\"noopener\"><span style=\"color: #000000;\"><img decoding=\"async\" src=\"https:\/\/www.museosantacruz.org\/Archivo\/flecha_arriba.png\" alt=\"15\" width=\"15\" \/><strong>Garc\u00eda de la Cruz, Arnaldo<\/strong><\/span><\/a><\/center><span style=\"color: #800000;\"><strong>Antiguo Teatro de Santa Cruz de la Zarza<\/strong><\/span><br \/>\n<em>Garc\u00eda de la Cruz, Arnaldo | S\u00e1nchez, Jos\u00e9 Ces\u00e1reo | |<\/em><br \/>\n2 p\u00e1g. 1 foto, 1 dibujo, 2 documentos<br \/>\nMaterias: <a class=\"MAT\">Instituciones \u2013 Asociaciones culturales | Obras p\u00fablicas y proyectos | Cine y Teatro | <\/a><br \/>\n<a class=\"DOC\" href=\"https:\/\/www.museosantacruz.org\/Archivo\/Prg_SCruz_1990_01_21.pdf\" target=\"_blank\" rel=\"noopener\"><img loading=\"lazy\" decoding=\"async\" src=\"https:\/\/www.museosantacruz.org\/Archivo\/magnifier.gif\" alt=\"ver\" width=\"18\" height=\"17\" \/>Ver documento<\/a><\/p>\n<hr \/>\n<p><span style=\"color: #800000;\"><strong>La Banda Nueva<\/strong><\/span><br \/>\n<em>Garc\u00eda de la Cruz, Arnaldo <\/em><br \/>\n1 p\u00e1g. 1 foto<br \/>\nMaterias: <a class=\"MAT\">Historia s. XX | Instituciones \u2013 Banda de M\u00fasica | M\u00fasica | <\/a><br \/>\n<a class=\"DOC\" href=\"https:\/\/www.museosantacruz.org\/Archivo\/Prg_SCruz_1996_01_05.pdf\" target=\"_blank\" rel=\"noopener\"><img loading=\"lazy\" decoding=\"async\" src=\"https:\/\/www.museosantacruz.org\/Archivo\/magnifier.gif\" alt=\"ver\" width=\"18\" height=\"17\" \/>Ver documento<\/a><\/p>\n<hr \/>\n<p><center><a id=\"Garc\u00eda Garc\u00eda, C\u00e1ndido\" name=\"31\"><\/a><a class=\"INDAUTORES\" href=\"#ARRIBA\" target=\"_self\" rel=\"noopener\"><span style=\"color: #000000;\"><img decoding=\"async\" src=\"https:\/\/www.museosantacruz.org\/Archivo\/flecha_arriba.png\" alt=\"15\" width=\"15\" \/><strong>Garc\u00eda Garc\u00eda, C\u00e1ndido<\/strong><\/span><\/a><\/center><span style=\"color: #800000;\"><strong>Himno a Santa Cruz<\/strong><\/span><br \/>\n<em>Garc\u00eda Garc\u00eda, C\u00e1ndido | Navarro C\u00e1mara, Jer\u00f3nimo Gregorio | |<\/em><br \/>\n1 p\u00e1g. Letra: Jer\u00f3nimo Gregorio Navarro C\u00e1mara; M\u00fasica: C\u00e1ndido Garc\u00eda Garc\u00eda. Letra y partitura musical<br \/>\nMaterias: <a class=\"MAT\">M\u00fasica <\/a><br \/>\n<a class=\"DOC\" href=\"https:\/\/www.museosantacruz.org\/Archivo\/Prg_SCruz_1995_01_10.pdf\" target=\"_blank\" rel=\"noopener\"><img loading=\"lazy\" decoding=\"async\" src=\"https:\/\/www.museosantacruz.org\/Archivo\/magnifier.gif\" alt=\"ver\" width=\"18\" height=\"17\" \/>Ver documento<\/a><\/p>\n<hr \/>\n<p><center><a id=\"Garc\u00eda Garc\u00eda, Vicente\" name=\"32\"><\/a><a class=\"INDAUTORES\" href=\"#ARRIBA\" target=\"_self\" rel=\"noopener\"><strong><img decoding=\"async\" src=\"https:\/\/www.museosantacruz.org\/Archivo\/flecha_arriba.png\" alt=\"15\" width=\"15\" \/><span style=\"color: #000000;\">Garc\u00eda Garc\u00eda, Vicente<\/span><\/strong><\/a><\/center><span style=\"color: #800000;\"><strong>Santacruceros por el mundo: A Santa Cruz de la Zarza, mi pueblo<\/strong><\/span><br \/>\n<em>Garc\u00eda Garc\u00eda, Vicente <\/em><br \/>\n2 p\u00e1g. 2 fotos y entrevista publicada en \u201cEl d\u00eda digital.es\u201d<br \/>\nMaterias: <a class=\"MAT\">Historia reciente \u2013 Memorias <\/a><br \/>\n<a class=\"DOC\" href=\"https:\/\/www.museosantacruz.org\/Archivo\/Prg_SCruz_2011_01_06.pdf\" target=\"_blank\" rel=\"noopener\"><img loading=\"lazy\" decoding=\"async\" src=\"https:\/\/www.museosantacruz.org\/Archivo\/magnifier.gif\" alt=\"ver\" width=\"18\" height=\"17\" \/>Ver documento<\/a><\/p>\n<hr \/>\n<p><center><a id=\"Garc\u00eda Hij\u00f3n, M\u00aa del Rosario\" name=\"33\"><\/a><a class=\"INDAUTORES\" href=\"#ARRIBA\" target=\"_self\" rel=\"noopener\"><span style=\"color: #000000;\"><img decoding=\"async\" src=\"https:\/\/www.museosantacruz.org\/Archivo\/flecha_arriba.png\" alt=\"15\" width=\"15\" \/><strong>Garc\u00eda Hij\u00f3n, M\u00aa del Rosario<\/strong><\/span><\/a><\/center><span style=\"color: #800000;\"><strong>Las Coplas del Cocodrilo de Montrueque<\/strong><\/span><br \/>\n<em>Garc\u00eda Hij\u00f3n, M\u00aa del Rosario <\/em><br \/>\n2 p\u00e1g.<br \/>\nMaterias: <a class=\"MAT\">Etnograf\u00eda \u2013 Literatura popular <\/a><br \/>\n<a class=\"DOC\" href=\"https:\/\/www.museosantacruz.org\/Archivo\/Prg_SCruz_2006_01_03.pdf\" target=\"_blank\" rel=\"noopener\"><img loading=\"lazy\" decoding=\"async\" src=\"https:\/\/www.museosantacruz.org\/Archivo\/magnifier.gif\" alt=\"ver\" width=\"18\" height=\"17\" \/>Ver documento<\/a><\/p>\n<hr \/>\n<p><center><a id=\"Garc\u00eda Mart\u00edn, Francisco\" name=\"34\"><\/a><a class=\"INDAUTORES\" href=\"#ARRIBA\" target=\"_self\" rel=\"noopener\"><strong><img decoding=\"async\" src=\"https:\/\/www.museosantacruz.org\/Archivo\/flecha_arriba.png\" alt=\"15\" width=\"15\" \/><span style=\"color: #000000;\">Garc\u00eda Mart\u00edn, Francisco<\/span><\/strong><\/a><\/center><br \/>\n<span style=\"color: #800000;\"><strong>Ecolog\u00eda Hist\u00f3rica en Santa Cruz de la Zarza: la pol\u00edtica forestal del municipio en la \u00e9poca moderna<\/strong><\/span><br \/>\n<em>Garc\u00eda Mart\u00edn, Francisco <\/em><br \/>\n5 p\u00e1g. 2 fotos<br \/>\nMaterias: <a class=\"MAT\">Historia s. XV | Historia s. XVI | Historia s. XVII | Historia s. XVIII | Historia s. XIX | Historia s. XX | Medio ambiente |<br \/>\n<\/a><a class=\"DOC\" href=\"https:\/\/www.museosantacruz.org\/Archivo\/Prg_SCruz_1999_01_01.pdf\" target=\"_blank\" rel=\"noopener\"><img loading=\"lazy\" decoding=\"async\" src=\"https:\/\/www.museosantacruz.org\/Archivo\/magnifier.gif\" alt=\"ver\" width=\"18\" height=\"17\" \/>Ver documento<\/a><\/p>\n<hr \/>\n<p><span style=\"color: #800000;\"><strong>El Convento Trinitario<\/strong><\/span><br \/>\n<em>Garc\u00eda Mart\u00edn, Francisco <\/em><br \/>\n2 p\u00e1g. 2 fotos<br \/>\nMaterias: <a class=\"MAT\">Arquitectura \u2013 Edificios notables | Historia s. XVI | Historia s. XVII | Historia s. XVIII | Historia s. XIX | Iglesia \u2013<br \/>\n<\/a><a class=\"DOC\" href=\"https:\/\/www.museosantacruz.org\/Archivo\/Prg_SCruz_1997_01_03.pdf\" target=\"_blank\" rel=\"noopener\"><img loading=\"lazy\" decoding=\"async\" src=\"https:\/\/www.museosantacruz.org\/Archivo\/magnifier.gif\" alt=\"ver\" width=\"18\" height=\"17\" \/>Ver documento<\/a><\/p>\n<hr \/>\n<p><span style=\"color: #800000;\"><strong>Francisco Asenjo Barbieri (1823 &#8211; 1893) en Santa Cruz de la Zarza.<\/strong><\/span><br \/>\n<em>Garc\u00eda Mart\u00edn, Francisco <\/em><br \/>\n5 p., 3 il.<br \/>\nMaterias: <a class=\"MAT\">M\u00fasica | Personajes de Santa Cruz <\/a><br \/>\n<a class=\"DOC\" href=\"https:\/\/ww2.museosantacruz.org\/wp-\" target=\"_blank\" rel=\"noopener\"><img loading=\"lazy\" decoding=\"async\" src=\"https:\/\/www.museosantacruz.org\/Archivo\/magnifier.gif\" alt=\"ver\" width=\"18\" height=\"17\" \/>Ver documento<\/a><\/p>\n<hr \/>\n<p><span style=\"color: #800000;\"><strong>Las casas cueva de Santa Cruz de la Zarza<\/strong><\/span><br \/>\n<em>Garc\u00eda Mart\u00edn, Francisco <\/em><br \/>\n8 p\u00e1g. 3 fotos; 1 tabla; 1 plano<br \/>\nMaterias: <a class=\"MAT\">Etnograf\u00eda \u2013 Arquitectura popular <\/a><br \/>\n<a class=\"DOC\" href=\"https:\/\/www.museosantacruz.org\/Archivo\/Prg_SCruz_2000_01_03.pdf\" target=\"_blank\" rel=\"noopener\"><img loading=\"lazy\" decoding=\"async\" src=\"https:\/\/www.museosantacruz.org\/Archivo\/magnifier.gif\" alt=\"ver\" width=\"18\" height=\"17\" \/>Ver documento<\/a><\/p>\n<hr \/>\n<p><span style=\"color: #800000;\"><strong>Momentos dif\u00edciles en Santa Cruz<\/strong><\/span><br \/>\n<em>Garc\u00eda Mart\u00edn, Francisco <\/em><br \/>\n2 p\u00e1g. 2 fotos<br \/>\nMaterias: <a class=\"MAT\">Educaci\u00f3n y escuelas | Historia s. XX <\/a><br \/>\n<a class=\"DOC\" href=\"https:\/\/www.museosantacruz.org\/Archivo\/Prg_SCruz_1998_01_05.pdf\" target=\"_blank\" rel=\"noopener\"><img loading=\"lazy\" decoding=\"async\" src=\"https:\/\/www.museosantacruz.org\/Archivo\/magnifier.gif\" alt=\"ver\" width=\"18\" height=\"17\" \/>Ver documento<\/a><\/p>\n<hr \/>\n<p><center><a id=\"Garc\u00eda Medina, Vicente\" name=\"35\"><\/a><a class=\"INDAUTORES\" href=\"#ARRIBA\" target=\"_self\" rel=\"noopener\"><strong><img decoding=\"async\" src=\"https:\/\/www.museosantacruz.org\/Archivo\/flecha_arriba.png\" alt=\"15\" width=\"15\" \/><span style=\"color: #000000;\">Garc\u00eda Medina, Vicente<\/span><\/strong><\/a><\/center><span style=\"color: #800000;\"><strong>Romer\u00eda a la Virgen de la Paz<\/strong><\/span><br \/>\n<em>Garc\u00eda Medina, Vicente <\/em><br \/>\n1 p\u00e1g.<br \/>\nMaterias: <a class=\"MAT\">Etnograf\u00eda \u2013 Fiestas | Etnograf\u00eda \u2013 Tradiciones y costumbres | Iglesia \u2013 Cofrad\u00edas | Iglesia y culto <\/a><br \/>\n<a class=\"DOC\" href=\"https:\/\/www.museosantacruz.org\/Archivo\/Prg_SCruz_1992_01_03.pdf\" target=\"_blank\" rel=\"noopener\"><img loading=\"lazy\" decoding=\"async\" src=\"https:\/\/www.museosantacruz.org\/Archivo\/magnifier.gif\" alt=\"ver\" width=\"18\" height=\"17\" \/>Ver documento<\/a><\/p>\n<hr \/>\n<p><center><strong><a id=\"Garc\u00eda Mingo, Carlos\" name=\"36\"><\/a><\/strong><a class=\"INDAUTORES\" href=\"#ARRIBA\" target=\"_self\" rel=\"noopener\"><strong><img decoding=\"async\" src=\"https:\/\/www.museosantacruz.org\/Archivo\/flecha_arriba.png\" alt=\"15\" width=\"15\" \/><span style=\"color: #000000;\">Garc\u00eda Mingo, Carlos<\/span><\/strong><\/a><\/center><span style=\"color: #800000;\"><strong>Breve historia de una emisora<\/strong><\/span><br \/>\n<em>Garc\u00eda Mingo, Carlos <\/em><br \/>\n1 p\u00e1g. 1 ilustraci\u00f3n<br \/>\nMaterias: <a class=\"MAT\">Radio y prensa <\/a><br \/>\n<a class=\"DOC\" href=\"https:\/\/www.museosantacruz.org\/Archivo\/La%20Voz%20de%20Santa%20Cruz_1_01.pdf\" target=\"_blank\" rel=\"noopener\"><img loading=\"lazy\" decoding=\"async\" src=\"https:\/\/www.museosantacruz.org\/Archivo\/magnifier.gif\" alt=\"ver\" width=\"18\" height=\"17\" \/>Ver documento<\/a><\/p>\n<hr \/>\n<p><center><span style=\"color: #000000;\"><a id=\"Garc\u00eda Navarro, Rafael\" style=\"color: #000000;\" name=\"37\"><\/a><\/span><a class=\"INDAUTORES\" href=\"#ARRIBA\" target=\"_self\" rel=\"noopener\"><span style=\"color: #000000;\"><img decoding=\"async\" src=\"https:\/\/www.museosantacruz.org\/Archivo\/flecha_arriba.png\" alt=\"15\" width=\"15\" \/><strong>Garc\u00eda Navarro, Rafael<\/strong><\/span><\/a><\/center><span style=\"color: #800000;\"><strong>Relato&#8230;<\/strong><\/span><br \/>\n<em>Garc\u00eda Navarro, Rafael <\/em><br \/>\n3 p., 3 il.<br \/>\nMaterias: <a class=\"MAT\">Relatos | Historia reciente \u2013 Memorias <\/a><br \/>\n<a class=\"DOC\" href=\"https:\/\/ww2.museosantacruz.org\/wp-\" target=\"_blank\" rel=\"noopener\"><img loading=\"lazy\" decoding=\"async\" src=\"https:\/\/www.museosantacruz.org\/Archivo\/magnifier.gif\" alt=\"ver\" width=\"18\" height=\"17\" \/>Ver documento<\/a><\/p>\n<hr \/>\n<p><span style=\"color: #800000;\"><strong>Un paseo hist\u00f3rico por Santa Cruz de la Zarza<\/strong><\/span><br \/>\n<em>Garc\u00eda Navarro, Rafael <\/em><br \/>\n4 p., 2 il. Descripci\u00f3n del programa \u00abNo me cuentes historias\u00bb, n. 28. (Rafael Garc\u00eda, Joaqu\u00edn Belinch\u00f3n y Juan Carlos Pacheco)<br \/>\nMaterias: <a class=\"MAT\">Radio y prensa <\/a><br \/>\n<a class=\"DOC\" href=\"https:\/\/ww2.museosantacruz.org\/wp-\" target=\"_blank\" rel=\"noopener\"><img loading=\"lazy\" decoding=\"async\" src=\"https:\/\/www.museosantacruz.org\/Archivo\/magnifier.gif\" alt=\"ver\" width=\"18\" height=\"17\" \/>Ver documento<\/a><\/p>\n<hr \/>\n<p><center><a id=\"Garc\u00eda Tello, Rosario\" name=\"38\"><\/a><a class=\"INDAUTORES\" href=\"#ARRIBA\" target=\"_self\" rel=\"noopener\"><span style=\"color: #000000;\"><img decoding=\"async\" src=\"https:\/\/www.museosantacruz.org\/Archivo\/flecha_arriba.png\" alt=\"15\" width=\"15\" \/><strong>Garc\u00eda Tello, Rosario<\/strong><\/span><\/a><\/center><span style=\"color: #800000;\"><strong>La Romer\u00eda de la Virgen de la Paz<\/strong><\/span><br \/>\n<em>Garc\u00eda Tello, Rosario <\/em><br \/>\n1 p\u00e1g. 1 foto<br \/>\nMaterias: <a class=\"MAT\">Etnograf\u00eda \u2013 Fiestas | Iglesia \u2013 Cofrad\u00edas | Iglesia y culto | Poes\u00eda <\/a><br \/>\n<a class=\"DOC\" href=\"https:\/\/www.museosantacruz.org\/Archivo\/Prg_SCruz_2002_01_09.pdf\" target=\"_blank\" rel=\"noopener\"><img loading=\"lazy\" decoding=\"async\" src=\"https:\/\/www.museosantacruz.org\/Archivo\/magnifier.gif\" alt=\"ver\" width=\"18\" height=\"17\" \/>Ver documento<\/a><\/p>\n<hr \/>\n<p><center><a id=\"Garc\u00eda, Consolaci\u00f3n\" name=\"39\"><\/a><a class=\"INDAUTORES\" href=\"#ARRIBA\" target=\"_self\" rel=\"noopener\"><em><strong><img decoding=\"async\" src=\"https:\/\/www.museosantacruz.org\/Archivo\/flecha_arriba.png\" alt=\"15\" width=\"15\" \/><\/strong><\/em><strong><span style=\"color: #000000;\">Garc\u00eda, Consolaci\u00f3n<\/span><\/strong><\/a><\/center><span style=\"color: #800000;\"><strong>Para la Virgen de Lourdes<\/strong><\/span><br \/>\n<em>Garc\u00eda, Consolaci\u00f3n <\/em><br \/>\n1 p\u00e1g. 1 grabado<br \/>\nMaterias: <a class=\"MAT\">Iglesia y culto | Poes\u00eda <\/a><br \/>\n<a class=\"DOC\" href=\"https:\/\/www.museosantacruz.org\/Archivo\/Prg_SCruz_1998_01_11.pdf\" target=\"_blank\" rel=\"noopener\"><img loading=\"lazy\" decoding=\"async\" src=\"https:\/\/www.museosantacruz.org\/Archivo\/magnifier.gif\" alt=\"ver\" width=\"18\" height=\"17\" \/>Ver documento<\/a><\/p>\n<hr \/>\n<p><center><span style=\"color: #000000;\"><a id=\"G\u00f3mez Cuenca, Francisco\" style=\"color: #000000;\" name=\"40\"><\/a><\/span><a class=\"INDAUTORES\" href=\"#ARRIBA\" target=\"_self\" rel=\"noopener\"><span style=\"color: #000000;\"><img decoding=\"async\" src=\"https:\/\/www.museosantacruz.org\/Archivo\/flecha_arriba.png\" alt=\"15\" width=\"15\" \/><strong>G\u00f3mez Cuenca, Francisco<\/strong><\/span><\/a><\/center><span style=\"color: #800000;\"><strong>El Corpus y los toros en Santa Cruz de la Zarza<\/strong><\/span><br \/>\n<em>G\u00f3mez Cuenca, Francisco <\/em><br \/>\n3 p\u00e1g. 3 fotos<br \/>\nMaterias: <a class=\"MAT\">Etnograf\u00eda \u2013 Fiestas | Etnograf\u00eda \u2013 Tradiciones y costumbres | Iglesia y culto | <\/a><br \/>\n<a class=\"DOC\" href=\"https:\/\/www.museosantacruz.org\/Archivo\/Prg_SCruz_1996_01_02.pdf\" target=\"_blank\" rel=\"noopener\"><img loading=\"lazy\" decoding=\"async\" src=\"https:\/\/www.museosantacruz.org\/Archivo\/magnifier.gif\" alt=\"ver\" width=\"18\" height=\"17\" \/>Ver documento<\/a><\/p>\n<hr \/>\n<p><span style=\"color: #800000;\"><strong>Investigaci\u00f3n y literatura durante el siglo XVIII en Santa Cruz de la Zarza<\/strong><\/span><br \/>\n<em>G\u00f3mez Cuenca, Francisco <\/em><br \/>\n3 p\u00e1g. 4 fotos<br \/>\nMaterias: <a class=\"MAT\">Ciencia y cultura | Historia \u2013 Documentos | Historia s. XVIII | Personajes de Santa Cruz <\/a><br \/>\n<a class=\"DOC\" href=\"https:\/\/www.museosantacruz.org\/Archivo\/Prg_SCruz_2004_01_02.pdf\" target=\"_blank\" rel=\"noopener\"><img loading=\"lazy\" decoding=\"async\" src=\"https:\/\/www.museosantacruz.org\/Archivo\/magnifier.gif\" alt=\"ver\" width=\"18\" height=\"17\" \/>Ver documento<\/a><\/p>\n<hr \/>\n<p><span style=\"color: #800000;\"><strong>La conservaci\u00f3n del patrimonio art\u00edstico<\/strong><\/span><br \/>\n<em>G\u00f3mez Cuenca, Francisco <\/em><br \/>\n1 p\u00e1g. 1 foto<br \/>\nMaterias: <a class=\"MAT\">Arte \u2013 Escultura | Historia \u2013 Documentos | Iglesia \u2013 Templos | <\/a><br \/>\n<a class=\"DOC\" href=\"https:\/\/www.museosantacruz.org\/Archivo\/Prg_SCruz_1991_01_05.pdf\" target=\"_blank\" rel=\"noopener\"><img loading=\"lazy\" decoding=\"async\" src=\"https:\/\/www.museosantacruz.org\/Archivo\/magnifier.gif\" alt=\"ver\" width=\"18\" height=\"17\" \/>Ver documento<\/a><\/p>\n<hr \/>\n<p><span style=\"color: #800000;\"><strong>La Ermita de Ntra. Sra. de Villaverde<\/strong><\/span><br \/>\n<em>G\u00f3mez Cuenca, Francisco <\/em><br \/>\n3 p\u00e1g. 3 fotos; 1 plano<br \/>\nMaterias: <a class=\"MAT\">Historia s. XIV | Historia s. XVII | Historia s. XVIII | Historia s. XX | Iglesia \u2013 Templos <\/a><br \/>\n<a class=\"DOC\" href=\"https:\/\/www.museosantacruz.org\/Archivo\/Prg_SCruz_1997_01_02.pdf\" target=\"_blank\" rel=\"noopener\"><img loading=\"lazy\" decoding=\"async\" src=\"https:\/\/www.museosantacruz.org\/Archivo\/magnifier.gif\" alt=\"ver\" width=\"18\" height=\"17\" \/>Ver documento<\/a><\/p>\n<hr \/>\n<p><span style=\"color: #800000;\"><strong>La higiene en Santa Cruz de la Zarza en la primera mitad del siglo XIX<\/strong><\/span><br \/>\n<em>G\u00f3mez Cuenca, Francisco <\/em><br \/>\n1 p\u00e1g. 2 fotos<br \/>\nMaterias: <a class=\"MAT\">Historia s. XIX | Salud, sanidad y servicios sociales <\/a><br \/>\n<a class=\"DOC\" href=\"https:\/\/www.museosantacruz.org\/Archivo\/Prg_SCruz_1990_01_06.pdf\" target=\"_blank\" rel=\"noopener\"><img loading=\"lazy\" decoding=\"async\" src=\"https:\/\/www.museosantacruz.org\/Archivo\/magnifier.gif\" alt=\"ver\" width=\"18\" height=\"17\" \/>Ver documento<\/a><\/p>\n<hr \/>\n<p><span style=\"color: #800000;\"><strong>Las ordenanzas municipales en Santa Cruz el a\u00f1o 1764<\/strong><\/span><br \/>\n<em>G\u00f3mez Cuenca, Francisco <\/em><br \/>\n7 p\u00e1g. 6 fotos<br \/>\nMaterias: <a class=\"MAT\">Archivos | Historia \u2013 Documentos | Historia s. XVIII | <\/a><br \/>\n<a class=\"DOC\" href=\"https:\/\/www.museosantacruz.org\/Archivo\/Prg_SCruz_1995_01_06.pdf\" target=\"_blank\" rel=\"noopener\"><img loading=\"lazy\" decoding=\"async\" src=\"https:\/\/www.museosantacruz.org\/Archivo\/magnifier.gif\" alt=\"ver\" width=\"18\" height=\"17\" \/>Ver documento<\/a><\/p>\n<hr \/>\n<p><span style=\"color: #800000;\"><strong>Santa Cruz de la Zarza en el a\u00f1o 1752<\/strong><\/span><br \/>\n<em>G\u00f3mez Cuenca, Francisco <\/em><br \/>\n1 p\u00e1g. 1 foto<br \/>\nMaterias: <a class=\"MAT\">Historia s. XVIII <\/a><br \/>\n<a class=\"DOC\" href=\"https:\/\/www.museosantacruz.org\/Archivo\/Prg_SCruz_1989_01_08.pdf\" target=\"_blank\" rel=\"noopener\"><img loading=\"lazy\" decoding=\"async\" src=\"https:\/\/www.museosantacruz.org\/Archivo\/magnifier.gif\" alt=\"ver\" width=\"18\" height=\"17\" \/>Ver documento<\/a><\/p>\n<hr \/>\n<p><span style=\"color: #800000;\"><strong>Santacruceros en Am\u00e9rica<\/strong><\/span><br \/>\n<em>G\u00f3mez Cuenca, Francisco <\/em><br \/>\n1 p\u00e1g. 1 foto<br \/>\nMaterias: <a class=\"MAT\">Historia s. XVI | Historia s. XVII | Personajes de Santa Cruz | <\/a><br \/>\n<a class=\"DOC\" href=\"https:\/\/www.museosantacruz.org\/Archivo\/Prg_SCruz_1993_01_13.pdf\" target=\"_blank\" rel=\"noopener\"><img loading=\"lazy\" decoding=\"async\" src=\"https:\/\/www.museosantacruz.org\/Archivo\/magnifier.gif\" alt=\"ver\" width=\"18\" height=\"17\" \/>Ver documento<\/a><\/p>\n<hr \/>\n<p><center><strong><span style=\"color: #000000;\"><a id=\"Hern\u00e1ndez Girbal, F.\" style=\"color: #000000;\" name=\"41\"><\/a><\/span><\/strong><a class=\"INDAUTORES\" href=\"#ARRIBA\" target=\"_self\" rel=\"noopener\"><strong><span style=\"color: #000000;\"><img decoding=\"async\" src=\"https:\/\/www.museosantacruz.org\/Archivo\/flecha_arriba.png\" alt=\"15\" width=\"15\" \/>Hern\u00e1ndez Girbal, F.<\/span><\/strong><\/a><\/center><span style=\"color: #800000;\"><strong>Delf\u00edn Pulido<\/strong><\/span><br \/>\n<em>Hern\u00e1ndez Girbal, F. <\/em><br \/>\n1 p\u00e1g. 1 foto<br \/>\nMaterias: <a class=\"MAT\">M\u00fasica | Personajes de Santa Cruz <\/a><br \/>\n<a class=\"DOC\" href=\"https:\/\/www.museosantacruz.org\/Archivo\/Prg_SCruz_1992_01_19.pdf\" target=\"_blank\" rel=\"noopener\"><img loading=\"lazy\" decoding=\"async\" src=\"https:\/\/www.museosantacruz.org\/Archivo\/magnifier.gif\" alt=\"ver\" width=\"18\" height=\"17\" \/>Ver documento<\/a><\/p>\n<hr \/>\n<p><center><a id=\"Herv\u00edas Pulido, Jos\u00e9 Antonio\" name=\"42\"><\/a><a class=\"INDAUTORES\" href=\"#ARRIBA\" target=\"_self\" rel=\"noopener\"><span style=\"color: #000000;\"><img decoding=\"async\" src=\"https:\/\/www.museosantacruz.org\/Archivo\/flecha_arriba.png\" alt=\"15\" width=\"15\" \/><strong>Herv\u00edas Pulido, Jos\u00e9 Antonio<\/strong><\/span><\/a><\/center><span style=\"color: #800000;\"><strong>A la Fuente de los Ca\u00f1os<\/strong><\/span><br \/>\n<em>Herv\u00edas Pulido, Jos\u00e9 Antonio <\/em><br \/>\n1 p\u00e1g. 3 fotos<br \/>\nMaterias: <a class=\"MAT\">Poes\u00eda <\/a><br \/>\n<a class=\"DOC\" href=\"https:\/\/www.museosantacruz.org\/Archivo\/Prg_SCruz_1998_01_12.pdf\" target=\"_blank\" rel=\"noopener\"><img loading=\"lazy\" decoding=\"async\" src=\"https:\/\/www.museosantacruz.org\/Archivo\/magnifier.gif\" alt=\"ver\" width=\"18\" height=\"17\" \/>Ver documento<\/a><\/p>\n<hr \/>\n<p><span style=\"color: #800000;\"><strong>Canto a mi pueblo<\/strong><\/span><br \/>\n<em>Herv\u00edas Pulido, Jos\u00e9 Antonio <\/em><br \/>\n1 p\u00e1g.<br \/>\nMaterias: <a class=\"MAT\">Poes\u00eda <\/a><br \/>\n<a class=\"DOC\" href=\"https:\/\/www.museosantacruz.org\/Archivo\/Prg_SCruz_1995_01_09.pdf\" target=\"_blank\" rel=\"noopener\"><img loading=\"lazy\" decoding=\"async\" src=\"https:\/\/www.museosantacruz.org\/Archivo\/magnifier.gif\" alt=\"ver\" width=\"18\" height=\"17\" \/>Ver documento<\/a><\/p>\n<hr \/>\n<p><span style=\"color: #800000;\"><strong>El ciclismo en Santa Cruz de la Zarza<\/strong><\/span><br \/>\n<em>Herv\u00edas Pulido, Jos\u00e9 Antonio <\/em><br \/>\n1 p.<br \/>\nMaterias: <a class=\"MAT\">Deporte <\/a><br \/>\n<a class=\"DOC\" href=\"https:\/\/ww2.museosantacruz.org\/wp-\" target=\"_blank\" rel=\"noopener\"><img loading=\"lazy\" decoding=\"async\" src=\"https:\/\/www.museosantacruz.org\/Archivo\/magnifier.gif\" alt=\"ver\" width=\"18\" height=\"17\" \/>Ver documento<\/a><\/p>\n<hr \/>\n<p><span style=\"color: #800000;\"><strong>El F\u00fatbol en Santa Cruz de la Zarza<\/strong><\/span><br \/>\n<em>Herv\u00edas Pulido, Jos\u00e9 Antonio <\/em><br \/>\n1 p\u00e1g. 1 foto<br \/>\nMaterias: <a class=\"MAT\">Deporte <\/a><br \/>\n<a class=\"DOC\" href=\"https:\/\/www.museosantacruz.org\/Archivo\/Prg_SCruz_2011_01_08.pdf\" target=\"_blank\" rel=\"noopener\"><img loading=\"lazy\" decoding=\"async\" src=\"https:\/\/www.museosantacruz.org\/Archivo\/magnifier.gif\" alt=\"ver\" width=\"18\" height=\"17\" \/>Ver documento<\/a><\/p>\n<hr \/>\n<p><span style=\"color: #800000;\"><strong>Himno a la Virgen del Rosario<\/strong><\/span><br \/>\n<em>Herv\u00edas Pulido, Jos\u00e9 Antonio | S\u00e1nchez, J.J. | |<\/em><br \/>\n1 p\u00e1g. 2 fotos; 1 partitura musical<br \/>\nMaterias: <a class=\"MAT\">Instituciones \u2013 Banda de M\u00fasica | Iglesia \u2013 Cofrad\u00edas | Iglesia y culto | M\u00fasica | Poes\u00eda <\/a><br \/>\n<a class=\"DOC\" href=\"https:\/\/www.museosantacruz.org\/Archivo\/Prg_SCruz_1997_01_07.pdf\" target=\"_blank\" rel=\"noopener\"><img loading=\"lazy\" decoding=\"async\" src=\"https:\/\/www.museosantacruz.org\/Archivo\/magnifier.gif\" alt=\"ver\" width=\"18\" height=\"17\" \/>Ver documento<\/a><\/p>\n<hr \/>\n<p><span style=\"color: #800000;\"><strong>Motes y apodos de Santa Cruz de la Zarza (Toledo)<\/strong><\/span><br \/>\n<em>Herv\u00edas Pulido, Jos\u00e9 Antonio <\/em><br \/>\n3 p.<br \/>\nMaterias: <a class=\"MAT\">Etnograf\u00eda \u2013 Lenguaje popular <\/a><br \/>\n<a class=\"DOC\" href=\"https:\/\/ww2.museosantacruz.org\/wp-\" target=\"_blank\" rel=\"noopener\"><img loading=\"lazy\" decoding=\"async\" src=\"https:\/\/www.museosantacruz.org\/Archivo\/magnifier.gif\" alt=\"ver\" width=\"18\" height=\"17\" \/>Ver documento<\/a><\/p>\n<hr \/>\n<p><center><span style=\"color: #000000;\"><a id=\"Hij\u00f3n S\u00e1nchez, Jos\u00e9 Jes\u00fas\" style=\"color: #000000;\" name=\"43\"><\/a><\/span><a class=\"INDAUTORES\" href=\"#ARRIBA\" target=\"_self\" rel=\"noopener\"><span style=\"color: #000000;\"><img decoding=\"async\" src=\"https:\/\/www.museosantacruz.org\/Archivo\/flecha_arriba.png\" alt=\"15\" width=\"15\" \/><strong>Hij\u00f3n S\u00e1nchez, Jos\u00e9 Jes\u00fas<\/strong><\/span><\/a><\/center><span style=\"color: #800000;\"><strong>Santacruceros por el mundo<\/strong><\/span><br \/>\n<em>Hij\u00f3n S\u00e1nchez, Jos\u00e9 Jes\u00fas <\/em><br \/>\n2 p\u00e1g. 3 fotos<br \/>\nMaterias: <a class=\"MAT\">Personajes de Santa Cruz <\/a><br \/>\n<a class=\"DOC\" href=\"https:\/\/www.museosantacruz.org\/Archivo\/Prg_SCruz_2013_01_12.pdf\" target=\"_blank\" rel=\"noopener\"><img loading=\"lazy\" decoding=\"async\" src=\"https:\/\/www.museosantacruz.org\/Archivo\/magnifier.gif\" alt=\"ver\" width=\"18\" height=\"17\" \/>Ver documento<\/a><\/p>\n<hr \/>\n<p><center><span style=\"color: #000000;\"><a id=\"Jos\u00e9 \u201cel Cuco\u201d\" style=\"color: #000000;\" name=\"44\"><\/a><\/span><a class=\"INDAUTORES\" href=\"#ARRIBA\" target=\"_self\" rel=\"noopener\"><span style=\"color: #000000;\"><img decoding=\"async\" src=\"https:\/\/www.museosantacruz.org\/Archivo\/flecha_arriba.png\" alt=\"15\" width=\"15\" \/><strong>Jos\u00e9 \u201cel Cuco\u201d<\/strong><\/span><\/a><\/center><span style=\"color: #800000;\"><strong>A mi madre<\/strong><\/span><br \/>\n<em>Jos\u00e9 \u201cel Cuco\u201d <\/em><br \/>\n1 p\u00e1g.<br \/>\nMaterias: <a class=\"MAT\">Poes\u00eda <\/a><br \/>\n<a class=\"DOC\" href=\"https:\/\/www.museosantacruz.org\/Archivo\/Prg_SCruz_2013_01_10.pdf\" target=\"_blank\" rel=\"noopener\"><img loading=\"lazy\" decoding=\"async\" src=\"https:\/\/www.museosantacruz.org\/Archivo\/magnifier.gif\" alt=\"ver\" width=\"18\" height=\"17\" \/>Ver documento<\/a><\/p>\n<hr \/>\n<p><span style=\"color: #800000;\"><strong>Buffet libre en el Imserso<\/strong><\/span><br \/>\n<em>Jos\u00e9 \u201cel Cuco\u201d <\/em><br \/>\n1 p\u00e1g. 1 foto<br \/>\nMaterias: <a class=\"MAT\">Poes\u00eda <\/a><br \/>\n<a class=\"DOC\" href=\"https:\/\/www.museosantacruz.org\/Archivo\/Prg_SCruz_2010_01_12.pdf\" target=\"_blank\" rel=\"noopener\"><img loading=\"lazy\" decoding=\"async\" src=\"https:\/\/www.museosantacruz.org\/Archivo\/magnifier.gif\" alt=\"ver\" width=\"18\" height=\"17\" \/>Ver documento<\/a><\/p>\n<hr \/>\n<p><span style=\"color: #800000;\"><strong>Colecci\u00f3n de miniaturas<\/strong><\/span><br \/>\n<em>Jos\u00e9 \u201cel Cuco\u201d <\/em><br \/>\n1 p\u00e1g. 3 fotos<br \/>\nMaterias: <a class=\"MAT\">Etnograf\u00eda \u2013 Artesan\u00eda <\/a><br \/>\n<a class=\"DOC\" href=\"https:\/\/www.museosantacruz.org\/Archivo\/Prg_SCruz_2007_01_10.pdf\" target=\"_blank\" rel=\"noopener\"><img loading=\"lazy\" decoding=\"async\" src=\"https:\/\/www.museosantacruz.org\/Archivo\/magnifier.gif\" alt=\"ver\" width=\"18\" height=\"17\" \/>Ver documento<\/a><\/p>\n<hr \/>\n<p><span style=\"color: #800000;\"><strong>Donaci\u00f3n del Escudo de Santa Cruz de la Zarza<\/strong><\/span><br \/>\n<em>Jos\u00e9 \u201cel Cuco\u201d <\/em><br \/>\n1 p\u00e1g. 2 foto<br \/>\nMaterias: <a class=\"MAT\">Etnograf\u00eda \u2013 Artesan\u00eda | Poes\u00eda <\/a><br \/>\n<a class=\"DOC\" href=\"https:\/\/www.museosantacruz.org\/Archivo\/Prg_SCruz_2008_01_06.pdf\" target=\"_blank\" rel=\"noopener\"><img loading=\"lazy\" decoding=\"async\" src=\"https:\/\/www.museosantacruz.org\/Archivo\/magnifier.gif\" alt=\"ver\" width=\"18\" height=\"17\" \/>Ver documento<\/a><\/p>\n<hr \/>\n<p><span style=\"color: #800000;\"><strong>Homenaje a Don Quijote<\/strong><\/span><br \/>\n<em>Jos\u00e9 \u201cel Cuco\u201d <\/em><br \/>\n1 p\u00e1g. 4 fotos<br \/>\nMaterias: <a class=\"MAT\">Etnograf\u00eda \u2013 Artesan\u00eda | Relatos <\/a><br \/>\n<a class=\"DOC\" href=\"https:\/\/www.museosantacruz.org\/Archivo\/Prg_SCruz_2011_01_09.pdf\" target=\"_blank\" rel=\"noopener\"><img loading=\"lazy\" decoding=\"async\" src=\"https:\/\/www.museosantacruz.org\/Archivo\/magnifier.gif\" alt=\"ver\" width=\"18\" height=\"17\" \/>Ver documento<\/a><\/p>\n<hr \/>\n<p><span style=\"color: #800000;\"><strong>Homenaje a los Ca\u00f1os<\/strong><\/span><br \/>\n<em>Jos\u00e9 \u201cel Cuco\u201d <\/em><br \/>\n1 p\u00e1g. 3 fotos<br \/>\nMaterias: <a class=\"MAT\">Etnograf\u00eda \u2013 Artesan\u00eda | Poes\u00eda <\/a><br \/>\n<a class=\"DOC\" href=\"https:\/\/www.museosantacruz.org\/Archivo\/Prg_SCruz_2010_01_08.pdf\" target=\"_blank\" rel=\"noopener\"><img loading=\"lazy\" decoding=\"async\" src=\"https:\/\/www.museosantacruz.org\/Archivo\/magnifier.gif\" alt=\"ver\" width=\"18\" height=\"17\" \/>Ver documento<\/a><\/p>\n<hr \/>\n<p><span style=\"color: #800000;\"><strong>No nos enga\u00f1emos<\/strong><\/span><br \/>\n<em>Jos\u00e9 \u201cel Cuco\u201d <\/em><br \/>\n1 p\u00e1g.<br \/>\nMaterias: <a class=\"MAT\">Poes\u00eda <\/a><br \/>\n<a class=\"DOC\" href=\"https:\/\/www.museosantacruz.org\/Archivo\/Prg_SCruz_2009_01_09.pdf\" target=\"_blank\" rel=\"noopener\"><img loading=\"lazy\" decoding=\"async\" src=\"https:\/\/www.museosantacruz.org\/Archivo\/magnifier.gif\" alt=\"ver\" width=\"18\" height=\"17\" \/>Ver documento<\/a><\/p>\n<hr \/>\n<p><span style=\"color: #800000;\"><strong>Recuerdo de los A\u00f1os 50: los Ripios de una vida<\/strong><\/span><br \/>\n<em>Jos\u00e9 \u201cel Cuco\u201d <\/em><br \/>\n1 p\u00e1g. 3 fotos<br \/>\nMaterias: <a class=\"MAT\">Historia reciente \u2013 Memorias | Poes\u00eda <\/a><br \/>\n<a class=\"DOC\" href=\"https:\/\/www.museosantacruz.org\/Archivo\/Prg_SCruz_2008_01_07.pdf\" target=\"_blank\" rel=\"noopener\"><img loading=\"lazy\" decoding=\"async\" src=\"https:\/\/www.museosantacruz.org\/Archivo\/magnifier.gif\" alt=\"ver\" width=\"18\" height=\"17\" \/>Ver documento<\/a><\/p>\n<hr \/>\n<p><span style=\"color: #800000;\"><strong>Recuerdos del Pasado<\/strong><\/span><br \/>\n<em>Jos\u00e9 \u201cel Cuco\u201d <\/em><br \/>\n1 p\u00e1g. 3 fotos<br \/>\nMaterias: <a class=\"MAT\">Historia reciente \u2013 Memorias | Poes\u00eda <\/a><br \/>\n<a class=\"DOC\" href=\"https:\/\/www.museosantacruz.org\/Archivo\/Prg_SCruz_2007_01_10.pdf\" target=\"_blank\" rel=\"noopener\"><img loading=\"lazy\" decoding=\"async\" src=\"https:\/\/www.museosantacruz.org\/Archivo\/magnifier.gif\" alt=\"ver\" width=\"18\" height=\"17\" \/>Ver documento<\/a><\/p>\n<hr \/>\n<p><center><strong><span style=\"color: #000000;\"><a id=\"Joselillo\" style=\"color: #000000;\" name=\"45\"><\/a><\/span><\/strong><a class=\"INDAUTORES\" href=\"#ARRIBA\" target=\"_self\" rel=\"noopener\"><strong><span style=\"color: #000000;\"><img decoding=\"async\" src=\"https:\/\/www.museosantacruz.org\/Archivo\/flecha_arriba.png\" alt=\"15\" width=\"15\" \/>Joselillo<\/span><\/strong><\/a><\/center><span style=\"color: #800000;\"><strong>A Jes\u00fas de Nazareno<\/strong><\/span><br \/>\n<em>Joselillo <\/em><br \/>\n1 p\u00e1g. 1 foto<br \/>\nMaterias: <a class=\"MAT\">Iglesia y culto | Poes\u00eda <\/a><br \/>\n<a class=\"DOC\" href=\"https:\/\/www.museosantacruz.org\/Archivo\/Prg_SCruz_1999_01_05.pdf\" target=\"_blank\" rel=\"noopener\"><img loading=\"lazy\" decoding=\"async\" src=\"https:\/\/www.museosantacruz.org\/Archivo\/magnifier.gif\" alt=\"ver\" width=\"18\" height=\"17\" \/>Ver documento<\/a><\/p>\n<hr \/>\n<p><span style=\"color: #800000;\"><strong>A Santa Cruz de la Zarza<\/strong><\/span><br \/>\n<em>Joselillo <\/em><br \/>\n1 p\u00e1g. 1 foto<br \/>\nMaterias: <a class=\"MAT\">Poes\u00eda <\/a><br \/>\n<a class=\"DOC\" href=\"https:\/\/www.museosantacruz.org\/Archivo\/Prg_SCruz_2007_01_09.pdf\" target=\"_blank\" rel=\"noopener\"><img loading=\"lazy\" decoding=\"async\" src=\"https:\/\/www.museosantacruz.org\/Archivo\/magnifier.gif\" alt=\"ver\" width=\"18\" height=\"17\" \/>Ver documento<\/a><\/p>\n<hr \/>\n<p><center><span style=\"color: #000000;\"><a id=\"Lezcano S\u00e1nchez, M\u00aa Teresa\" style=\"color: #000000;\" name=\"46\"><\/a><\/span><a class=\"INDAUTORES\" href=\"#ARRIBA\" target=\"_self\" rel=\"noopener\"><span style=\"color: #000000;\"><img decoding=\"async\" src=\"https:\/\/www.museosantacruz.org\/Archivo\/flecha_arriba.png\" alt=\"15\" width=\"15\" \/><strong>Lezcano S\u00e1nchez, M\u00aa Teresa<\/strong><\/span><\/a><\/center><span style=\"color: #800000;\"><strong>Luchando por el bienestar social<\/strong><\/span><br \/>\n<em>Lezcano S\u00e1nchez, M\u00aa Teresa <\/em><br \/>\n1 p\u00e1g. 1 foto<br \/>\nMaterias: <a class=\"MAT\">Salud, sanidad y servicios sociales <\/a><br \/>\n<a class=\"DOC\" href=\"https:\/\/www.museosantacruz.org\/Archivo\/Prg_SCruz_1992_01_07.pdf\" target=\"_blank\" rel=\"noopener\"><img loading=\"lazy\" decoding=\"async\" src=\"https:\/\/www.museosantacruz.org\/Archivo\/magnifier.gif\" alt=\"ver\" width=\"18\" height=\"17\" \/>Ver documento<\/a><\/p>\n<hr \/>\n<p><center><a id=\"Loeches Garc\u00eda Caro, Jos\u00e9\" name=\"47\"><\/a><a class=\"INDAUTORES\" href=\"#ARRIBA\" target=\"_self\" rel=\"noopener\"><span style=\"color: #000000;\"><img decoding=\"async\" src=\"https:\/\/www.museosantacruz.org\/Archivo\/flecha_arriba.png\" alt=\"15\" width=\"15\" \/><strong>Loeches Garc\u00eda Caro, Jos\u00e9<\/strong><\/span><\/a><\/center><span style=\"color: #800000;\"><strong>A Joaqu\u00edn Arias Loriente<\/strong><\/span><br \/>\n<em>Loeches Garc\u00eda Caro, Jos\u00e9 <\/em><br \/>\n1 p\u00e1g.<br \/>\nMaterias: <a class=\"MAT\">Personajes de Santa Cruz | Poes\u00eda <\/a><br \/>\n<a class=\"DOC\" href=\"https:\/\/www.museosantacruz.org\/Archivo\/Prg_SCruz_1993_01_09.pdf\" target=\"_blank\" rel=\"noopener\"><img loading=\"lazy\" decoding=\"async\" src=\"https:\/\/www.museosantacruz.org\/Archivo\/magnifier.gif\" alt=\"ver\" width=\"18\" height=\"17\" \/>Ver documento<\/a><\/p>\n<hr \/>\n<p><span style=\"color: #800000;\"><strong>El pescador a una dama<\/strong><\/span><br \/>\n<em>Loeches Garc\u00eda Caro, Jos\u00e9 <\/em><br \/>\n1 p\u00e1g.<br \/>\nMaterias: <a class=\"MAT\">Poes\u00eda <\/a><br \/>\n<a class=\"DOC\" href=\"https:\/\/www.museosantacruz.org\/Archivo\/Prg_SCruz_2007_01_03.pdf\" target=\"_blank\" rel=\"noopener\"><img loading=\"lazy\" decoding=\"async\" src=\"https:\/\/www.museosantacruz.org\/Archivo\/magnifier.gif\" alt=\"ver\" width=\"18\" height=\"17\" \/>Ver documento<\/a><\/p>\n<hr \/>\n<p><span style=\"color: #800000;\"><strong>Fuentes potables<\/strong><\/span><br \/>\n<em>Loeches Garc\u00eda Caro, Jos\u00e9 <\/em><br \/>\n1 p\u00e1g.<br \/>\nMaterias: <a class=\"MAT\">Poes\u00eda <\/a><br \/>\n<a class=\"DOC\" href=\"https:\/\/www.museosantacruz.org\/Archivo\/Prg_SCruz_1993_01_09.pdf\" target=\"_blank\" rel=\"noopener\"><img loading=\"lazy\" decoding=\"async\" src=\"https:\/\/www.museosantacruz.org\/Archivo\/magnifier.gif\" alt=\"ver\" width=\"18\" height=\"17\" \/>Ver documento<\/a><\/p>\n<hr \/>\n<p><span style=\"color: #800000;\"><strong>Las huertas de \u201cLas Nogueras\u201d<\/strong><\/span><br \/>\n<em>Loeches Garc\u00eda Caro, Jos\u00e9 <\/em><br \/>\n1 p\u00e1g. Ilustraci\u00f3n por S. Almarza<br \/>\nMaterias: <a class=\"MAT\">Poes\u00eda <\/a><br \/>\n<a class=\"DOC\" href=\"https:\/\/www.museosantacruz.org\/Archivo\/Prg_SCruz_2001_01_04.pdf\" target=\"_blank\" rel=\"noopener\"><img loading=\"lazy\" decoding=\"async\" src=\"https:\/\/www.museosantacruz.org\/Archivo\/magnifier.gif\" alt=\"ver\" width=\"18\" height=\"17\" \/>Ver documento<\/a><\/p>\n<hr \/>\n<p><span style=\"color: #800000;\"><strong>Parajes de nuestro campo<\/strong><\/span><br \/>\n<em>Loeches Garc\u00eda Caro, Jos\u00e9 <\/em><br \/>\n1 p\u00e1g.<br \/>\nMaterias: <a class=\"MAT\">Agricultura y Ganader\u00eda | Etnograf\u00eda \u2013 Toponimia local | Poes\u00eda | <\/a><br \/>\n<a class=\"DOC\" href=\"https:\/\/www.museosantacruz.org\/Archivo\/Prg_SCruz_1996_01_09.pdf\" target=\"_blank\" rel=\"noopener\"><img loading=\"lazy\" decoding=\"async\" src=\"https:\/\/www.museosantacruz.org\/Archivo\/magnifier.gif\" alt=\"ver\" width=\"18\" height=\"17\" \/>Ver documento<\/a><\/p>\n<hr \/>\n<p><span style=\"color: #800000;\"><strong>Reflexiones de una noche \u2026<\/strong><\/span><br \/>\n<em>Loeches Garc\u00eda Caro, Jos\u00e9 <\/em><br \/>\n1 p\u00e1g. 1 foto<br \/>\nMaterias: <a class=\"MAT\">Poes\u00eda <\/a><br \/>\n<a class=\"DOC\" href=\"https:\/\/www.museosantacruz.org\/Archivo\/Prg_SCruz_2003_01_04.pdf\" target=\"_blank\" rel=\"noopener\"><img loading=\"lazy\" decoding=\"async\" src=\"https:\/\/www.museosantacruz.org\/Archivo\/magnifier.gif\" alt=\"ver\" width=\"18\" height=\"17\" \/>Ver documento<\/a><\/p>\n<hr \/>\n<p><span style=\"color: #800000;\"><strong>Santa Cruz de la Zarza<\/strong><\/span><br \/>\n<em>Loeches Garc\u00eda Caro, Jos\u00e9 <\/em><br \/>\n1 p\u00e1g.<br \/>\nMaterias: <a class=\"MAT\">Poes\u00eda <\/a><br \/>\n<a class=\"DOC\" href=\"https:\/\/www.museosantacruz.org\/Archivo\/Prg_SCruz_1992_01_11.pdf\" target=\"_blank\" rel=\"noopener\"><img loading=\"lazy\" decoding=\"async\" src=\"https:\/\/www.museosantacruz.org\/Archivo\/magnifier.gif\" alt=\"ver\" width=\"18\" height=\"17\" \/>Ver documento<\/a><\/p>\n<hr \/>\n<p><center><a id=\"Loeches, Jos\u00e9 Luis\" name=\"48\"><\/a><a class=\"INDAUTORES\" href=\"#ARRIBA\" target=\"_self\" rel=\"noopener\"><span style=\"color: #000000;\"><img decoding=\"async\" src=\"https:\/\/www.museosantacruz.org\/Archivo\/flecha_arriba.png\" alt=\"15\" width=\"15\" \/><strong>Loeches, Jos\u00e9 Luis<\/strong><\/span><\/a><\/center><span style=\"color: #800000;\"><strong>La Casa de las Dos Puertas<\/strong><\/span><br \/>\n<em>Loeches, Jos\u00e9 Luis <\/em><br \/>\n1 p\u00e1g. 2 fotos<br \/>\nMaterias: <a class=\"MAT\">Arquitectura \u2013 Edificios notables | Etnograf\u00eda \u2013 Literatura popular | Poes\u00eda | <\/a><br \/>\n<a class=\"DOC\" href=\"https:\/\/www.museosantacruz.org\/Archivo\/Prg_SCruz_1991_01_10.pdf\" target=\"_blank\" rel=\"noopener\"><img loading=\"lazy\" decoding=\"async\" src=\"https:\/\/www.museosantacruz.org\/Archivo\/magnifier.gif\" alt=\"ver\" width=\"18\" height=\"17\" \/>Ver documento<\/a><\/p>\n<hr \/>\n<p><span style=\"color: #800000;\"><strong>Para la Feria de este a\u00f1o<\/strong><\/span><br \/>\n<em>Loeches, Jos\u00e9 Luis <\/em><br \/>\n1 p\u00e1g.<br \/>\nMaterias: <a class=\"MAT\">Poes\u00eda <\/a><br \/>\n<a class=\"DOC\" href=\"https:\/\/www.museosantacruz.org\/Archivo\/Prg_SCruz_1998_01_11.pdf\" target=\"_blank\" rel=\"noopener\"><img loading=\"lazy\" decoding=\"async\" src=\"https:\/\/www.museosantacruz.org\/Archivo\/magnifier.gif\" alt=\"ver\" width=\"18\" height=\"17\" \/>Ver documento<\/a><\/p>\n<hr \/>\n<p><center><span style=\"color: #000000;\"><a id=\"Lozano Rode\u00f1o, Benito\" style=\"color: #000000;\" name=\"49\"><\/a><\/span><a class=\"INDAUTORES\" href=\"#ARRIBA\" target=\"_self\" rel=\"noopener\"><span style=\"color: #000000;\"><img decoding=\"async\" src=\"https:\/\/www.museosantacruz.org\/Archivo\/flecha_arriba.png\" alt=\"15\" width=\"15\" \/><strong>Lozano Rode\u00f1o, Benito<\/strong><\/span><\/a><\/center><span style=\"color: #800000;\"><strong>Diligencias sobre la f\u00e1brica de la casa P\u00f3sito de la villa de Santa Cruz de la Zarza 1753-1757<\/strong><\/span><br \/>\n<em>Lozano Rode\u00f1o, Benito | Yunta Manzanares, Juan Pedro | |<\/em><br \/>\n4 p\u00e1g. Glosario por Juan Pedro Yunta Manzanares. 1 plano, 2 documentos<br \/>\nMaterias: <a class=\"MAT\">Arquitectura \u2013 Edificios notables | Obras p\u00fablicas y proyectos <\/a><br \/>\n<a class=\"DOC\" href=\"https:\/\/www.museosantacruz.org\/Archivo\/Prg_SCruz_2001_01_02.pdf\" target=\"_blank\" rel=\"noopener\"><img loading=\"lazy\" decoding=\"async\" src=\"https:\/\/www.museosantacruz.org\/Archivo\/magnifier.gif\" alt=\"ver\" width=\"18\" height=\"17\" \/>Ver documento<\/a><\/p>\n<hr \/>\n<p><center><strong><a id=\"Luna, Joaqu\u00edn\" name=\"50\"><\/a><\/strong><a class=\"INDAUTORES\" href=\"#ARRIBA\" target=\"_self\" rel=\"noopener\"><strong><img decoding=\"async\" src=\"https:\/\/www.museosantacruz.org\/Archivo\/flecha_arriba.png\" alt=\"15\" width=\"15\" \/><span style=\"color: #000000;\">Luna, Joaqu\u00edn<\/span><\/strong><\/a><\/center><span style=\"color: #800000;\"><strong>Lentejas con chorizo en Tokio<\/strong><\/span><br \/>\n<em>Luna, Joaqu\u00edn <\/em><br \/>\n2 p\u00e1g. 4 fotos<br \/>\nMaterias: <a class=\"MAT\">Personajes de Santa Cruz <\/a><br \/>\n<a class=\"DOC\" href=\"https:\/\/www.museosantacruz.org\/Archivo\/Prg_SCruz_1993_01_07.pdf\" target=\"_blank\" rel=\"noopener\"><img loading=\"lazy\" decoding=\"async\" src=\"https:\/\/www.museosantacruz.org\/Archivo\/magnifier.gif\" alt=\"ver\" width=\"18\" height=\"17\" \/>Ver documento<\/a><\/p>\n<hr \/>\n<p><center><span style=\"color: #000000;\"><a id=\"Mart\u00ednez Bricios, Montserrat\" style=\"color: #000000;\" name=\"52\"><\/a><\/span><a class=\"INDAUTORES\" href=\"#ARRIBA\" target=\"_self\" rel=\"noopener\"><span style=\"color: #000000;\"><img decoding=\"async\" src=\"https:\/\/www.museosantacruz.org\/Archivo\/flecha_arriba.png\" alt=\"15\" width=\"15\" \/><strong>Mart\u00ednez Bricios, Montserrat<\/strong><\/span><\/a><\/center><span style=\"color: #800000;\"><strong>Nos deja nuestra \u201cse\u00f1orita\u201d<\/strong><\/span><br \/>\n<em>Mart\u00ednez Bricios, Montserrat <\/em><br \/>\n1 p\u00e1g. 1 foto<br \/>\nMaterias: <a class=\"MAT\">Educaci\u00f3n y escuelas | Personajes de Santa Cruz <\/a><br \/>\n<a class=\"DOC\" href=\"https:\/\/www.museosantacruz.org\/Archivo\/Prg_SCruz_2010_01_12.pdf\" target=\"_blank\" rel=\"noopener\"><img loading=\"lazy\" decoding=\"async\" src=\"https:\/\/www.museosantacruz.org\/Archivo\/magnifier.gif\" alt=\"ver\" width=\"18\" height=\"17\" \/>Ver documento<\/a><\/p>\n<hr \/>\n<p><center><span style=\"color: #000000;\"><a id=\"Mart\u00ednez Mu\u00f1oz, Miguel\" style=\"color: #000000;\" name=\"53\"><\/a><\/span><a class=\"INDAUTORES\" href=\"#ARRIBA\" target=\"_self\" rel=\"noopener\"><span style=\"color: #000000;\"><img decoding=\"async\" src=\"https:\/\/www.museosantacruz.org\/Archivo\/flecha_arriba.png\" alt=\"15\" width=\"15\" \/><strong>Mart\u00ednez Mu\u00f1oz, Miguel<\/strong><\/span><\/a><\/center><span style=\"color: #800000;\"><strong>Sobre la educaci\u00f3n<\/strong><\/span><br \/>\n<em>Mart\u00ednez Mu\u00f1oz, Miguel <\/em><br \/>\n2 p\u00e1g. 1 ilustraci\u00f3n<br \/>\nMaterias: <a class=\"MAT\">Educaci\u00f3n y escuelas | Historia s. XIX | Historia s. XX | <\/a><br \/>\n<a class=\"DOC\" href=\"https:\/\/www.museosantacruz.org\/Archivo\/Prg_SCruz_2012_01_03.pdf\" target=\"_blank\" rel=\"noopener\"><img loading=\"lazy\" decoding=\"async\" src=\"https:\/\/www.museosantacruz.org\/Archivo\/magnifier.gif\" alt=\"ver\" width=\"18\" height=\"17\" \/>Ver documento<\/a><\/p>\n<hr \/>\n<p><center><strong><a id=\"Medina Mota, Tom\u00e1s\" name=\"55\"><\/a><\/strong><a class=\"INDAUTORES\" href=\"#ARRIBA\" target=\"_self\" rel=\"noopener\"><strong><img decoding=\"async\" src=\"https:\/\/www.museosantacruz.org\/Archivo\/flecha_arriba.png\" alt=\"15\" width=\"15\" \/><span style=\"color: #000000;\">Medina Mota, Tom\u00e1s<\/span><\/strong><\/a><\/center><span style=\"color: #800000;\"><strong>Colaboraciones (sin titulo)<\/strong><\/span><br \/>\n<em>Medina Mota, Tom\u00e1s <\/em><br \/>\n1 p\u00e1g. 1 foto, 4 ilustraciones<br \/>\nMaterias: <a class=\"MAT\">Arte \u2013 Pintura <\/a><br \/>\n<a class=\"DOC\" href=\"https:\/\/www.museosantacruz.org\/Archivo\/Prg_SCruz_1990_01_08.pdf\" target=\"_blank\" rel=\"noopener\"><img loading=\"lazy\" decoding=\"async\" src=\"https:\/\/www.museosantacruz.org\/Archivo\/magnifier.gif\" alt=\"ver\" width=\"18\" height=\"17\" \/>Ver documento<\/a><\/p>\n<hr \/>\n<p><span style=\"color: #800000;\"><strong>Fiesta de Los Mayos de 2008<\/strong><\/span><br \/>\n<em>Medina Mota, Tom\u00e1s <\/em><br \/>\n2 p\u00e1g. 2 fotos, 2 pinturas de Tom\u00e1s Medina<br \/>\nMaterias: <a class=\"MAT\">Etnograf\u00eda \u2013 M\u00fasica <\/a><br \/>\n<a class=\"DOC\" href=\"https:\/\/www.museosantacruz.org\/Archivo\/Prg_SCruz_2008_01_05.pdf\" target=\"_blank\" rel=\"noopener\"><img loading=\"lazy\" decoding=\"async\" src=\"https:\/\/www.museosantacruz.org\/Archivo\/magnifier.gif\" alt=\"ver\" width=\"18\" height=\"17\" \/>Ver documento<\/a><\/p>\n<hr \/>\n<p><span style=\"color: #800000;\"><strong>Nostalgia<\/strong><\/span><br \/>\n<em>Medina Mota, Tom\u00e1s <\/em><br \/>\n6 p\u00e1g. 2 fotos, 1 cuadro de Tom\u00e1s Medina<br \/>\nMaterias: <a class=\"MAT\">Agricultura y Ganader\u00eda | Etnograf\u00eda \u2013 Fiestas | Etnograf\u00eda \u2013 Oficios y profesiones | Etnograf\u00eda \u2013 Tradiciones y<br \/>\n<\/a><a class=\"DOC\" href=\"https:\/\/www.museosantacruz.org\/Archivo\/Prg_SCruz_2009_01_07.pdf\" target=\"_blank\" rel=\"noopener\"><img loading=\"lazy\" decoding=\"async\" src=\"https:\/\/www.museosantacruz.org\/Archivo\/magnifier.gif\" alt=\"ver\" width=\"18\" height=\"17\" \/>Ver documento<\/a><\/p>\n<hr \/>\n<p><center><a id=\"Milagros Ram\u00edrez, Sor M\u00aa Catalina\" name=\"56\"><\/a><a class=\"INDAUTORES\" href=\"#ARRIBA\" target=\"_self\" rel=\"noopener\"><span style=\"color: #000000;\"><img decoding=\"async\" src=\"https:\/\/www.museosantacruz.org\/Archivo\/flecha_arriba.png\" alt=\"15\" width=\"15\" \/><strong>Milagros Ram\u00edrez, Sor M\u00aa Catalina<\/strong><\/span><\/a><\/center><span style=\"color: #800000;\"><strong>Poes\u00eda a mi Virgen del Rosario<\/strong><\/span><br \/>\n<em>Milagros Ram\u00edrez, Sor M\u00aa Catalina <\/em><br \/>\n1 p\u00e1g. 1 foto<br \/>\nMaterias: <a class=\"MAT\">Iglesia y culto | Poes\u00eda <\/a><br \/>\n<a class=\"DOC\" href=\"https:\/\/www.museosantacruz.org\/Archivo\/Prg_SCruz_2009_01_03.pdf\" target=\"_blank\" rel=\"noopener\"><img loading=\"lazy\" decoding=\"async\" src=\"https:\/\/www.museosantacruz.org\/Archivo\/magnifier.gif\" alt=\"ver\" width=\"18\" height=\"17\" \/>Ver documento<\/a><\/p>\n<hr \/>\n<p><center><span style=\"color: #000000;\"><a id=\"Montalv\u00e1 Pellicer, Consuelo\" style=\"color: #000000;\" name=\"57\"><\/a><a class=\"INDAUTORES\" style=\"color: #000000;\" href=\"#ARRIBA\" target=\"_self\" rel=\"noopener\"><img decoding=\"async\" src=\"https:\/\/www.museosantacruz.org\/Archivo\/flecha_arriba.png\" alt=\"15\" width=\"15\" \/><strong>Montalv\u00e1 Pellicer, Consuelo<\/strong><\/a><\/span><\/center><br \/>\n<span style=\"color: #800000;\"><strong>Dos familias de Santa Cruz en la Gesta del Dos de Mayo<\/strong><\/span><br \/>\n<em>Montalv\u00e1 Pellicer, Consuelo | Torres Navarro, Juan J. de | |<\/em><br \/>\n3 p\u00e1g. 2 fotos, 1 plano<br \/>\nMaterias: <a class=\"MAT\">Historia s. XIX \u2013 Guerra de Independencia <\/a><br \/>\n<a class=\"DOC\" href=\"https:\/\/www.museosantacruz.org\/Archivo\/Prg_SCruz_2008_01_04.pdf\" target=\"_blank\" rel=\"noopener\"><img loading=\"lazy\" decoding=\"async\" src=\"https:\/\/www.museosantacruz.org\/Archivo\/magnifier.gif\" alt=\"ver\" width=\"18\" height=\"17\" \/>Ver documento<\/a><\/p>\n<hr \/>\n<p><center><span style=\"color: #000000;\"><a id=\"Morales Castellanos, Enrique\" style=\"color: #000000;\" name=\"58\"><\/a><\/span><a class=\"INDAUTORES\" href=\"#ARRIBA\" target=\"_self\" rel=\"noopener\"><span style=\"color: #000000;\"><img decoding=\"async\" src=\"https:\/\/www.museosantacruz.org\/Archivo\/flecha_arriba.png\" alt=\"15\" width=\"15\" \/><strong>Morales Castellanos, Enrique<\/strong><\/span><\/a><\/center><span style=\"color: #800000;\"><strong>El P\u00f3sito: un museo para un pueblo<\/strong><\/span><br \/>\n<em>Morales Castellanos, Enrique <\/em><br \/>\n8 p\u00e1g. 6 planos; 1 foto<br \/>\nMaterias: <a class=\"MAT\">Arquitectura \u2013 Edificios notables | Obras p\u00fablicas y proyectos <\/a><br \/>\n<a class=\"DOC\" href=\"https:\/\/www.museosantacruz.org\/Archivo\/Prg_SCruz_2001_01_02a.pdf\" target=\"_blank\" rel=\"noopener\"><img loading=\"lazy\" decoding=\"async\" src=\"https:\/\/www.museosantacruz.org\/Archivo\/magnifier.gif\" alt=\"ver\" width=\"18\" height=\"17\" \/>Ver documento<\/a><\/p>\n<hr \/>\n<p><center><span style=\"color: #000000;\"><a id=\"Moreno Fuentes, \u00c1ngela\" style=\"color: #000000;\" name=\"59\"><\/a><\/span><a class=\"INDAUTORES\" href=\"#ARRIBA\" target=\"_self\" rel=\"noopener\"><span style=\"color: #000000;\"><img decoding=\"async\" src=\"https:\/\/www.museosantacruz.org\/Archivo\/flecha_arriba.png\" alt=\"15\" width=\"15\" \/><strong>Moreno Fuentes, \u00c1ngela<\/strong><\/span><\/a><\/center><span style=\"color: #800000;\"><strong>Un pintor con coraz\u00f3n de hielo<\/strong><\/span><br \/>\n<em>Moreno Fuentes, \u00c1ngela <\/em><br \/>\n1 p., 1 il.<br \/>\nMaterias: <a class=\"MAT\">Arte \u2013 Pintura | Personajes de Santa Cruz <\/a><br \/>\n<a class=\"DOC\" href=\"https:\/\/ww2.museosantacruz.org\/wp-\" target=\"_blank\" rel=\"noopener\"><img loading=\"lazy\" decoding=\"async\" src=\"https:\/\/www.museosantacruz.org\/Archivo\/magnifier.gif\" alt=\"ver\" width=\"18\" height=\"17\" \/>Ver documento<\/a><\/p>\n<hr \/>\n<p><center><a id=\"Mu\u00f1oz Peinado, Rafael\" name=\"60\"><\/a><a class=\"INDAUTORES\" href=\"#ARRIBA\" target=\"_self\" rel=\"noopener\"><span style=\"color: #000000;\"><strong><img decoding=\"async\" src=\"https:\/\/www.museosantacruz.org\/Archivo\/flecha_arriba.png\" alt=\"15\" width=\"15\" \/>Mu\u00f1oz Peinado, Rafael<\/strong><\/span><\/a><\/center><span style=\"color: #800000;\"><strong>Aparici\u00f3n de la Virgen en el siglo XVI<\/strong><\/span><br \/>\n<em>Mu\u00f1oz Peinado, Rafael <\/em><br \/>\n1 p\u00e1g. 2 fotos<br \/>\nMaterias: <a class=\"MAT\">Historia s. XVII | Iglesia \u2013 Cofrad\u00edas | Iglesia y culto | <\/a><br \/>\n<a class=\"DOC\" href=\"https:\/\/www.museosantacruz.org\/Archivo\/Prg_SCruz_1990_01_04.pdf\" target=\"_blank\" rel=\"noopener\"><img loading=\"lazy\" decoding=\"async\" src=\"https:\/\/www.museosantacruz.org\/Archivo\/magnifier.gif\" alt=\"ver\" width=\"18\" height=\"17\" \/>Ver documento<\/a><\/p>\n<hr \/>\n<p><span style=\"color: #800000;\"><strong>Historia de la Casa de la Cadena<\/strong><\/span><br \/>\n<em>Mu\u00f1oz Peinado, Rafael <\/em><br \/>\n1 p\u00e1g. 2 fotos<br \/>\nMaterias: <a class=\"MAT\">Arquitectura \u2013 Edificios notables | Historia s. XVII | Historia s. XVIII | <\/a><br \/>\n<a class=\"DOC\" href=\"https:\/\/www.museosantacruz.org\/Archivo\/Prg_SCruz_1991_01_11.pdf\" target=\"_blank\" rel=\"noopener\"><img loading=\"lazy\" decoding=\"async\" src=\"https:\/\/www.museosantacruz.org\/Archivo\/magnifier.gif\" alt=\"ver\" width=\"18\" height=\"17\" \/>Ver documento<\/a><\/p>\n<hr \/>\n<p><center><a id=\"Navarro C\u00e1mara, Jer\u00f3nimo Gregorio\" name=\"61\"><\/a><a class=\"INDAUTORES\" href=\"#ARRIBA\" target=\"_self\" rel=\"noopener\"><span style=\"color: #000000;\"><img decoding=\"async\" src=\"https:\/\/www.museosantacruz.org\/Archivo\/flecha_arriba.png\" alt=\"15\" width=\"15\" \/><strong>Navarro C\u00e1mara, Jer\u00f3nimo Gregorio<\/strong><\/span><\/a><\/center><span style=\"color: #800000;\"><strong>A Espa\u00f1a<\/strong><\/span><br \/>\n<em>Navarro C\u00e1mara, Jer\u00f3nimo Gregorio <\/em><br \/>\n1 p\u00e1g.<br \/>\nMaterias: <a class=\"MAT\">Poes\u00eda <\/a><br \/>\n<a class=\"DOC\" href=\"https:\/\/www.museosantacruz.org\/Archivo\/Prg_SCruz_2008_01_04a.pdf\" target=\"_blank\" rel=\"noopener\"><img loading=\"lazy\" decoding=\"async\" src=\"https:\/\/www.museosantacruz.org\/Archivo\/magnifier.gif\" alt=\"ver\" width=\"18\" height=\"17\" \/>Ver documento<\/a><\/p>\n<hr \/>\n<p><span style=\"color: #800000;\"><strong>Cabeza, coraz\u00f3n y lengua (Cuento)<\/strong><\/span><br \/>\n<em>Navarro C\u00e1mara, Jer\u00f3nimo Gregorio <\/em><br \/>\n1 p\u00e1g.<br \/>\nMaterias: <a class=\"MAT\">Relatos <\/a><br \/>\n<a class=\"DOC\" href=\"https:\/\/www.museosantacruz.org\/Archivo\/Prg_SCruz_2002_01_07.pdf\" target=\"_blank\" rel=\"noopener\"><img loading=\"lazy\" decoding=\"async\" src=\"https:\/\/www.museosantacruz.org\/Archivo\/magnifier.gif\" alt=\"ver\" width=\"18\" height=\"17\" \/>Ver documento<\/a><\/p>\n<hr \/>\n<p><span style=\"color: #800000;\"><strong>Cabeza, coraz\u00f3n y lengua. Cuento<\/strong><\/span><br \/>\n<em>Navarro C\u00e1mara, Jer\u00f3nimo Gregorio <\/em><br \/>\n1 p\u00e1g.<br \/>\nMaterias: <a class=\"MAT\">Relatos <\/a><br \/>\n<a class=\"DOC\" href=\"https:\/\/www.museosantacruz.org\/Archivo\/Prg_SCruz_2003_01_05.pdf\" target=\"_blank\" rel=\"noopener\"><img loading=\"lazy\" decoding=\"async\" src=\"https:\/\/www.museosantacruz.org\/Archivo\/magnifier.gif\" alt=\"ver\" width=\"18\" height=\"17\" \/>Ver documento<\/a><\/p>\n<hr \/>\n<p><span style=\"color: #800000;\"><strong>Cervantes y la lengua castellana hoy<\/strong><\/span><br \/>\n<em>Navarro C\u00e1mara, Jer\u00f3nimo Gregorio <\/em><br \/>\n1 p\u00e1g.<br \/>\nMaterias: <a class=\"MAT\">Relatos <\/a><br \/>\n<a class=\"DOC\" href=\"https:\/\/www.museosantacruz.org\/Archivo\/Prg_SCruz_1996_01_07.pdf\" target=\"_blank\" rel=\"noopener\"><img loading=\"lazy\" decoding=\"async\" src=\"https:\/\/www.museosantacruz.org\/Archivo\/magnifier.gif\" alt=\"ver\" width=\"18\" height=\"17\" \/>Ver documento<\/a><\/p>\n<hr \/>\n<p><span style=\"color: #800000;\"><strong>Cuando vuelvo a los campos<\/strong><\/span><br \/>\n<em>Navarro C\u00e1mara, Jer\u00f3nimo Gregorio <\/em><br \/>\n1 p\u00e1g.<br \/>\nMaterias: <a class=\"MAT\">Poes\u00eda <\/a><br \/>\n<a class=\"DOC\" href=\"https:\/\/www.museosantacruz.org\/Archivo\/Prg_SCruz_1992_01_02.pdf\" target=\"_blank\" rel=\"noopener\"><img loading=\"lazy\" decoding=\"async\" src=\"https:\/\/www.museosantacruz.org\/Archivo\/magnifier.gif\" alt=\"ver\" width=\"18\" height=\"17\" \/>Ver documento<\/a><\/p>\n<hr \/>\n<p><span style=\"color: #800000;\"><strong>El Brinco del Asno (el porqu\u00e9 de un nombre)<\/strong><\/span><br \/>\n<em>Navarro C\u00e1mara, Jer\u00f3nimo Gregorio <\/em><br \/>\n1 p\u00e1g.<br \/>\nMaterias: <a class=\"MAT\">Etnograf\u00eda \u2013 Toponimia local <\/a><br \/>\n<a class=\"DOC\" href=\"https:\/\/www.museosantacruz.org\/Archivo\/Prg_SCruz_1994_01_11.pdf\" target=\"_blank\" rel=\"noopener\"><img loading=\"lazy\" decoding=\"async\" src=\"https:\/\/www.museosantacruz.org\/Archivo\/magnifier.gif\" alt=\"ver\" width=\"18\" height=\"17\" \/>Ver documento<\/a><\/p>\n<hr \/>\n<p><span style=\"color: #800000;\"><strong>El Cerro de la Encantada (leyenda de tradici\u00f3n oral)<\/strong><\/span><br \/>\n<em>Navarro C\u00e1mara, Jer\u00f3nimo Gregorio <\/em><br \/>\n2 p\u00e1g. 2 fotos<br \/>\nMaterias: <a class=\"MAT\">Etnograf\u00eda \u2013 Literatura popular | Etnograf\u00eda \u2013 Tradiciones y costumbres | Relatos | <\/a><br \/>\n<a class=\"DOC\" href=\"https:\/\/www.museosantacruz.org\/Archivo\/Prg_SCruz_1997_01_06.pdf\" target=\"_blank\" rel=\"noopener\"><img loading=\"lazy\" decoding=\"async\" src=\"https:\/\/www.museosantacruz.org\/Archivo\/magnifier.gif\" alt=\"ver\" width=\"18\" height=\"17\" \/>Ver documento<\/a><\/p>\n<hr \/>\n<p><span style=\"color: #800000;\"><strong>El Diablo del Charco Negro (Leyenda de tradici\u00f3n oral santacrucera)<\/strong><\/span><br \/>\n<em>Navarro C\u00e1mara, Jer\u00f3nimo Gregorio <\/em><br \/>\n2 p\u00e1g. 3 fotos<br \/>\nMaterias: <a class=\"MAT\">Etnograf\u00eda \u2013 Literatura popular | Etnograf\u00eda \u2013 Toponimia local <\/a><br \/>\n<a class=\"DOC\" href=\"https:\/\/www.museosantacruz.org\/Archivo\/Prg_SCruz_1994_01_11.pdf\" target=\"_blank\" rel=\"noopener\"><img loading=\"lazy\" decoding=\"async\" src=\"https:\/\/www.museosantacruz.org\/Archivo\/magnifier.gif\" alt=\"ver\" width=\"18\" height=\"17\" \/>Ver documento<\/a><\/p>\n<hr \/>\n<p><span style=\"color: #800000;\"><strong>El fuego sagrado<\/strong><\/span><br \/>\n<em>Navarro C\u00e1mara, Jer\u00f3nimo Gregorio <\/em><br \/>\n4 p\u00e1g. 3 fotos; 1 grabado<br \/>\nMaterias: <a class=\"MAT\">Relatos <\/a><br \/>\n<a class=\"DOC\" href=\"https:\/\/www.museosantacruz.org\/Archivo\/Prg_SCruz_1994_01_13.pdf\" target=\"_blank\" rel=\"noopener\"><img loading=\"lazy\" decoding=\"async\" src=\"https:\/\/www.museosantacruz.org\/Archivo\/magnifier.gif\" alt=\"ver\" width=\"18\" height=\"17\" \/>Ver documento<\/a><\/p>\n<hr \/>\n<p><span style=\"color: #800000;\"><strong>El labrador<\/strong><\/span><br \/>\n<em>Navarro C\u00e1mara, Jer\u00f3nimo Gregorio <\/em><br \/>\n1 p\u00e1g.<br \/>\nMaterias: <a class=\"MAT\">Poes\u00eda <\/a><br \/>\n<a class=\"DOC\" href=\"https:\/\/www.museosantacruz.org\/Archivo\/Prg_SCruz_1995_01_02.pdf\" target=\"_blank\" rel=\"noopener\"><img loading=\"lazy\" decoding=\"async\" src=\"https:\/\/www.museosantacruz.org\/Archivo\/magnifier.gif\" alt=\"ver\" width=\"18\" height=\"17\" \/>Ver documento<\/a><\/p>\n<hr \/>\n<p><span style=\"color: #800000;\"><strong>El nombre robado<\/strong><\/span><br \/>\n<em>Navarro C\u00e1mara, Jer\u00f3nimo Gregorio <\/em><br \/>\n1 p\u00e1g. 1 foto<br \/>\nMaterias: <a class=\"MAT\">Etnograf\u00eda \u2013 Toponimia local | Relatos <\/a><br \/>\n<a class=\"DOC\" href=\"https:\/\/www.museosantacruz.org\/Archivo\/Prg_SCruz_1994_01_10.pdf\" target=\"_blank\" rel=\"noopener\"><img loading=\"lazy\" decoding=\"async\" src=\"https:\/\/www.museosantacruz.org\/Archivo\/magnifier.gif\" alt=\"ver\" width=\"18\" height=\"17\" \/>Ver documento<\/a><\/p>\n<hr \/>\n<p><span style=\"color: #800000;\"><strong>El otro \u00e1rbol del Para\u00edso<\/strong><\/span><br \/>\n<em>Navarro C\u00e1mara, Jer\u00f3nimo Gregorio <\/em><br \/>\n1 p\u00e1g.<br \/>\nMaterias: <a class=\"MAT\">Relatos <\/a><br \/>\n<a class=\"DOC\" href=\"https:\/\/www.museosantacruz.org\/Archivo\/Prg_SCruz_1996_01_06.pdf\" target=\"_blank\" rel=\"noopener\"><img loading=\"lazy\" decoding=\"async\" src=\"https:\/\/www.museosantacruz.org\/Archivo\/magnifier.gif\" alt=\"ver\" width=\"18\" height=\"17\" \/>Ver documento<\/a><\/p>\n<hr \/>\n<p><span style=\"color: #800000;\"><strong>El pastor castellano de ayer<\/strong><\/span><br \/>\n<em>Navarro C\u00e1mara, Jer\u00f3nimo Gregorio <\/em><br \/>\n1 p\u00e1g.<br \/>\nMaterias: <a class=\"MAT\">Poes\u00eda <\/a><br \/>\n<a class=\"DOC\" href=\"https:\/\/www.museosantacruz.org\/Archivo\/Prg_SCruz_1995_01_11.pdf\" target=\"_blank\" rel=\"noopener\"><img loading=\"lazy\" decoding=\"async\" src=\"https:\/\/www.museosantacruz.org\/Archivo\/magnifier.gif\" alt=\"ver\" width=\"18\" height=\"17\" \/>Ver documento<\/a><\/p>\n<hr \/>\n<p><span style=\"color: #800000;\"><strong>Himno a Santa Cruz<\/strong><\/span><br \/>\n<em>Garc\u00eda Garc\u00eda, C\u00e1ndido | Navarro C\u00e1mara, Jer\u00f3nimo Gregorio | |<\/em><br \/>\n1 p\u00e1g. Letra: Jer\u00f3nimo Gregorio Navarro C\u00e1mara; M\u00fasica: C\u00e1ndido Garc\u00eda Garc\u00eda. Letra y partitura musical<br \/>\nMaterias: <a class=\"MAT\">M\u00fasica <\/a><br \/>\n<a class=\"DOC\" href=\"https:\/\/www.museosantacruz.org\/Archivo\/Prg_SCruz_1995_01_10.pdf\" target=\"_blank\" rel=\"noopener\"><img loading=\"lazy\" decoding=\"async\" src=\"https:\/\/www.museosantacruz.org\/Archivo\/magnifier.gif\" alt=\"ver\" width=\"18\" height=\"17\" \/>Ver documento<\/a><\/p>\n<hr \/>\n<p><span style=\"color: #800000;\"><strong>In Memoriam<\/strong><\/span><br \/>\n<em>Navarro C\u00e1mara, Jer\u00f3nimo Gregorio <\/em><br \/>\n1 p\u00e1g. En memoria de Jos\u00e9 Ces\u00e1reo S\u00e1nchez-Mata y Julio Garc\u00eda Caballero<br \/>\nMaterias: <a class=\"MAT\">Personajes de Santa Cruz <\/a><br \/>\n<a class=\"DOC\" href=\"https:\/\/www.museosantacruz.org\/Archivo\/Prg_SCruz_1992_01_02.pdf\" target=\"_blank\" rel=\"noopener\"><img loading=\"lazy\" decoding=\"async\" src=\"https:\/\/www.museosantacruz.org\/Archivo\/magnifier.gif\" alt=\"ver\" width=\"18\" height=\"17\" \/>Ver documento<\/a><\/p>\n<hr \/>\n<p><span style=\"color: #800000;\"><strong>La Calle de los Pozos en mis recuerdos de la infancia<\/strong><\/span><br \/>\n<em>Navarro C\u00e1mara, Jer\u00f3nimo Gregorio <\/em><br \/>\n2 p\u00e1g. 2 fotos<br \/>\nMaterias: <a class=\"MAT\">Historia reciente \u2013 Memorias <\/a><br \/>\n<a class=\"DOC\" href=\"https:\/\/www.museosantacruz.org\/Archivo\/Prg_SCruz_1995_01_02.pdf\" target=\"_blank\" rel=\"noopener\"><img loading=\"lazy\" decoding=\"async\" src=\"https:\/\/www.museosantacruz.org\/Archivo\/magnifier.gif\" alt=\"ver\" width=\"18\" height=\"17\" \/>Ver documento<\/a><\/p>\n<hr \/>\n<p><span style=\"color: #800000;\"><strong>La Senda Galiana<\/strong><\/span><br \/>\n<em>Navarro C\u00e1mara, Jer\u00f3nimo Gregorio <\/em><br \/>\n1 p\u00e1g. 1 foto<br \/>\nMaterias: <a class=\"MAT\">Caminos y veredas | Poes\u00eda <\/a><br \/>\n<a class=\"DOC\" href=\"https:\/\/www.museosantacruz.org\/Archivo\/Prg_SCruz_2000_01_06.pdf\" target=\"_blank\" rel=\"noopener\"><img loading=\"lazy\" decoding=\"async\" src=\"https:\/\/www.museosantacruz.org\/Archivo\/magnifier.gif\" alt=\"ver\" width=\"18\" height=\"17\" \/>Ver documento<\/a><\/p>\n<hr \/>\n<p><span style=\"color: #800000;\"><strong>Las Ermitas de mi pueblo<\/strong><\/span><br \/>\n<em>Navarro C\u00e1mara, Jer\u00f3nimo Gregorio <\/em><br \/>\n1 p\u00e1g.<br \/>\nMaterias: <a class=\"MAT\">Iglesia \u2013 Templos | Poes\u00eda <\/a><br \/>\n<a class=\"DOC\" href=\"https:\/\/www.museosantacruz.org\/Archivo\/Prg_SCruz_1991_01_09.pdf\" target=\"_blank\" rel=\"noopener\"><img loading=\"lazy\" decoding=\"async\" src=\"https:\/\/www.museosantacruz.org\/Archivo\/magnifier.gif\" alt=\"ver\" width=\"18\" height=\"17\" \/>Ver documento<\/a><\/p>\n<hr \/>\n<p><span style=\"color: #800000;\"><strong>Libertad, \u00bfPara Qu\u00e9? (Lenin)<\/strong><\/span><br \/>\n<em>Navarro C\u00e1mara, Jer\u00f3nimo Gregorio <\/em><br \/>\n1 p\u00e1g.<br \/>\nMaterias: <a class=\"MAT\">Relatos <\/a><br \/>\n<a class=\"DOC\" href=\"https:\/\/www.museosantacruz.org\/Archivo\/Prg_SCruz_2004_01_06.pdf\" target=\"_blank\" rel=\"noopener\"><img loading=\"lazy\" decoding=\"async\" src=\"https:\/\/www.museosantacruz.org\/Archivo\/magnifier.gif\" alt=\"ver\" width=\"18\" height=\"17\" \/>Ver documento<\/a><\/p>\n<hr \/>\n<p><span style=\"color: #800000;\"><strong>Loa a Santa Cruz de la Zarza<\/strong><\/span><br \/>\n<em>Navarro C\u00e1mara, Jer\u00f3nimo Gregorio <\/em><br \/>\n1 p\u00e1g.<br \/>\nMaterias: <a class=\"MAT\">Poes\u00eda <\/a><br \/>\n<a class=\"DOC\" href=\"https:\/\/www.museosantacruz.org\/Archivo\/Prg_SCruz_2004_01_07.pdf\" target=\"_blank\" rel=\"noopener\"><img loading=\"lazy\" decoding=\"async\" src=\"https:\/\/www.museosantacruz.org\/Archivo\/magnifier.gif\" alt=\"ver\" width=\"18\" height=\"17\" \/>Ver documento<\/a><\/p>\n<hr \/>\n<p><span style=\"color: #800000;\"><strong>Poetas<\/strong><\/span><br \/>\n<em>Navarro C\u00e1mara, Jer\u00f3nimo Gregorio <\/em><br \/>\n1 p\u00e1g.<br \/>\nMaterias: <a class=\"MAT\">Poes\u00eda <\/a><br \/>\n<a class=\"DOC\" href=\"https:\/\/www.museosantacruz.org\/Archivo\/Prg_SCruz_2009_01_05.pdf\" target=\"_blank\" rel=\"noopener\"><img loading=\"lazy\" decoding=\"async\" src=\"https:\/\/www.museosantacruz.org\/Archivo\/magnifier.gif\" alt=\"ver\" width=\"18\" height=\"17\" \/>Ver documento<\/a><\/p>\n<hr \/>\n<p><span style=\"color: #800000;\"><strong>Reivindicaci\u00f3n de Castilla<\/strong><\/span><br \/>\n<em>Navarro C\u00e1mara, Jer\u00f3nimo Gregorio <\/em><br \/>\n1 p\u00e1g.<br \/>\nMaterias: <a class=\"MAT\">Poes\u00eda <\/a><br \/>\n<a class=\"DOC\" href=\"https:\/\/www.museosantacruz.org\/Archivo\/Prg_SCruz_1992_01_03.pdf\" target=\"_blank\" rel=\"noopener\"><img loading=\"lazy\" decoding=\"async\" src=\"https:\/\/www.museosantacruz.org\/Archivo\/magnifier.gif\" alt=\"ver\" width=\"18\" height=\"17\" \/>Ver documento<\/a><\/p>\n<hr \/>\n<p><span style=\"color: #800000;\"><strong>Revivencias<\/strong><\/span><br \/>\n<em>Navarro C\u00e1mara, Jer\u00f3nimo Gregorio <\/em><br \/>\n1 p\u00e1g. 1 foto<br \/>\nMaterias: <a class=\"MAT\">Historia reciente \u2013 Memorias <\/a><br \/>\n<a class=\"DOC\" href=\"https:\/\/www.museosantacruz.org\/Archivo\/Prg_SCruz_2000_01_05.pdf\" target=\"_blank\" rel=\"noopener\"><img loading=\"lazy\" decoding=\"async\" src=\"https:\/\/www.museosantacruz.org\/Archivo\/magnifier.gif\" alt=\"ver\" width=\"18\" height=\"17\" \/>Ver documento<\/a><\/p>\n<hr \/>\n<p><span style=\"color: #800000;\"><strong>Santa Cruz y la Aviaci\u00f3n<\/strong><\/span><br \/>\n<em>Navarro C\u00e1mara, Jer\u00f3nimo Gregorio <\/em><br \/>\n1 p\u00e1g. 1 foto<br \/>\nMaterias: <a class=\"MAT\">Ej\u00e9rcito y milicia | Historia s. XX <\/a><br \/>\n<a class=\"DOC\" href=\"https:\/\/www.museosantacruz.org\/Archivo\/Prg_SCruz_1998_01_06.pdf\" target=\"_blank\" rel=\"noopener\"><img loading=\"lazy\" decoding=\"async\" src=\"https:\/\/www.museosantacruz.org\/Archivo\/magnifier.gif\" alt=\"ver\" width=\"18\" height=\"17\" \/>Ver documento<\/a><\/p>\n<hr \/>\n<p><span style=\"color: #800000;\"><strong>Soneto acr\u00f3stico<\/strong><\/span><br \/>\n<em>Navarro C\u00e1mara, Jer\u00f3nimo Gregorio <\/em><br \/>\n1 p\u00e1g.<br \/>\nMaterias: <a class=\"MAT\">Personajes de Santa Cruz | Poes\u00eda <\/a><br \/>\n<a class=\"DOC\" href=\"https:\/\/www.museosantacruz.org\/Archivo\/Prg_SCruz_1991_01_09.pdf\" target=\"_blank\" rel=\"noopener\"><img loading=\"lazy\" decoding=\"async\" src=\"https:\/\/www.museosantacruz.org\/Archivo\/magnifier.gif\" alt=\"ver\" width=\"18\" height=\"17\" \/>Ver documento<\/a><\/p>\n<hr \/>\n<p><span style=\"color: #800000;\"><strong>Tres claves de amor para una lira<\/strong><\/span><br \/>\n<em>Navarro C\u00e1mara, Jer\u00f3nimo Gregorio <\/em><br \/>\n1 p\u00e1g. 1 foto<br \/>\nMaterias: <a class=\"MAT\">Poes\u00eda <\/a><br \/>\n<a class=\"DOC\" href=\"https:\/\/www.museosantacruz.org\/Archivo\/Prg_SCruz_2002_01_08.pdf\" target=\"_blank\" rel=\"noopener\"><img loading=\"lazy\" decoding=\"async\" src=\"https:\/\/www.museosantacruz.org\/Archivo\/magnifier.gif\" alt=\"ver\" width=\"18\" height=\"17\" \/>Ver documento<\/a><\/p>\n<hr \/>\n<p><span style=\"color: #800000;\"><strong>Tres cuentos de miedo<\/strong><\/span><br \/>\n<em>Navarro C\u00e1mara, Jer\u00f3nimo Gregorio <\/em><br \/>\n2 p\u00e1g. 1 foto<br \/>\nMaterias: <a class=\"MAT\">Relatos <\/a><br \/>\n<a class=\"DOC\" href=\"https:\/\/www.museosantacruz.org\/Archivo\/Prg_SCruz_1993_01_08.pdf\" target=\"_blank\" rel=\"noopener\"><img loading=\"lazy\" decoding=\"async\" src=\"https:\/\/www.museosantacruz.org\/Archivo\/magnifier.gif\" alt=\"ver\" width=\"18\" height=\"17\" \/>Ver documento<\/a><\/p>\n<hr \/>\n<p><span style=\"color: #800000;\"><strong>Tres historias de ladrones<\/strong><\/span><br \/>\n<em>Navarro C\u00e1mara, Jer\u00f3nimo Gregorio <\/em><br \/>\n2 p\u00e1g.<br \/>\nMaterias: <a class=\"MAT\">Relatos <\/a><br \/>\n<a class=\"DOC\" href=\"https:\/\/www.museosantacruz.org\/Archivo\/Prg_SCruz_1992_01_10.pdf\" target=\"_blank\" rel=\"noopener\"><img loading=\"lazy\" decoding=\"async\" src=\"https:\/\/www.museosantacruz.org\/Archivo\/magnifier.gif\" alt=\"ver\" width=\"18\" height=\"17\" \/>Ver documento<\/a><\/p>\n<hr \/>\n<p><span style=\"color: #800000;\"><strong>Tres reliquias<\/strong><\/span><br \/>\n<em>Navarro C\u00e1mara, Jer\u00f3nimo Gregorio <\/em><br \/>\n1 p\u00e1g. 1 foto<br \/>\nMaterias: <a class=\"MAT\">Poes\u00eda <\/a><br \/>\n<a class=\"DOC\" href=\"https:\/\/www.museosantacruz.org\/Archivo\/Prg_SCruz_1989_01_07.pdf\" target=\"_blank\" rel=\"noopener\"><img loading=\"lazy\" decoding=\"async\" src=\"https:\/\/www.museosantacruz.org\/Archivo\/magnifier.gif\" alt=\"ver\" width=\"18\" height=\"17\" \/>Ver documento<\/a><\/p>\n<hr \/>\n<p><span style=\"color: #800000;\"><strong>Villarte o el clamor del pasado<\/strong><\/span><br \/>\n<em>Navarro C\u00e1mara, Jer\u00f3nimo Gregorio <\/em><br \/>\n1 p\u00e1g. 1 ilustraci\u00f3n<br \/>\nMaterias: <a class=\"MAT\">Arqueolog\u00eda | Historia reciente \u2013 Memorias <\/a><br \/>\n<a class=\"DOC\" href=\"https:\/\/www.museosantacruz.org\/Archivo\/La%20Voz%20de%20Santa%20Cruz_1_02.pdf\" target=\"_blank\" rel=\"noopener\"><img loading=\"lazy\" decoding=\"async\" src=\"https:\/\/www.museosantacruz.org\/Archivo\/magnifier.gif\" alt=\"ver\" width=\"18\" height=\"17\" \/>Ver documento<\/a><\/p>\n<hr \/>\n<p><center><span style=\"color: #000000;\"><a id=\"Navarro, Rafael\" style=\"color: #000000;\" name=\"62\"><\/a><\/span><a class=\"INDAUTORES\" href=\"#ARRIBA\" target=\"_self\" rel=\"noopener\"><span style=\"color: #000000;\"><img decoding=\"async\" src=\"https:\/\/www.museosantacruz.org\/Archivo\/flecha_arriba.png\" alt=\"15\" width=\"15\" \/><strong>Navarro, Rafael<\/strong><\/span><\/a><\/center><span style=\"color: #800000;\"><strong>Carta a mi recuerdo<\/strong><\/span><br \/>\n<em>Navarro, Rafael <\/em><br \/>\n1 p\u00e1g. 1 foto<br \/>\nMaterias: <a class=\"MAT\">Poes\u00eda | Relatos <\/a><br \/>\n<a class=\"DOC\" href=\"https:\/\/www.museosantacruz.org\/Archivo\/Prg_SCruz_1990_01_10.pdf\" target=\"_blank\" rel=\"noopener\"><img loading=\"lazy\" decoding=\"async\" src=\"https:\/\/www.museosantacruz.org\/Archivo\/magnifier.gif\" alt=\"ver\" width=\"18\" height=\"17\" \/>Ver documento<\/a><\/p>\n<hr \/>\n<p><center><a id=\"Olvido\" name=\"63\"><\/a><a class=\"INDAUTORES\" href=\"#ARRIBA\" target=\"_self\" rel=\"noopener\"><span style=\"color: #000000;\"><img decoding=\"async\" src=\"https:\/\/www.museosantacruz.org\/Archivo\/flecha_arriba.png\" alt=\"15\" width=\"15\" \/><strong>Olvido<\/strong><\/span><\/a><\/center><span style=\"color: #800000;\"><strong>Viaje sin retorno<\/strong><\/span><br \/>\n<em>Olvido <\/em><br \/>\n1 p\u00e1g.<br \/>\nMaterias: <a class=\"MAT\">Poes\u00eda <\/a><br \/>\n<a class=\"DOC\" href=\"https:\/\/www.museosantacruz.org\/Archivo\/Prg_SCruz_2012_01_10a.pdf\" target=\"_blank\" rel=\"noopener\"><img loading=\"lazy\" decoding=\"async\" src=\"https:\/\/www.museosantacruz.org\/Archivo\/magnifier.gif\" alt=\"ver\" width=\"18\" height=\"17\" \/>Ver documento<\/a><\/p>\n<hr \/>\n<p><center><a id=\"Osada Garc\u00eda, Jes\u00fas de la\" name=\"64\"><\/a><a class=\"INDAUTORES\" href=\"#ARRIBA\" target=\"_self\" rel=\"noopener\"><span style=\"color: #000000;\"><img decoding=\"async\" src=\"https:\/\/www.museosantacruz.org\/Archivo\/flecha_arriba.png\" alt=\"15\" width=\"15\" \/><strong>Osada Garc\u00eda, Jes\u00fas de la<\/strong><\/span><\/a><\/center><span style=\"color: #800000;\"><strong>El Aceite de Oliva, un reto para Santa Cruz de la Zarza<\/strong><\/span><br \/>\n<em>Osada Garc\u00eda, Jes\u00fas de la <\/em><br \/>\n2 p\u00e1g. 4 fotos<br \/>\nMaterias: <a class=\"MAT\">Agricultura y Ganader\u00eda | Econom\u00eda, industria y comercio <\/a><br \/>\n<a class=\"DOC\" href=\"https:\/\/www.museosantacruz.org\/Archivo\/Prg_SCruz_2008_01_02.pdf\" target=\"_blank\" rel=\"noopener\"><img loading=\"lazy\" decoding=\"async\" src=\"https:\/\/www.museosantacruz.org\/Archivo\/magnifier.gif\" alt=\"ver\" width=\"18\" height=\"17\" \/>Ver documento<\/a><\/p>\n<hr \/>\n<p><span style=\"color: #800000;\"><strong>Nuestras abuelas ten\u00edan raz\u00f3n<\/strong><\/span><br \/>\n<em>Osada Garc\u00eda, Jes\u00fas de la <\/em><br \/>\n1 p\u00e1g. 1 foto<br \/>\nMaterias: <a class=\"MAT\">Salud, sanidad y servicios sociales <\/a><br \/>\n<a class=\"DOC\" href=\"https:\/\/www.museosantacruz.org\/Archivo\/Prg_SCruz_1991_01_04.pdf\" target=\"_blank\" rel=\"noopener\"><img loading=\"lazy\" decoding=\"async\" src=\"https:\/\/www.museosantacruz.org\/Archivo\/magnifier.gif\" alt=\"ver\" width=\"18\" height=\"17\" \/>Ver documento<\/a><\/p>\n<hr \/>\n<p><center><span style=\"color: #000000;\"><a id=\"Oteros \u00c1lvarez, Isabel\" style=\"color: #000000;\" name=\"65\"><\/a><\/span><a class=\"INDAUTORES\" href=\"#ARRIBA\" target=\"_self\" rel=\"noopener\"><span style=\"color: #000000;\"><img decoding=\"async\" src=\"https:\/\/www.museosantacruz.org\/Archivo\/flecha_arriba.png\" alt=\"15\" width=\"15\" \/><strong>Oteros \u00c1lvarez, Isabel<\/strong><\/span><\/a><\/center><span style=\"color: #800000;\"><strong>Adi\u00f3s D. Javier<\/strong><\/span><br \/>\n<em>Oteros \u00c1lvarez, Isabel <\/em><br \/>\n1 p\u00e1g.<br \/>\nMaterias: <a class=\"MAT\">Personajes de Santa Cruz | Poes\u00eda <\/a><br \/>\n<a class=\"DOC\" href=\"https:\/\/www.museosantacruz.org\/Archivo\/Prg_SCruz_1995_01_11.pdf\" target=\"_blank\" rel=\"noopener\"><img loading=\"lazy\" decoding=\"async\" src=\"https:\/\/www.museosantacruz.org\/Archivo\/magnifier.gif\" alt=\"ver\" width=\"18\" height=\"17\" \/>Ver documento<\/a><\/p>\n<hr \/>\n<p><center><a id=\"Padorno de Garc\u00eda, Jes\u00fas\" name=\"66\"><\/a><a class=\"INDAUTORES\" href=\"#ARRIBA\" target=\"_self\" rel=\"noopener\"><span style=\"color: #000000;\"><img decoding=\"async\" src=\"https:\/\/www.museosantacruz.org\/Archivo\/flecha_arriba.png\" alt=\"15\" width=\"15\" \/><strong>Padorno de Garc\u00eda, Jes\u00fas<\/strong><\/span><\/a><\/center><span style=\"color: #800000;\"><strong>Santa Cruz de la Zarza \u2026<\/strong><\/span><br \/>\n<em>Padorno de Garc\u00eda, Jes\u00fas <\/em><br \/>\n3 p\u00e1g. Resumen de datos 1928<br \/>\nMaterias: <a class=\"MAT\">Historia s. XX <\/a><br \/>\n<a class=\"DOC\" href=\"https:\/\/www.museosantacruz.org\/Archivo\/Prg_SCruz_1999_01_03.pdf\" target=\"_blank\" rel=\"noopener\"><img loading=\"lazy\" decoding=\"async\" src=\"https:\/\/www.museosantacruz.org\/Archivo\/magnifier.gif\" alt=\"ver\" width=\"18\" height=\"17\" \/>Ver documento<\/a><\/p>\n<hr \/>\n<p><center><a id=\"P\u00e1rraga Granados, Esperanza\" name=\"67\"><\/a><a class=\"INDAUTORES\" href=\"#ARRIBA\" target=\"_self\" rel=\"noopener\"><strong><img decoding=\"async\" src=\"https:\/\/www.museosantacruz.org\/Archivo\/flecha_arriba.png\" alt=\"15\" width=\"15\" \/><span style=\"color: #000000;\">P\u00e1rraga Granados, Esperanza<\/span><\/strong><\/a><\/center><span style=\"color: #800000;\"><strong>De un rinc\u00f3n del olvido: Poemas a Jos\u00e9 Ces\u00e1reo<br \/>\n<\/strong><\/span><em>P\u00e1rraga Granados, Esperanza <\/em><br \/>\n1 p\u00e1g. 1 foto<br \/>\nMaterias: <a class=\"MAT\">Personajes de Santa Cruz | Poes\u00eda <\/a><br \/>\n<a class=\"DOC\" href=\"https:\/\/www.museosantacruz.org\/Archivo\/Prg_SCruz_1990_01_10.pdf\" target=\"_blank\" rel=\"noopener\"><img loading=\"lazy\" decoding=\"async\" src=\"https:\/\/www.museosantacruz.org\/Archivo\/magnifier.gif\" alt=\"ver\" width=\"18\" height=\"17\" \/>Ver documento<\/a><\/p>\n<hr \/>\n<p><span style=\"color: #800000;\"><strong>El aplauso<\/strong><\/span><br \/>\n<em>P\u00e1rraga Granados, Esperanza <\/em><br \/>\n1 p\u00e1g. 1 foto<br \/>\nMaterias: <a class=\"MAT\">Relatos <\/a><br \/>\n<a class=\"DOC\" href=\"https:\/\/www.museosantacruz.org\/Archivo\/Prg_SCruz_1998_01_07.pdf\" target=\"_blank\" rel=\"noopener\"><img loading=\"lazy\" decoding=\"async\" src=\"https:\/\/www.museosantacruz.org\/Archivo\/magnifier.gif\" alt=\"ver\" width=\"18\" height=\"17\" \/>Ver documento<\/a><\/p>\n<hr \/>\n<p><span style=\"color: #800000;\"><strong>Homenaje a Do\u00f1a Mar\u00eda \u00abLa Comadrona\u00bb<\/strong><\/span><br \/>\n<em>P\u00e1rraga Granados, Esperanza <\/em><br \/>\n1 p\u00e1g.<br \/>\nMaterias: <a class=\"MAT\">Personajes de Santa Cruz | Poes\u00eda <\/a><br \/>\n<a class=\"DOC\" href=\"https:\/\/www.museosantacruz.org\/Archivo\/Prg_SCruz_1998_01_11.pdf\" target=\"_blank\" rel=\"noopener\"><img loading=\"lazy\" decoding=\"async\" src=\"https:\/\/www.museosantacruz.org\/Archivo\/magnifier.gif\" alt=\"ver\" width=\"18\" height=\"17\" \/>Ver documento<\/a><\/p>\n<hr \/>\n<p><center><span style=\"color: #000000;\"><a id=\"P\u00e1rraga Granados, Mart\u00edn A.\" style=\"color: #000000;\" name=\"68\"><\/a><\/span><a class=\"INDAUTORES\" href=\"#ARRIBA\" target=\"_self\" rel=\"noopener\"><span style=\"color: #000000;\"><img decoding=\"async\" src=\"https:\/\/www.museosantacruz.org\/Archivo\/flecha_arriba.png\" alt=\"15\" width=\"15\" \/><strong>P\u00e1rraga Granados, Mart\u00edn A.<\/strong><\/span><\/a><\/center><br \/>\n<span style=\"color: #800000;\"><strong>Onda Plana, la emisora pionera de Santa Cruz de la Zarza.<\/strong><\/span><br \/>\n<em>P\u00e1rraga Granados, Mart\u00edn A. <\/em><br \/>\n2 p\u00e1g. 4 fotograf\u00edas<br \/>\nMaterias: <a class=\"MAT\">Radio y prensa <\/a><br \/>\n<a class=\"DOC\" href=\"https:\/\/www.museosantacruz.org\/Archivo\/Prg_SCruz_1994_01_06.pdf\" target=\"_blank\" rel=\"noopener\"><img loading=\"lazy\" decoding=\"async\" src=\"https:\/\/www.museosantacruz.org\/Archivo\/magnifier.gif\" alt=\"ver\" width=\"18\" height=\"17\" \/>Ver documento<\/a><\/p>\n<hr \/>\n<p><center><a id=\"Pe\u00f1a, Natalia\" name=\"69\"><\/a><a class=\"INDAUTORES\" href=\"#ARRIBA\" target=\"_self\" rel=\"noopener\"><strong><img decoding=\"async\" src=\"https:\/\/www.museosantacruz.org\/Archivo\/flecha_arriba.png\" alt=\"15\" width=\"15\" \/><span style=\"color: #000000;\">Pe\u00f1a, Natalia<\/span><\/strong><\/a><\/center><span style=\"color: #800000;\"><strong>A mi morena<\/strong><\/span><br \/>\n<em>Pe\u00f1a, Natalia <\/em><br \/>\n1 p\u00e1g.<br \/>\nMaterias: <a class=\"MAT\">Poes\u00eda <\/a><br \/>\n<a class=\"DOC\" href=\"https:\/\/www.museosantacruz.org\/Archivo\/Prg_SCruz_1995_01_11.pdf\" target=\"_blank\" rel=\"noopener\"><img loading=\"lazy\" decoding=\"async\" src=\"https:\/\/www.museosantacruz.org\/Archivo\/magnifier.gif\" alt=\"ver\" width=\"18\" height=\"17\" \/>Ver documento<\/a><\/p>\n<hr \/>\n<p><span style=\"color: #800000;\"><strong>Mi boca sosegada<\/strong><\/span><br \/>\n<em>Pe\u00f1a, Natalia <\/em><br \/>\n1 p\u00e1g. 1 ilustraci\u00f3n<br \/>\nMaterias: <a class=\"MAT\">Poes\u00eda <\/a><br \/>\n<a class=\"DOC\" href=\"https:\/\/www.museosantacruz.org\/Archivo\/Prg_SCruz_2003_01_06.pdf\" target=\"_blank\" rel=\"noopener\"><img loading=\"lazy\" decoding=\"async\" src=\"https:\/\/www.museosantacruz.org\/Archivo\/magnifier.gif\" alt=\"ver\" width=\"18\" height=\"17\" \/>Ver documento<\/a><\/p>\n<hr \/>\n<p><center><a id=\"P\u00e9rez Ram\u00edrez, Dimas\" name=\"70\"><\/a><a class=\"INDAUTORES\" href=\"#ARRIBA\" target=\"_self\" rel=\"noopener\"><span style=\"color: #000000;\"><img decoding=\"async\" src=\"https:\/\/www.museosantacruz.org\/Archivo\/flecha_arriba.png\" alt=\"15\" width=\"15\" \/><strong>P\u00e9rez Ram\u00edrez, Dimas<\/strong><\/span><\/a><\/center><span style=\"color: #800000;\"><strong>Notas sobre la Iglesia de Santa Cruz en tiempos de los Reyes Cat\u00f3licos<\/strong><\/span><br \/>\n<em>P\u00e9rez Ram\u00edrez, Dimas <\/em><br \/>\n4 p\u00e1g. 2 fotos, 2 ilustraciones<br \/>\nMaterias: <a class=\"MAT\">Arquitectura \u2013 Edificios notables | Historia s. XV | Historia s. XVI | Iglesia \u2013 Templos | Orden de Santiago | |<br \/>\n<\/a><a class=\"DOC\" href=\"https:\/\/www.museosantacruz.org\/Archivo\/Prg_SCruz_1995_01_04.pdf\" target=\"_blank\" rel=\"noopener\"><img loading=\"lazy\" decoding=\"async\" src=\"https:\/\/www.museosantacruz.org\/Archivo\/magnifier.gif\" alt=\"ver\" width=\"18\" height=\"17\" \/>Ver documento<\/a><\/p>\n<hr \/>\n<p><center><a id=\"Pulido, Pepa\" name=\"71\"><\/a><a class=\"INDAUTORES\" href=\"#ARRIBA\" target=\"_self\" rel=\"noopener\"><span style=\"color: #000000;\"><img decoding=\"async\" src=\"https:\/\/www.museosantacruz.org\/Archivo\/flecha_arriba.png\" alt=\"15\" width=\"15\" \/><strong>Pulido, Pepa<\/strong><\/span><\/a><\/center><span style=\"color: #800000;\"><strong>La Virgen del Rosario<\/strong><\/span><br \/>\n<em>Pulido, Pepa <\/em><br \/>\n1 p\u00e1g.<br \/>\nMaterias: <a class=\"MAT\">Iglesia y culto | Poes\u00eda <\/a><br \/>\n<a class=\"DOC\" href=\"https:\/\/www.museosantacruz.org\/Archivo\/Prg_SCruz_2013_01_04.pdf\" target=\"_blank\" rel=\"noopener\"><img loading=\"lazy\" decoding=\"async\" src=\"https:\/\/www.museosantacruz.org\/Archivo\/magnifier.gif\" alt=\"ver\" width=\"18\" height=\"17\" \/>Ver documento<\/a><\/p>\n<hr \/>\n<p><center><a id=\"Quijada, Maribel\" name=\"72\"><\/a><span style=\"color: #000000;\"><a class=\"INDAUTORES\" style=\"color: #000000;\" href=\"#ARRIBA\" target=\"_self\" rel=\"noopener\"><img decoding=\"async\" src=\"https:\/\/www.museosantacruz.org\/Archivo\/flecha_arriba.png\" alt=\"15\" width=\"15\" \/><strong>Maribel Quijada <\/strong><\/a><\/span><\/center><span style=\"color: #800000;\"><strong>El \u201cLibro de Privilegios\u201d de Santa Cruz de la Zarza<\/strong><\/span><br \/>\n<em>Avia Aranda, Jos\u00e9 Manuel | Cana Garc\u00eda, Fernando | Quijada, Maribel | S\u00e1nchez Mart\u00ednez, Maximino<br \/>\n<\/em><strong>Edici\u00f3n digital interactiva<\/strong>:<br \/>\nManuscrito, transcripci\u00f3n, gu\u00eda de lectura, cuadro cronol\u00f3gico, contexto hist\u00f3rico, biograf\u00edas y bibliograf\u00eda. 150 p\u00e1g.<\/p>\n<p><a class=\"DOC\" href=\"https:\/\/ww2.museosantacruz.org\/wp-content\/uploads\/2024\/02\/MENU-Principal-OPT.pdf\" target=\"_blank\" rel=\"noopener\"><img loading=\"lazy\" decoding=\"async\" src=\"https:\/\/www.museosantacruz.org\/Archivo\/magnifier.gif\" alt=\"ver\" width=\"18\" height=\"17\" \/> Ver documento<\/a><\/p>\n<p><strong>Vol I: Facs\u00edmil (versi\u00f3n para impresi\u00f3n)155 p\u00e1g.\u00a0 <\/strong><a class=\"DOC\" href=\"https:\/\/ww2.museosantacruz.org\/wp-content\/uploads\/2024\/02\/VOL1_Facsimil.pdf\" target=\"_blank\" rel=\"noopener\"><img loading=\"lazy\" decoding=\"async\" src=\"https:\/\/www.museosantacruz.org\/Archivo\/magnifier.gif\" alt=\"ver\" width=\"18\" height=\"17\" \/> Ver documento<\/a><\/p>\n<p><strong>Vol II: Transcripci\u00f3n (versi\u00f3n para impresi\u00f3n)<\/strong>155 p\u00e1g. <a class=\"DOC\" href=\"https:\/\/ww2.museosantacruz.org\/wp-content\/uploads\/2024\/02\/VOL2_Transcripcion.pdf\" target=\"_blank\" rel=\"noopener\"><img loading=\"lazy\" decoding=\"async\" src=\"https:\/\/www.museosantacruz.org\/Archivo\/magnifier.gif\" alt=\"ver\" width=\"18\" height=\"17\" \/> Ver documento<\/a><\/p>\n<p><strong>Vol III: Texto y notas (versi\u00f3n para impresi\u00f3n)<\/strong> 96 p\u00e1g. <a class=\"DOC\" href=\"https:\/\/ww2.museosantacruz.org\/wp-content\/uploads\/2024\/02\/VOL3_Texto_Notas.pdf\" target=\"_blank\" rel=\"noopener\"><img loading=\"lazy\" decoding=\"async\" src=\"https:\/\/www.museosantacruz.org\/Archivo\/magnifier.gif\" alt=\"ver\" width=\"18\" height=\"17\" \/> Ver documento<\/a><\/p>\n<p><strong>Vol IV: Aparato cr\u00edtico (versi\u00f3n para impresi\u00f3n). <\/strong>Gu\u00eda de Lectura, Cuadro Cronol\u00f3gico, Contexto Hist\u00f3rico, Rese\u00f1as Biogr\u00e1ficas, Bibliograf\u00eda. 107 p\u00e1g.<\/p>\n<p><a class=\"DOC\" href=\"https:\/\/ww2.museosantacruz.org\/wp-content\/uploads\/2024\/02\/VOL4_Aparato_Critico.pdf\" target=\"_blank\" rel=\"noopener\"><img loading=\"lazy\" decoding=\"async\" src=\"https:\/\/www.museosantacruz.org\/Archivo\/magnifier.gif\" alt=\"ver\" width=\"18\" height=\"17\" \/> Ver documento<\/a><\/p>\n<hr \/>\n<p><center><a id=\"Quijote (seud\u00f3nimo)\" name=\"71\"><\/a><a class=\"INDAUTORES\" href=\"#ARRIBA\" target=\"_self\" rel=\"noopener\"><strong><img decoding=\"async\" src=\"https:\/\/www.museosantacruz.org\/Archivo\/flecha_arriba.png\" alt=\"15\" width=\"15\" \/><span style=\"color: #000000;\">Quijote (seud\u00f3nimo)<\/span><\/strong><\/a><\/center><span style=\"color: #800000;\"><strong>Dime c\u00f3mo te llaman y te dir\u00e9 qu\u00e9 eres<\/strong><\/span><br \/>\n<em>Quijote (seud\u00f3nimo) <\/em><br \/>\n1 p\u00e1g.<br \/>\nMaterias: <a class=\"MAT\">Etnograf\u00eda \u2013 Lenguaje popular | Humor <\/a><br \/>\n<a class=\"DOC\" href=\"https:\/\/www.museosantacruz.org\/Archivo\/Prg_SCruz_1995_01_09.pdf\" target=\"_blank\" rel=\"noopener\"><img loading=\"lazy\" decoding=\"async\" src=\"https:\/\/www.museosantacruz.org\/Archivo\/magnifier.gif\" alt=\"ver\" width=\"18\" height=\"17\" \/>Ver documento<\/a><\/p>\n<hr \/>\n<p><center><span style=\"color: #000000;\"><a id=\"Raboso, C\u00e1ndido\" style=\"color: #000000;\" name=\"71\"><\/a><a class=\"INDAUTORES\" style=\"color: #000000;\" href=\"#ARRIBA\" target=\"_self\" rel=\"noopener\"><img decoding=\"async\" src=\"https:\/\/www.museosantacruz.org\/Archivo\/flecha_arriba.png\" alt=\"15\" width=\"15\" \/><strong>Raboso, C\u00e1ndido<\/strong><\/a><\/span><\/center><span style=\"color: #800000;\"><strong>Es el vino de Santa Cruz<\/strong><\/span><br \/>\n<em>Raboso, C\u00e1ndido <\/em><br \/>\n1 p\u00e1g. 1 foto<br \/>\nMaterias: <a class=\"MAT\">Agricultura y Ganader\u00eda | Poes\u00eda <\/a><br \/>\n<a class=\"DOC\" href=\"https:\/\/www.museosantacruz.org\/Archivo\/Prg_SCruz_2002_01_10.pdf\" target=\"_blank\" rel=\"noopener\"><img loading=\"lazy\" decoding=\"async\" src=\"https:\/\/www.museosantacruz.org\/Archivo\/magnifier.gif\" alt=\"ver\" width=\"18\" height=\"17\" \/>Ver documento<\/a><\/p>\n<hr \/>\n<p><center><strong><a id=\"Rivera Pagola, Ana Isabel\" name=\"75\"><\/a><\/strong><a class=\"INDAUTORES\" href=\"#ARRIBA\" target=\"_self\" rel=\"noopener\"><strong><img decoding=\"async\" src=\"https:\/\/www.museosantacruz.org\/Archivo\/flecha_arriba.png\" alt=\"15\" width=\"15\" \/><span style=\"color: #000000;\">Rivera Pagola, Ana Isabel<\/span><\/strong><\/a><\/center><span style=\"color: #800000;\"><strong>Obras en el Ayuntamiento 1904<\/strong><\/span><br \/>\n<em>Rivera Pagola, Ana Isabel <\/em><br \/>\n2 p., 3 il.<br \/>\nMaterias: <a class=\"MAT\">Arquitectura \u2013 Edificios notables | Instituciones \u2013 Ayuntamiento | Obras p\u00fablicas y proyectos | <\/a><br \/>\n<a class=\"DOC\" href=\"https:\/\/ww2.museosantacruz.org\/wp-\" target=\"_blank\" rel=\"noopener\"><img loading=\"lazy\" decoding=\"async\" src=\"https:\/\/www.museosantacruz.org\/Archivo\/magnifier.gif\" alt=\"ver\" width=\"18\" height=\"17\" \/>Ver documento<\/a><\/p>\n<hr \/>\n<p><center><a id=\"Rivera, \u00c1ngel\" name=\"76\"><\/a><a class=\"INDAUTORES\" href=\"#ARRIBA\" target=\"_self\" rel=\"noopener\"><span style=\"color: #000000;\"><img decoding=\"async\" src=\"https:\/\/www.museosantacruz.org\/Archivo\/flecha_arriba.png\" alt=\"15\" width=\"15\" \/><strong>Rivera, \u00c1ngel<\/strong><\/span><\/a><\/center><span style=\"color: #800000;\"><strong>Santa Cruz, el tren y la lluvia<\/strong><\/span><br \/>\n<em>Rivera, \u00c1ngel <\/em><br \/>\n2 p., 1 il.<br \/>\nMaterias: <a class=\"MAT\">Medios de transporte | Historia reciente \u2013 Memorias <\/a><br \/>\n<a class=\"DOC\" href=\"https:\/\/ww2.museosantacruz.org\/wp-\" target=\"_blank\" rel=\"noopener\"><img loading=\"lazy\" decoding=\"async\" src=\"https:\/\/www.museosantacruz.org\/Archivo\/magnifier.gif\" alt=\"ver\" width=\"18\" height=\"17\" \/>Ver documento<\/a><\/p>\n<hr \/>\n<p><span style=\"color: #800000;\"><strong>Santacruceros por el mundo. Santacruceros en La Grand-Croix (Francia) <\/strong><\/span><br \/>\n<em>Andrea y Le\u00f3n <\/em><br \/>\n2 p\u00e1g. 6 fotos<br \/>\nMaterias: <a class=\"MAT\">Historia reciente \u2013 Memorias | Relatos <\/a><br \/>\n<a class=\"DOC\" href=\"https:\/\/www.museosantacruz.org\/Archivo\/Prg_SCruz_2010_01_09.pdf\" target=\"_blank\" rel=\"noopener\"><img loading=\"lazy\" decoding=\"async\" src=\"https:\/\/www.museosantacruz.org\/Archivo\/magnifier.gif\" alt=\"ver\" width=\"18\" height=\"17\" \/>Ver documento<\/a><\/p>\n<hr \/>\n<p><span style=\"color: #800000;\"><strong>Un d\u00eda en la estaci\u00f3n de Santa Cruz a principio de los sesenta (cuarta parte): el tren de las cinco y veinte<\/strong><\/span><br \/>\n<em>Rivera, \u00c1ngel <\/em><br \/>\n3 p\u00e1g. 3 fotos, 1 acuarela de Santiago Almarza<br \/>\nMaterias: <a class=\"MAT\">Historia reciente \u2013 Memorias | Medios de transporte | Relatos | <\/a><br \/>\n<a class=\"DOC\" href=\"https:\/\/www.museosantacruz.org\/Archivo\/Prg_SCruz_2013_01_09.pdf\" target=\"_blank\" rel=\"noopener\"><img loading=\"lazy\" decoding=\"async\" src=\"https:\/\/www.museosantacruz.org\/Archivo\/magnifier.gif\" alt=\"ver\" width=\"18\" height=\"17\" \/>Ver documento<\/a><\/p>\n<hr \/>\n<p><span style=\"color: #800000;\"><strong>Un d\u00eda en la estaci\u00f3n de Santa Cruz a principio de los sesenta: el tren de las nueve<\/strong><\/span><br \/>\n<em>Rivera, \u00c1ngel <\/em><br \/>\n2 p\u00e1g. 1 foto, 1 acuarela de Santiago Almarza<br \/>\nMaterias: <a class=\"MAT\">Historia reciente \u2013 Memorias | Medios de transporte | Relatos | <\/a><br \/>\n<a class=\"DOC\" href=\"https:\/\/www.museosantacruz.org\/Archivo\/Prg_SCruz_2010_01_05.pdf\" target=\"_blank\" rel=\"noopener\"><img loading=\"lazy\" decoding=\"async\" src=\"https:\/\/www.museosantacruz.org\/Archivo\/magnifier.gif\" alt=\"ver\" width=\"18\" height=\"17\" \/>Ver documento<\/a><\/p>\n<hr \/>\n<p><span style=\"color: #800000;\"><strong>Un d\u00eda en la estaci\u00f3n de Santa Cruz a principios de los a\u00f1os sesenta: el tren de la una menos veinte<\/strong><\/span><br \/>\n<em>Rivera, \u00c1ngel <\/em><br \/>\n2 p\u00e1g. 4 fotos, 1 acuarela de S. Almarza<br \/>\nMaterias: <a class=\"MAT\">Historia reciente \u2013 Memorias | Medios de transporte | Relatos | <\/a><br \/>\n<a class=\"DOC\" href=\"https:\/\/www.museosantacruz.org\/Archivo\/Prg_SCruz_2012_01_06.pdf\" target=\"_blank\" rel=\"noopener\"><img loading=\"lazy\" decoding=\"async\" src=\"https:\/\/www.museosantacruz.org\/Archivo\/magnifier.gif\" alt=\"ver\" width=\"18\" height=\"17\" \/>Ver documento<\/a><\/p>\n<hr \/>\n<p><span style=\"color: #800000;\"><strong>Un d\u00eda en la estaci\u00f3n de Santa Cruz a principios de los sesenta (segunda parte): el tren de las once menos cuarto<\/strong><\/span><br \/>\n<em>Rivera, \u00c1ngel <\/em><br \/>\n2 p\u00e1g. 1 foto, 1 ilustraci\u00f3n de S. Almarza<br \/>\nMaterias: <a class=\"MAT\">Historia reciente \u2013 Memorias | Medios de transporte | Relatos | <\/a><br \/>\n<a class=\"DOC\" href=\"https:\/\/www.museosantacruz.org\/Archivo\/Prg_SCruz_2011_01_04.pdf\" target=\"_blank\" rel=\"noopener\"><img loading=\"lazy\" decoding=\"async\" src=\"https:\/\/www.museosantacruz.org\/Archivo\/magnifier.gif\" alt=\"ver\" width=\"18\" height=\"17\" \/>Ver documento<\/a><\/p>\n<hr \/>\n<p><span style=\"color: #800000;\"><strong>Un d\u00eda en la estaci\u00f3n de Santa Cruz de la Zarza (quinta y \u00faltima parte)<\/strong><\/span><br \/>\n<em>Rivera, \u00c1ngel <\/em><br \/>\n2 p., 2 il<br \/>\nMaterias: <a class=\"MAT\">Historia reciente \u2013 Memorias | Medios de transporte <\/a><br \/>\n<a class=\"DOC\" href=\"https:\/\/ww2.museosantacruz.org\/wp-\" target=\"_blank\" rel=\"noopener\"><img loading=\"lazy\" decoding=\"async\" src=\"https:\/\/www.museosantacruz.org\/Archivo\/magnifier.gif\" alt=\"ver\" width=\"18\" height=\"17\" \/>Ver documento<\/a><\/p>\n<hr \/>\n<p><center><a class=\"INDAUTORES\" href=\"#ARRIBA\" target=\"_self\" rel=\"noopener\"><strong><img decoding=\"async\" src=\"https:\/\/www.museosantacruz.org\/Archivo\/flecha_arriba.png\" alt=\"15\" width=\"15\" \/><span style=\"color: #000000;\">Rodr\u00edquez de Gracia, \u00c1ngel<\/span><\/strong><\/a><\/center><br \/>\n<strong>El s\u00edndico procurador<\/strong><br \/>\n<em>Rodr\u00edguez de Gracia, \u00c1ngel | Archivo Municipal | |<\/em><br \/>\n1 p., 1 il.<br \/>\nMaterias: <a class=\"MAT\">Historia s. XVIII | Instituciones \u2013 Ayuntamiento | Historia \u2013 Documentos | Archivos <\/a><br \/>\n<a class=\"DOC\" href=\"https:\/\/ww2.museosantacruz.org\/wp-\" target=\"_blank\" rel=\"noopener\"><img loading=\"lazy\" decoding=\"async\" src=\"https:\/\/www.museosantacruz.org\/Archivo\/magnifier.gif\" alt=\"ver\" width=\"18\" height=\"17\" \/>Ver documento<\/a><\/p>\n<hr \/>\n<p><center><a class=\"INDAUTORES\" href=\"#ARRIBA\" target=\"_self\" rel=\"noopener\"><strong><img decoding=\"async\" src=\"https:\/\/www.museosantacruz.org\/Archivo\/flecha_arriba.png\" alt=\"15\" width=\"15\" \/><span style=\"color: #000000;\">Ruiz, Eugenio<\/span><\/strong><\/a><\/center><span style=\"color: #800000;\"><strong>Antonio Gallo y la crisis del Imperio Espa\u00f1ol<\/strong><\/span><br \/>\n<em>Ruiz, Eugenio <\/em><br \/>\n6 p., 2 il.<br \/>\nMaterias: <a class=\"MAT\">Historia s. XVII | Ej\u00e9rcito y milicia | Personajes de Santa Cruz | <\/a><br \/>\n<a class=\"DOC\" href=\"https:\/\/ww2.museosantacruz.org\/wp-\" target=\"_blank\" rel=\"noopener\"><img loading=\"lazy\" decoding=\"async\" src=\"https:\/\/www.museosantacruz.org\/Archivo\/magnifier.gif\" alt=\"ver\" width=\"18\" height=\"17\" \/>Ver documento<\/a><\/p>\n<hr \/>\n<p><center><a class=\"INDAUTORES\" href=\"#ARRIBA\" target=\"_self\" rel=\"noopener\"><strong><img decoding=\"async\" src=\"https:\/\/www.museosantacruz.org\/Archivo\/flecha_arriba.png\" alt=\"15\" width=\"15\" \/><span style=\"color: #000000;\">Ruiz S\u00e1nchez, Jos\u00e9 Antonio<\/span><\/strong><\/a><\/center><span style=\"color: #800000;\"><strong>Historias de la Historia<\/strong><\/span><br \/>\n<em>Ruiz S\u00e1nchez, Jos\u00e9 Antonio <\/em><br \/>\n1 p.<br \/>\nMaterias: <a class=\"MAT\">Historia \u2013 Documentos <\/a><br \/>\n<a class=\"DOC\" href=\"https:\/\/ww2.museosantacruz.org\/wp-\" target=\"_blank\" rel=\"noopener\"><img loading=\"lazy\" decoding=\"async\" src=\"https:\/\/www.museosantacruz.org\/Archivo\/magnifier.gif\" alt=\"ver\" width=\"18\" height=\"17\" \/>Ver documento<\/a><\/p>\n<hr \/>\n<p><span style=\"color: #800000;\"><strong>Mi pueblo en blanco y negro<\/strong><\/span><br \/>\n<em>Ruiz S\u00e1nchez, Jos\u00e9 Antonio <\/em><br \/>\n2 p., 1 il.<br \/>\nMaterias: <a class=\"MAT\">Historia reciente \u2013 Memorias <\/a><br \/>\n<a class=\"DOC\" href=\"https:\/\/ww2.museosantacruz.org\/wp-\" target=\"_blank\" rel=\"noopener\"><img loading=\"lazy\" decoding=\"async\" src=\"https:\/\/www.museosantacruz.org\/Archivo\/magnifier.gif\" alt=\"ver\" width=\"18\" height=\"17\" \/>Ver documento<\/a><\/p>\n<hr \/>\n<p><span style=\"color: #800000;\"><strong>Recuerdos y tradiciones<\/strong><\/span><br \/>\n<em>Ruiz S\u00e1nchez, Jos\u00e9 Antonio <\/em><br \/>\n2 p\u00e1g. 1 foto<br \/>\nMaterias: <a class=\"MAT\">Etnograf\u00eda \u2013 Tradiciones y costumbres | Historia reciente \u2013 Memorias <\/a><br \/>\n<a class=\"DOC\" href=\"https:\/\/www.museosantacruz.org\/Archivo\/Prg_SCruz_2010_01_06.pdf\" target=\"_blank\" rel=\"noopener\"><img loading=\"lazy\" decoding=\"async\" src=\"https:\/\/www.museosantacruz.org\/Archivo\/magnifier.gif\" alt=\"ver\" width=\"18\" height=\"17\" \/>Ver documento<\/a><\/p>\n<hr \/>\n<p><center><span style=\"color: #000000;\"><a id=\"Ruiz, Jos\u00e9\" style=\"color: #000000;\" name=\"78\"><\/a><\/span><a class=\"INDAUTORES\" href=\"#ARRIBA\" target=\"_self\" rel=\"noopener\"><span style=\"color: #000000;\"><img decoding=\"async\" src=\"https:\/\/www.museosantacruz.org\/Archivo\/flecha_arriba.png\" alt=\"15\" width=\"15\" \/><strong>Ruiz, Jos\u00e9<\/strong><\/span><\/a><\/center><span style=\"color: #800000;\"><strong>La artesan\u00eda<\/strong><\/span><br \/>\n<em>Ruiz, Jos\u00e9 <\/em><br \/>\n1 p\u00e1g. 3 fotos<br \/>\nMaterias: <a class=\"MAT\">Etnograf\u00eda \u2013 Artesan\u00eda <\/a><br \/>\n<a class=\"DOC\" href=\"https:\/\/www.museosantacruz.org\/Archivo\/Prg_SCruz_1998_01_08.pdf\" target=\"_blank\" rel=\"noopener\"><img loading=\"lazy\" decoding=\"async\" src=\"https:\/\/www.museosantacruz.org\/Archivo\/magnifier.gif\" alt=\"ver\" width=\"18\" height=\"17\" \/>Ver documento<\/a><\/p>\n<hr \/>\n<p><center><a id=\"S\u00e1nchez Garc\u00eda-Cuenca, M\u00aa Carmen\" name=\"80\"><\/a><a class=\"INDAUTORES\" href=\"#ARRIBA\" target=\"_self\" rel=\"noopener\"><strong><img decoding=\"async\" src=\"https:\/\/www.museosantacruz.org\/Archivo\/flecha_arriba.png\" alt=\"15\" width=\"15\" \/><span style=\"color: #000000;\">S\u00e1nchez Garc\u00eda-Cuenca, M\u00aa Carmen<\/span><\/strong><\/a><\/center><span style=\"color: #800000;\"><strong>Observa y ver\u00e1s<\/strong><\/span><br \/>\n<em>S\u00e1nchez Garc\u00eda-Cuenca, M\u00aa Carmen <\/em><br \/>\n1 p\u00e1g.<br \/>\nMaterias: <a class=\"MAT\">Poes\u00eda <\/a><br \/>\n<a class=\"DOC\" href=\"https:\/\/www.museosantacruz.org\/Archivo\/Prg_SCruz_2011_01_00a.pdf\" target=\"_blank\" rel=\"noopener\"><img loading=\"lazy\" decoding=\"async\" src=\"https:\/\/www.museosantacruz.org\/Archivo\/magnifier.gif\" alt=\"ver\" width=\"18\" height=\"17\" \/>Ver documento<\/a><\/p>\n<hr \/>\n<p><center><a id=\"S\u00e1nchez Mart\u00ednez, Maximino\" name=\"81\"><\/a><a class=\"INDAUTORES\" href=\"#ARRIBA\" target=\"_self\" rel=\"noopener\"><strong><img decoding=\"async\" src=\"https:\/\/www.museosantacruz.org\/Archivo\/flecha_arriba.png\" alt=\"15\" width=\"15\" \/><span style=\"color: #000000;\">S\u00e1nchez Mart\u00ednez, Maximino<\/span><\/strong><\/a><\/center><br \/>\n<span style=\"color: #800000;\"><strong>26719, 25 MAYO 1828. 1. Obligaci\u00f3n otorgada por diferentes vecinos a favor del caudal de propios<br \/>\nde la misma a satisfacer anualmente el c\u00e1non que se dir\u00e1<\/strong><\/span><br \/>\n<em>S\u00e1nchez Mart\u00ednez, Maximino <\/em><br \/>\n2 p.<br \/>\nMaterias: <a class=\"MAT\">Hacienda y tributos | Instituciones \u2013 Ayuntamiento <\/a><br \/>\n<a class=\"DOC\" href=\"https:\/\/ww2.museosantacruz.org\/wp-\" target=\"_blank\" rel=\"noopener\"><img loading=\"lazy\" decoding=\"async\" src=\"https:\/\/www.museosantacruz.org\/Archivo\/magnifier.gif\" alt=\"ver\" width=\"18\" height=\"17\" \/>Ver documento<\/a><\/p>\n<hr \/>\n<p><span style=\"color: #800000;\"><strong>Apuntes sobre la Virgen de los S\u00e1bados. La imagen a trav\u00e9s de fotos<\/strong><\/span><br \/>\n<em>S\u00e1nchez Mart\u00ednez, Maximino <\/em><br \/>\n4 p\u00e1g. 4 fotos; 1 grabado<br \/>\nMaterias: <a class=\"MAT\">Arte \u2013 Escultura | Iglesia \u2013 Cofrad\u00edas | Iglesia y culto | <\/a><br \/>\n<a class=\"DOC\" href=\"https:\/\/www.museosantacruz.org\/Archivo\/Prg_SCruz_2002_01_03.pdf\" target=\"_blank\" rel=\"noopener\"><img loading=\"lazy\" decoding=\"async\" src=\"https:\/\/www.museosantacruz.org\/Archivo\/magnifier.gif\" alt=\"ver\" width=\"18\" height=\"17\" \/>Ver documento<\/a><\/p>\n<hr \/>\n<p><span style=\"color: #800000;\"><strong>Armas de los Cano-Cordido<\/strong><\/span><br \/>\n<em>S\u00e1nchez Mart\u00ednez, Maximino <\/em><br \/>\n2 p\u00e1g. 3 fotos; 2 \u00e1rboles geneal\u00f3gicos<br \/>\nMaterias: <a class=\"MAT\">Arquitectura \u2013 Edificios notables | Her\u00e1ldica | Historia s. XVII | Historia s. XVIII | Inquisici\u00f3n <\/a><br \/>\n<a class=\"DOC\" href=\"https:\/\/www.museosantacruz.org\/Archivo\/Prg_SCruz_1997_01_04.pdf\" target=\"_blank\" rel=\"noopener\"><img loading=\"lazy\" decoding=\"async\" src=\"https:\/\/www.museosantacruz.org\/Archivo\/magnifier.gif\" alt=\"ver\" width=\"18\" height=\"17\" \/>Ver documento<\/a><\/p>\n<hr \/>\n<p><span style=\"color: #800000;\"><strong>Contrato de la construcci\u00f3n del Molino de Villaverde. A\u00f1o 1760.<\/strong><\/span><br \/>\n<em>S\u00e1nchez Mart\u00ednez, Maximino <\/em><br \/>\n2 p., 15 il.<br \/>\nMaterias: <a class=\"MAT\">Historia s. XVIII | Instituciones \u2013 Ayuntamiento | Econom\u00eda, industria y comercio | <\/a><br \/>\n<a class=\"DOC\" href=\"https:\/\/ww2.museosantacruz.org\/wp-\" target=\"_blank\" rel=\"noopener\"><img loading=\"lazy\" decoding=\"async\" src=\"https:\/\/www.museosantacruz.org\/Archivo\/magnifier.gif\" alt=\"ver\" width=\"18\" height=\"17\" \/>Ver documento<\/a><\/p>\n<hr \/>\n<p><span style=\"color: #800000;\"><strong>Cosas de nuestro pueblo<\/strong><\/span><br \/>\n<em>S\u00e1nchez Mart\u00ednez, Maximino <\/em><br \/>\n2 p\u00e1g. 2 fotos<br \/>\nMaterias: <a class=\"MAT\">Historia \u2013 Documentos | Historia s. XX | Instituciones \u2013 Sindicatos y Patronales | <\/a><br \/>\n<a class=\"DOC\" href=\"https:\/\/www.museosantacruz.org\/Archivo\/Prg_SCruz_2009_01_04.pdf\" target=\"_blank\" rel=\"noopener\"><img loading=\"lazy\" decoding=\"async\" src=\"https:\/\/www.museosantacruz.org\/Archivo\/magnifier.gif\" alt=\"ver\" width=\"18\" height=\"17\" \/>Ver documento<\/a><\/p>\n<hr \/>\n<p><span style=\"color: #800000;\"><strong>Cosas de nuestro pueblo, 2<\/strong><\/span><br \/>\n<em>S\u00e1nchez Mart\u00ednez, Maximino <\/em><br \/>\n1 p\u00e1g. 3 fotos<br \/>\nMaterias: <a class=\"MAT\">Historia s. XX | Instituciones \u2013 Sindicatos y Patronales <\/a><br \/>\n<a class=\"DOC\" href=\"https:\/\/www.museosantacruz.org\/Archivo\/Prg_SCruz_2010_01_04.pdf\" target=\"_blank\" rel=\"noopener\"><img loading=\"lazy\" decoding=\"async\" src=\"https:\/\/www.museosantacruz.org\/Archivo\/magnifier.gif\" alt=\"ver\" width=\"18\" height=\"17\" \/>Ver documento<\/a><\/p>\n<hr \/>\n<p><span style=\"color: #800000;\"><strong>Don Diego Ruiz Cano de Cordido<\/strong><\/span><br \/>\n<em>S\u00e1nchez Mart\u00ednez, Maximino <\/em><br \/>\n1 p.,<br \/>\nMaterias: <a class=\"MAT\">Iglesia \u2013 Templos | Personajes de Santa Cruz | Her\u00e1ldica | Historia s. XVII <\/a><br \/>\n<a class=\"DOC\" href=\"https:\/\/ww2.museosantacruz.org\/wp-\" target=\"_blank\" rel=\"noopener\"><img loading=\"lazy\" decoding=\"async\" src=\"https:\/\/www.museosantacruz.org\/Archivo\/magnifier.gif\" alt=\"ver\" width=\"18\" height=\"17\" \/>Ver documento<\/a><\/p>\n<hr \/>\n<p><span style=\"color: #800000;\"><strong>El \u201cLibro de Privilegios\u201d de Santa Cruz de la Zarza<\/strong><\/span><br \/>\n<em>Avia Aranda, Jos\u00e9 Manuel | Cana Garc\u00eda, Fernando | Quijada, Maribel | S\u00e1nchez Mart\u00ednez, Maximino<br \/>\n<\/em><strong>Edici\u00f3n digital interactiva<\/strong>:<br \/>\nManuscrito, transcripci\u00f3n, gu\u00eda de lectura, cuadro cronol\u00f3gico, contexto hist\u00f3rico, biograf\u00edas y bibliograf\u00eda. 150 p\u00e1g.<\/p>\n<p><a class=\"DOC\" href=\"https:\/\/ww2.museosantacruz.org\/wp-content\/uploads\/2024\/02\/MENU-Principal-OPT.pdf\" target=\"_blank\" rel=\"noopener\"><img loading=\"lazy\" decoding=\"async\" src=\"https:\/\/www.museosantacruz.org\/Archivo\/magnifier.gif\" alt=\"ver\" width=\"18\" height=\"17\" \/> Ver documento<\/a><\/p>\n<p><strong>Vol I: Facs\u00edmil (versi\u00f3n para impresi\u00f3n)155 p\u00e1g.\u00a0 <\/strong><a class=\"DOC\" href=\"https:\/\/ww2.museosantacruz.org\/wp-content\/uploads\/2024\/02\/VOL1_Facsimil.pdf\" target=\"_blank\" rel=\"noopener\"><img loading=\"lazy\" decoding=\"async\" src=\"https:\/\/www.museosantacruz.org\/Archivo\/magnifier.gif\" alt=\"ver\" width=\"18\" height=\"17\" \/> Ver documento<\/a><\/p>\n<p><strong>Vol II: Transcripci\u00f3n (versi\u00f3n para impresi\u00f3n)<\/strong>155 p\u00e1g. <a class=\"DOC\" href=\"https:\/\/ww2.museosantacruz.org\/wp-content\/uploads\/2024\/02\/VOL2_Transcripcion.pdf\" target=\"_blank\" rel=\"noopener\"><img loading=\"lazy\" decoding=\"async\" src=\"https:\/\/www.museosantacruz.org\/Archivo\/magnifier.gif\" alt=\"ver\" width=\"18\" height=\"17\" \/> Ver documento<\/a><\/p>\n<p><strong>Vol III: Texto y notas (versi\u00f3n para impresi\u00f3n)<\/strong> 96 p\u00e1g. <a class=\"DOC\" href=\"https:\/\/ww2.museosantacruz.org\/wp-content\/uploads\/2024\/02\/VOL3_Texto_Notas.pdf\" target=\"_blank\" rel=\"noopener\"><img loading=\"lazy\" decoding=\"async\" src=\"https:\/\/www.museosantacruz.org\/Archivo\/magnifier.gif\" alt=\"ver\" width=\"18\" height=\"17\" \/> Ver documento<\/a><\/p>\n<p><strong>Vol IV: Aparato cr\u00edtico (versi\u00f3n para impresi\u00f3n). <\/strong>Gu\u00eda de Lectura, Cuadro Cronol\u00f3gico, Contexto Hist\u00f3rico, Rese\u00f1as Biogr\u00e1ficas, Bibliograf\u00eda. 107 p\u00e1g.<\/p>\n<p><a class=\"DOC\" href=\"https:\/\/ww2.museosantacruz.org\/wp-content\/uploads\/2024\/02\/VOL4_Aparato_Critico.pdf\" target=\"_blank\" rel=\"noopener\"><img loading=\"lazy\" decoding=\"async\" src=\"https:\/\/www.museosantacruz.org\/Archivo\/magnifier.gif\" alt=\"ver\" width=\"18\" height=\"17\" \/> Ver documento<\/a><\/p>\n<hr \/>\n<p><span style=\"color: #800000;\"><strong>El \u00faltimo lobo<\/strong><\/span><br \/>\n<em>S\u00e1nchez Mart\u00ednez, Maximino <\/em><br \/>\n1 p.,<br \/>\nMaterias: <a class=\"MAT\">Historia reciente \u2013 Memorias <\/a><br \/>\n<a class=\"DOC\" href=\"https:\/\/ww2.museosantacruz.org\/wp-\" target=\"_blank\" rel=\"noopener\"><img loading=\"lazy\" decoding=\"async\" src=\"https:\/\/www.museosantacruz.org\/Archivo\/magnifier.gif\" alt=\"ver\" width=\"18\" height=\"17\" \/>Ver documento<\/a><\/p>\n<hr \/>\n<p><span style=\"color: #800000;\"><strong>El v\u00ednculo de Carralero<\/strong><\/span><br \/>\n<em>S\u00e1nchez Mart\u00ednez, Maximino <\/em><br \/>\n2 p., 1 il.<br \/>\nMaterias: <a class=\"MAT\">Historia s. XVIII | Historia \u2013 Documentos <\/a><br \/>\n<a class=\"DOC\" href=\"https:\/\/ww2.museosantacruz.org\/wp-\" target=\"_blank\" rel=\"noopener\"><img loading=\"lazy\" decoding=\"async\" src=\"https:\/\/www.museosantacruz.org\/Archivo\/magnifier.gif\" alt=\"ver\" width=\"18\" height=\"17\" \/>Ver documento<\/a><\/p>\n<hr \/>\n<p><span style=\"color: #800000;\"><strong>Encomienda (1)<\/strong><\/span><br \/>\n<em>S\u00e1nchez Mart\u00ednez, Maximino <\/em><br \/>\n1 p., 1 il.<br \/>\nMaterias: <a class=\"MAT\">Arquitectura \u2013 Edificios notables <\/a><br \/>\n<a class=\"DOC\" href=\"https:\/\/ww2.museosantacruz.org\/wp-\" target=\"_blank\" rel=\"noopener\"><img loading=\"lazy\" decoding=\"async\" src=\"https:\/\/www.museosantacruz.org\/Archivo\/magnifier.gif\" alt=\"ver\" width=\"18\" height=\"17\" \/>Ver documento<\/a><\/p>\n<hr \/>\n<p><span style=\"color: #800000;\"><strong>Insaculaci\u00f3n (sacar y contar los votos) y Elecci\u00f3n de alcaldes y regidores de esta Villa de Santa Cruz para este a\u00f1o de 1695<\/strong><\/span><br \/>\n<em>S\u00e1nchez Mart\u00ednez, Maximino <\/em><br \/>\n2 p., il.<br \/>\nMaterias: <a class=\"MAT\">Historia \u2013 Documentos | Historia s. XVII | Instituciones \u2013 Ayuntamiento | <\/a><br \/>\n<a class=\"DOC\" href=\"https:\/\/ww2.museosantacruz.org\/wp-\" target=\"_blank\" rel=\"noopener\"><img loading=\"lazy\" decoding=\"async\" src=\"https:\/\/www.museosantacruz.org\/Archivo\/magnifier.gif\" alt=\"ver\" width=\"18\" height=\"17\" \/>Ver documento<\/a><\/p>\n<hr \/>\n<p><span style=\"color: #800000;\"><strong>La bandera de la Virgen de los Remedios<\/strong><\/span><br \/>\n<em>S\u00e1nchez Mart\u00ednez, Maximino <\/em><br \/>\n1 p., 1 il.<br \/>\nMaterias: <a class=\"MAT\">Iglesia \u2013 Cofrad\u00edas <\/a><br \/>\n<a class=\"DOC\" href=\"https:\/\/ww2.museosantacruz.org\/wp-\" target=\"_blank\" rel=\"noopener\"><img loading=\"lazy\" decoding=\"async\" src=\"https:\/\/www.museosantacruz.org\/Archivo\/magnifier.gif\" alt=\"ver\" width=\"18\" height=\"17\" \/>Ver documento<\/a><\/p>\n<hr \/>\n<p><span style=\"color: #800000;\"><strong>La calle del Cura<\/strong><\/span><br \/>\n<em>S\u00e1nchez Mart\u00ednez, Maximino <\/em><br \/>\n1 p\u00e1g. 2 fotos<br \/>\nMaterias: <a class=\"MAT\">Etnograf\u00eda \u2013 Toponimia local | Historia s. XX | Instituciones \u2013 Asociaciones culturales | Instituciones \u2013 Banda de<br \/>\n<\/a><a class=\"DOC\" href=\"https:\/\/www.museosantacruz.org\/Archivo\/Prg_SCruz_2012_01_05.pdf\" target=\"_blank\" rel=\"noopener\"><img loading=\"lazy\" decoding=\"async\" src=\"https:\/\/www.museosantacruz.org\/Archivo\/magnifier.gif\" alt=\"ver\" width=\"18\" height=\"17\" \/>Ver documento<\/a><\/p>\n<hr \/>\n<p><span style=\"color: #800000;\"><strong>La Casa de C\u00e9zar<\/strong><\/span><br \/>\n<em>S\u00e1nchez Mart\u00ednez, Maximino <\/em><br \/>\n1 p\u00e1g. 4 fotos<br \/>\nMaterias: <a class=\"MAT\">Arquitectura \u2013 Edificios notables <\/a><br \/>\n<a class=\"DOC\" href=\"https:\/\/www.museosantacruz.org\/Archivo\/Prg_SCruz_2010_01_02.pdf\" target=\"_blank\" rel=\"noopener\"><img loading=\"lazy\" decoding=\"async\" src=\"https:\/\/www.museosantacruz.org\/Archivo\/magnifier.gif\" alt=\"ver\" width=\"18\" height=\"17\" \/>Ver documento<\/a><\/p>\n<hr \/>\n<p><span style=\"color: #800000;\"><strong>La Casa de los Linajes<\/strong><\/span><br \/>\n<em>S\u00e1nchez Mart\u00ednez, Maximino <\/em><br \/>\n1 p\u00e1g. 2 fotos<br \/>\nMaterias: <a class=\"MAT\">Arquitectura \u2013 Edificios notables | Educaci\u00f3n y escuelas | Historia s. XVIII | Historia s. XIX | Personajes de Santa<br \/>\n<\/a><a class=\"DOC\" href=\"https:\/\/www.museosantacruz.org\/Archivo\/Prg_SCruz_2012_01_04.pdf\" target=\"_blank\" rel=\"noopener\"><img loading=\"lazy\" decoding=\"async\" src=\"https:\/\/www.museosantacruz.org\/Archivo\/magnifier.gif\" alt=\"ver\" width=\"18\" height=\"17\" \/>Ver documento<\/a><\/p>\n<hr \/>\n<p><span style=\"color: #800000;\"><strong>La Casa del Cascabelillo<\/strong><\/span><br \/>\n<em>S\u00e1nchez Mart\u00ednez, Maximino <\/em><br \/>\n2 p., 4 il.<br \/>\nMaterias: <a class=\"MAT\">Arquitectura \u2013 Edificios notables <\/a><br \/>\n<a class=\"DOC\" href=\"https:\/\/ww2.museosantacruz.org\/wp-\" target=\"_blank\" rel=\"noopener\"><img loading=\"lazy\" decoding=\"async\" src=\"https:\/\/www.museosantacruz.org\/Archivo\/magnifier.gif\" alt=\"ver\" width=\"18\" height=\"17\" \/>Ver documento<\/a><\/p>\n<hr \/>\n<p><span style=\"color: #800000;\"><strong>La Escuela de Don Eduardo Palomo<\/strong><\/span><br \/>\n<em>S\u00e1nchez Mart\u00ednez, Maximino <\/em><br \/>\n2 p., 1 il.<br \/>\nMaterias: <a class=\"MAT\">Educaci\u00f3n y escuelas | Personajes de Santa Cruz | Historia s. XX | <\/a><br \/>\n<a class=\"DOC\" href=\"https:\/\/ww2.museosantacruz.org\/wp-\" target=\"_blank\" rel=\"noopener\"><img loading=\"lazy\" decoding=\"async\" src=\"https:\/\/www.museosantacruz.org\/Archivo\/magnifier.gif\" alt=\"ver\" width=\"18\" height=\"17\" \/>Ver documento<\/a><\/p>\n<hr \/>\n<p><span style=\"color: #800000;\"><strong>La Inquisici\u00f3n en nuestra villa<\/strong><\/span><br \/>\n<em>S\u00e1nchez Mart\u00ednez, Maximino <\/em><br \/>\n3 p\u00e1g. 2 fotos<br \/>\nMaterias: <a class=\"MAT\">Arquitectura \u2013 Edificios notables | Historia s. XVI | Historia s. XVII | Historia s. XVIII | Inquisici\u00f3n <\/a><br \/>\n<a class=\"DOC\" href=\"https:\/\/www.museosantacruz.org\/Archivo\/Prg_SCruz_1998_01_04.pdf\" target=\"_blank\" rel=\"noopener\"><img loading=\"lazy\" decoding=\"async\" src=\"https:\/\/www.museosantacruz.org\/Archivo\/magnifier.gif\" alt=\"ver\" width=\"18\" height=\"17\" \/>Ver documento<\/a><\/p>\n<hr \/>\n<p><span style=\"color: #800000;\"><strong>La otra Virgen Del Rosario<\/strong><\/span><br \/>\n<em>S\u00e1nchez Mart\u00ednez, Maximino <\/em><br \/>\n1 p\u00e1g. 1 foto<br \/>\nMaterias: <a class=\"MAT\">Arte \u2013 Escultura | Iglesia \u2013 Cofrad\u00edas | Iglesia y culto | <\/a><br \/>\n<a class=\"DOC\" href=\"https:\/\/www.museosantacruz.org\/Archivo\/Prg_SCruz_2004_01_05.pdf\" target=\"_blank\" rel=\"noopener\"><img loading=\"lazy\" decoding=\"async\" src=\"https:\/\/www.museosantacruz.org\/Archivo\/magnifier.gif\" alt=\"ver\" width=\"18\" height=\"17\" \/>Ver documento<\/a><\/p>\n<hr \/>\n<p><span style=\"color: #800000;\"><strong>La Vereda o Ca\u00f1ada Real Soriana<\/strong><\/span><br \/>\n<em>S\u00e1nchez Mart\u00ednez, Maximino <\/em><br \/>\n5 p\u00e1g. 1 foto; 3 documentos<br \/>\nMaterias: <a class=\"MAT\">Caminos y veredas <\/a><br \/>\n<a class=\"DOC\" href=\"https:\/\/www.museosantacruz.org\/Archivo\/Prg_SCruz_1999_01_04.pdf\" target=\"_blank\" rel=\"noopener\"><img loading=\"lazy\" decoding=\"async\" src=\"https:\/\/www.museosantacruz.org\/Archivo\/magnifier.gif\" alt=\"ver\" width=\"18\" height=\"17\" \/>Ver documento<\/a><\/p>\n<hr \/>\n<p><span style=\"color: #800000;\"><strong>La Virgen del Rosario. III Centenario de la Hermandad<\/strong><\/span><br \/>\n<em>S\u00e1nchez Mart\u00ednez, Maximino <\/em><br \/>\n4 p\u00e1g. 9 fotos<br \/>\nMaterias: <a class=\"MAT\">Historia s. XVIII | Historia s. XIX | Historia s. XX | Iglesia \u2013 Cofrad\u00edas | Iglesia y culto <\/a><br \/>\n<a class=\"DOC\" href=\"https:\/\/www.museosantacruz.org\/Archivo\/Prg_SCruz_2013_01_03.pdf\" target=\"_blank\" rel=\"noopener\"><img loading=\"lazy\" decoding=\"async\" src=\"https:\/\/www.museosantacruz.org\/Archivo\/magnifier.gif\" alt=\"ver\" width=\"18\" height=\"17\" \/>Ver documento<\/a><\/p>\n<hr \/>\n<p><span style=\"color: #800000;\"><strong>Las dos parroquias. Inventario de la Iglesia y Parroquia de San Miguel Arc\u00e1ngel de Santa Cruz de la Zarza<\/strong><\/span><br \/>\n<em>S\u00e1nchez Mart\u00ednez, Maximino <\/em><br \/>\n2 p\u00e1g. 1 foto<br \/>\nMaterias: <a class=\"MAT\">Arquitectura \u2013 Edificios notables | Iglesia \u2013 Cofrad\u00edas | Iglesia \u2013 Templos | <\/a><br \/>\n<a class=\"DOC\" href=\"https:\/\/www.museosantacruz.org\/Archivo\/Prg_SCruz_2005_01_02.pdf\" target=\"_blank\" rel=\"noopener\"><img loading=\"lazy\" decoding=\"async\" src=\"https:\/\/www.museosantacruz.org\/Archivo\/magnifier.gif\" alt=\"ver\" width=\"18\" height=\"17\" \/>Ver documento<\/a><\/p>\n<hr \/>\n<p><span style=\"color: #800000;\"><strong>Las primeras fotos<\/strong><\/span><br \/>\n<em>S\u00e1nchez Mart\u00ednez, Maximino <\/em><br \/>\n2 p\u00e1g. 2 fotos<br \/>\nMaterias: <a class=\"MAT\">Arte \u2013 Escultura | Fotograf\u00eda | Iglesia y culto | <\/a><br \/>\n<a class=\"DOC\" href=\"https:\/\/www.museosantacruz.org\/Archivo\/Prg_SCruz_2000_01_01.pdf\" target=\"_blank\" rel=\"noopener\"><img loading=\"lazy\" decoding=\"async\" src=\"https:\/\/www.museosantacruz.org\/Archivo\/magnifier.gif\" alt=\"ver\" width=\"18\" height=\"17\" \/>Ver documento<\/a><\/p>\n<hr \/>\n<p><span style=\"color: #800000;\"><strong>Los Medidores<\/strong><\/span><br \/>\n<em>S\u00e1nchez Mart\u00ednez, Maximino <\/em><br \/>\n2 p\u00e1g. 1 foto<br \/>\nMaterias: <a class=\"MAT\">Agricultura y Ganader\u00eda | Etnograf\u00eda \u2013 Lenguaje popular | Etnograf\u00eda \u2013 Oficios y profesiones | <\/a><br \/>\n<a class=\"DOC\" href=\"https:\/\/www.museosantacruz.org\/Archivo\/Prg_SCruz_2011_01_03.pdf\" target=\"_blank\" rel=\"noopener\"><img loading=\"lazy\" decoding=\"async\" src=\"https:\/\/www.museosantacruz.org\/Archivo\/magnifier.gif\" alt=\"ver\" width=\"18\" height=\"17\" \/>Ver documento<\/a><\/p>\n<hr \/>\n<p><span style=\"color: #800000;\"><strong>Moneda propia de Santa Cruz<\/strong><\/span><br \/>\n<em>S\u00e1nchez Mart\u00ednez, Maximino <\/em><br \/>\n1 p., 1 il.<br \/>\nMaterias: <a class=\"MAT\">Historia s. XX <\/a><br \/>\n<a class=\"DOC\" href=\"https:\/\/ww2.museosantacruz.org\/wp-\" target=\"_blank\" rel=\"noopener\"><img loading=\"lazy\" decoding=\"async\" src=\"https:\/\/www.museosantacruz.org\/Archivo\/magnifier.gif\" alt=\"ver\" width=\"18\" height=\"17\" \/>Ver documento<\/a><\/p>\n<hr \/>\n<p><span style=\"color: #800000;\"><strong>Portazgo<\/strong><\/span><br \/>\n<em>S\u00e1nchez Mart\u00ednez, Maximino <\/em><br \/>\n2 p., 4 il.<br \/>\nMaterias: <a class=\"MAT\">Historia s. XVII | Her\u00e1ldica | Etnograf\u00eda \u2013 Toponimia local | <\/a><br \/>\n<a class=\"DOC\" href=\"https:\/\/ww2.museosantacruz.org\/wp-\" target=\"_blank\" rel=\"noopener\"><img loading=\"lazy\" decoding=\"async\" src=\"https:\/\/www.museosantacruz.org\/Archivo\/magnifier.gif\" alt=\"ver\" width=\"18\" height=\"17\" \/>Ver documento<\/a><\/p>\n<hr \/>\n<p><span style=\"color: #800000;\"><strong>Un pol\u00edtico santacrucero del siglo XIX. D. Miguel Mar\u00eda Fuentes Escamilla<\/strong><\/span><br \/>\n<em>S\u00e1nchez Mart\u00ednez, Maximino <\/em><br \/>\n2 p., 1 il.<br \/>\nMaterias: <a class=\"MAT\">Historia s. XIX | Personajes de Santa Cruz <\/a><br \/>\n<a class=\"DOC\" href=\"https:\/\/ww2.museosantacruz.org\/wp-\" target=\"_blank\" rel=\"noopener\"><img loading=\"lazy\" decoding=\"async\" src=\"https:\/\/www.museosantacruz.org\/Archivo\/magnifier.gif\" alt=\"ver\" width=\"18\" height=\"17\" \/>Ver documento<\/a><\/p>\n<hr \/>\n<p><center><a id=\"S\u00e1nchez, J.J. \" name=\"82\"><\/a><a class=\"INDAUTORES\" href=\"#ARRIBA\" target=\"_self\" rel=\"noopener\"><span style=\"color: #000000;\"><img decoding=\"async\" src=\"https:\/\/www.museosantacruz.org\/Archivo\/flecha_arriba.png\" alt=\"15\" width=\"15\" \/><strong>S\u00e1nchez, J.J. <\/strong><\/span><\/a><\/center><span style=\"color: #800000;\"><strong>Himno a la Virgen del Rosario<\/strong><\/span><br \/>\n<em>Herv\u00edas Pulido, Jos\u00e9 Antonio | S\u00e1nchez, J.J. | |<\/em><br \/>\n1 p\u00e1g. 2 fotos; 1 partitura musical<br \/>\nMaterias: <a class=\"MAT\">Instituciones \u2013 Banda de M\u00fasica | Iglesia \u2013 Cofrad\u00edas | Iglesia y culto | M\u00fasica | Poes\u00eda <\/a><br \/>\n<a class=\"DOC\" href=\"https:\/\/www.museosantacruz.org\/Archivo\/Prg_SCruz_1997_01_07.pdf\" target=\"_blank\" rel=\"noopener\"><img loading=\"lazy\" decoding=\"async\" src=\"https:\/\/www.museosantacruz.org\/Archivo\/magnifier.gif\" alt=\"ver\" width=\"18\" height=\"17\" \/>Ver documento<\/a><\/p>\n<hr \/>\n<p><center><span style=\"color: #000000;\"><a id=\"S\u00e1nchez, Jos\u00e9 Ces\u00e1reo\" style=\"color: #000000;\" name=\"83\"><\/a><\/span><a class=\"INDAUTORES\" href=\"#ARRIBA\" target=\"_self\" rel=\"noopener\"><span style=\"color: #000000;\"><img decoding=\"async\" src=\"https:\/\/www.museosantacruz.org\/Archivo\/flecha_arriba.png\" alt=\"15\" width=\"15\" \/><strong>S\u00e1nchez, Jos\u00e9 Ces\u00e1reo<\/strong><\/span><\/a><\/center><span style=\"color: #800000;\"><strong>Agradecimiento<\/strong><\/span><br \/>\n<em>S\u00e1nchez, Jos\u00e9 Ces\u00e1reo <\/em><br \/>\n1 p\u00e1g.<br \/>\nMaterias: <a class=\"MAT\">Relatos <\/a><br \/>\n<a class=\"DOC\" href=\"https:\/\/www.museosantacruz.org\/Archivo\/Prg_SCruz_1989_01_04.pdf\" target=\"_blank\" rel=\"noopener\"><img loading=\"lazy\" decoding=\"async\" src=\"https:\/\/www.museosantacruz.org\/Archivo\/magnifier.gif\" alt=\"ver\" width=\"18\" height=\"17\" \/>Ver documento<\/a><\/p>\n<hr \/>\n<p><span style=\"color: #800000;\"><strong>Antiguo Teatro de Santa Cruz de la Zarza<\/strong><\/span><br \/>\n<em>Garc\u00eda de la Cruz, Arnaldo | S\u00e1nchez, Jos\u00e9 Ces\u00e1reo | |<\/em><br \/>\n2 p\u00e1g. 1 foto, 1 dibujo, 2 documentos<br \/>\nMaterias: <a class=\"MAT\">Instituciones \u2013 Asociaciones culturales | Obras p\u00fablicas y proyectos | Cine y Teatro | <\/a><br \/>\n<a class=\"DOC\" href=\"https:\/\/www.museosantacruz.org\/Archivo\/Prg_SCruz_1990_01_21.pdf\" target=\"_blank\" rel=\"noopener\"><img loading=\"lazy\" decoding=\"async\" src=\"https:\/\/www.museosantacruz.org\/Archivo\/magnifier.gif\" alt=\"ver\" width=\"18\" height=\"17\" \/>Ver documento<\/a><\/p>\n<hr \/>\n<p><center><a id=\"Serrano Trigo, Francisco Jes\u00fas\" name=\"84\"><\/a><a class=\"INDAUTORES\" href=\"#ARRIBA\" target=\"_self\" rel=\"noopener\"><span style=\"color: #000000;\"><img decoding=\"async\" src=\"https:\/\/www.museosantacruz.org\/Archivo\/flecha_arriba.png\" alt=\"15\" width=\"15\" \/><strong>Serrano Trigo, Francisco Jes\u00fas<\/strong><\/span><\/a><\/center><span style=\"color: #800000;\"><strong>De inc\u00f3gnitas<\/strong><\/span><br \/>\n<em>Serrano Trigo, Francisco Jes\u00fas <\/em><br \/>\n2 p\u00e1g. 2 fotos<br \/>\nMaterias: <a class=\"MAT\">Iglesia \u2013 Cofrad\u00edas | Iglesia y culto <\/a><br \/>\n<a class=\"DOC\" href=\"https:\/\/www.museosantacruz.org\/Archivo\/Prg_SCruz_2011_01_07.pdf\" target=\"_blank\" rel=\"noopener\"><img loading=\"lazy\" decoding=\"async\" src=\"https:\/\/www.museosantacruz.org\/Archivo\/magnifier.gif\" alt=\"ver\" width=\"18\" height=\"17\" \/>Ver documento<\/a><\/p>\n<hr \/>\n<p><span style=\"color: #800000;\"><strong>De palabras<\/strong><\/span><br \/>\n<em>Serrano Trigo, Francisco Jes\u00fas <\/em><br \/>\n2 p\u00e1g. Vocabulario vitivin\u00edcola<br \/>\nMaterias: <a class=\"MAT\">Agricultura y Ganader\u00eda | Etnograf\u00eda \u2013 Lenguaje popular <\/a><br \/>\n<a class=\"DOC\" href=\"https:\/\/www.museosantacruz.org\/Archivo\/Prg_SCruz_2012_01_09.pdf\" target=\"_blank\" rel=\"noopener\"><img loading=\"lazy\" decoding=\"async\" src=\"https:\/\/www.museosantacruz.org\/Archivo\/magnifier.gif\" alt=\"ver\" width=\"18\" height=\"17\" \/>Ver documento<\/a><\/p>\n<hr \/>\n<p><span style=\"color: #800000;\"><strong>Hace 400 A\u00f1os<\/strong><\/span><br \/>\n<em>Serrano Trigo, Francisco Jes\u00fas | Trigo Fuentes, Teresa | Yunta Manzanares, Juan Pedro |<\/em><br \/>\n2 p\u00e1g. 3 documentos, transcripci\u00f3n<br \/>\nMaterias: <a class=\"MAT\">Historia \u2013 Documentos | Historia s. XVII | Historia \u2013 Documentos | Historia s. XVII <\/a><br \/>\n<a class=\"DOC\" href=\"https:\/\/www.museosantacruz.org\/Archivo\/Prg_SCruz_2011_01_05.pdf\" target=\"_blank\" rel=\"noopener\"><img loading=\"lazy\" decoding=\"async\" src=\"https:\/\/www.museosantacruz.org\/Archivo\/magnifier.gif\" alt=\"ver\" width=\"18\" height=\"17\" \/>Ver documento<\/a><\/p>\n<hr \/>\n<p><span style=\"color: #800000;\"><strong>La devoci\u00f3n mariana en Santa Cruz de la Zarza. La Virgen de los S\u00e1bados<\/strong><\/span><br \/>\n<em>Serrano Trigo, Francisco Jes\u00fas <\/em><br \/>\n4 p., 1 il.<br \/>\nMaterias: <a class=\"MAT\">Iglesia \u2013 Cofrad\u00edas <\/a><br \/>\n<a class=\"DOC\" href=\"https:\/\/ww2.museosantacruz.org\/wp-\" target=\"_blank\" rel=\"noopener\"><img loading=\"lazy\" decoding=\"async\" src=\"https:\/\/www.museosantacruz.org\/Archivo\/magnifier.gif\" alt=\"ver\" width=\"18\" height=\"17\" \/>Ver documento<\/a><\/p>\n<hr \/>\n<p><span style=\"color: #800000;\"><strong>Palabras santacruceras<\/strong><\/span><br \/>\n<em>Serrano Trigo, Francisco Jes\u00fas <\/em><br \/>\n2 p\u00e1g.<br \/>\nMaterias: <a class=\"MAT\">Etnograf\u00eda \u2013 Lenguaje popular | Historia reciente \u2013 Memorias <\/a><br \/>\n<a class=\"DOC\" href=\"https:\/\/www.museosantacruz.org\/Archivo\/Prg_SCruz_2009_01_08.pdf\" target=\"_blank\" rel=\"noopener\"><img loading=\"lazy\" decoding=\"async\" src=\"https:\/\/www.museosantacruz.org\/Archivo\/magnifier.gif\" alt=\"ver\" width=\"18\" height=\"17\" \/>Ver documento<\/a><\/p>\n<hr \/>\n<p><center><a id=\"Tello, Juli\u00e1n\" name=\"85\"><\/a><a class=\"INDAUTORES\" href=\"#ARRIBA\" target=\"_self\" rel=\"noopener\"><span style=\"color: #000000;\"><img decoding=\"async\" src=\"https:\/\/www.museosantacruz.org\/Archivo\/flecha_arriba.png\" alt=\"15\" width=\"15\" \/><strong>Tello, Juli\u00e1n<\/strong><\/span><\/a><\/center><span style=\"color: #800000;\"><strong>Pozos, cuevas y s\u00f3tanos en el t\u00e9rmino de Santa Cruz de la Zarza<\/strong><\/span><br \/>\n<em>Tello, Juli\u00e1n <\/em><br \/>\n1 p\u00e1g.<br \/>\nMaterias: <a class=\"MAT\">Etnograf\u00eda \u2013 Toponimia local <\/a><br \/>\n<a class=\"DOC\" href=\"https:\/\/www.museosantacruz.org\/Archivo\/Prg_SCruz_2013_01_08.pdf\" target=\"_blank\" rel=\"noopener\"><img loading=\"lazy\" decoding=\"async\" src=\"https:\/\/www.museosantacruz.org\/Archivo\/magnifier.gif\" alt=\"ver\" width=\"18\" height=\"17\" \/>Ver documento<\/a><\/p>\n<hr \/>\n<p><center><span style=\"color: #000000;\"><a id=\"T\u00edo Liga\" style=\"color: #000000;\" name=\"86\"><\/a><\/span><a class=\"INDAUTORES\" href=\"#ARRIBA\" target=\"_self\" rel=\"noopener\"><span style=\"color: #000000;\"><img decoding=\"async\" src=\"https:\/\/www.museosantacruz.org\/Archivo\/flecha_arriba.png\" alt=\"15\" width=\"15\" \/><strong>T\u00edo Liga<\/strong><\/span><\/a><\/center><span style=\"color: #800000;\"><strong>A\u00f1o 1997. Coplas del T\u00edo Liga<\/strong><\/span><br \/>\n<em>T\u00edo Liga <\/em><br \/>\n1 p\u00e1g. 1 foto<br \/>\nMaterias: <a class=\"MAT\">Poes\u00eda <\/a><br \/>\n<a class=\"DOC\" href=\"https:\/\/www.museosantacruz.org\/Archivo\/Prg_SCruz_2001_01_06.pdf\" target=\"_blank\" rel=\"noopener\"><img loading=\"lazy\" decoding=\"async\" src=\"https:\/\/www.museosantacruz.org\/Archivo\/magnifier.gif\" alt=\"ver\" width=\"18\" height=\"17\" \/>Ver documento<\/a><\/p>\n<hr \/>\n<p><span style=\"color: #800000;\"><strong>Las desiertas albarcas<\/strong><\/span><br \/>\n<em>T\u00edo Liga <\/em><br \/>\n1 p\u00e1g. 3 fotos<br \/>\nMaterias: <a class=\"MAT\">Poes\u00eda <\/a><br \/>\n<a class=\"DOC\" href=\"https:\/\/www.museosantacruz.org\/Archivo\/Prg_SCruz_2003_01_01.pdf\" target=\"_blank\" rel=\"noopener\"><img loading=\"lazy\" decoding=\"async\" src=\"https:\/\/www.museosantacruz.org\/Archivo\/magnifier.gif\" alt=\"ver\" width=\"18\" height=\"17\" \/>Ver documento<\/a><\/p>\n<hr \/>\n<p><center><a id=\"Tom\u00e1s, Francisco\" name=\"86\"><\/a><a class=\"INDAUTORES\" href=\"#ARRIBA\" target=\"_self\" rel=\"noopener\"><span style=\"color: #000000;\"><img decoding=\"async\" src=\"https:\/\/www.museosantacruz.org\/Archivo\/flecha_arriba.png\" alt=\"15\" width=\"15\" \/><strong>Tom\u00e1s, Francisco<\/strong><\/span><\/a><\/center><span style=\"color: #800000;\"><strong>Listado de los Hermanos Mayores de la Hermandad del Sant\u00edsimo (desde su creaci\u00f3n)<\/strong><\/span><br \/>\n<em>Tom\u00e1s, Francisco <\/em><br \/>\n1 p\u00e1g. Listado<br \/>\nMaterias: <a class=\"MAT\">Historia s. XVIII | Historia s. XIX | Historia s. XX | Iglesia \u2013 Cofrad\u00edas | Iglesia y culto <\/a><br \/>\n<a class=\"DOC\" href=\"https:\/\/www.museosantacruz.org\/Archivo\/Prg_SCruz_2002_01_04.pdf\" target=\"_blank\" rel=\"noopener\"><img loading=\"lazy\" decoding=\"async\" src=\"https:\/\/www.museosantacruz.org\/Archivo\/magnifier.gif\" alt=\"ver\" width=\"18\" height=\"17\" \/>Ver documento<\/a><\/p>\n<hr \/>\n<p><center><a id=\"Torres Navarro, Juan J. de \" name=\"87\"><\/a><strong><a class=\"INDAUTORES\" href=\"#ARRIBA\" target=\"_self\" rel=\"noopener\"><span style=\"color: #000000;\"><img decoding=\"async\" src=\"https:\/\/www.museosantacruz.org\/Archivo\/flecha_arriba.png\" alt=\"15\" width=\"15\" \/><\/span><\/a><a class=\"INDAUTORES\" href=\"#ARRIBA\" target=\"_self\" rel=\"noopener\"><span style=\"color: #000000;\"> Torres Navarro, Juan J. de<\/span><\/a> <\/strong><\/center><br \/>\n<span style=\"color: #800000;\"><strong>Dos familias de Santa Cruz en la Gesta del Dos de Mayo<\/strong><\/span><br \/>\n<em>Montalv\u00e1 Pellicer, Consuelo | Torres Navarro, Juan J. de | |<\/em><br \/>\n3 p\u00e1g. 2 fotos, 1 plano<br \/>\nMaterias: <a class=\"MAT\">Historia s. XIX \u2013 Guerra de Independencia <\/a><br \/>\n<a class=\"DOC\" href=\"https:\/\/www.museosantacruz.org\/Archivo\/Prg_SCruz_2008_01_04.pdf\" target=\"_blank\" rel=\"noopener\"><img loading=\"lazy\" decoding=\"async\" src=\"https:\/\/www.museosantacruz.org\/Archivo\/magnifier.gif\" alt=\"ver\" width=\"18\" height=\"17\" \/>Ver documento<\/a><\/p>\n<hr \/>\n<p><center><a id=\"Torrijos, Jaime\" name=\"88\"><\/a><a class=\"INDAUTORES\" href=\"#ARRIBA\" target=\"_self\" rel=\"noopener\"><span style=\"color: #000000;\"><img decoding=\"async\" src=\"https:\/\/www.museosantacruz.org\/Archivo\/flecha_arriba.png\" alt=\"15\" width=\"15\" \/><strong>Torrijos, Jaime<\/strong><\/span><\/a><\/center><span style=\"color: #800000;\"><strong>Teatro en Santa Cruz de la Zarza<\/strong><\/span><br \/>\n<em>Torrijos, Jaime <\/em><br \/>\n1 p\u00e1g. 2 fotos<br \/>\nMaterias: <a class=\"MAT\">Instituciones \u2013 Asociaciones culturales | Cine y Teatro <\/a><br \/>\n<a class=\"DOC\" href=\"https:\/\/www.museosantacruz.org\/Archivo\/Prg_SCruz_1993_01_15.pdf\" target=\"_blank\" rel=\"noopener\"><img loading=\"lazy\" decoding=\"async\" src=\"https:\/\/www.museosantacruz.org\/Archivo\/magnifier.gif\" alt=\"ver\" width=\"18\" height=\"17\" \/>Ver documento<\/a><\/p>\n<hr \/>\n<p><center><a id=\"Trigo Fuentes, Teresa\" name=\"89\"><\/a><a class=\"INDAUTORES\" href=\"#ARRIBA\" target=\"_self\" rel=\"noopener\"><span style=\"color: #000000;\"><img decoding=\"async\" src=\"https:\/\/www.museosantacruz.org\/Archivo\/flecha_arriba.png\" alt=\"15\" width=\"15\" \/><strong>Trigo Fuentes, Teresa<\/strong><\/span><\/a><\/center><span style=\"color: #800000;\"><strong>Hace 400 A\u00f1os<\/strong><\/span><br \/>\n<em>Serrano Trigo, Francisco Jes\u00fas | Trigo Fuentes, Teresa | Yunta Manzanares, Juan Pedro |<\/em><br \/>\n2 p\u00e1g. 3 documentos, transcripci\u00f3n<br \/>\nMaterias: <a class=\"MAT\">Historia \u2013 Documentos | Historia s. XVII | Historia \u2013 Documentos | Historia s. XVII <\/a><br \/>\n<a class=\"DOC\" href=\"https:\/\/www.museosantacruz.org\/Archivo\/Prg_SCruz_2011_01_05.pdf\" target=\"_blank\" rel=\"noopener\"><img loading=\"lazy\" decoding=\"async\" src=\"https:\/\/www.museosantacruz.org\/Archivo\/magnifier.gif\" alt=\"ver\" width=\"18\" height=\"17\" \/>Ver documento<\/a><\/p>\n<hr \/>\n<p><center><a id=\"Trigo Hern\u00e1ndez, Alonso\" name=\"90\"><\/a><a class=\"INDAUTORES\" href=\"#ARRIBA\" target=\"_self\" rel=\"noopener\"><span style=\"color: #000000;\"><img decoding=\"async\" src=\"https:\/\/www.museosantacruz.org\/Archivo\/flecha_arriba.png\" alt=\"15\" width=\"15\" \/><strong>Trigo Hern\u00e1ndez, Alonso<\/strong><\/span><\/a><\/center><span style=\"color: #800000;\"><strong>Alonso Trigo Hern\u00e1ndez<\/strong><\/span><br \/>\n<em>Trigo Hern\u00e1ndez, Alonso <\/em><br \/>\n2 p., 5 il.<br \/>\nMaterias: <a class=\"MAT\">Deporte <\/a><br \/>\n<a class=\"DOC\" href=\"https:\/\/ww2.museosantacruz.org\/wp-\" target=\"_blank\" rel=\"noopener\"><img loading=\"lazy\" decoding=\"async\" src=\"https:\/\/www.museosantacruz.org\/Archivo\/magnifier.gif\" alt=\"ver\" width=\"18\" height=\"17\" \/>Ver documento<\/a><\/p>\n<hr \/>\n<p><center><a id=\"Urbina Mart\u00ednez, Dionisio\" name=\"92\"><\/a><a class=\"INDAUTORES\" href=\"#ARRIBA\" target=\"_self\" rel=\"noopener\"><span style=\"color: #000000;\"><img decoding=\"async\" src=\"https:\/\/www.museosantacruz.org\/Archivo\/flecha_arriba.png\" alt=\"15\" width=\"15\" \/><strong>Urbina Mart\u00ednez, Dionisio<\/strong><\/span><\/a><\/center><span style=\"color: #800000;\"><strong>El \u201cArco de la Villa\u201d de Santa Cruz de la Zarza<\/strong><\/span><br \/>\n<em>Urbina Mart\u00ednez, Dionisio | Urquijo \u00c1lvarez de Toledo, C. | |<\/em><br \/>\n5 p\u00e1g. 5 fotos<br \/>\nMaterias: <a class=\"MAT\">Arquitectura \u2013 Edificios notables | Historia s. XVI | Historia s. XVII | Historia s. XVIII | Orden de Santiago | |<br \/>\n<\/a><a class=\"DOC\" href=\"https:\/\/www.museosantacruz.org\/Archivo\/Prg_SCruz_1993_01_01.pdf\" target=\"_blank\" rel=\"noopener\"><img loading=\"lazy\" decoding=\"async\" src=\"https:\/\/www.museosantacruz.org\/Archivo\/magnifier.gif\" alt=\"ver\" width=\"18\" height=\"17\" \/>Ver documento<\/a><\/p>\n<hr \/>\n<p><span style=\"color: #800000;\"><strong>El Fin del Mundo Antiguo<\/strong><\/span><br \/>\n<em>Urbina Mart\u00ednez, Dionisio <\/em><br \/>\n20 p\u00e1g. Cap\u00edtulo 5 de la \u201cHistoria de Santa Cruz\u201d; 23 fotos y 3 gr\u00e1ficos<br \/>\nMaterias: <a class=\"MAT\">Arqueolog\u00eda | Historia s. IV-XII <\/a><br \/>\n<a class=\"DOC\" href=\"https:\/\/www.museosantacruz.org\/Archivo\/Historia05.pdf\" target=\"_blank\" rel=\"noopener\"><img loading=\"lazy\" decoding=\"async\" src=\"https:\/\/www.museosantacruz.org\/Archivo\/magnifier.gif\" alt=\"ver\" width=\"18\" height=\"17\" \/>Ver documento<\/a><\/p>\n<hr \/>\n<p><span style=\"color: #800000;\"><strong>El Fuero en Santa Cruz de la Zarza<\/strong><\/span><br \/>\n<em>Urbina Mart\u00ednez, Dionisio <\/em><br \/>\n20 p\u00e1g. Cap\u00edtulo 8 de la \u201cHistoria de Santa Cruz\u201d; 16 fotos y 6 gr\u00e1ficos<br \/>\nMaterias: <a class=\"MAT\">Historia s. XIII | Historia s. XIV | Historia s. XV | <\/a><br \/>\n<a class=\"DOC\" href=\"https:\/\/www.museosantacruz.org\/Archivo\/Historia08.pdf\" target=\"_blank\" rel=\"noopener\"><img loading=\"lazy\" decoding=\"async\" src=\"https:\/\/www.museosantacruz.org\/Archivo\/magnifier.gif\" alt=\"ver\" width=\"18\" height=\"17\" \/>Ver documento<\/a><\/p>\n<hr \/>\n<p><span style=\"color: #800000;\"><strong>El nacimiento de un pueblo<\/strong><\/span><br \/>\n<em>Urbina Mart\u00ednez, Dionisio <\/em><br \/>\n20 p\u00e1g. Cap\u00edtulo 7 de la \u201cHistoria de Santa Cruz\u201d; 15 fotos y 9 gr\u00e1ficos<br \/>\nMaterias: <a class=\"MAT\">Historia s. XIII <\/a><br \/>\n<a class=\"DOC\" href=\"https:\/\/www.museosantacruz.org\/Archivo\/Historia07.pdf\" target=\"_blank\" rel=\"noopener\"><img loading=\"lazy\" decoding=\"async\" src=\"https:\/\/www.museosantacruz.org\/Archivo\/magnifier.gif\" alt=\"ver\" width=\"18\" height=\"17\" \/>Ver documento<\/a><\/p>\n<hr \/>\n<p><span style=\"color: #800000;\"><strong>El Siglo de Oro en Santa Cruz de la Zarza (1\u00aa parte)<\/strong><\/span><br \/>\n<em>Urbina Mart\u00ednez, Dionisio <\/em><br \/>\n20 p\u00e1g. Cap\u00edtulo 11 de la \u201cHistoria de Santa Cruz\u201d; 32 fotos y 3 gr\u00e1ficos<br \/>\nMaterias: <a class=\"MAT\">Historia s. XVI | Historia s. XVII <\/a><br \/>\n<a class=\"DOC\" href=\"https:\/\/www.museosantacruz.org\/Archivo\/Historia11.pdf\" target=\"_blank\" rel=\"noopener\"><img loading=\"lazy\" decoding=\"async\" src=\"https:\/\/www.museosantacruz.org\/Archivo\/magnifier.gif\" alt=\"ver\" width=\"18\" height=\"17\" \/>Ver documento<\/a><\/p>\n<hr \/>\n<p><span style=\"color: #800000;\"><strong>El Siglo de Oro en Santa Cruz de la Zarza (2\u00aa parte)<\/strong><\/span><br \/>\n<em>Urbina Mart\u00ednez, Dionisio <\/em><br \/>\n20 p\u00e1g. Cap\u00edtulo 12 de la \u201cHistoria de Santa Cruz\u201d; 14 fotos y 1 gr\u00e1fico<br \/>\nMaterias: <a class=\"MAT\">Historia s. XVI | Historia s. XVII <\/a><br \/>\n<a class=\"DOC\" href=\"https:\/\/www.museosantacruz.org\/Archivo\/Historia12.pdf\" target=\"_blank\" rel=\"noopener\"><img loading=\"lazy\" decoding=\"async\" src=\"https:\/\/www.museosantacruz.org\/Archivo\/magnifier.gif\" alt=\"ver\" width=\"18\" height=\"17\" \/>Ver documento<\/a><\/p>\n<hr \/>\n<p><span style=\"color: #800000;\"><strong>El Siglo de Oro en Santa Cruz de la Zarza (3\u00aa parte)<\/strong><\/span><br \/>\n<em>Urbina Mart\u00ednez, Dionisio <\/em><br \/>\n20 p\u00e1g. Cap\u00edtulo 13 de la \u201cHistoria de Santa Cruz\u201d; 17 fotos y 4 gr\u00e1ficos<br \/>\nMaterias: <a class=\"MAT\">Historia s. XVI | Historia s. XVII <\/a><br \/>\n<a class=\"DOC\" href=\"https:\/\/www.museosantacruz.org\/Archivo\/Historia13.pdf\" target=\"_blank\" rel=\"noopener\"><img loading=\"lazy\" decoding=\"async\" src=\"https:\/\/www.museosantacruz.org\/Archivo\/magnifier.gif\" alt=\"ver\" width=\"18\" height=\"17\" \/>Ver documento<\/a><\/p>\n<hr \/>\n<p><span style=\"color: #800000;\"><strong>El Siglo de Oro en Santa Cruz de la Zarza (3\u00aa parte)<\/strong><\/span><br \/>\n<em>Urbina Mart\u00ednez, Dionisio <\/em><br \/>\n19 p\u00e1g. 18 fotos, 4 planos. Cap\u00edtulo XIII de la \u201cHistoria de Santa Cruz de la Zarza\u201d publicada por ACAME.<br \/>\nMaterias: <a class=\"MAT\">Arquitectura \u2013 Edificios notables | Historia s. XVI | Historia s. XVII | Historia s. XVIII | Iglesia \u2013 Templos <\/a><br \/>\n<a class=\"DOC\" href=\"https:\/\/www.museosantacruz.org\/Archivo\/ACAME_Historia_13.pdf\" target=\"_blank\" rel=\"noopener\"><img loading=\"lazy\" decoding=\"async\" src=\"https:\/\/www.museosantacruz.org\/Archivo\/magnifier.gif\" alt=\"ver\" width=\"18\" height=\"17\" \/>Ver documento<\/a><\/p>\n<hr \/>\n<p><span style=\"color: #800000;\"><strong>La Ermita de San Ant\u00f3n<\/strong><\/span><br \/>\n<em>Urbina Mart\u00ednez, Dionisio <\/em><br \/>\n1 p\u00e1g. 1 foto<br \/>\nMaterias: <a class=\"MAT\">Arquitectura \u2013 Edificios notables | Historia s. XVII | Historia s. XVIII | Iglesia \u2013 Cofrad\u00edas | Iglesia \u2013 Templos | |<br \/>\n<\/a><a class=\"DOC\" href=\"https:\/\/www.museosantacruz.org\/Archivo\/Prg_SCruz_1993_01_16.pdf\" target=\"_blank\" rel=\"noopener\"><img loading=\"lazy\" decoding=\"async\" src=\"https:\/\/www.museosantacruz.org\/Archivo\/magnifier.gif\" alt=\"ver\" width=\"18\" height=\"17\" \/>Ver documento<\/a><\/p>\n<hr \/>\n<p><span style=\"color: #800000;\"><strong>La noche de los tiempos<\/strong><\/span><br \/>\n<em>Urbina Mart\u00ednez, Dionisio <\/em><br \/>\n20 p\u00e1g. Cap\u00edtulo 1 de la \u201cHistoria de Santa Cruz\u201d; 15 fotos y 9 gr\u00e1ficos<br \/>\nMaterias: <a class=\"MAT\">Arqueolog\u00eda | Historia \u2013 Prehistoria <\/a><br \/>\n<a class=\"DOC\" href=\"https:\/\/www.museosantacruz.org\/Archivo\/Historia01.pdf\" target=\"_blank\" rel=\"noopener\"><img loading=\"lazy\" decoding=\"async\" src=\"https:\/\/www.museosantacruz.org\/Archivo\/magnifier.gif\" alt=\"ver\" width=\"18\" height=\"17\" \/>Ver documento<\/a><\/p>\n<hr \/>\n<p><span style=\"color: #800000;\"><strong>Las Edades de los Metales<\/strong><\/span><br \/>\n<em>Urbina Mart\u00ednez, Dionisio <\/em><br \/>\n20 p\u00e1g. Cap\u00edtulo 3 de la \u201cHistoria de Santa Cruz\u201d; 16 fotos y 10 gr\u00e1ficos<br \/>\nMaterias: <a class=\"MAT\">Arqueolog\u00eda | Historia \u2013 Prehistoria <\/a><br \/>\n<a class=\"DOC\" href=\"https:\/\/www.museosantacruz.org\/Archivo\/Historia03.pdf\" target=\"_blank\" rel=\"noopener\"><img loading=\"lazy\" decoding=\"async\" src=\"https:\/\/www.museosantacruz.org\/Archivo\/magnifier.gif\" alt=\"ver\" width=\"18\" height=\"17\" \/>Ver documento<\/a><\/p>\n<hr \/>\n<p><span style=\"color: #800000;\"><strong>Los \u00e1rabes en Santa Cruz de la Zarza<\/strong><\/span><br \/>\n<em>Urbina Mart\u00ednez, Dionisio <\/em><br \/>\n20 p\u00e1g. Cap\u00edtulo 6 de la \u201cHistoria de Santa Cruz\u201d; 17 fotos y 4 gr\u00e1ficos<br \/>\nMaterias: <a class=\"MAT\">Historia s. IV-XII <\/a><br \/>\n<a class=\"DOC\" href=\"https:\/\/www.museosantacruz.org\/Archivo\/Historia06.pdf\" target=\"_blank\" rel=\"noopener\"><img loading=\"lazy\" decoding=\"async\" src=\"https:\/\/www.museosantacruz.org\/Archivo\/magnifier.gif\" alt=\"ver\" width=\"18\" height=\"17\" \/>Ver documento<\/a><\/p>\n<hr \/>\n<p><span style=\"color: #800000;\"><strong>Los primeros agricultores en el Valle del Tajo<\/strong><\/span><br \/>\n<em>Urbina Mart\u00ednez, Dionisio <\/em><br \/>\n20 p\u00e1g. Cap\u00edtulo 2 de la \u201cHistoria de Santa Cruz\u201d; 17 fotos y 2 gr\u00e1ficos<br \/>\nMaterias: <a class=\"MAT\">Arqueolog\u00eda | Historia \u2013 Prehistoria <\/a><br \/>\n<a class=\"DOC\" href=\"https:\/\/www.museosantacruz.org\/Archivo\/Historia02.pdf\" target=\"_blank\" rel=\"noopener\"><img loading=\"lazy\" decoding=\"async\" src=\"https:\/\/www.museosantacruz.org\/Archivo\/magnifier.gif\" alt=\"ver\" width=\"18\" height=\"17\" \/>Ver documento<\/a><\/p>\n<hr \/>\n<p><span style=\"color: #800000;\"><strong>Los Romanos en Santa Cruz de la Zarza<\/strong><\/span><br \/>\n<em>Urbina Mart\u00ednez, Dionisio <\/em><br \/>\n20 p\u00e1g. Cap\u00edtulo 4 de la \u201cHistoria de Santa Cruz\u201d; 22 fotos y 8 gr\u00e1ficos<br \/>\nMaterias: <a class=\"MAT\">Arqueolog\u00eda <\/a><br \/>\n<a class=\"DOC\" href=\"https:\/\/www.museosantacruz.org\/Archivo\/Historia04.pdf\" target=\"_blank\" rel=\"noopener\"><img loading=\"lazy\" decoding=\"async\" src=\"https:\/\/www.museosantacruz.org\/Archivo\/magnifier.gif\" alt=\"ver\" width=\"18\" height=\"17\" \/>Ver documento<\/a><\/p>\n<hr \/>\n<p><span style=\"color: #800000;\"><strong>Nombre y origen de Santa Cruz de la Zarza<\/strong><\/span><br \/>\n<em>Urbina Mart\u00ednez, Dionisio <\/em><br \/>\n4 p\u00e1g. 3 planos; 3 fotos<br \/>\nMaterias: <a class=\"MAT\">Etnograf\u00eda \u2013 Toponimia local | Historia s. XIV | Orden de Santiago | <\/a><br \/>\n<a class=\"DOC\" href=\"https:\/\/www.museosantacruz.org\/Archivo\/Prg_SCruz_1994_01_08.pdf\" target=\"_blank\" rel=\"noopener\"><img loading=\"lazy\" decoding=\"async\" src=\"https:\/\/www.museosantacruz.org\/Archivo\/magnifier.gif\" alt=\"ver\" width=\"18\" height=\"17\" \/>Ver documento<\/a><\/p>\n<hr \/>\n<p><span style=\"color: #800000;\"><strong>Santa Cruz de la Zarza en \u00e9poca de Felipe II<\/strong><\/span><br \/>\n<em>Urbina Mart\u00ednez, Dionisio <\/em><br \/>\n20 p\u00e1g. Cap\u00edtulo 10 de la \u201cHistoria de Santa Cruz\u201d; 10 fotos y 4 gr\u00e1ficos<br \/>\nMaterias: <a class=\"MAT\">Historia s. XVI | Historia s. XVII <\/a><br \/>\n<a class=\"DOC\" href=\"https:\/\/www.museosantacruz.org\/Archivo\/Historia10.pdf\" target=\"_blank\" rel=\"noopener\"><img loading=\"lazy\" decoding=\"async\" src=\"https:\/\/www.museosantacruz.org\/Archivo\/magnifier.gif\" alt=\"ver\" width=\"18\" height=\"17\" \/>Ver documento<\/a><\/p>\n<hr \/>\n<p><span style=\"color: #800000;\"><strong>Santa Cruz de la Zarza en tiempos de los Reyes Cat\u00f3licos<\/strong><\/span><br \/>\n<em>Urbina Mart\u00ednez, Dionisio <\/em><br \/>\n20 p\u00e1g. Cap\u00edtulo 9 de la \u201cHistoria de Santa Cruz\u201d; 13 fotos y 8 gr\u00e1ficos<br \/>\nMaterias: <a class=\"MAT\">Historia s. XV | Historia s. XVI <\/a><br \/>\n<a class=\"DOC\" href=\"https:\/\/www.museosantacruz.org\/Archivo\/Historia09.pdf\" target=\"_blank\" rel=\"noopener\"><img loading=\"lazy\" decoding=\"async\" src=\"https:\/\/www.museosantacruz.org\/Archivo\/magnifier.gif\" alt=\"ver\" width=\"18\" height=\"17\" \/>Ver documento<\/a><\/p>\n<hr \/>\n<p><center><a id=\"Urbina Mart\u00ednez, Dionisio\" name=\"92\"><\/a><strong><a class=\"INDAUTORES\" href=\"#ARRIBA\" target=\"_self\" rel=\"noopener\"><img decoding=\"async\" src=\"https:\/\/www.museosantacruz.org\/Archivo\/flecha_arriba.png\" alt=\"15\" width=\"15\" \/><span style=\"color: #000000;\">Urquijo \u00c1lvarez de Toledo, C. <\/span><\/a><\/strong><\/center><span style=\"color: #800000;\"><strong>El \u201cArco de la Villa\u201d de Santa Cruz de la Zarza<\/strong><\/span><br \/>\n<em>Urbina Mart\u00ednez, Dionisio | Urquijo \u00c1lvarez de Toledo, C. | |<\/em><br \/>\n5 p\u00e1g. 5 fotos<br \/>\nMaterias: <a class=\"MAT\">Arquitectura \u2013 Edificios notables | Historia s. XVI | Historia s. XVII | Historia s. XVIII | Orden de Santiago | |<br \/>\n<\/a><a class=\"DOC\" href=\"https:\/\/www.museosantacruz.org\/Archivo\/Prg_SCruz_1993_01_01.pdf\" target=\"_blank\" rel=\"noopener\"><img loading=\"lazy\" decoding=\"async\" src=\"https:\/\/www.museosantacruz.org\/Archivo\/magnifier.gif\" alt=\"ver\" width=\"18\" height=\"17\" \/>Ver documento<\/a><\/p>\n<hr \/>\n<p><center><span style=\"color: #000000;\"><a id=\"Valencia \u201cBirol\u201d, \u00c1ngel\" style=\"color: #000000;\" name=\"94\"><\/a><\/span><a class=\"INDAUTORES\" href=\"#ARRIBA\" target=\"_self\" rel=\"noopener\"><span style=\"color: #000000;\"><img decoding=\"async\" src=\"https:\/\/www.museosantacruz.org\/Archivo\/flecha_arriba.png\" alt=\"15\" width=\"15\" \/><strong>Valencia \u201cBirol\u201d, \u00c1ngel<\/strong><\/span><\/a><\/center><span style=\"color: #800000;\"><strong>La ruina del campo<\/strong><\/span><br \/>\n<em>Valencia \u201cBirol\u201d, \u00c1ngel <\/em><br \/>\n1 p\u00e1g.<br \/>\nMaterias: <a class=\"MAT\">Agricultura y Ganader\u00eda | Poes\u00eda <\/a><br \/>\n<a class=\"DOC\" href=\"https:\/\/www.museosantacruz.org\/Archivo\/Prg_SCruz_2010_01_11.pdf\" target=\"_blank\" rel=\"noopener\"><img loading=\"lazy\" decoding=\"async\" src=\"https:\/\/www.museosantacruz.org\/Archivo\/magnifier.gif\" alt=\"ver\" width=\"18\" height=\"17\" \/>Ver documento<\/a><\/p>\n<hr \/>\n<p><center><strong><a id=\"V\u00edas Guiti\u00e1n, Manuel Mar\u00eda\" name=\"95\"><\/a><\/strong><a class=\"INDAUTORES\" href=\"#ARRIBA\" target=\"_self\" rel=\"noopener\"><strong><img decoding=\"async\" src=\"https:\/\/www.museosantacruz.org\/Archivo\/flecha_arriba.png\" alt=\"15\" width=\"15\" \/><span style=\"color: #000000;\">V\u00edas Guiti\u00e1n, Manuel Mar\u00eda<\/span><\/strong><\/a><\/center><span style=\"color: #800000;\"><strong>El S\u00ednodo Diocesano de 1741<\/strong><\/span><br \/>\n<em>V\u00edas Guiti\u00e1n, Manuel Mar\u00eda <\/em><br \/>\n1 p\u00e1g. 1 foto<br \/>\nMaterias: <a class=\"MAT\">Historia s. XVIII | Iglesia y culto | Orden de Santiago | <\/a><br \/>\n<a class=\"DOC\" href=\"https:\/\/www.museosantacruz.org\/Archivo\/Prg_SCruz_1994_01_15.pdf\" target=\"_blank\" rel=\"noopener\"><img loading=\"lazy\" decoding=\"async\" src=\"https:\/\/www.museosantacruz.org\/Archivo\/magnifier.gif\" alt=\"ver\" width=\"18\" height=\"17\" \/>Ver documento<\/a><\/p>\n<hr \/>\n<p><span style=\"color: #800000;\"><strong>Fundaci\u00f3n del Convento Trinitario<\/strong><\/span><br \/>\n<em>V\u00edas Guiti\u00e1n, Manuel Mar\u00eda <\/em><br \/>\n3 p\u00e1g. 2 fotos<br \/>\nMaterias: <a class=\"MAT\">Arquitectura \u2013 Edificios notables | Historia \u2013 Documentos | Historia s. XVII | Historia s. XVIII | Iglesia \u2013 Templos<br \/>\n<\/a><a class=\"DOC\" href=\"https:\/\/www.museosantacruz.org\/Archivo\/Prg_SCruz_1995_01_01.pdf\" target=\"_blank\" rel=\"noopener\"><img loading=\"lazy\" decoding=\"async\" src=\"https:\/\/www.museosantacruz.org\/Archivo\/magnifier.gif\" alt=\"ver\" width=\"18\" height=\"17\" \/>Ver documento<\/a><\/p>\n<hr \/>\n<p><span style=\"color: #800000;\"><strong>Las Iglesias Santacruceras en 1799<\/strong><\/span><br \/>\n<em>V\u00edas Guiti\u00e1n, Manuel Mar\u00eda <\/em><br \/>\n2 p\u00e1g. 5 fotos<br \/>\nMaterias: <a class=\"MAT\">Arquitectura \u2013 Edificios notables | Historia s. XVIII | Iglesia \u2013 Templos | <\/a><br \/>\n<a class=\"DOC\" href=\"https:\/\/www.museosantacruz.org\/Archivo\/Prg_SCruz_1993_01_11.pdf\" target=\"_blank\" rel=\"noopener\"><img loading=\"lazy\" decoding=\"async\" src=\"https:\/\/www.museosantacruz.org\/Archivo\/magnifier.gif\" alt=\"ver\" width=\"18\" height=\"17\" \/>Ver documento<\/a><\/p>\n<hr \/>\n<p><span style=\"color: #800000;\"><strong>Santa Cruz de la Zarza (siglos XVII-XVIII)<\/strong><\/span><br \/>\n<em>V\u00edas Guiti\u00e1n, Manuel Mar\u00eda <\/em><br \/>\n13 p\u00e1g. 13 fotos<br \/>\nMaterias: <a class=\"MAT\">Historia s. XVII | Historia s. XVIII | Orden de Santiago | <\/a><br \/>\n<a class=\"DOC\" href=\"https:\/\/www.museosantacruz.org\/Archivo\/Prg_SCruz_1994_01_14.pdf\" target=\"_blank\" rel=\"noopener\"><img loading=\"lazy\" decoding=\"async\" src=\"https:\/\/www.museosantacruz.org\/Archivo\/magnifier.gif\" alt=\"ver\" width=\"18\" height=\"17\" \/>Ver documento<\/a><\/p>\n<hr \/>\n<p><span style=\"color: #800000;\"><strong>Santa Cruz de la Zarza y la Guerra de la Independencia<\/strong><\/span><br \/>\n<em>V\u00edas Guiti\u00e1n, Manuel Mar\u00eda <\/em><br \/>\n5 p\u00e1g. 4 fotos, 1 documento<br \/>\nMaterias: <a class=\"MAT\">Historia s. XIX \u2013 Guerra de Independencia <\/a><br \/>\n<a class=\"DOC\" href=\"https:\/\/www.museosantacruz.org\/Archivo\/Prg_SCruz_1993_01_14.pdf\" target=\"_blank\" rel=\"noopener\"><img loading=\"lazy\" decoding=\"async\" src=\"https:\/\/www.museosantacruz.org\/Archivo\/magnifier.gif\" alt=\"ver\" width=\"18\" height=\"17\" \/>Ver documento<\/a><\/p>\n<hr \/>\n<p><span style=\"color: #800000;\"><strong>Santa Cruz de la Zarza y la mar<\/strong><\/span><br \/>\n<em>V\u00edas Guiti\u00e1n, Manuel Mar\u00eda <\/em><br \/>\n1 p\u00e1g. 1 ilustraci\u00f3n<br \/>\nMaterias: <a class=\"MAT\">Historia s. XVI <\/a><br \/>\n<a class=\"DOC\" href=\"https:\/\/www.museosantacruz.org\/Archivo\/Prg_SCruz_1990_01_11.pdf\" target=\"_blank\" rel=\"noopener\"><img loading=\"lazy\" decoding=\"async\" src=\"https:\/\/www.museosantacruz.org\/Archivo\/magnifier.gif\" alt=\"ver\" width=\"18\" height=\"17\" \/>Ver documento<\/a><\/p>\n<hr \/>\n<p><span style=\"color: #800000;\"><strong>Santa Cruz vista por Madoz en 1847<\/strong><\/span><br \/>\n<em>V\u00edas Guiti\u00e1n, Manuel Mar\u00eda <\/em><br \/>\n1 p\u00e1g. 2 fotos<br \/>\nMaterias: <a class=\"MAT\">Arquitectura \u2013 Edificios notables | Historia \u2013 Documentos | Historia s. XIX | <\/a><br \/>\n<a class=\"DOC\" href=\"https:\/\/www.museosantacruz.org\/Archivo\/Prg_SCruz_1993_01_12.pdf\" target=\"_blank\" rel=\"noopener\"><img loading=\"lazy\" decoding=\"async\" src=\"https:\/\/www.museosantacruz.org\/Archivo\/magnifier.gif\" alt=\"ver\" width=\"18\" height=\"17\" \/>Ver documento<\/a><\/p>\n<hr \/>\n<p><span style=\"color: #800000;\"><strong>Sobre el nombre de Santa Cruz<\/strong><\/span><br \/>\n<em>V\u00edas Guiti\u00e1n, Manuel Mar\u00eda <\/em><br \/>\n4 p\u00e1g. 1 foto<br \/>\nMaterias: <a class=\"MAT\">Etnograf\u00eda \u2013 Toponimia local | Historia s. XIV | Orden de Santiago | <\/a><br \/>\n<a class=\"DOC\" target=\"_blank\" rel=\"noopener\"><img loading=\"lazy\" decoding=\"async\" src=\"https:\/\/www.museosantacruz.org\/Archivo\/magnifier.gif\" alt=\"ver\" width=\"18\" height=\"17\" \/>Ver documento<\/a><\/p>\n<hr \/>\n<p><span style=\"color: #800000;\"><strong>Tiempos dif\u00edciles<\/strong><\/span><br \/>\n<em>V\u00edas Guiti\u00e1n, Manuel Mar\u00eda <\/em><br \/>\n4 p\u00e1g. 1 foto<br \/>\nMaterias: <a class=\"MAT\">Historia s. XIII <\/a><br \/>\n<a class=\"DOC\" href=\"https:\/\/www.museosantacruz.org\/Archivo\/La%20Voz%20de%20Santa%20Cruz_1_06.pdf\" target=\"_blank\" rel=\"noopener\"><img loading=\"lazy\" decoding=\"async\" src=\"https:\/\/www.museosantacruz.org\/Archivo\/magnifier.gif\" alt=\"ver\" width=\"18\" height=\"17\" \/>Ver documento<\/a><\/p>\n<hr \/>\n<p><center><a id=\"Villarreal Palacios, Francisco\" name=\"96\"><\/a><a class=\"INDAUTORES\" href=\"#ARRIBA\" target=\"_self\" rel=\"noopener\"><span style=\"color: #000000;\"><img decoding=\"async\" src=\"https:\/\/www.museosantacruz.org\/Archivo\/flecha_arriba.png\" alt=\"15\" width=\"15\" \/><strong>Villarreal Palacios, Francisco<\/strong><\/span><\/a><\/center><span style=\"color: #800000;\"><strong>Banda de M\u00fasica \u201cLa Filarm\u00f3nica\u201d (sin t\u00edtulo)<\/strong><\/span><br \/>\n<em>Villarreal Palacios, Francisco <\/em><br \/>\n1 p\u00e1g. Listado de componentes<br \/>\nMaterias: <a class=\"MAT\">Instituciones \u2013 Banda de M\u00fasica | M\u00fasica <\/a><br \/>\n<a class=\"DOC\" href=\"https:\/\/www.museosantacruz.org\/Archivo\/Prg_SCruz_2006_01_01.pdf\" target=\"_blank\" rel=\"noopener\"><img loading=\"lazy\" decoding=\"async\" src=\"https:\/\/www.museosantacruz.org\/Archivo\/magnifier.gif\" alt=\"ver\" width=\"18\" height=\"17\" \/>Ver documento<\/a><\/p>\n<hr \/>\n<p><center><a id=\"Yunta Manzanares, Juan Pedro\" name=\"97\"><\/a><a class=\"INDAUTORES\" href=\"#ARRIBA\" target=\"_self\" rel=\"noopener\"><strong><img decoding=\"async\" src=\"https:\/\/www.museosantacruz.org\/Archivo\/flecha_arriba.png\" alt=\"15\" width=\"15\" \/><span style=\"color: #000000;\">Yunta Manzanares, Juan Pedro<\/span><\/strong><\/a><\/center><span style=\"color: #800000;\"><strong>1723. Nombramiento de buleros<\/strong><\/span><br \/>\n<em>Yunta Manzanares, Juan Pedro <\/em><br \/>\n2 p., 2 il.<br \/>\nMaterias: <a class=\"MAT\">Instituciones \u2013 Ayuntamiento | Historia \u2013 Documentos | Archivos | Historia s. XVIII <\/a><br \/>\n<a class=\"DOC\" href=\"https:\/\/ww2.museosantacruz.org\/wp-\" target=\"_blank\" rel=\"noopener\"><img loading=\"lazy\" decoding=\"async\" src=\"https:\/\/www.museosantacruz.org\/Archivo\/magnifier.gif\" alt=\"ver\" width=\"18\" height=\"17\" \/>Ver documento<\/a><\/p>\n<hr \/>\n<p><span style=\"color: #800000;\"><strong>1752. Apellidos en Santa Cruz de la Zarza<\/strong><\/span><br \/>\n<em>Yunta Manzanares, Juan Pedro <\/em><br \/>\n2 p\u00e1g. Listado de apellidos<br \/>\nMaterias: <a class=\"MAT\">Etnograf\u00eda \u2013 Onom\u00e1stica local | Historia s. XVIII <\/a><br \/>\n<a class=\"DOC\" href=\"https:\/\/www.museosantacruz.org\/Archivo\/Prg_SCruz_2003_01_07.pdf\" target=\"_blank\" rel=\"noopener\"><img loading=\"lazy\" decoding=\"async\" src=\"https:\/\/www.museosantacruz.org\/Archivo\/magnifier.gif\" alt=\"ver\" width=\"18\" height=\"17\" \/>Ver documento<\/a><\/p>\n<hr \/>\n<p><span style=\"color: #800000;\"><strong>Acta del Juramento de la Reina Isabel II<\/strong><\/span><br \/>\n<em>Yunta Manzanares, Juan Pedro <\/em><br \/>\n2 p\u00e1g. 3 documentos<br \/>\nMaterias: <a class=\"MAT\">Historia \u2013 Documentos | Historia s. XIX <\/a><br \/>\n<a class=\"DOC\" href=\"https:\/\/www.museosantacruz.org\/Archivo\/Prg_SCruz_2001_01_01.pdf\" target=\"_blank\" rel=\"noopener\"><img loading=\"lazy\" decoding=\"async\" src=\"https:\/\/www.museosantacruz.org\/Archivo\/magnifier.gif\" alt=\"ver\" width=\"18\" height=\"17\" \/>Ver documento<\/a><\/p>\n<hr \/>\n<p><span style=\"color: #800000;\"><strong>Diligencias sobre la f\u00e1brica de la casa P\u00f3sito de la villa de Santa Cruz de la Zarza 1753-1757<\/strong><\/span><br \/>\n<em>Lozano Rode\u00f1o, Benito | Yunta Manzanares, Juan Pedro | |<\/em><br \/>\n4 p\u00e1g. Glosario por Juan Pedro Yunta Manzanares. 1 plano, 2 documentos<br \/>\nMaterias: <a class=\"MAT\">Arquitectura \u2013 Edificios notables | Obras p\u00fablicas y proyectos <\/a><br \/>\n<a class=\"DOC\" href=\"https:\/\/www.museosantacruz.org\/Archivo\/Prg_SCruz_2001_01_02.pdf\" target=\"_blank\" rel=\"noopener\"><img loading=\"lazy\" decoding=\"async\" src=\"https:\/\/www.museosantacruz.org\/Archivo\/magnifier.gif\" alt=\"ver\" width=\"18\" height=\"17\" \/>Ver documento<\/a><\/p>\n<hr \/>\n<p><span style=\"color: #800000;\"><strong>En honor a la vida. Por la memoria de un santacrucero<\/strong><\/span><br \/>\n<em>Yunta Manzanares, Juan Pedro <\/em><br \/>\n1 p\u00e1g. 1 foto<br \/>\nMaterias: <a class=\"MAT\">Historia s. XX | Personajes de Santa Cruz <\/a><br \/>\n<a class=\"DOC\" href=\"https:\/\/www.museosantacruz.org\/Archivo\/Prg_SCruz_2002_01_06.pdf\" target=\"_blank\" rel=\"noopener\"><img loading=\"lazy\" decoding=\"async\" src=\"https:\/\/www.museosantacruz.org\/Archivo\/magnifier.gif\" alt=\"ver\" width=\"18\" height=\"17\" \/>Ver documento<\/a><\/p>\n<hr \/>\n<p><span style=\"color: #800000;\"><strong>Expediente de Deslinde. 1889: De los t\u00e9rminos de Santa Cruz de la Zarza y Fuente de Pedro Naharro<\/strong><\/span><br \/>\n<em>Yunta Manzanares, Juan Pedro <\/em><br \/>\n2 p\u00e1g. 1 ilustraci\u00f3n<br \/>\nMaterias: <a class=\"MAT\">Etnograf\u00eda \u2013 Toponimia local | Historia \u2013 Documentos | Historia s. XIX | Pueblos vecinos \u2013 La Fuente de Pedro<br \/>\n<\/a><a class=\"DOC\" href=\"https:\/\/www.museosantacruz.org\/Archivo\/Prg_SCruz_2007_01_06.pdf\" target=\"_blank\" rel=\"noopener\"><img loading=\"lazy\" decoding=\"async\" src=\"https:\/\/www.museosantacruz.org\/Archivo\/magnifier.gif\" alt=\"ver\" width=\"18\" height=\"17\" \/>Ver documento<\/a><\/p>\n<hr \/>\n<p><span style=\"color: #800000;\"><strong>Fuero de Santa Cruz, a\u00f1o 1253<\/strong><\/span><br \/>\n<em>Yunta Manzanares, Juan Pedro <\/em><br \/>\n1 p\u00e1g.<br \/>\nMaterias: <a class=\"MAT\">Historia \u2013 Documentos | Historia s. XIV | Historia s. XV | Orden de Santiago <\/a><br \/>\n<a class=\"DOC\" href=\"https:\/\/www.museosantacruz.org\/Archivo\/Prg_SCruz_2003_01_02.pdf\" target=\"_blank\" rel=\"noopener\"><img loading=\"lazy\" decoding=\"async\" src=\"https:\/\/www.museosantacruz.org\/Archivo\/magnifier.gif\" alt=\"ver\" width=\"18\" height=\"17\" \/>Ver documento<\/a><\/p>\n<hr \/>\n<p><span style=\"color: #800000;\"><strong>Hace 400 a\u00f1os<\/strong><\/span><br \/>\n<em>Arribas Par\u00eds, Jos\u00e9 Manuel | Yunta Manzanares, Juan Pedro | |<\/em><br \/>\n2 p\u00e1g. 3 documentos y transcripci\u00f3n<br \/>\nMaterias: <a class=\"MAT\">Agricultura y Ganader\u00eda | Archivos | Hacienda y tributos | Historia \u2013 Documentos | Historia s. XVII <\/a><br \/>\n<a class=\"DOC\" href=\"https:\/\/www.museosantacruz.org\/Archivo\/Prg_SCruz_2012_01_07.pdf\" target=\"_blank\" rel=\"noopener\"><img loading=\"lazy\" decoding=\"async\" src=\"https:\/\/www.museosantacruz.org\/Archivo\/magnifier.gif\" alt=\"ver\" width=\"18\" height=\"17\" \/>Ver documento<\/a><\/p>\n<hr \/>\n<p><span style=\"color: #800000;\"><strong>Hace 400 a\u00f1os<\/strong><\/span><br \/>\n<em>Yunta Manzanares, Juan Pedro <\/em><br \/>\n2 p\u00e1g. 2 documentos, transcripci\u00f3n y comentarios<br \/>\nMaterias: <a class=\"MAT\">Agricultura y Ganader\u00eda | Archivos | Historia \u2013 Documentos | Historia s. XVII | Instituciones \u2013 Ayuntamiento | |<br \/>\n<\/a><a class=\"DOC\" href=\"https:\/\/www.museosantacruz.org\/Archivo\/Prg_SCruz_2013_01_11.pdf\" target=\"_blank\" rel=\"noopener\"><img loading=\"lazy\" decoding=\"async\" src=\"https:\/\/www.museosantacruz.org\/Archivo\/magnifier.gif\" alt=\"ver\" width=\"18\" height=\"17\" \/>Ver documento<\/a><\/p>\n<hr \/>\n<p><span style=\"color: #800000;\"><strong>Hace 400 A\u00f1os<\/strong><\/span><br \/>\n<em>Serrano Trigo, Francisco Jes\u00fas | Trigo Fuentes, Teresa | Yunta Manzanares, Juan Pedro |<\/em><br \/>\n2 p\u00e1g. 3 documentos, transcripci\u00f3n<br \/>\nMaterias: <a class=\"MAT\">Historia \u2013 Documentos | Historia s. XVII | Historia \u2013 Documentos | Historia s. XVII <\/a><br \/>\n<a class=\"DOC\" href=\"https:\/\/www.museosantacruz.org\/Archivo\/Prg_SCruz_2011_01_05.pdf\" target=\"_blank\" rel=\"noopener\"><img loading=\"lazy\" decoding=\"async\" src=\"https:\/\/www.museosantacruz.org\/Archivo\/magnifier.gif\" alt=\"ver\" width=\"18\" height=\"17\" \/>Ver documento<\/a><\/p>\n<hr \/>\n<p><span style=\"color: #800000;\"><strong>La Peste<\/strong><\/span><br \/>\n<em>Yunta Manzanares, Juan Pedro <\/em><br \/>\n2 p\u00e1g. 1 foto<br \/>\nMaterias: <a class=\"MAT\">Historia \u2013 Documentos | Historia s. XVII <\/a><br \/>\n<a class=\"DOC\" href=\"https:\/\/www.museosantacruz.org\/Archivo\/Prg_SCruz_2002_01_01.pdf\" target=\"_blank\" rel=\"noopener\"><img loading=\"lazy\" decoding=\"async\" src=\"https:\/\/www.museosantacruz.org\/Archivo\/magnifier.gif\" alt=\"ver\" width=\"18\" height=\"17\" \/>Ver documento<\/a><\/p>\n<hr \/>\n<p><span style=\"color: #800000;\"><strong>Santa Cruz 1752: el Catastro del Marqu\u00e9s de la Ensenada<\/strong><\/span><br \/>\n<em>Yunta Manzanares, Juan Pedro <\/em><br \/>\n7 p\u00e1g. 1 foto; 3 documentos<br \/>\nMaterias: <a class=\"MAT\">Hacienda y tributos | Historia \u2013 Documentos | Historia s. XVIII | <\/a><br \/>\n<a class=\"DOC\" href=\"https:\/\/www.museosantacruz.org\/Archivo\/Prg_SCruz_2000_01_02.pdf\" target=\"_blank\" rel=\"noopener\"><img loading=\"lazy\" decoding=\"async\" src=\"https:\/\/www.museosantacruz.org\/Archivo\/magnifier.gif\" alt=\"ver\" width=\"18\" height=\"17\" \/>Ver documento<\/a><\/p>\n<hr \/>\n<p><span style=\"color: #800000;\"><strong>Soy el Libro<\/strong><\/span><br \/>\n<em>Yunta Manzanares, Juan Pedro | Archivo Municipal | |<\/em><br \/>\n3 p., 5 il.<br \/>\nMaterias: <a class=\"MAT\">Archivos | Instituciones \u2013 Ayuntamiento | Etnograf\u00eda \u2013 Fiestas | <\/a><br \/>\n<a class=\"DOC\" href=\"https:\/\/ww2.museosantacruz.org\/wp-\" target=\"_blank\" rel=\"noopener\"><img loading=\"lazy\" decoding=\"async\" src=\"https:\/\/www.museosantacruz.org\/Archivo\/magnifier.gif\" alt=\"ver\" width=\"18\" height=\"17\" \/>Ver documento<\/a><\/p>\n<hr \/>\n<p><span style=\"color: #800000;\"><strong>Venta de dos mulas en 4 plazos<\/strong><\/span><br \/>\n<em>Yunta Manzanares, Juan Pedro <\/em><br \/>\n1 p\u00e1g. 1 documento y transcripci\u00f3n<br \/>\nMaterias: <a class=\"MAT\">Agricultura y Ganader\u00eda | Archivos | Historia \u2013 Documentos | Historia s. XX <\/a><br \/>\n<a class=\"DOC\" href=\"https:\/\/www.museosantacruz.org\/Archivo\/Prg_SCruz_2013_01_14.pdf\" target=\"_blank\" rel=\"noopener\"><img loading=\"lazy\" decoding=\"async\" src=\"https:\/\/www.museosantacruz.org\/Archivo\/magnifier.gif\" alt=\"ver\" width=\"18\" height=\"17\" \/>&gt;Ver documento<\/a><\/p>\n<hr \/>\n<p><span style=\"color: #800000;\"><strong>V\u00eda Verde: \u201cEl Quijote\u201d<\/strong><\/span><br \/>\n<em>Yunta Manzanares, Juan Pedro <\/em><br \/>\n4 p\u00e1g. 2 planos; 3 documento, 2 fotos<br \/>\nMaterias: <a class=\"MAT\">Caminos y veredas | Medio ambiente <\/a><br \/>\n<a class=\"DOC\" href=\"https:\/\/www.museosantacruz.org\/Archivo\/Prg_SCruz_2001_01_03.pdf\" target=\"_blank\" rel=\"noopener\"><img loading=\"lazy\" decoding=\"async\" src=\"https:\/\/www.museosantacruz.org\/Archivo\/magnifier.gif\" alt=\"ver\" width=\"18\" height=\"17\" \/>Ver documento<\/a><\/p>\n<hr \/>\n<p><span style=\"color: #800000;\"><strong>V\u00edas pecuarias de Santa Cruz de la Zarza<\/strong><\/span><br \/>\n<em>Yunta Manzanares, Juan Pedro <\/em><br \/>\n5 p\u00e1g. 2 fotos<br \/>\nMaterias: <a class=\"MAT\">Caminos y veredas | Historia \u2013 Documentos | Historia s. XIX | <\/a><br \/>\n<a class=\"DOC\" href=\"https:\/\/www.museosantacruz.org\/Archivo\/Prg_SCruz_2002_01_02.pdf\" target=\"_blank\" rel=\"noopener\"><img loading=\"lazy\" decoding=\"async\" src=\"https:\/\/www.museosantacruz.org\/Archivo\/magnifier.gif\" alt=\"ver\" width=\"18\" height=\"17\" \/>Ver documento<\/a><\/p>\n<p><span style=\"color: #0000ff;\"><em>Versi\u00f3n actualizada en Abril de 2024<\/em><\/span><\/p>\n<hr \/>\n<\/td>\n<\/tr>\n<\/tbody>\n<\/table>\n","protected":false},"excerpt":{"rendered":"<p>Cambiar a \u00cdndice de: MATERIAS &#8211; FUENTES AUTORES (sin firma) An\u00f3nimo ACAME \u00abJ. Arias\u00bb Almarza Caballero, Santiago Almarza de Gracia, Vicente Alonso Arriaga, Manuel Andrea y Le\u00f3n Archivo Municipal Arias L\u00f3pez-Loriente, Joaqu\u00edn Arribas Par\u00eds, Jos\u00e9 Manuel Avia Aranda, Jos\u00e9 Manuel Ayuntamiento de Santa Cruz de la Zarza Belmonte Garc\u00eda, Carlos&#8230; <a class=\"continue-reading-link\" href=\"https:\/\/ww2.museosantacruz.org\/?page_id=4076\">Continue reading<\/a><\/p>\n","protected":false},"author":1,"featured_media":0,"parent":0,"menu_order":0,"comment_status":"closed","ping_status":"closed","template":"","meta":{"footnotes":""},"class_list":["post-4076","page","type-page","status-publish","hentry"],"_links":{"self":[{"href":"https:\/\/ww2.museosantacruz.org\/index.php?rest_route=\/wp\/v2\/pages\/4076","targetHints":{"allow":["GET"]}}],"collection":[{"href":"https:\/\/ww2.museosantacruz.org\/index.php?rest_route=\/wp\/v2\/pages"}],"about":[{"href":"https:\/\/ww2.museosantacruz.org\/index.php?rest_route=\/wp\/v2\/types\/page"}],"author":[{"embeddable":true,"href":"https:\/\/ww2.museosantacruz.org\/index.php?rest_route=\/wp\/v2\/users\/1"}],"replies":[{"embeddable":true,"href":"https:\/\/ww2.museosantacruz.org\/index.php?rest_route=%2Fwp%2Fv2%2Fcomments&post=4076"}],"version-history":[{"count":92,"href":"https:\/\/ww2.museosantacruz.org\/index.php?rest_route=\/wp\/v2\/pages\/4076\/revisions"}],"predecessor-version":[{"id":4559,"href":"https:\/\/ww2.museosantacruz.org\/index.php?rest_route=\/wp\/v2\/pages\/4076\/revisions\/4559"}],"wp:attachment":[{"href":"https:\/\/ww2.museosantacruz.org\/index.php?rest_route=%2Fwp%2Fv2%2Fmedia&parent=4076"}],"curies":[{"name":"wp","href":"https:\/\/api.w.org\/{rel}","templated":true}]}}