{"id":715,"date":"2015-03-13T11:11:33","date_gmt":"2015-03-13T11:11:33","guid":{"rendered":"http:\/\/ww2.museosantacruz.org\/?page_id=715"},"modified":"2015-04-28T13:14:06","modified_gmt":"2015-04-28T13:14:06","slug":"la-ensenanza-en-santa-cruz","status":"publish","type":"page","link":"https:\/\/ww2.museosantacruz.org\/?page_id=715","title":{"rendered":"La ense\u00f1anza en Santa Cruz"},"content":{"rendered":"<nav aria-label=\"breadcrumbs\">\n            <div class=\"breadcrumb-container theme4\">\n                <ol>\n                                    <\/ol>\n            <\/div>\n        <\/nav>    <script type=\"application\/ld+json\">\n        {\n            \"@context\": \"http:\/\/schema.org\",\n            \"@type\": \"BreadcrumbList\",\n            \"itemListElement\": [\n                            ]\n        }\n    <\/script>\n    <style type=\"text\/css\">\n        .breadcrumb-container {\n            font-size: 13px;\n        }\n\n        .breadcrumb-container ul {\n            margin: 0;\n            padding: 0;\n        }\n\n        .breadcrumb-container li {\n            box-sizing: unset;\n            display: inline-block;\n            margin: 0;\n            padding: 0;\n        }\n\n        .breadcrumb-container li a {\n            box-sizing: unset;\n            padding: 0 10px;\n        }\n\n        .breadcrumb-container {\n            font-size: 12px !important;\n                    }\n\n        .breadcrumb-container li a {\n            color: #301400 !important;\n            font-size: 12px !important;\n            line-height: 12px !important;\n                    }\n\n        .breadcrumb-container li .separator {\n            color: #000000 !important;\n            font-size: 12px !important;\n                    }\n\n        .breadcrumb-container li:last-child .separator {\n            display: none;\n        }\n    <\/style>\n    <style type=\"text\/css\">\n\n        .breadcrumb-container.theme4 li {\n            display: inline-block;\n            margin: 0 14px;\n            padding: 0;\n        }\n\n        .breadcrumb-container.theme4 a {\n            background: #ddb57a;\n            color: rgb(102, 102, 102);\n            display: inline-block;\n            font-size: 14px;\n            height: 16px;\n            margin: 0;\n            padding: 5px 10px;\n            text-decoration: none;\n            position:relative;\n        }\n\n\n        .breadcrumb-container.theme4 a::after {\n            -moz-border-bottom-colors: none;\n            -moz-border-left-colors: none;\n            -moz-border-right-colors: none;\n            -moz-border-top-colors: none;\n            border-color: rgba(0, 0, 0, 0) rgba(0, 0, 0, 0) rgba(0, 0, 0, 0) #ddb57a;\n            border-image: none;\n            border-style: solid;\n            border-width: 13px;\n            content: \" \";\n            display: inline-block;\n            height: 0;\n            line-height: 0;\n            position: absolute;\n            right: -26px;\n            top: 0;\n            width: 0;\n        }\n\n        .breadcrumb-container.theme4 .separator {\n            display: none;\n        }\n    <\/style>\n        <style type=\"text\/css\">\n        .breadcrumb-container{}\r\n.breadcrumb-container ul{}\r\n.breadcrumb-container li{}\r\n.breadcrumb-container a{}\r\n.breadcrumb-container .separator{}\r\n    <\/style>\n    <script>\n            <\/script>\n\n<h2 style=\"text-align: left;\"><a title=\"Escuela del siglo pasado\" href=\"http:\/\/ww2.museosantacruz.org\/?page_id=28\"><strong>\u00abLa escuela del siglo pasado\u00bb<\/strong><\/a><\/h2>\n<h3 style=\"text-align: center;\"><strong><span style=\"color: #800000;\">ANEXOS<\/span><\/strong><\/h3>\n<p><span style=\"color: #800000;\"><strong>1. Proyecto de construcci\u00f3n de escuelas en el Convento (1910)<a style=\"color: #800000;\" href=\"#_ftn1\" name=\"_ftnref\"><\/a><\/strong><\/span><\/p>\n<div style=\"padding-left: 30px;\" data-canvas-width=\"207.4908\"><em><strong>Los locales de las escuelas p\u00fablicas de esta Villa, tres de ellos por lo menos, tienen muy malas condiciones higi\u00e9nicas y pedag\u00f3gica<\/strong>s : los que est\u00e1n situados en la Plaza son <strong>estrechos, h\u00famedos, mal sanos y peque\u00f1os<\/strong> para contener el crecido n\u00famero de ni\u00f1os que concurren la mayor parte del a\u00f1o; y el que se halla en el P\u00f3sito tiene un mach\u00f3n o columna prism\u00e1tica en el centro, de tan grandes dimensiones que estorba la vigilancia del Profesor a los ni\u00f1os que se ocultan tras de ella, adem\u00e1s de quitar luz y afear bastante el peque\u00f1o sal\u00f3n de clase.<\/em><\/div>\n<div style=\"padding-left: 60px;\" data-canvas-width=\"207.4908\"><em>\u00a0<\/em><\/div>\n<div style=\"padding-left: 30px;\" data-canvas-width=\"207.4908\"><em>Varias veces se ha pensado poner remedio a esta necesidad que siente el pueblo, destinando los fondos sobrantes del Municipio a la construcci\u00f3n de nuevos locales de escuela; pero unas veces por incuria y otras por diversidad de pareceres, ha transcurrido el tiempo y nuestros peque\u00f1os sucesores est\u00e1n condenados a pasar seis horas diarias reclu\u00eddos en unos antros mef\u00edticos. Expuestos al raquitismo y a contraer enfermedades que pueden tener desenlaces funestos.<\/em><\/div>\n<div style=\"padding-left: 60px;\" data-canvas-width=\"207.4908\"><em>\u00a0<\/em><\/div>\n<div style=\"padding-left: 30px;\" data-canvas-width=\"207.4908\"><em>Las personalidades que hoy tan dignamente llevan la representaci\u00f3n de la localidad, est\u00e1n inclinadas a emprender la importante mejora que nos ocupa; por eso el que suscribe, como Maestro y padre de familia, tiene el honor de someter a la consideraci\u00f3n del Ayuntamiento este Proyecto de nuevos locales de escuelas, por si en algo puede ilustrar y facilitar su pronta realizaci\u00f3n&#8230;<\/em><\/div>\n<p style=\"text-align: right; padding-left: 30px;\"><em>Santa Cruz de la Zarza, 23 de Abril de 1.900<\/em><br \/>\n<em> Pedro Bueno (Maestro de Obras)<\/em><\/p>\n<p style=\"text-align: center;\"><strong>Este Proyecto no lleg\u00f3 a realizarse<\/strong>. Ver el <strong><a href=\"http:\/\/www.museosantacruz.org\/Archivo\/Prg_SCruz_1996_01_10.pdf\" target=\"_blank\">documento completo<\/a><\/strong>.<\/p>\n<p>Publicado por el Archivo Municipal de Santa Cruz de la Zarza en el <span style=\"text-decoration: underline;\">Programa de Fiestas de 1996<\/span>, p\u00e1g. 69.<\/p>\n<p style=\"text-align: left;\">Extra\u00eddo del Archivo Digital de ACAME: <a href=\"http:\/\/www.museosantacruz.org\/Archivo\/Prg_SCruz_1996_01_10.pdf\" target=\"_blank\">http:\/\/www.museosantacruz.org\/Archivo\/Prg_SCruz_1996_01_10.pdf<\/a><\/p>\n<hr \/>\n<p><span style=\"color: #800000;\"><strong>2. Informe del Inspector de Sanidad (1916)<a style=\"color: #800000;\" href=\"#_ftn1\" name=\"_ftnref\"><\/a><\/strong><\/span><\/p>\n<p style=\"padding-left: 30px;\"><em><strong>ESCUELAS DE NI\u00d1AS<\/strong>: El sal\u00f3n del piso bajo es de regulares condiciones tiene tres ventanas sin ventiladores y una puerta a la plaza de la Constituci\u00f3n y <strong>carece de retrete<\/strong>. No existen carteles de asuntos de higiene. La sala del piso alto de la misma casa est\u00e1 en regular estado y tiene piso de madera, tres balcones a la misma plaza, puerta a una <strong>calleja muy sucia y un corralillo inmundo lleno de esti\u00e9rcol careciendo as\u00ed mismo de ventiladores y de retrete.<\/strong><\/em><\/p>\n<p style=\"padding-left: 30px;\"><em><strong>ESCUELAS DE NI\u00d1OS<\/strong>: Est\u00e1 instalada en piso bajo, en un sal\u00f3n abovedado muy antiguo con puerta a un zagu\u00e1n y cuatro ventanas (sin ventiladores) suelo de ladrillo en mal estado con <strong>un corral lleno de esti\u00e9rcol, y un retrete<\/strong>. Las ventanas abren a una calle y al precitado corral. El sal\u00f3n carece de luz y se encuentra en regular estado de <strong>limpieza<\/strong>. En el piso alto hay sin habilitar, no obstante est\u00e1 terminado para escuela un amplio y excelente sal\u00f3n, en muy buen estado con sus grandes ventanas. (sin ventiladores en los cristales) que dan al corral del piso bajo, suelo de losetas y tarima de madera para el maestro. Este local tiene mucha luz y ventilaci\u00f3n.<\/em><\/p>\n<p style=\"padding-left: 30px;\"><em>Todas las anteriores escuelas carecen de una habitaci\u00f3n que sirva para guardar las gorras de los alumnos que a ellas concurran. <strong>Beben en cada escuela en un solo jarrito, el agua que tienen en una tinaja.<\/strong><\/em><\/p>\n<p style=\"padding-left: 30px;\"><em>La sociedad titulada <strong>\u00abLa Filantr\u00f3pica Popular<\/strong>\u00bb ha instalado una escuela para los hijos de los socios. Consta de un sal\u00f3n con puerta al frente que da directamente a la calle, tres ventanas a cada lado y piso de mosaico. Es algo oscuro pero est\u00e1 en buen estado. Falta habitaci\u00f3n guardarropa, ventiladores, escupideras y cuadro de asuntos higi\u00e9nico<\/em><\/p>\n<p style=\"text-align: right;\"><em>TOLEDO, 25 de Enero de 1.916<\/em><br \/>\n<em> El Inspector Provincial de Sanidad<\/em><br \/>\n<em> Carlos Ferrand L\u00f3pez<\/em><\/p>\n<p style=\"text-align: left;\">Publicado por el Archivo Municipal de Santa Cruz de la Zarza en el <span style=\"text-decoration: underline;\">Programa de Fiestas de 1991<\/span>, p\u00e1gs. 81-82.<br \/>\nExtra\u00eddo del Archivo Digital de ACAME: <a href=\"http:\/\/www.museosantacruz.org\/Archivo\/Prg_SCruz_1991_01_17.pdf\">http:\/\/www.museosantacruz.org\/Archivo\/Prg_SCruz_1991_01_17.pdf<\/a><\/p>\n<hr \/>\n<p><span style=\"color: #800000;\"><strong>3. Un siglo en la ense\u00f1anza de nuestro pueblo (extracto)<\/strong><\/span><span style=\"color: #800000;\"><strong><a style=\"color: #800000;\" href=\"#_ftn1\" name=\"_ftnref\"><\/a><\/strong><\/span><\/p>\n<p style=\"padding-left: 30px;\">Desde 1900 la ense\u00f1anza escolar en el Municipio ha sufrido distintas visicitudes. Y han sido diversos los emplazamientos de los inmuebles destinados a la ense\u00f1anza de nuestros j\u00f3venes.<\/p>\n<p style=\"padding-left: 30px;\">A principios de siglo las escuelas estuvieron situadas, primero en la Plaza de la Constituci\u00f3n de la Localidad, concretamente en los bajos del edificio donde actualmente reside la Casa Consistorial, para posteriormente ser trasladadas al inmueble de la Subida a Santiago, y en el edificio del P\u00f3sito situado en la calle Mayor, que juntos compon\u00edan el cuadro de edificios destinados a escuelas p\u00fablicas.<\/p>\n<p style=\"padding-left: 30px;\">Durante este per\u00edodo, y a pesar del esfuerzo desarrollado por el Municipio, que tuvo que proceder a alquilar en alg\u00fan caso inmuebles donde emplazar tanto las escuelas como las propias viviendas de los maestros, las circunstancias hist\u00f3ricas y culturales impidieron proporcionar a los alumnos las condiciones y la preparaci\u00f3n que la sociedad demandaba.<\/p>\n<p style=\"padding-left: 30px;\">Hacia los a\u00f1os 50 y despu\u00e9s tuvimos escuela en Santa Cruz de car\u00e1cter privado, siendo regida por el patronazgo de la Iglesia Cat\u00f3lica. Localizada \u00e9sta en la calle Joaqu\u00edn de Silva y los edificios de las calles subida a Santiago, (antiguo front\u00f3n), Calle del Convento y Calle Mayor, albergaban tres escuelas parroquiales cuya administraci\u00f3n depend\u00eda exclusivamente de personal civil no funcionario, desarrollando una labor pedag\u00f3gica en condiciones de habitabilidad y espacio, concordantes con la \u00e9poca, pero nada id\u00f3neas. Los ni\u00f1os asist\u00edan a clases soportando incomodidades que se sumaban a aquellas que ten\u00edan por la condici\u00f3n humilde de sus familias.<\/p>\n<div id=\"attachment_718\" style=\"width: 310px\" class=\"wp-caption alignright\"><a href=\"http:\/\/ww2.museosantacruz.org\/?attachment_id=718\"><img loading=\"lazy\" decoding=\"async\" aria-describedby=\"caption-attachment-718\" class=\"wp-image-718 size-medium\" title=\"Maestro D. Victor Haro 1\u00aa Fila de pie: Juli\u00e1n Zacarias; C\u00e1ndido Hij\u00f3n \u00abAgujetillas\u00bb Luis Vindel: \u00abJaro\u00bb C\u00e1mara; Eugenio \u00abel Curro\u00bb; Jes\u00fas Can\u00f3vas; Clemencio Peinado; Manuel Trigo \u00abCulo Choto\u00bb; Enrique del Rey; Jer\u00f3nimo Escamilla. 2'Fila: Angel \u00abCangrena\u00bb; Felipe \u00abel Chato\u00bb; Paco \u00abMochuelo\u00bb; Enrique \u00abCalamaco\u00bb; Robustiano; Juli\u00e1n \u00abConejo\u00bb; Miguel \u00abSartenilla\u00bb; Miguel \u00abConejo\u00bb. Sentados:Juli\u00e1n \u00abCirilin\u00bb: Santiago \u00abel Churrero\u00bb; Pepe \u00abPichaldo\u00bb;Juli\u00e1n \u00abTrompetilla\u00bb, Teo C\u00e1mara; Felipe \u00abPesu\u00f1a\u00bb, Felipe \u00abChamorro\u00bb; \u00abMellizos Zacarias\u00bb, Cesareo \u00abEl del Hotel\u00bb; Federico Medina; Pedro \u00abRo\u00f1as\u00bb\" src=\"http:\/\/ww2.museosantacruz.org\/wp-content\/uploads\/2015\/03\/Don_Victor_Haro_1950-300x196.jpg\" alt=\"D. V\u00edctor Haro Torres con sus alumnos (ca. 1950)\" width=\"300\" height=\"196\" srcset=\"https:\/\/ww2.museosantacruz.org\/wp-content\/uploads\/2015\/03\/Don_Victor_Haro_1950-300x196.jpg 300w, https:\/\/ww2.museosantacruz.org\/wp-content\/uploads\/2015\/03\/Don_Victor_Haro_1950.jpg 992w\" sizes=\"auto, (max-width: 300px) 100vw, 300px\" \/><\/a><p id=\"caption-attachment-718\" class=\"wp-caption-text\">D. V\u00edctor Haro Torres con sus alumnos (ca. 1950).<\/p><\/div>\n<p style=\"padding-left: 30px;\">Fue en la d\u00e9cada de los 60 siendo Alcalde-Presidente, D. Jos\u00e9 Sierra Moreno, cuando nuestro pueblo inaugura un edificio nuevo ubicado en la calle de su nombre donde actualmente se siguen impartiendo clases a 100 alumnos.<\/p>\n<p style=\"padding-left: 30px;\">En los a\u00f1os 70 se produce una situaci\u00f3n lamentable del mantenimiento de los edificios p\u00fablicos destinados por el municipio a la ense\u00f1anza, este estado de cosas obliga a las autoridades de entonces, alquilar casas particulares para impartir clases, ni los sitios eran los m\u00e1s adecuados ni los inmuebles reun\u00edan las m\u00ednimas condiciones de salubridad y seguridad.<\/p>\n<p style=\"padding-left: 30px;\">Esta situaci\u00f3n dura al menos una d\u00e9cada, hasta la entrada en funcionamiento del primer m\u00f3dulo del colegio en la CI. Velsinia, a\u00f1o 1982.[\u2026]<\/p>\n<p style=\"padding-left: 30px;\">El contenido y la eficacia de la labor pedag\u00f3gica desarrollada durante este siglo ha sufrido una evoluci\u00f3n muy similar a la experimentada por los edificios en los que tal labor se ha desarrollado.<\/p>\n<p style=\"padding-left: 30px;\">De una ense\u00f1anza basada fundamentalmente en las conocidas enciclopedias de Alvarez y Faro a las que acompa\u00f1aban los contenidos espirituales recogidos en el catecismo del padre Ripalda; durante todos estos a\u00f1os hemos tenido la enorme suerte de contar con profesores de la talla de D. Eduardo Palomo, D. Gerardo Borrego, D. Pedro Rivera y D. V\u00edctor Haro, entre otros, que con su esp\u00edritu de sacrificio y sin apenas medios consiguieron elevar el nivel Educativo de nuestro pueblo [&#8230;].<\/p>\n<p style=\"text-align: right;\">Concejal\u00eda de Educaci\u00f3n<\/p>\n<p><a href=\"#_ftnref\" name=\"_ftn1\"><\/a>Publicado por la Concejal\u00eda de Educaci\u00f3n en el <span style=\"text-decoration: underline;\">Programa de Fiestas de 1992<\/span>, p\u00e1gs. 68 y sigs.<\/p>\n<p>Extra\u00eddo del Archivo Digital de ACAME: <a href=\"http:\/\/www.museosantacruz.org\/Archivo\/Prg_SCruz_1992_01_18.pdf\">http:\/\/www.museosantacruz.org\/Archivo\/Prg_SCruz_1992_01_18.pdf<\/a><\/p>\n","protected":false},"excerpt":{"rendered":"<p>\u00abLa escuela del siglo pasado\u00bb ANEXOS 1. Proyecto de construcci\u00f3n de escuelas en el Convento (1910) Los locales de las escuelas p\u00fablicas de esta Villa, tres de ellos por lo menos, tienen muy malas condiciones higi\u00e9nicas y pedag\u00f3gicas : los que est\u00e1n situados en la Plaza son estrechos, h\u00famedos, mal&#8230; <a class=\"continue-reading-link\" href=\"https:\/\/ww2.museosantacruz.org\/?page_id=715\">Continue reading<\/a><\/p>\n","protected":false},"author":1,"featured_media":0,"parent":28,"menu_order":2,"comment_status":"open","ping_status":"open","template":"template-full-width.php","meta":{"footnotes":""},"class_list":["post-715","page","type-page","status-publish","hentry"],"_links":{"self":[{"href":"https:\/\/ww2.museosantacruz.org\/index.php?rest_route=\/wp\/v2\/pages\/715","targetHints":{"allow":["GET"]}}],"collection":[{"href":"https:\/\/ww2.museosantacruz.org\/index.php?rest_route=\/wp\/v2\/pages"}],"about":[{"href":"https:\/\/ww2.museosantacruz.org\/index.php?rest_route=\/wp\/v2\/types\/page"}],"author":[{"embeddable":true,"href":"https:\/\/ww2.museosantacruz.org\/index.php?rest_route=\/wp\/v2\/users\/1"}],"replies":[{"embeddable":true,"href":"https:\/\/ww2.museosantacruz.org\/index.php?rest_route=%2Fwp%2Fv2%2Fcomments&post=715"}],"version-history":[{"count":17,"href":"https:\/\/ww2.museosantacruz.org\/index.php?rest_route=\/wp\/v2\/pages\/715\/revisions"}],"predecessor-version":[{"id":1661,"href":"https:\/\/ww2.museosantacruz.org\/index.php?rest_route=\/wp\/v2\/pages\/715\/revisions\/1661"}],"up":[{"embeddable":true,"href":"https:\/\/ww2.museosantacruz.org\/index.php?rest_route=\/wp\/v2\/pages\/28"}],"wp:attachment":[{"href":"https:\/\/ww2.museosantacruz.org\/index.php?rest_route=%2Fwp%2Fv2%2Fmedia&parent=715"}],"curies":[{"name":"wp","href":"https:\/\/api.w.org\/{rel}","templated":true}]}}