{"id":772,"date":"2015-03-16T15:54:41","date_gmt":"2015-03-16T15:54:41","guid":{"rendered":"http:\/\/ww2.museosantacruz.org\/?page_id=772"},"modified":"2024-03-22T18:45:59","modified_gmt":"2024-03-22T19:45:59","slug":"archivo-de-musica-2","status":"publish","type":"page","link":"https:\/\/ww2.museosantacruz.org\/?page_id=772","title":{"rendered":"M\u00fasica"},"content":{"rendered":"<p><img loading=\"lazy\" decoding=\"async\" class=\" wp-image-1095 alignright\" src=\"http:\/\/ww2.museosantacruz.org\/wp-content\/uploads\/2015\/04\/mayos_antiguos.jpg\" alt=\"Rondalla de Mayos\" width=\"299\" height=\"240\" srcset=\"https:\/\/ww2.museosantacruz.org\/wp-content\/uploads\/2015\/04\/mayos_antiguos.jpg 376w, https:\/\/ww2.museosantacruz.org\/wp-content\/uploads\/2015\/04\/mayos_antiguos-300x241.jpg 300w\" sizes=\"auto, (max-width: 299px) 100vw, 299px\" \/><\/p>\n<h4>M\u00fasica tradicional (folclore)<\/h4>\n<p>El patrimonio folcl\u00f3rico y musical de Santa Cruz, que habitualmente se define como inequ\u00edvocamente <strong><em>manchego<\/em><\/strong>, presenta sin embargo claras influencias de las comarcas vecinas -la Alcarria, la Jara, la Sagra y la Serran\u00eda de Cuenca-, con las que comparte algunas tradiciones y formas de expresi\u00f3n.<\/p>\n<p>Los ritmos y composiciones m\u00e1s conocidas y difundidas en nuestro pueblo y comarca son, por supuesto, las <strong>jotas<\/strong> y las <strong>seguidillas<\/strong>, predominio que actualmente se explica, entre otras razones, porque ambas formas musicales han sido las m\u00e1s desarrolladas desde el punto de vista musical y coreogr\u00e1fico y tambi\u00e9n las m\u00e1s interpretadas por los grupos folcl\u00f3ricos del pueblo. Y, junto a la jota y la seguidilla, ocupan un lugar especial los <strong>mayos<\/strong>, centro de una celebraci\u00f3n anual que contin\u00faa teniendo la misma vitalidad y vigencia que en el pasado, a pesar de algunos cambios formales, especialmente en lo que se refiere a la institucionalizaci\u00f3n de la fiesta y a la participaci\u00f3n colectiva.<\/p>\n<p style=\"text-align: left;\">Pero existen otras m\u00fasicas que forman parte de nuestro patrimonio, como, por ejemplo, la <span style=\"color: #800000;\"><strong>Salve<\/strong><\/span>, atribuida al compositor de zarzuelas <strong>Francisco Asenjo Barbieri<\/strong> (Madrid, 3 de agosto de 1823 &#8211; 19 de febrero de 1894), quien estudi\u00f3 en el Convento de Trinitarios de Santa Cruz como alumno interno. La grabaci\u00f3n que presentamos (13\/05\/2023) est\u00e1 interpretada por la Banda de M\u00fasica la Filarm\u00f3nica, con letra en lat\u00edn:<\/p>\n<p style=\"text-align: left; padding-left: 160px;\"><em><span dir=\"ltr\" role=\"presentation\">Salve, Regina, mater misericordi\u00e6:<\/span><\/em><br role=\"presentation\" \/><em><span dir=\"ltr\" role=\"presentation\">Vita, dulcedo, et spes nostra, salve.<\/span><\/em><br role=\"presentation\" \/><em><span dir=\"ltr\" role=\"presentation\">Ad te clamamus, exsules, filii Evae.<\/span><\/em><br role=\"presentation\" \/><em><span dir=\"ltr\" role=\"presentation\">Ad te suspiramus, gementes et flentes<\/span><\/em><br role=\"presentation\" \/><em><span dir=\"ltr\" role=\"presentation\">in hac lacrimarum valle.<\/span><\/em><br role=\"presentation\" \/><em><span dir=\"ltr\" role=\"presentation\">Eia ergo, Advocata nostra,<\/span><\/em><br role=\"presentation\" \/><em><span dir=\"ltr\" role=\"presentation\">illos tuos misericordes oculos ad nos converte.<\/span><\/em><br role=\"presentation\" \/><em><span dir=\"ltr\" role=\"presentation\">Et Jesum, benedictum fructum ventris tui,<\/span><\/em><br role=\"presentation\" \/><em><span dir=\"ltr\" role=\"presentation\">nobis post hoc exsilium ostende.<\/span><\/em><br role=\"presentation\" \/><em><span dir=\"ltr\" role=\"presentation\">O clemens, O pia, O dulcis Virgo Maria<\/span><\/em><\/p>\n<!--[if lt IE 9]><script>document.createElement('audio');<\/script><![endif]-->\n<audio class=\"wp-audio-shortcode\" id=\"audio-772-1\" preload=\"metadata\" style=\"width: 100%;\" controls=\"controls\"><source type=\"audio\/mpeg\" src=\"https:\/\/ww2.museosantacruz.org\/wp-content\/uploads\/2023\/05\/salve_01.mp3?_=1\" \/><a href=\"https:\/\/ww2.museosantacruz.org\/wp-content\/uploads\/2023\/05\/salve_01.mp3\">https:\/\/ww2.museosantacruz.org\/wp-content\/uploads\/2023\/05\/salve_01.mp3<\/a><\/audio>\n<p>Y tambi\u00e9n otras m\u00fasicas muy nuestras aunque mucho menos conocidas, que se encuentran pr\u00e1cticamente extinguidas en la actualidad. La causa de su desaparici\u00f3n habr\u00eda que buscarla en los profundos cambios sociales y de estilo de vida que tuvieron lugar a partir de los a\u00f1os 70-80 del siglo pasado.<\/p>\n<p>Sin pretender hacer una clasificaci\u00f3n exhaustiva y rigurosa de las <strong>m\u00fasicas y bailes<\/strong> de Santa Cruz, presentamos aqu\u00ed una selecci\u00f3n de algunas de ellas, que hemos agrupado atendiendo a algunas de sus caracter\u00edsticas.<\/p>\n<h4><span style=\"color: #800000;\">M\u00fasica de baile<\/span><\/h4>\n<h4 style=\"padding-left: 30px;\"><span style=\"color: #800000;\">Jotas<\/span><\/h4>\n<p style=\"padding-left: 30px;\"><a href=\"http:\/\/ww2.museosantacruz.org\/wp-content\/uploads\/2015\/04\/Captura-de-pantalla-2015-03-30-a-las-00.03.07.png\"><img loading=\"lazy\" decoding=\"async\" class=\"alignright size-medium wp-image-1153\" src=\"http:\/\/ww2.museosantacruz.org\/wp-content\/uploads\/2015\/04\/Captura-de-pantalla-2015-03-30-a-las-00.03.07-300x150.png\" alt=\"Captura de pantalla 2015-03-30 a las 00.03.07\" width=\"300\" height=\"150\" srcset=\"https:\/\/ww2.museosantacruz.org\/wp-content\/uploads\/2015\/04\/Captura-de-pantalla-2015-03-30-a-las-00.03.07-300x150.png 300w, https:\/\/ww2.museosantacruz.org\/wp-content\/uploads\/2015\/04\/Captura-de-pantalla-2015-03-30-a-las-00.03.07.png 1021w\" sizes=\"auto, (max-width: 300px) 100vw, 300px\" \/><\/a>M\u00fasica de baile muy popular en gran parte de Espa\u00f1a, con muchas variantes en cuanto al br\u00edo, velocidad e intensidad r\u00edtmica y de baile. En la actualidad, las jotas de Santa Cruz se ejecutan sobre todo con un arreglo instrumental y vocal, con acompa\u00f1amiento de guitarras, la\u00fades, bandurrias y pecusi\u00f3n (casta\u00f1uelas). En su origen y en su forma m\u00e1s popular se cantaban exclusivamente con acompa\u00f1amiento de percusi\u00f3n de panderos, panderetas, botella de an\u00eds, etc.,. Las coplas suelen ser cantadas por un solista, mientras que el estribillo es coral.<\/p>\n<p style=\"padding-left: 30px;\">Las letras m\u00e1s \u00aboficiales\u00bb y repetidas de la jota de Santa Cruz suelen aludir a las bondades de nuestro pueblo, a sus mujeres, a la invitaci\u00f3n al baile, etc.,. Las letras m\u00e1s populares, en cambio, -las que no suelen presentarse en espect\u00e1culos p\u00fablicos, festivales, etc.,.- abordan otros temas m\u00e1s prosaicos, a veces sat\u00edricos, p\u00edcaros y \u00abpicantes\u00bb, recurriendo a sobreentendidos, met\u00e1foras y juegos con palabras de doble significado. En este tipo de jotas es frecuente el \u00abpique\u00bb entre los solistas.<\/p>\n<p style=\"padding-left: 40px;\">De las jotas de Santa Cruz, las m\u00e1s conocidas son la \u00abJota del uno\u00bb, la \u00abJota del pandero\u00bb y la \u00abJota del aire\u00bb. La primera que ponemos procede de una <strong>grabaci\u00f3n de ACAME<\/strong> (Dionisio), el 15 de Noviembre de 1998 (<em>\u201cPuches en la port\u00e1 de Dioni\u201d<\/em>), con las voces de: Juan Escamilla, Juliana <em>la Monaga<\/em>, Jero <em>el M\u00f3nico<\/em>, Dorote <em>el Hornero. <\/em>Bandurrias, la\u00fades y guitarras: Antonio Loriente, Jose<em> el Sereno<\/em>, Pedro <em>Pedrules<\/em>, Jose <em>el Pesca<\/em>, Antonio <em>Mill\u00f3n. <\/em>Las siguientes son grabaciones de la Rondalla de Santa Cruz (1983)<em><br \/>\n<\/em><\/p>\n<audio class=\"wp-audio-shortcode\" id=\"audio-772-2\" preload=\"metadata\" style=\"width: 100%;\" controls=\"controls\"><source type=\"audio\/mpeg\" src=\"http:\/\/ww2.museosantacruz.org\/wp-content\/uploads\/2015\/03\/Jota.mp3?_=2\" \/><a href=\"http:\/\/ww2.museosantacruz.org\/wp-content\/uploads\/2015\/03\/Jota.mp3\">http:\/\/ww2.museosantacruz.org\/wp-content\/uploads\/2015\/03\/Jota.mp3<\/a><\/audio>\n<p style=\"padding-left: 40px;\"><span style=\"color: #800000;\"><strong>Jota del uno<\/strong><\/span><\/p>\n<audio class=\"wp-audio-shortcode\" id=\"audio-772-3\" preload=\"metadata\" style=\"width: 100%;\" controls=\"controls\"><source type=\"audio\/mpeg\" src=\"https:\/\/ww2.museosantacruz.org\/wp-content\/uploads\/2023\/05\/03-jota-del-uno.mp3?_=3\" \/><a href=\"https:\/\/ww2.museosantacruz.org\/wp-content\/uploads\/2023\/05\/03-jota-del-uno.mp3\">https:\/\/ww2.museosantacruz.org\/wp-content\/uploads\/2023\/05\/03-jota-del-uno.mp3<\/a><\/audio>\n<p style=\"padding-left: 40px;\"><strong><span style=\"color: #800000;\">Jota de Santa Cruz<\/span><\/strong><\/p>\n<audio class=\"wp-audio-shortcode\" id=\"audio-772-4\" preload=\"metadata\" style=\"width: 100%;\" controls=\"controls\"><source type=\"audio\/mpeg\" src=\"https:\/\/ww2.museosantacruz.org\/wp-content\/uploads\/2023\/05\/06-jota-de-santa-cruz.mp3?_=4\" \/><a href=\"https:\/\/ww2.museosantacruz.org\/wp-content\/uploads\/2023\/05\/06-jota-de-santa-cruz.mp3\">https:\/\/ww2.museosantacruz.org\/wp-content\/uploads\/2023\/05\/06-jota-de-santa-cruz.mp3<\/a><\/audio>\n<h4><span style=\"color: #800000;\"><strong>A todo esto, \u00bfc\u00f3mo se baila la jota?<\/strong><\/span><br \/>\nPor ejemplo as\u00ed&#8230;<br \/>\nUn maravilla de jota en el patio de C\u00e9zar (1979), a ritmo de panderos. Con el t\u00edo Jero el <em>M\u00f3nico<\/em>, Concha la <em>Coraza<\/em>, las Ray\u00e1s, Ino la <em>Calabaza<\/em> y Mercedes la <em>Borracha<\/em>.<br \/>\nGrabaci\u00f3n del programa \u00abRa\u00edces\u00bb (Manuel Garrido) de TVE y emitido en julio de 1979.<\/h4>\n<div style=\"width: 820px;\" class=\"wp-video\"><!--[if lt IE 9]><script>document.createElement('video');<\/script><![endif]-->\n<video class=\"wp-video-shortcode\" id=\"video-772-1\" width=\"820\" height=\"602\" preload=\"metadata\" controls=\"controls\"><source type=\"video\/mp4\" src=\"https:\/\/ww2.museosantacruz.org\/wp-content\/uploads\/2023\/09\/jota075.mp4?_=1\" \/><a href=\"https:\/\/ww2.museosantacruz.org\/wp-content\/uploads\/2023\/09\/jota075.mp4\">https:\/\/ww2.museosantacruz.org\/wp-content\/uploads\/2023\/09\/jota075.mp4<\/a><\/video><\/div>\n<h4 style=\"padding-left: 30px;\"><span style=\"color: #800000;\">Seguidillas<\/span><\/h4>\n<p style=\"padding-left: 30px;\">Es una m\u00fasica de baile originaria de la zona central de Espa\u00f1a, con diferentes variantes, emparentada con la <em>siguiriya<\/em> andaluza. La seguidilla manchega, al igual que la madrile\u00f1a, incluye una introducci\u00f3n instrumental que se repite entre la estrofa y el estribillo. Aqu\u00ed presentamos tres versiones:<\/p>\n<p style=\"padding-left: 30px;\"><strong><span style=\"color: #800000;\">Rondalla de la Cruz (1968)<\/span><\/strong><\/p>\n<audio class=\"wp-audio-shortcode\" id=\"audio-772-5\" preload=\"none\" style=\"width: 100%;\" controls=\"controls\"><source type=\"audio\/mpeg\" src=\"http:\/\/ww2.museosantacruz.org\/wp-content\/uploads\/2015\/03\/Seguidillas.mp3?_=5\" \/><a href=\"http:\/\/ww2.museosantacruz.org\/wp-content\/uploads\/2015\/03\/Seguidillas.mp3\">http:\/\/ww2.museosantacruz.org\/wp-content\/uploads\/2015\/03\/Seguidillas.mp3<\/a><\/audio>\n<p style=\"padding-left: 40px;\"><span style=\"color: #800000;\"><strong>Rondalla de la Cruz (1983), con <em>tempo<\/em> m\u00e1s lento<\/strong><\/span><\/p>\n<audio class=\"wp-audio-shortcode\" id=\"audio-772-6\" preload=\"none\" style=\"width: 100%;\" controls=\"controls\"><source type=\"audio\/mpeg\" src=\"https:\/\/ww2.museosantacruz.org\/wp-content\/uploads\/2023\/05\/01-seguidillas-de-santa-cruz-recop-mercedes.mp3?_=6\" \/><a href=\"https:\/\/ww2.museosantacruz.org\/wp-content\/uploads\/2023\/05\/01-seguidillas-de-santa-cruz-recop-mercedes.mp3\">https:\/\/ww2.museosantacruz.org\/wp-content\/uploads\/2023\/05\/01-seguidillas-de-santa-cruz-recop-mercedes.mp3<\/a><\/audio>\n<p style=\"padding-left: 40px;\"><strong><span style=\"color: #800000;\">El Nuevo Mester de Juglar\u00eda<\/span><\/strong><\/p>\n<audio class=\"wp-audio-shortcode\" id=\"audio-772-7\" preload=\"none\" style=\"width: 100%;\" controls=\"controls\"><source type=\"audio\/mpeg\" src=\"http:\/\/ww2.museosantacruz.org\/wp-content\/uploads\/2015\/03\/Seguidillas-de-Santa-Cruz.mp3?_=7\" \/><a href=\"http:\/\/ww2.museosantacruz.org\/wp-content\/uploads\/2015\/03\/Seguidillas-de-Santa-Cruz.mp3\">http:\/\/ww2.museosantacruz.org\/wp-content\/uploads\/2015\/03\/Seguidillas-de-Santa-Cruz.mp3<\/a><\/audio>\n<h4><span style=\"color: #800000;\">Canciones de ronda: los mayos (ver m\u00e1s en: <a title=\"Los Mayos\" href=\"http:\/\/ww2.museosantacruz.org\/?page_id=1300\">\u00abLos Mayos\u00bb<\/a>)<br \/>\n<\/span><\/h4>\n<p><strong><span style=\"color: #800000;\">Rondalla de la Cruz (1968)<\/span><\/strong><\/p>\n<audio class=\"wp-audio-shortcode\" id=\"audio-772-8\" preload=\"metadata\" style=\"width: 100%;\" controls=\"controls\"><source type=\"audio\/mpeg\" src=\"http:\/\/ww2.museosantacruz.org\/wp-content\/uploads\/2015\/03\/B5-Mayos.mp3?_=8\" \/><a href=\"http:\/\/ww2.museosantacruz.org\/wp-content\/uploads\/2015\/03\/B5-Mayos.mp3\">http:\/\/ww2.museosantacruz.org\/wp-content\/uploads\/2015\/03\/B5-Mayos.mp3<\/a><\/audio>\n<p><strong><span style=\"color: #800000;\">Rondalla de la Cruz (1983)<\/span><\/strong><\/p>\n<audio class=\"wp-audio-shortcode\" id=\"audio-772-9\" preload=\"metadata\" style=\"width: 100%;\" controls=\"controls\"><source type=\"audio\/mpeg\" src=\"https:\/\/ww2.museosantacruz.org\/wp-content\/uploads\/2023\/05\/09-mayos.mp3?_=9\" \/><a href=\"https:\/\/ww2.museosantacruz.org\/wp-content\/uploads\/2023\/05\/09-mayos.mp3\">https:\/\/ww2.museosantacruz.org\/wp-content\/uploads\/2023\/05\/09-mayos.mp3<\/a><\/audio>\n<h4><span style=\"color: #800000;\">Canciones de faena<br \/>\n<\/span><\/h4>\n<p>Por \u00abcanciones de labor o faena\u00bb se entiende las que cantaban los labradores en sus faenas en el campo (siembra, siega, trilla, etc.,.) para distraerse y hacer m\u00e1s llevadero el trabajo, al igual que suced\u00eda en otros oficios (cante de los mineros, martinetes de los herreros, etc.,.). Son exclusivamente vocales, con ritmo pausado y, a veces, con acompa\u00f1amiento de los instrumentos de trabajo. Actualmente es un g\u00e9nero muy poco conocido y casi desaparecido en la mayor\u00eda de los pueblos.<\/p>\n<h4 style=\"padding-left: 30px;\"><span style=\"color: #800000;\">Labradoras<\/span><\/h4>\n<p style=\"padding-left: 30px;\">Las labradoras de Santa Cruz son, principalmente, canciones \u00abde arar\u00bb, de aire aflamencado. Se incluye aqu\u00ed una leve recopilaci\u00f3n de la <strong>grabaci\u00f3n de ACAME<\/strong>, con las voces de Juan Escamilla, Jero <em>el M\u00f3nico<\/em> y Dorote <em>el Hornero<\/em> y la percusi\u00f3n (cascabeles) de Joaqu\u00edn Arias.<\/p>\n<audio class=\"wp-audio-shortcode\" id=\"audio-772-10\" preload=\"none\" style=\"width: 100%;\" controls=\"controls\"><source type=\"audio\/mpeg\" src=\"http:\/\/ww2.museosantacruz.org\/wp-content\/uploads\/2015\/03\/Labradoras.mp3?_=10\" \/><a href=\"http:\/\/ww2.museosantacruz.org\/wp-content\/uploads\/2015\/03\/Labradoras.mp3\">http:\/\/ww2.museosantacruz.org\/wp-content\/uploads\/2015\/03\/Labradoras.mp3<\/a><\/audio>\n<p style=\"padding-left: 30px;\"><strong><span style=\"color: #800000;\">Labradora-fandango<\/span><\/strong><\/p>\n<audio class=\"wp-audio-shortcode\" id=\"audio-772-11\" preload=\"none\" style=\"width: 100%;\" controls=\"controls\"><source type=\"audio\/mpeg\" src=\"http:\/\/ww2.museosantacruz.org\/wp-content\/uploads\/2015\/03\/Fandango.mp3?_=11\" \/><a href=\"http:\/\/ww2.museosantacruz.org\/wp-content\/uploads\/2015\/03\/Fandango.mp3\">http:\/\/ww2.museosantacruz.org\/wp-content\/uploads\/2015\/03\/Fandango.mp3<\/a><\/audio>\n<h4 style=\"padding-left: 30px;\"><span style=\"color: #800000;\">Canciones de cosecha: \u00ablas escardadoras\u00bb (o vendimiadoras)<\/span><\/h4>\n<p style=\"padding-left: 30px;\">Las grabaciones que presentamos aqu\u00ed corresponden a \u00abLas escardadoras\u00bb, en dos versiones, una interpretada por la Rondalla de la Cruz y la otra, de la <strong>grabaci\u00f3n de ACAME<\/strong><br \/>\nNo es propiamente una \u00abcanci\u00f3n de labor\u00bb, ya que se trata de las coplas que cantaban las mujeres al regresar del campo; el ritmo es de seguidilla.<\/p>\n<p style=\"padding-left: 40px;\"><strong><span style=\"color: #800000;\">Rondalla de la Cruz (sin fecha)<\/span><\/strong><\/p>\n<audio class=\"wp-audio-shortcode\" id=\"audio-772-12\" preload=\"none\" style=\"width: 100%;\" controls=\"controls\"><source type=\"audio\/mpeg\" src=\"http:\/\/ww2.museosantacruz.org\/wp-content\/uploads\/2015\/03\/B3-Las-escardadoras.mp3?_=12\" \/><a href=\"http:\/\/ww2.museosantacruz.org\/wp-content\/uploads\/2015\/03\/B3-Las-escardadoras.mp3\">http:\/\/ww2.museosantacruz.org\/wp-content\/uploads\/2015\/03\/B3-Las-escardadoras.mp3<\/a><\/audio>\n<p style=\"padding-left: 30px;\"><strong><span style=\"color: #800000;\">Rondalla de la Cruz (1983)<\/span><\/strong><\/p>\n<audio class=\"wp-audio-shortcode\" id=\"audio-772-13\" preload=\"none\" style=\"width: 100%;\" controls=\"controls\"><source type=\"audio\/mpeg\" src=\"https:\/\/ww2.museosantacruz.org\/wp-content\/uploads\/2023\/05\/07-las-escardadoras.mp3?_=13\" \/><a href=\"https:\/\/ww2.museosantacruz.org\/wp-content\/uploads\/2023\/05\/07-las-escardadoras.mp3\">https:\/\/ww2.museosantacruz.org\/wp-content\/uploads\/2023\/05\/07-las-escardadoras.mp3<\/a><\/audio>\n<p style=\"padding-left: 30px;\"><strong><span style=\"color: #800000;\">Grabaci\u00f3n de ACAME<\/span><\/strong><\/p>\n<audio class=\"wp-audio-shortcode\" id=\"audio-772-14\" preload=\"none\" style=\"width: 100%;\" controls=\"controls\"><source type=\"audio\/mpeg\" src=\"http:\/\/ww2.museosantacruz.org\/wp-content\/uploads\/2015\/03\/Escardadoras.mp3?_=14\" \/><a href=\"http:\/\/ww2.museosantacruz.org\/wp-content\/uploads\/2015\/03\/Escardadoras.mp3\">http:\/\/ww2.museosantacruz.org\/wp-content\/uploads\/2015\/03\/Escardadoras.mp3<\/a><\/audio>\n<p style=\"padding-left: 60px;\"><em>Al entrar en Santa Cruz<\/em><br \/>\n<em>con trabajo de ocho horas<\/em><br \/>\n<em>les damos las buenas tardes<\/em><br \/>\n<em>todas las escardadoras<\/em><\/p>\n<p style=\"padding-left: 60px;\"><em>En el Arco de la Villa<\/em><br \/>\n<em>dicen que van a poner<\/em><br \/>\n<em>un carro con mulas tordas<\/em><br \/>\n<em>que lo gu\u00eda una mujer<\/em><\/p>\n<p style=\"padding-left: 60px;\"><em>La calle Mayor alante,<\/em><br \/>\n<em>la acera de la derecha,<\/em><br \/>\n<em>hay un mocito de mulas,<\/em><br \/>\n<em>madre, que me tiene muerta<\/em><\/p>\n<p style=\"padding-left: 60px;\"><em>En las Cuatro Esquinas, madre,<\/em><br \/>\n<em>se vende mi coraz\u00f3n,<\/em><br \/>\n<em>\u00bfQu\u00ed\u00e9n lo compra? <\/em><em>Yo lo vendo<\/em><br \/>\n<em>y este es mi primer preg\u00f3n<\/em><\/p>\n<h4><span style=\"color: #800000;\">Canciones \u00abfestivas\u00bb<\/span><\/h4>\n<h4 style=\"padding-left: 30px;\"><span style=\"color: #800000;\">Villancicos<\/span><\/h4>\n<p style=\"padding-left: 30px;\">Hace unas d\u00e9cadas, en Santa Cruz se comenzaba a celebrar la Navidad con varias semanas de antelaci\u00f3n, con grupos de j\u00f3venes que sal\u00edan a pedir el aguinaldo, acompa\u00f1\u00e1ndose de panderos a ritmo de jota.<\/p>\n<p style=\"padding-left: 30px;\">Sin embargo, el villancico m\u00e1s original de nuestro pueblo es \u00ab<strong>La Mesonera<\/strong>\u00ab, una \u00ab<em>canci\u00f3n para pedir posada<\/em>\u00ab, de tem\u00e1tica similar a las que a\u00fan hoy se cantan en <strong><a href=\"https:\/\/www.youtube.com\/watch?v=R2IbLed8fRw\" target=\"_blank\" rel=\"noopener noreferrer\">M\u00e9xico<\/a><\/strong> y <strong><a href=\"https:\/\/www.youtube.com\/watch?v=3Cbn2fYxDZQ\" target=\"_blank\" rel=\"noopener\">Centroam\u00e9rica<\/a>.<\/strong> Lamentablemente no disponemos de ninguna grabaci\u00f3n de este villancico, aunque s\u00ed de su <strong><a href=\"http:\/\/www.museosantacruz.org\/Archivo\/ACAME_Villancicos.pdf\" target=\"_blank\" rel=\"noopener noreferrer\">letra, en forma de romance.<\/a><\/strong> Pueden compararla con esta <strong><a href=\"https:\/\/ww2.museosantacruz.org\/wp-content\/uploads\/2023\/05\/Villancico-para-pedir-posada.pdf\" target=\"_blank\" rel=\"noopener noreferrer\">de Yucat\u00e1n, M\u00e9xico<\/a><\/strong>.<\/p>\n<p style=\"padding-left: 30px;\">Un villancico muy original, que tampoco hemos o\u00eddo nunca fuera de Santa Cruz, es \u00ab<strong>La zambombilla<\/strong>\u00ab. M\u00e1s abajo puede o\u00edrlo, con otros villancicos, de la grabaci\u00f3n de ACAME.<\/p>\n<p style=\"padding-left: 40px;\"><strong><span style=\"color: #800000;\">La zambombilla<\/span><\/strong><\/p>\n<audio class=\"wp-audio-shortcode\" id=\"audio-772-15\" preload=\"none\" style=\"width: 100%;\" controls=\"controls\"><source type=\"audio\/mpeg\" src=\"http:\/\/ww2.museosantacruz.org\/wp-content\/uploads\/2015\/03\/Zambombilla-1.mp3?_=15\" \/><a href=\"http:\/\/ww2.museosantacruz.org\/wp-content\/uploads\/2015\/03\/Zambombilla-1.mp3\">http:\/\/ww2.museosantacruz.org\/wp-content\/uploads\/2015\/03\/Zambombilla-1.mp3<\/a><\/audio>\n<p style=\"padding-left: 40px;\"><strong><span style=\"color: #800000;\">Ande, ande&#8230;.<\/span><\/strong><\/p>\n<audio class=\"wp-audio-shortcode\" id=\"audio-772-16\" preload=\"none\" style=\"width: 100%;\" controls=\"controls\"><source type=\"audio\/mpeg\" src=\"http:\/\/ww2.museosantacruz.org\/wp-content\/uploads\/2015\/03\/Ande-ande_uvas.mp3?_=16\" \/><a href=\"http:\/\/ww2.museosantacruz.org\/wp-content\/uploads\/2015\/03\/Ande-ande_uvas.mp3\">http:\/\/ww2.museosantacruz.org\/wp-content\/uploads\/2015\/03\/Ande-ande_uvas.mp3<\/a><\/audio>\n<p style=\"padding-left: 40px;\">L<strong><span style=\"color: #800000;\">a virgen se est\u00e1 peinando&#8230;<\/span><\/strong><\/p>\n<audio class=\"wp-audio-shortcode\" id=\"audio-772-17\" preload=\"none\" style=\"width: 100%;\" controls=\"controls\"><source type=\"audio\/mpeg\" src=\"http:\/\/ww2.museosantacruz.org\/wp-content\/uploads\/2015\/03\/Villancico-Monaga.mp3?_=17\" \/><a href=\"http:\/\/ww2.museosantacruz.org\/wp-content\/uploads\/2015\/03\/Villancico-Monaga.mp3\">http:\/\/ww2.museosantacruz.org\/wp-content\/uploads\/2015\/03\/Villancico-Monaga.mp3<\/a><\/audio>\n<p style=\"padding-left: 40px;\"><span style=\"color: #800000;\"><strong>Todos cantamos (grabaci\u00f3n de Producciones Piqueras en el bel\u00e9n de Santa Luc\u00eda)<\/strong><\/span><em><br \/>\n<\/em><\/p>\n<audio class=\"wp-audio-shortcode\" id=\"audio-772-18\" preload=\"none\" style=\"width: 100%;\" controls=\"controls\"><source type=\"audio\/mpeg\" src=\"https:\/\/ww2.museosantacruz.org\/wp-content\/uploads\/2023\/05\/TODOS-CANTAMOS-Villancico-Belen-de-Santa-Lucia.mp3?_=18\" \/><a href=\"https:\/\/ww2.museosantacruz.org\/wp-content\/uploads\/2023\/05\/TODOS-CANTAMOS-Villancico-Belen-de-Santa-Lucia.mp3\">https:\/\/ww2.museosantacruz.org\/wp-content\/uploads\/2023\/05\/TODOS-CANTAMOS-Villancico-Belen-de-Santa-Lucia.mp3<\/a><\/audio>\n<h4 style=\"padding-left: 30px;\"><span style=\"color: #800000;\">Canciones de \u00abquintos\u00bb<br \/>\n<\/span><\/h4>\n<p style=\"padding-left: 30px;\">Canciones que cantaban los quintos cuando eran llamados al servicio militar obligatorio y entraban en el sorteo de destino.<br \/>\n<em>Nota: Larache (Marruecos), que se menciona en la letra, era uno de los destinos m\u00e1s temidos por los quintos.<\/em><\/p>\n<audio class=\"wp-audio-shortcode\" id=\"audio-772-19\" preload=\"none\" style=\"width: 100%;\" controls=\"controls\"><source type=\"audio\/mpeg\" src=\"http:\/\/ww2.museosantacruz.org\/wp-content\/uploads\/2015\/03\/Los-quintos.mp3?_=19\" \/><a href=\"http:\/\/ww2.museosantacruz.org\/wp-content\/uploads\/2015\/03\/Los-quintos.mp3\">http:\/\/ww2.museosantacruz.org\/wp-content\/uploads\/2015\/03\/Los-quintos.mp3<\/a><\/audio>\n<h4 style=\"padding-left: 30px;\"><span style=\"color: #800000;\">\u00abEl pelele\u00bb<br \/>\n<\/span><\/h4>\n<p style=\"padding-left: 30px;\">El manteo del pelele el Domingo de Resurrecci\u00f3n es una de las tradiciones santacruceras. Aqu\u00ed ponemos la m\u00fasica (midi) que acompa\u00f1a el manteo y un montaje en v\u00eddeo (ACAME, 2024).<\/p>\n<audio class=\"wp-audio-shortcode\" id=\"audio-772-20\" preload=\"none\" style=\"width: 100%;\" controls=\"controls\"><source type=\"audio\/mpeg\" src=\"https:\/\/ww2.museosantacruz.org\/wp-content\/uploads\/2024\/03\/El-pelele.mp3?_=20\" \/><a href=\"https:\/\/ww2.museosantacruz.org\/wp-content\/uploads\/2024\/03\/El-pelele.mp3\">https:\/\/ww2.museosantacruz.org\/wp-content\/uploads\/2024\/03\/El-pelele.mp3<\/a><\/audio>\n<p>Os recomendamos leer nuestras <a href=\"https:\/\/ww2.museosantacruz.org\/wp-content\/uploads\/2024\/03\/Los-peleles-en-7-preguntas.pdf\"><strong>\u00ab7 preguntas sobre los peleles\u00bb<\/strong><\/a>&#8230; y algunas de las <a href=\"https:\/\/ww2.museosantacruz.org\/wp-content\/uploads\/2024\/03\/EL_PELELE.pdf\"><strong>letras de las coplas para mantear el pelele.\u00a0<\/strong><\/a><\/p>\n<div style=\"width: 900px;\" class=\"wp-video\"><video class=\"wp-video-shortcode\" id=\"video-772-2\" width=\"900\" height=\"507\" preload=\"metadata\" controls=\"controls\"><source type=\"video\/mp4\" src=\"https:\/\/ww2.museosantacruz.org\/wp-content\/uploads\/2024\/03\/EL-PELELE.mp4?_=2\" \/><a href=\"https:\/\/ww2.museosantacruz.org\/wp-content\/uploads\/2024\/03\/EL-PELELE.mp4\">https:\/\/ww2.museosantacruz.org\/wp-content\/uploads\/2024\/03\/EL-PELELE.mp4<\/a><\/video><\/div>\n<h4 style=\"padding-left: 30px;\"><span style=\"color: #800000;\">Canciones de \u00abcr\u00edtica social\u00bb<br \/>\n<\/span><\/h4>\n<p style=\"padding-left: 30px;\">Pero, adem\u00e1s, la\u00a0m\u00fasica tambi\u00e9n puede ser el veh\u00edculo para la cr\u00edtica social, ya sea con ocasi\u00f3n del \u00a0Carnaval o en Los Mayos, a trav\u00e9s de\u00a0las \u00abpiezas\u00bb y las coplas que algunas rondallas elaboran cada a\u00f1o. En ellas se da cuenta -y a veces se \u00absaca punta\u00bb- a los asuntos m\u00e1s importantes, m\u00e1s divertidos o m\u00e1s pol\u00e9micos. Habitualmente son versiones de melod\u00edas muy\u00a0conocidas (pasodobles, rancheras, etc.,.).<\/p>\n<p style=\"padding-left: 30px;\">Ponemos aqu\u00ed un par de ellas, a cargo de <span style=\"color: #800000;\"><strong>Los Unidos<\/strong><\/span> (del a\u00f1o 1975 y 1976).<\/p>\n<audio class=\"wp-audio-shortcode\" id=\"audio-772-21\" preload=\"none\" style=\"width: 100%;\" controls=\"controls\"><source type=\"audio\/mpeg\" src=\"http:\/\/ww2.museosantacruz.org\/wp-content\/uploads\/2017\/05\/Los-Unidos_1975.mp3?_=21\" \/><a href=\"http:\/\/ww2.museosantacruz.org\/wp-content\/uploads\/2017\/05\/Los-Unidos_1975.mp3\">http:\/\/ww2.museosantacruz.org\/wp-content\/uploads\/2017\/05\/Los-Unidos_1975.mp3<\/a><\/audio>\n<audio class=\"wp-audio-shortcode\" id=\"audio-772-22\" preload=\"none\" style=\"width: 100%;\" controls=\"controls\"><source type=\"audio\/mpeg\" src=\"http:\/\/ww2.museosantacruz.org\/wp-content\/uploads\/2017\/05\/Los-Unidos_1976.mp3?_=22\" \/><a href=\"http:\/\/ww2.museosantacruz.org\/wp-content\/uploads\/2017\/05\/Los-Unidos_1976.mp3\">http:\/\/ww2.museosantacruz.org\/wp-content\/uploads\/2017\/05\/Los-Unidos_1976.mp3<\/a><\/audio>\n<p style=\"padding-left: 30px;\">A trav\u00e9s de esas coplas podemos recordar, a\u00f1o a a\u00f1o, mucho\u00a0de\u00a0lo que pas\u00f3 en Santa Cruz. Y por eso, hemos decidido poner aqu\u00ed\u00a0el <span style=\"color: #800000;\"><strong>archivo completo de las canciones de \u00abLos Unidos\u00bb desde 1972 hasta 1996.<\/strong><\/span><\/p>\n<p style=\"padding-left: 30px;\"><strong><a href=\"http:\/\/ww2.museosantacruz.org\/?attachment_id=2228\" target=\"_blank\" rel=\"noopener noreferrer\">1972<\/a>\u00a0&#8211;\u00a0<a href=\"http:\/\/ww2.museosantacruz.org\/?attachment_id=2229\" target=\"_blank\" rel=\"noopener noreferrer\">1973<\/a>\u00a0&#8211;\u00a0<a href=\"http:\/\/ww2.museosantacruz.org\/?attachment_id=2226\" target=\"_blank\" rel=\"noopener noreferrer\">1974<\/a>\u00a0&#8211;\u00a0<a href=\"http:\/\/ww2.museosantacruz.org\/?attachment_id=2195\" target=\"_blank\" rel=\"noopener noreferrer\">1975<\/a>\u00a0&#8211;\u00a0<a href=\"http:\/\/ww2.museosantacruz.org\/?attachment_id=2196\" target=\"_blank\" rel=\"noopener noreferrer\">1976<\/a>\u00a0&#8211;\u00a0<a href=\"http:\/\/ww2.museosantacruz.org\/?attachment_id=2197\" target=\"_blank\" rel=\"noopener noreferrer\">1977<\/a>\u00a0&#8211;\u00a0<a href=\"http:\/\/ww2.museosantacruz.org\/?attachment_id=2198\" target=\"_blank\" rel=\"noopener noreferrer\">1978<\/a>\u00a0&#8211;\u00a0<a href=\"http:\/\/ww2.museosantacruz.org\/?attachment_id=2199\" target=\"_blank\" rel=\"noopener noreferrer\">1979<\/a>\u00a0&#8211;\u00a0<a href=\"http:\/\/ww2.museosantacruz.org\/?attachment_id=2200\" target=\"_blank\" rel=\"noopener noreferrer\">1980<\/a>\u00a0&#8211;\u00a0<a href=\"http:\/\/ww2.museosantacruz.org\/?attachment_id=2201\" target=\"_blank\" rel=\"noopener noreferrer\">1981<\/a>\u00a0&#8211;\u00a0<a href=\"http:\/\/ww2.museosantacruz.org\/?attachment_id=2202\" target=\"_blank\" rel=\"noopener noreferrer\">1982<\/a>\u00a0&#8211;\u00a0<a href=\"http:\/\/ww2.museosantacruz.org\/?attachment_id=2203\" target=\"_blank\" rel=\"noopener noreferrer\">1983<\/a>\u00a0&#8211;\u00a0<a href=\"http:\/\/ww2.museosantacruz.org\/?attachment_id=2204\" target=\"_blank\" rel=\"noopener noreferrer\">1984<\/a>\u00a0&#8211;\u00a0<a href=\"http:\/\/ww2.museosantacruz.org\/?attachment_id=2205\" target=\"_blank\" rel=\"noopener noreferrer\">1985<\/a>\u00a0&#8211;\u00a0<a href=\"http:\/\/ww2.museosantacruz.org\/?attachment_id=2206\" target=\"_blank\" rel=\"noopener noreferrer\">1986<\/a>\u00a0&#8211;\u00a0<a href=\"http:\/\/ww2.museosantacruz.org\/?attachment_id=2207\" target=\"_blank\" rel=\"noopener noreferrer\">1987<\/a>\u00a0&#8211;\u00a0<a href=\"http:\/\/ww2.museosantacruz.org\/?attachment_id=2208\" target=\"_blank\" rel=\"noopener noreferrer\">1988<\/a>\u00a0&#8211;\u00a0<a href=\"http:\/\/ww2.museosantacruz.org\/?attachment_id=2209\" target=\"_blank\" rel=\"noopener noreferrer\">1989<\/a>\u00a0&#8211;\u00a0<a href=\"http:\/\/ww2.museosantacruz.org\/?attachment_id=2210\" target=\"_blank\" rel=\"noopener noreferrer\">1990<\/a>\u00a0&#8211;\u00a0<a href=\"http:\/\/ww2.museosantacruz.org\/?attachment_id=2211\" target=\"_blank\" rel=\"noopener noreferrer\">1991<\/a>\u00a0&#8211;\u00a0<a href=\"http:\/\/ww2.museosantacruz.org\/?attachment_id=2212\" target=\"_blank\" rel=\"noopener noreferrer\">1992<\/a>\u00a0&#8211;\u00a0<a href=\"http:\/\/ww2.museosantacruz.org\/?attachment_id=2213\" target=\"_blank\" rel=\"noopener noreferrer\">1993<\/a>\u00a0&#8211;\u00a0<a href=\"http:\/\/ww2.museosantacruz.org\/?attachment_id=2214\" target=\"_blank\" rel=\"noopener noreferrer\">1994<\/a>\u00a0&#8211;\u00a0<a href=\"http:\/\/ww2.museosantacruz.org\/?attachment_id=2215\" target=\"_blank\" rel=\"noopener noreferrer\">1995<\/a>\u00a0&#8211;\u00a0<a href=\"http:\/\/ww2.museosantacruz.org\/?attachment_id=2216\" target=\"_blank\" rel=\"noopener noreferrer\">1996<\/a>&#8230;<\/strong><\/p>\n<p style=\"padding-left: 30px;\"><span style=\"color: #800000;\">NOTA: <strong>Agradecemos a \u00abLos Unidos\u00bb y a \u00abOnda Santa Cruz\u00bb<\/strong>\u00a0<\/span><strong>que nos hayan hecho llegar toda esta m\u00fasica.<br \/>\nSi alguno de nuestros visitantes\u00a0<\/strong><strong>dispone de m\u00e1s grabaciones de m\u00fasica popular de Santa Cruz, les agradecer\u00edamos nos la hicieran llegar a nuestra direcci\u00f3n de correo (amigos.museo_arroba_museosantacruz.org). Muchas gracias.<br \/>\n<\/strong><\/p>\n<h4><span style=\"color: #800000;\">La Banda de M\u00fasica<\/span><\/h4>\n<p>Naturalmente, no podemos olvidarnos aqu\u00ed de nuestra <strong><a href=\"http:\/\/ww2.museosantacruz.org\/?page_id=1811\">Banda de M\u00fasica<\/a><\/strong> o, mejor dicho, de nuestras bandas de m\u00fasica. Os dejamos un video de Tom\u00e1s Medina, con im\u00e1genes de la historia de las bandas de Santa Cruz.<\/p>\n<p><center><iframe loading=\"lazy\" src=\"https:\/\/www.youtube.com\/embed\/fy_CVrt7dzs?rel=0\" width=\"420\" height=\"315\" frameborder=\"0\" allowfullscreen=\"allowfullscreen\"><center><iframe loading=\"lazy\" src=\"https:\/\/www.youtube.com\/embed\/iHCILcHMJMY\" width=\"420\" height=\"315\" frameborder=\"0\" allowfullscreen=\"allowfullscreen\"><\/iframe><\/center><\/iframe><\/center>&nbsp;<\/p>\n<h5 style=\"text-align: left;\"><span style=\"color: #800000;\">NOTA: <\/span><strong>Si disponen de grabaciones de m\u00fasica popular de Santa Cruz, les agradecer\u00edamos nos la hicieran llegar a nuestra direcci\u00f3n de correo (amigos.museo_arroba_museosantacruz.org). Muchas gracias.<\/strong><\/h5>\n<p>&nbsp;<\/p>\n","protected":false},"excerpt":{"rendered":"<p>M\u00fasica tradicional (folclore) El patrimonio folcl\u00f3rico y musical de Santa Cruz, que habitualmente se define como inequ\u00edvocamente manchego, presenta sin embargo claras influencias de las comarcas vecinas -la Alcarria, la Jara, la Sagra y la Serran\u00eda de Cuenca-, con las que comparte algunas tradiciones y formas de expresi\u00f3n. Los ritmos&#8230; <a class=\"continue-reading-link\" href=\"https:\/\/ww2.museosantacruz.org\/?page_id=772\">Continue reading<\/a><\/p>\n","protected":false},"author":1,"featured_media":0,"parent":0,"menu_order":6,"comment_status":"open","ping_status":"open","template":"","meta":{"footnotes":""},"class_list":["post-772","page","type-page","status-publish","hentry"],"_links":{"self":[{"href":"https:\/\/ww2.museosantacruz.org\/index.php?rest_route=\/wp\/v2\/pages\/772","targetHints":{"allow":["GET"]}}],"collection":[{"href":"https:\/\/ww2.museosantacruz.org\/index.php?rest_route=\/wp\/v2\/pages"}],"about":[{"href":"https:\/\/ww2.museosantacruz.org\/index.php?rest_route=\/wp\/v2\/types\/page"}],"author":[{"embeddable":true,"href":"https:\/\/ww2.museosantacruz.org\/index.php?rest_route=\/wp\/v2\/users\/1"}],"replies":[{"embeddable":true,"href":"https:\/\/ww2.museosantacruz.org\/index.php?rest_route=%2Fwp%2Fv2%2Fcomments&post=772"}],"version-history":[{"count":112,"href":"https:\/\/ww2.museosantacruz.org\/index.php?rest_route=\/wp\/v2\/pages\/772\/revisions"}],"predecessor-version":[{"id":4031,"href":"https:\/\/ww2.museosantacruz.org\/index.php?rest_route=\/wp\/v2\/pages\/772\/revisions\/4031"}],"wp:attachment":[{"href":"https:\/\/ww2.museosantacruz.org\/index.php?rest_route=%2Fwp%2Fv2%2Fmedia&parent=772"}],"curies":[{"name":"wp","href":"https:\/\/api.w.org\/{rel}","templated":true}]}}